{"id":11393,"date":"2022-03-16T09:53:24","date_gmt":"2022-03-16T14:53:24","guid":{"rendered":"https:\/\/ds-barranquilla.org\/?page_id=11393"},"modified":"2024-08-09T17:42:17","modified_gmt":"2024-08-09T22:42:17","slug":"otros-niveles","status":"publish","type":"page","link":"https:\/\/ds-barranquilla.org\/de\/otros-niveles\/","title":{"rendered":"H\u00f6here Klassenstufen"},"content":{"rendered":"<div data-elementor-type=\"wp-page\" data-elementor-id=\"11393\" class=\"elementor elementor-11393\">\n\t\t\t\t\t\t<section class=\"elementor-section elementor-top-section elementor-element elementor-element-88eb187 elementor-section-full_width elementor-section-stretched elementor-section-height-default elementor-section-height-default\" data-id=\"88eb187\" data-element_type=\"section\" data-settings=\"{&quot;stretch_section&quot;:&quot;section-stretched&quot;,&quot;background_background&quot;:&quot;classic&quot;}\">\n\t\t\t\t\t\t\t<div class=\"elementor-background-overlay\"><\/div>\n\t\t\t\t\t\t\t<div class=\"elementor-container elementor-column-gap-no\">\n\t\t\t\t\t<div class=\"elementor-column elementor-col-100 elementor-top-column elementor-element elementor-element-76bdb8c\" data-id=\"76bdb8c\" data-element_type=\"column\">\n\t\t\t<div class=\"elementor-widget-wrap\">\n\t\t\t\t\t\t\t<\/div>\n\t\t<\/div>\n\t\t\t\t\t<\/div>\n\t\t<\/section>\n\t\t\t\t<section class=\"elementor-section elementor-top-section elementor-element elementor-element-af9c687 elementor-hidden-mobile elementor-section-boxed elementor-section-height-default elementor-section-height-default\" data-id=\"af9c687\" data-element_type=\"section\">\n\t\t\t\t\t\t<div class=\"elementor-container elementor-column-gap-default\">\n\t\t\t\t\t<div class=\"elementor-column elementor-col-50 elementor-top-column elementor-element elementor-element-5497f1\" data-id=\"5497f1\" data-element_type=\"column\">\n\t\t\t<div class=\"elementor-widget-wrap elementor-element-populated\">\n\t\t\t\t\t\t<section class=\"elementor-section elementor-inner-section elementor-element elementor-element-4191558d elementor-section-boxed elementor-section-height-default elementor-section-height-default\" data-id=\"4191558d\" data-element_type=\"section\" data-settings=\"{&quot;background_background&quot;:&quot;classic&quot;}\">\n\t\t\t\t\t\t<div class=\"elementor-container elementor-column-gap-default\">\n\t\t\t\t\t<div class=\"elementor-column elementor-col-100 elementor-inner-column elementor-element elementor-element-23932faa\" data-id=\"23932faa\" data-element_type=\"column\" data-settings=\"{&quot;background_background&quot;:&quot;classic&quot;}\">\n\t\t\t<div class=\"elementor-widget-wrap elementor-element-populated\">\n\t\t\t\t\t\t<div class=\"elementor-element elementor-element-5a8510f0 elementor-widget elementor-widget-heading\" data-id=\"5a8510f0\" data-element_type=\"widget\" data-widget_type=\"heading.default\">\n\t\t\t\t<div class=\"elementor-widget-container\">\n\t\t\t<style>\/*! elementor - v3.23.0 - 05-08-2024 *\/\n.elementor-heading-title{padding:0;margin:0;line-height:1}.elementor-widget-heading .elementor-heading-title[class*=elementor-size-]>a{color:inherit;font-size:inherit;line-height:inherit}.elementor-widget-heading .elementor-heading-title.elementor-size-small{font-size:15px}.elementor-widget-heading .elementor-heading-title.elementor-size-medium{font-size:19px}.elementor-widget-heading .elementor-heading-title.elementor-size-large{font-size:29px}.elementor-widget-heading .elementor-heading-title.elementor-size-xl{font-size:39px}.elementor-widget-heading .elementor-heading-title.elementor-size-xxl{font-size:59px}<\/style><h2 class=\"elementor-heading-title elementor-size-default\">Aufnahmeverfahren<\/h2>\t\t<\/div>\n\t\t\t\t<\/div>\n\t\t\t\t\t<\/div>\n\t\t<\/div>\n\t\t\t\t\t<\/div>\n\t\t<\/section>\n\t\t\t\t<section class=\"elementor-section elementor-inner-section elementor-element elementor-element-7bd27852 elementor-section-boxed elementor-section-height-default elementor-section-height-default\" data-id=\"7bd27852\" data-element_type=\"section\" data-settings=\"{&quot;background_background&quot;:&quot;classic&quot;}\">\n\t\t\t\t\t\t<div class=\"elementor-container elementor-column-gap-default\">\n\t\t\t\t\t<div class=\"elementor-column elementor-col-100 elementor-inner-column elementor-element elementor-element-145e137b\" data-id=\"145e137b\" data-element_type=\"column\" data-settings=\"{&quot;background_background&quot;:&quot;classic&quot;}\">\n\t\t\t<div class=\"elementor-widget-wrap elementor-element-populated\">\n\t\t\t\t\t\t<div class=\"elementor-element elementor-element-3a856e8f elementor-widget elementor-widget-heading\" data-id=\"3a856e8f\" data-element_type=\"widget\" data-widget_type=\"heading.default\">\n\t\t\t\t<div class=\"elementor-widget-container\">\n\t\t\t<h2 class=\"elementor-heading-title elementor-size-default\"><a href=\"https:\/\/ds-barranquilla.org\/de\/admisiones\/\">Allgemeine Informationen<\/a><\/h2>\t\t<\/div>\n\t\t\t\t<\/div>\n\t\t\t\t\t<\/div>\n\t\t<\/div>\n\t\t\t\t\t<\/div>\n\t\t<\/section>\n\t\t\t\t<section class=\"elementor-section elementor-inner-section elementor-element elementor-element-2b8c24f0 elementor-section-boxed elementor-section-height-default elementor-section-height-default\" data-id=\"2b8c24f0\" data-element_type=\"section\" data-settings=\"{&quot;background_background&quot;:&quot;classic&quot;}\">\n\t\t\t\t\t\t<div class=\"elementor-container elementor-column-gap-default\">\n\t\t\t\t\t<div class=\"elementor-column elementor-col-100 elementor-inner-column elementor-element elementor-element-efe699e\" data-id=\"efe699e\" data-element_type=\"column\" data-settings=\"{&quot;background_background&quot;:&quot;classic&quot;}\">\n\t\t\t<div class=\"elementor-widget-wrap elementor-element-populated\">\n\t\t\t\t\t\t<div class=\"elementor-element elementor-element-38f6eac3 elementor-widget elementor-widget-heading\" data-id=\"38f6eac3\" data-element_type=\"widget\" data-widget_type=\"heading.default\">\n\t\t\t\t<div class=\"elementor-widget-container\">\n\t\t\t<h2 class=\"elementor-heading-title elementor-size-default\"><a href=\"https:\/\/ds-barranquilla.org\/de\/kinderkrippe-y-prekinder\/\">Kinderkrippe und Vorkindergarten<\/a><\/h2>\t\t<\/div>\n\t\t\t\t<\/div>\n\t\t\t\t\t<\/div>\n\t\t<\/div>\n\t\t\t\t\t<\/div>\n\t\t<\/section>\n\t\t\t\t<section class=\"elementor-section elementor-inner-section elementor-element elementor-element-71573e7b elementor-section-boxed elementor-section-height-default elementor-section-height-default\" data-id=\"71573e7b\" data-element_type=\"section\" data-settings=\"{&quot;background_background&quot;:&quot;classic&quot;}\">\n\t\t\t\t\t\t<div class=\"elementor-container elementor-column-gap-default\">\n\t\t\t\t\t<div class=\"elementor-column elementor-col-100 elementor-inner-column elementor-element elementor-element-d515ded\" data-id=\"d515ded\" data-element_type=\"column\" data-settings=\"{&quot;background_background&quot;:&quot;classic&quot;}\">\n\t\t\t<div class=\"elementor-widget-wrap elementor-element-populated\">\n\t\t\t\t\t\t<div class=\"elementor-element elementor-element-421cc043 elementor-widget elementor-widget-heading\" data-id=\"421cc043\" data-element_type=\"widget\" data-widget_type=\"heading.default\">\n\t\t\t\t<div class=\"elementor-widget-container\">\n\t\t\t<h2 class=\"elementor-heading-title elementor-size-default\"><a href=\"https:\/\/ds-barranquilla.org\/de\/convenios\/\">Kooperationen<\/a><\/h2>\t\t<\/div>\n\t\t\t\t<\/div>\n\t\t\t\t\t<\/div>\n\t\t<\/div>\n\t\t\t\t\t<\/div>\n\t\t<\/section>\n\t\t\t\t<section class=\"elementor-section elementor-inner-section elementor-element elementor-element-7c009b03 elementor-section-boxed elementor-section-height-default elementor-section-height-default\" data-id=\"7c009b03\" data-element_type=\"section\" data-settings=\"{&quot;background_background&quot;:&quot;classic&quot;}\">\n\t\t\t\t\t\t<div class=\"elementor-container elementor-column-gap-default\">\n\t\t\t\t\t<div class=\"elementor-column elementor-col-100 elementor-inner-column elementor-element elementor-element-104626a8\" data-id=\"104626a8\" data-element_type=\"column\" data-settings=\"{&quot;background_background&quot;:&quot;classic&quot;}\">\n\t\t\t<div class=\"elementor-widget-wrap elementor-element-populated\">\n\t\t\t\t\t\t<div class=\"elementor-element elementor-element-4d0bf32a elementor-widget elementor-widget-heading\" data-id=\"4d0bf32a\" data-element_type=\"widget\" data-widget_type=\"heading.default\">\n\t\t\t\t<div class=\"elementor-widget-container\">\n\t\t\t<h2 class=\"elementor-heading-title elementor-size-default\"><a href=\"https:\/\/ds-barranquilla.org\/de\/otros-niveles\/\">H\u00f6here Klassenstufen<\/a><\/h2>\t\t<\/div>\n\t\t\t\t<\/div>\n\t\t\t\t\t<\/div>\n\t\t<\/div>\n\t\t\t\t\t<\/div>\n\t\t<\/section>\n\t\t\t\t<div class=\"elementor-element elementor-element-38217540 elementor-widget elementor-widget-text-editor\" data-id=\"38217540\" data-element_type=\"widget\" data-widget_type=\"text-editor.default\">\n\t\t\t\t<div class=\"elementor-widget-container\">\n\t\t\t<style>\/*! elementor - v3.23.0 - 05-08-2024 *\/\n.elementor-widget-text-editor.elementor-drop-cap-view-stacked .elementor-drop-cap{background-color:#69727d;color:#fff}.elementor-widget-text-editor.elementor-drop-cap-view-framed .elementor-drop-cap{color:#69727d;border:3px solid;background-color:transparent}.elementor-widget-text-editor:not(.elementor-drop-cap-view-default) .elementor-drop-cap{margin-top:8px}.elementor-widget-text-editor:not(.elementor-drop-cap-view-default) .elementor-drop-cap-letter{width:1em;height:1em}.elementor-widget-text-editor .elementor-drop-cap{float:left;text-align:center;line-height:1;font-size:50px}.elementor-widget-text-editor .elementor-drop-cap-letter{display:inline-block}<\/style>\t\t\t\t<p>Neuigkeiten<\/p>\t\t\t\t\t\t<\/div>\n\t\t\t\t<\/div>\n\t\t\t\t<div class=\"elementor-element elementor-element-71a70da8 elementor-widget elementor-widget-qi_addons_for_elementor_blog_slider\" data-id=\"71a70da8\" data-element_type=\"widget\" data-widget_type=\"qi_addons_for_elementor_blog_slider.default\">\n\t\t\t\t<div class=\"elementor-widget-container\">\n\t\t\t<div class=\"qodef-shortcode qodef-m  qodef-addons-blog-slider qodef-item-layout--date-boxed qodef-info-no-icons  qodef-image--hover-zoom  qodef-qi-grid qodef-qi-swiper-container qodef-item-layout--date-boxed\" data-options=\"{&quot;direction&quot;:&quot;horizontal&quot;,&quot;slidesPerView&quot;:&quot;1&quot;,&quot;spaceBetween&quot;:30,&quot;spaceBetweenTablet&quot;:30,&quot;spaceBetweenMobile&quot;:30,&quot;effect&quot;:&quot;&quot;,&quot;loop&quot;:false,&quot;autoplay&quot;:true,&quot;centeredSlides&quot;:false,&quot;speed&quot;:&quot;&quot;,&quot;speedAnimation&quot;:&quot;&quot;,&quot;outsideNavigation&quot;:&quot;no&quot;,&quot;outsidePagination&quot;:&quot;no&quot;,&quot;unique&quot;:&quot;1&quot;,&quot;partialValue&quot;:0,&quot;disablePartialValue&quot;:&quot;&quot;,&quot;parallax&quot;:&quot;no&quot;}\">\n\t<div class=\"swiper-wrapper\">\n\t\t<article class=\"qodef-e qodef-blog-item swiper-slide qodef-item--full post-28701 post type-post status-publish format-standard has-post-thumbnail hentry category-735 category-area-de-aleman category-otras-noticias category-sin-categorizar tag-bilinguismo tag-deutschlandwoche tag-dia-de-la-reunificacion-alemana tag-formacion-en-valores tag-historia-de-alemania tag-reunificacion-alemana tag-semana-de-alemania tag-unidad-y-libertad tag-valores-alemanes tag-colegio-aleman-de-barranquilla tag-cultura-alemana tag-educacion-bicultural tag-educacion-internacional\">\n\t<div class=\"qodef-e-inner\">\n\t\t<div class=\"qodef-e-media-holder\">\n\t\t\t<div class=\"qodef-e-media\">\n\t\t<div class=\"qodef-e-media-image\">\n\t\t<a itemprop=\"url\" href=\"https:\/\/ds-barranquilla.org\/de\/octubre-un-mes-para-celebrar-la-unidad-y-la-biculturalidad-en-el-colegio-aleman-de-barranquilla\/\">\n\t\t\t<img fetchpriority=\"high\" decoding=\"async\" width=\"2555\" height=\"1937\" src=\"https:\/\/ds-barranquilla.org\/wp-content\/uploads\/2025\/10\/DSC03676-scaled-e1759762119186.jpg\" class=\"attachment-full size-full\" alt=\"\" srcset=\"https:\/\/ds-barranquilla.org\/wp-content\/uploads\/2025\/10\/DSC03676-scaled-e1759762119186.jpg 2555w, https:\/\/ds-barranquilla.org\/wp-content\/uploads\/2025\/10\/DSC03676-scaled-e1759762119186-300x227.jpg 300w, https:\/\/ds-barranquilla.org\/wp-content\/uploads\/2025\/10\/DSC03676-scaled-e1759762119186-1024x776.jpg 1024w, https:\/\/ds-barranquilla.org\/wp-content\/uploads\/2025\/10\/DSC03676-scaled-e1759762119186-768x582.jpg 768w, https:\/\/ds-barranquilla.org\/wp-content\/uploads\/2025\/10\/DSC03676-scaled-e1759762119186-1536x1164.jpg 1536w, https:\/\/ds-barranquilla.org\/wp-content\/uploads\/2025\/10\/DSC03676-scaled-e1759762119186-2048x1553.jpg 2048w, https:\/\/ds-barranquilla.org\/wp-content\/uploads\/2025\/10\/DSC03676-scaled-e1759762119186-16x12.jpg 16w, https:\/\/ds-barranquilla.org\/wp-content\/uploads\/2025\/10\/DSC03676-scaled-e1759762119186-99x75.jpg 99w, https:\/\/ds-barranquilla.org\/wp-content\/uploads\/2025\/10\/DSC03676-scaled-e1759762119186-480x364.jpg 480w\" sizes=\"(max-width:767px) 480px, (max-width:2555px) 100vw, 2555px\" \/>\t\t<\/a>\n\t\t\t<\/div>\n<\/div>\n\t\t<\/div>\n\t\t<div class=\"qodef-e-content\">\n\t\t\t\t\t\t<div class=\"qodef-e-text\">\n\t\t\t\t<p itemprop=\"name\" class=\"qodef-e-title entry-title\">\n\t<a itemprop=\"url\" class=\"qodef-e-title-link\" href=\"https:\/\/ds-barranquilla.org\/de\/octubre-un-mes-para-celebrar-la-unidad-y-la-biculturalidad-en-el-colegio-aleman-de-barranquilla\/\">\n\t\tOctubre, un mes para celebrar la unidad y la biculturalidad en el Colegio Alem\u00e1n de Barranquilla\t<\/a>\n<\/p>\n\t\t\t<\/div>\n\t\t\t\t\t<\/div>\n\t<\/div>\n<\/article>\n<article class=\"qodef-e qodef-blog-item swiper-slide qodef-item--full post-28667 post type-post status-publish format-standard has-post-thumbnail hentry category-735 category-area-de-individuos-y-sociedades category-consejo-estudiantil category-sin-categorizar tag-consejo-estudiantil tag-democracia-escolar tag-educacion tag-elecciones-estudiantiles tag-estudiantes tag-formacion-ciudadana tag-participacion-democratica tag-demokratieprojekt tag-liderazgo-estudiantil tag-colegio-aleman-de-barranquilla\">\n\t<div class=\"qodef-e-inner\">\n\t\t<div class=\"qodef-e-media-holder\">\n\t\t\t<div class=\"qodef-e-media\">\n\t\t<div class=\"qodef-e-media-image\">\n\t\t<a itemprop=\"url\" href=\"https:\/\/ds-barranquilla.org\/de\/liderazgo-estudiantil-en-accion-elegidos-los-representantes-del-demokratieprojekt-20252026-en-el-colegio-aleman-de-barranquilla\/\">\n\t\t\t<img decoding=\"async\" width=\"2560\" height=\"1064\" src=\"https:\/\/ds-barranquilla.org\/wp-content\/uploads\/2025\/09\/DSC02543-scaled.jpg\" class=\"attachment-full size-full\" alt=\"\" srcset=\"https:\/\/ds-barranquilla.org\/wp-content\/uploads\/2025\/09\/DSC02543-scaled.jpg 2560w, https:\/\/ds-barranquilla.org\/wp-content\/uploads\/2025\/09\/DSC02543-300x125.jpg 300w, https:\/\/ds-barranquilla.org\/wp-content\/uploads\/2025\/09\/DSC02543-1024x426.jpg 1024w, https:\/\/ds-barranquilla.org\/wp-content\/uploads\/2025\/09\/DSC02543-768x319.jpg 768w, https:\/\/ds-barranquilla.org\/wp-content\/uploads\/2025\/09\/DSC02543-1536x638.jpg 1536w, https:\/\/ds-barranquilla.org\/wp-content\/uploads\/2025\/09\/DSC02543-2048x851.jpg 2048w, https:\/\/ds-barranquilla.org\/wp-content\/uploads\/2025\/09\/DSC02543-18x7.jpg 18w, https:\/\/ds-barranquilla.org\/wp-content\/uploads\/2025\/09\/DSC02543-150x62.jpg 150w, https:\/\/ds-barranquilla.org\/wp-content\/uploads\/2025\/09\/DSC02543-480x199.jpg 480w\" sizes=\"(max-width:767px) 480px, (max-width:2560px) 100vw, 2560px\" \/>\t\t<\/a>\n\t\t\t<\/div>\n<\/div>\n\t\t<\/div>\n\t\t<div class=\"qodef-e-content\">\n\t\t\t\t\t\t<div class=\"qodef-e-text\">\n\t\t\t\t<p itemprop=\"name\" class=\"qodef-e-title entry-title\">\n\t<a itemprop=\"url\" class=\"qodef-e-title-link\" href=\"https:\/\/ds-barranquilla.org\/de\/liderazgo-estudiantil-en-accion-elegidos-los-representantes-del-demokratieprojekt-20252026-en-el-colegio-aleman-de-barranquilla\/\">\n\t\tLiderazgo estudiantil en acci\u00f3n: elegidos los representantes del Demokratieprojekt 2025\u20132026 en el Colegio Alem\u00e1n de Barranquilla\t<\/a>\n<\/p>\n\t\t\t<\/div>\n\t\t\t\t\t<\/div>\n\t<\/div>\n<\/article>\n<article class=\"qodef-e qodef-blog-item swiper-slide qodef-item--full post-28572 post type-post status-publish format-standard has-post-thumbnail hentry category-735 category-area-de-individuos-y-sociedades tag-colegio-aleman-barranquilla tag-cultura-democratica tag-demokratieprojekt tag-elecciones-escolares tag-gobierno-escolar tag-k4-a-k12 tag-liderazgo-estudiantil tag-participacion-estudiantil tag-personeria-estudiantil tag-proyecto-de-democracia\">\n\t<div class=\"qodef-e-inner\">\n\t\t<div class=\"qodef-e-media-holder\">\n\t\t\t<div class=\"qodef-e-media\">\n\t\t<div class=\"qodef-e-media-image\">\n\t\t<a itemprop=\"url\" href=\"https:\/\/ds-barranquilla.org\/de\/colegio-aleman-de-barranquilla-fortalece-la-participacion-estudiantil-en-el-marco-del-demokratieprojekt\/\">\n\t\t\t<img decoding=\"async\" width=\"2265\" height=\"1263\" src=\"https:\/\/ds-barranquilla.org\/wp-content\/uploads\/2025\/09\/IMG_5590-scaled-e1758030754302.jpg\" class=\"attachment-full size-full\" alt=\"\" srcset=\"https:\/\/ds-barranquilla.org\/wp-content\/uploads\/2025\/09\/IMG_5590-scaled-e1758030754302.jpg 2265w, https:\/\/ds-barranquilla.org\/wp-content\/uploads\/2025\/09\/IMG_5590-scaled-e1758030754302-300x167.jpg 300w, https:\/\/ds-barranquilla.org\/wp-content\/uploads\/2025\/09\/IMG_5590-scaled-e1758030754302-1024x571.jpg 1024w, https:\/\/ds-barranquilla.org\/wp-content\/uploads\/2025\/09\/IMG_5590-scaled-e1758030754302-768x428.jpg 768w, https:\/\/ds-barranquilla.org\/wp-content\/uploads\/2025\/09\/IMG_5590-scaled-e1758030754302-1536x856.jpg 1536w, https:\/\/ds-barranquilla.org\/wp-content\/uploads\/2025\/09\/IMG_5590-scaled-e1758030754302-2048x1142.jpg 2048w, https:\/\/ds-barranquilla.org\/wp-content\/uploads\/2025\/09\/IMG_5590-scaled-e1758030754302-18x10.jpg 18w, https:\/\/ds-barranquilla.org\/wp-content\/uploads\/2025\/09\/IMG_5590-scaled-e1758030754302-135x75.jpg 135w, https:\/\/ds-barranquilla.org\/wp-content\/uploads\/2025\/09\/IMG_5590-scaled-e1758030754302-480x268.jpg 480w\" sizes=\"(max-width:767px) 480px, (max-width:2265px) 100vw, 2265px\" \/>\t\t<\/a>\n\t\t\t<\/div>\n<\/div>\n\t\t<\/div>\n\t\t<div class=\"qodef-e-content\">\n\t\t\t\t\t\t<div class=\"qodef-e-text\">\n\t\t\t\t<p itemprop=\"name\" class=\"qodef-e-title entry-title\">\n\t<a itemprop=\"url\" class=\"qodef-e-title-link\" href=\"https:\/\/ds-barranquilla.org\/de\/colegio-aleman-de-barranquilla-fortalece-la-participacion-estudiantil-en-el-marco-del-demokratieprojekt\/\">\n\t\tEn el marco del Demokratieprojekt, Colegio Alem\u00e1n de Barranquilla fortalece la participaci\u00f3n estudiantil\t<\/a>\n<\/p>\n\t\t\t<\/div>\n\t\t\t\t\t<\/div>\n\t<\/div>\n<\/article>\n<article class=\"qodef-e qodef-blog-item swiper-slide qodef-item--full post-28529 post type-post status-publish format-standard has-post-thumbnail hentry category-735 category-area-de-aleman category-sin-categorizar tag-bachillerato-internacional-ib tag-colegio-aleman-barranquilla tag-competencias-internacionales tag-debate-en-aleman tag-jugend-debattiert-2025 tag-mariana-gonzalez tag-pensamiento-critico tag-sofia-alvarado tag-educacion-de-calidad tag-estudiantes-destacados\">\n\t<div class=\"qodef-e-inner\">\n\t\t<div class=\"qodef-e-media-holder\">\n\t\t\t<div class=\"qodef-e-media\">\n\t\t<div class=\"qodef-e-media-image\">\n\t\t<a itemprop=\"url\" href=\"https:\/\/ds-barranquilla.org\/de\/estudiantes-del-colegio-aleman-de-barranquilla-en-los-primeros-lugares-del-jugend-debattiert-colombia-2025\/\">\n\t\t\t<img loading=\"lazy\" decoding=\"async\" width=\"799\" height=\"492\" src=\"https:\/\/ds-barranquilla.org\/wp-content\/uploads\/2025\/09\/image-1.png\" class=\"attachment-full size-full\" alt=\"\" srcset=\"https:\/\/ds-barranquilla.org\/wp-content\/uploads\/2025\/09\/image-1.png 799w, https:\/\/ds-barranquilla.org\/wp-content\/uploads\/2025\/09\/image-1-300x185.png 300w, https:\/\/ds-barranquilla.org\/wp-content\/uploads\/2025\/09\/image-1-768x473.png 768w, https:\/\/ds-barranquilla.org\/wp-content\/uploads\/2025\/09\/image-1-18x12.png 18w, https:\/\/ds-barranquilla.org\/wp-content\/uploads\/2025\/09\/image-1-122x75.png 122w, https:\/\/ds-barranquilla.org\/wp-content\/uploads\/2025\/09\/image-1-480x296.png 480w\" sizes=\"(max-width:767px) 480px, (max-width:799px) 100vw, 799px\" \/>\t\t<\/a>\n\t\t\t<\/div>\n<\/div>\n\t\t<\/div>\n\t\t<div class=\"qodef-e-content\">\n\t\t\t\t\t\t<div class=\"qodef-e-text\">\n\t\t\t\t<p itemprop=\"name\" class=\"qodef-e-title entry-title\">\n\t<a itemprop=\"url\" class=\"qodef-e-title-link\" href=\"https:\/\/ds-barranquilla.org\/de\/estudiantes-del-colegio-aleman-de-barranquilla-en-los-primeros-lugares-del-jugend-debattiert-colombia-2025\/\">\n\t\tEstudiantes del Colegio Alem\u00e1n de Barranquilla, en los primeros lugares del Jugend debattiert Colombia 2025\t<\/a>\n<\/p>\n\t\t\t<\/div>\n\t\t\t\t\t<\/div>\n\t<\/div>\n<\/article>\n<article class=\"qodef-e qodef-blog-item swiper-slide qodef-item--full post-28492 post type-post status-publish format-standard has-post-thumbnail hentry category-735 category-otras-noticias category-sin-categorizar tag-abikosmos tag-ano-escolar-2025-2026 tag-bachillerato-internacional tag-biculturalidad tag-ciudadania-global tag-colegio-aleman-de-barranquilla tag-comunidad-educativa tag-cultura-alemana tag-educacion-internacional tag-elternabende tag-familias-y-colegio tag-formacion-integral tag-ib tag-identidad-bicultural tag-induccion-de-estudiantes tag-inicio-de-ano-escolar tag-kindergarten tag-klasse-1 tag-klasse-11 tag-klasse-12 tag-nuevos-retos tag-primaria tag-reencuentros-escolares tag-schultute tag-tradicion-alemana tag-valores-educativos\">\n\t<div class=\"qodef-e-inner\">\n\t\t<div class=\"qodef-e-media-holder\">\n\t\t\t<div class=\"qodef-e-media\">\n\t\t<div class=\"qodef-e-media-image\">\n\t\t<a itemprop=\"url\" href=\"https:\/\/ds-barranquilla.org\/de\/un-inicio-de-ano-escolar-lleno-de-tradicion-alegria-y-nuevos-retos\/\">\n\t\t\t<img loading=\"lazy\" decoding=\"async\" width=\"2560\" height=\"2076\" src=\"https:\/\/ds-barranquilla.org\/wp-content\/uploads\/2025\/09\/DSC06887-1-scaled.jpg\" class=\"attachment-full size-full\" alt=\"\" srcset=\"https:\/\/ds-barranquilla.org\/wp-content\/uploads\/2025\/09\/DSC06887-1-scaled.jpg 2560w, https:\/\/ds-barranquilla.org\/wp-content\/uploads\/2025\/09\/DSC06887-1-300x243.jpg 300w, https:\/\/ds-barranquilla.org\/wp-content\/uploads\/2025\/09\/DSC06887-1-1024x831.jpg 1024w, https:\/\/ds-barranquilla.org\/wp-content\/uploads\/2025\/09\/DSC06887-1-768x623.jpg 768w, https:\/\/ds-barranquilla.org\/wp-content\/uploads\/2025\/09\/DSC06887-1-1536x1246.jpg 1536w, https:\/\/ds-barranquilla.org\/wp-content\/uploads\/2025\/09\/DSC06887-1-2048x1661.jpg 2048w, https:\/\/ds-barranquilla.org\/wp-content\/uploads\/2025\/09\/DSC06887-1-15x12.jpg 15w, https:\/\/ds-barranquilla.org\/wp-content\/uploads\/2025\/09\/DSC06887-1-92x75.jpg 92w, https:\/\/ds-barranquilla.org\/wp-content\/uploads\/2025\/09\/DSC06887-1-480x389.jpg 480w\" sizes=\"(max-width:767px) 480px, (max-width:2560px) 100vw, 2560px\" \/>\t\t<\/a>\n\t\t\t<\/div>\n<\/div>\n\t\t<\/div>\n\t\t<div class=\"qodef-e-content\">\n\t\t\t\t\t\t<div class=\"qodef-e-text\">\n\t\t\t\t<p itemprop=\"name\" class=\"qodef-e-title entry-title\">\n\t<a itemprop=\"url\" class=\"qodef-e-title-link\" href=\"https:\/\/ds-barranquilla.org\/de\/un-inicio-de-ano-escolar-lleno-de-tradicion-alegria-y-nuevos-retos\/\">\n\t\tUn inicio de a\u00f1o escolar lleno de tradici\u00f3n, alegr\u00eda y nuevos retos\t<\/a>\n<\/p>\n\t\t\t<\/div>\n\t\t\t\t\t<\/div>\n\t<\/div>\n<\/article>\n<article class=\"qodef-e qodef-blog-item swiper-slide qodef-item--full post-28450 post type-post status-publish format-standard has-post-thumbnail hentry category-sin-categorizar\">\n\t<div class=\"qodef-e-inner\">\n\t\t<div class=\"qodef-e-media-holder\">\n\t\t\t<div class=\"qodef-e-media\">\n\t\t<div class=\"qodef-e-media-image\">\n\t\t<a itemprop=\"url\" href=\"https:\/\/ds-barranquilla.org\/de\/en-el-colegio-aleman-de-barranquilla-listos-para-el-ano-escolar-2025-2026\/\">\n\t\t\t<img loading=\"lazy\" decoding=\"async\" width=\"2560\" height=\"2274\" src=\"https:\/\/ds-barranquilla.org\/wp-content\/uploads\/2025\/08\/DSC06546-scaled.jpg\" class=\"attachment-full size-full\" alt=\"\" srcset=\"https:\/\/ds-barranquilla.org\/wp-content\/uploads\/2025\/08\/DSC06546-scaled.jpg 2560w, https:\/\/ds-barranquilla.org\/wp-content\/uploads\/2025\/08\/DSC06546-300x267.jpg 300w, https:\/\/ds-barranquilla.org\/wp-content\/uploads\/2025\/08\/DSC06546-1024x910.jpg 1024w, https:\/\/ds-barranquilla.org\/wp-content\/uploads\/2025\/08\/DSC06546-768x682.jpg 768w, https:\/\/ds-barranquilla.org\/wp-content\/uploads\/2025\/08\/DSC06546-1536x1365.jpg 1536w, https:\/\/ds-barranquilla.org\/wp-content\/uploads\/2025\/08\/DSC06546-2048x1820.jpg 2048w, https:\/\/ds-barranquilla.org\/wp-content\/uploads\/2025\/08\/DSC06546-14x12.jpg 14w, https:\/\/ds-barranquilla.org\/wp-content\/uploads\/2025\/08\/DSC06546-84x75.jpg 84w, https:\/\/ds-barranquilla.org\/wp-content\/uploads\/2025\/08\/DSC06546-480x426.jpg 480w\" sizes=\"(max-width:767px) 480px, (max-width:2560px) 100vw, 2560px\" \/>\t\t<\/a>\n\t\t\t<\/div>\n<\/div>\n\t\t<\/div>\n\t\t<div class=\"qodef-e-content\">\n\t\t\t\t\t\t<div class=\"qodef-e-text\">\n\t\t\t\t<p itemprop=\"name\" class=\"qodef-e-title entry-title\">\n\t<a itemprop=\"url\" class=\"qodef-e-title-link\" href=\"https:\/\/ds-barranquilla.org\/de\/en-el-colegio-aleman-de-barranquilla-listos-para-el-ano-escolar-2025-2026\/\">\n\t\tEn el Colegio Alem\u00e1n de Barranquilla, \u00a1listos para el a\u00f1o escolar 2025-2026!\t<\/a>\n<\/p>\n\t\t\t<\/div>\n\t\t\t\t\t<\/div>\n\t<\/div>\n<\/article>\n<article class=\"qodef-e qodef-blog-item swiper-slide qodef-item--full post-28423 post type-post status-publish format-standard has-post-thumbnail hentry category-735 category-area-de-matematicas-y-fisica category-sin-categorizar tag-colegio-aleman-barranquilla-olimpiada-internacional-de-matematicas-2025 tag-estudiantes-colombianos-destacados-en-la-imo-2025 tag-ganadores-olimpiadas-matematicas-colegio-aleman tag-resultados-olimpiada-internacional-de-matematicas-australia-2025 tag-colegio-aleman-de-barranquilla tag-educacion-de-calidad tag-estudiantes-destacados tag-logros-academicos tag-olimpiada-internacional-de-matematicas-2025 tag-olimpiada-matematica-centroamericana-y-del-caribe tag-olimpiadas-colombianas-de-matematicas tag-olimpiadas-matematicas-universidad-del-norte tag-orgullo-escolar tag-talento-matematico\">\n\t<div class=\"qodef-e-inner\">\n\t\t<div class=\"qodef-e-media-holder\">\n\t\t\t<div class=\"qodef-e-media\">\n\t\t<div class=\"qodef-e-media-image\">\n\t\t<a itemprop=\"url\" href=\"https:\/\/ds-barranquilla.org\/de\/estudiantes-del-colegio-aleman-brillan-en-la-olimpiada-internacional-de-matematicas-2025\/\">\n\t\t\t<img loading=\"lazy\" decoding=\"async\" width=\"880\" height=\"853\" src=\"https:\/\/ds-barranquilla.org\/wp-content\/uploads\/2025\/07\/Imagen-de-WhatsApp-2025-07-23-a-las-09.53.14_103dc190-1.jpg\" class=\"attachment-full size-full\" alt=\"\" srcset=\"https:\/\/ds-barranquilla.org\/wp-content\/uploads\/2025\/07\/Imagen-de-WhatsApp-2025-07-23-a-las-09.53.14_103dc190-1.jpg 880w, https:\/\/ds-barranquilla.org\/wp-content\/uploads\/2025\/07\/Imagen-de-WhatsApp-2025-07-23-a-las-09.53.14_103dc190-1-300x291.jpg 300w, https:\/\/ds-barranquilla.org\/wp-content\/uploads\/2025\/07\/Imagen-de-WhatsApp-2025-07-23-a-las-09.53.14_103dc190-1-768x744.jpg 768w, https:\/\/ds-barranquilla.org\/wp-content\/uploads\/2025\/07\/Imagen-de-WhatsApp-2025-07-23-a-las-09.53.14_103dc190-1-12x12.jpg 12w, https:\/\/ds-barranquilla.org\/wp-content\/uploads\/2025\/07\/Imagen-de-WhatsApp-2025-07-23-a-las-09.53.14_103dc190-1-77x75.jpg 77w, https:\/\/ds-barranquilla.org\/wp-content\/uploads\/2025\/07\/Imagen-de-WhatsApp-2025-07-23-a-las-09.53.14_103dc190-1-480x465.jpg 480w\" sizes=\"(max-width:767px) 480px, (max-width:880px) 100vw, 880px\" \/>\t\t<\/a>\n\t\t\t<\/div>\n<\/div>\n\t\t<\/div>\n\t\t<div class=\"qodef-e-content\">\n\t\t\t\t\t\t<div class=\"qodef-e-text\">\n\t\t\t\t<p itemprop=\"name\" class=\"qodef-e-title entry-title\">\n\t<a itemprop=\"url\" class=\"qodef-e-title-link\" href=\"https:\/\/ds-barranquilla.org\/de\/estudiantes-del-colegio-aleman-brillan-en-la-olimpiada-internacional-de-matematicas-2025\/\">\n\t\tEstudiantes del Colegio Alem\u00e1n de Barranquilla brillan en la Olimpiada Internacional de Matem\u00e1ticas 2025\t<\/a>\n<\/p>\n\t\t\t<\/div>\n\t\t\t\t\t<\/div>\n\t<\/div>\n<\/article>\n<article class=\"qodef-e qodef-blog-item swiper-slide qodef-item--full post-28343 post type-post status-publish format-standard has-post-thumbnail hentry category-735 category-area-de-aleman tag-beca-daad tag-beca-internacional-para-estudiantes-colombianos tag-cabmun tag-colegio-aleman-de-barranquilla tag-educacion-bicultural tag-egresados-destacados tag-estudios-universitarios-en-alemania tag-formacion-academica-de-excelencia tag-modelo-onu-escolar tag-wirlatam\">\n\t<div class=\"qodef-e-inner\">\n\t\t<div class=\"qodef-e-media-holder\">\n\t\t\t<div class=\"qodef-e-media\">\n\t\t<div class=\"qodef-e-media-image\">\n\t\t<a itemprop=\"url\" href=\"https:\/\/ds-barranquilla.org\/de\/egresada-del-colegio-aleman-de-barranquilla-gana-renombrada-beca-daad-para-estudios-universitarios-en-alemania\/\">\n\t\t\t<img loading=\"lazy\" decoding=\"async\" width=\"2560\" height=\"1639\" src=\"https:\/\/ds-barranquilla.org\/wp-content\/uploads\/2025\/06\/DSC01421-scaled.jpg\" class=\"attachment-full size-full\" alt=\"\" srcset=\"https:\/\/ds-barranquilla.org\/wp-content\/uploads\/2025\/06\/DSC01421-scaled.jpg 2560w, https:\/\/ds-barranquilla.org\/wp-content\/uploads\/2025\/06\/DSC01421-300x192.jpg 300w, https:\/\/ds-barranquilla.org\/wp-content\/uploads\/2025\/06\/DSC01421-1024x655.jpg 1024w, https:\/\/ds-barranquilla.org\/wp-content\/uploads\/2025\/06\/DSC01421-768x492.jpg 768w, https:\/\/ds-barranquilla.org\/wp-content\/uploads\/2025\/06\/DSC01421-1536x983.jpg 1536w, https:\/\/ds-barranquilla.org\/wp-content\/uploads\/2025\/06\/DSC01421-2048x1311.jpg 2048w, https:\/\/ds-barranquilla.org\/wp-content\/uploads\/2025\/06\/DSC01421-18x12.jpg 18w, https:\/\/ds-barranquilla.org\/wp-content\/uploads\/2025\/06\/DSC01421-117x75.jpg 117w, https:\/\/ds-barranquilla.org\/wp-content\/uploads\/2025\/06\/DSC01421-480x307.jpg 480w\" sizes=\"(max-width:767px) 480px, (max-width:2560px) 100vw, 2560px\" \/>\t\t<\/a>\n\t\t\t<\/div>\n<\/div>\n\t\t<\/div>\n\t\t<div class=\"qodef-e-content\">\n\t\t\t\t\t\t<div class=\"qodef-e-text\">\n\t\t\t\t<p itemprop=\"name\" class=\"qodef-e-title entry-title\">\n\t<a itemprop=\"url\" class=\"qodef-e-title-link\" href=\"https:\/\/ds-barranquilla.org\/de\/egresada-del-colegio-aleman-de-barranquilla-gana-renombrada-beca-daad-para-estudios-universitarios-en-alemania\/\">\n\t\tEgresada del Colegio Alem\u00e1n de Barranquilla gana Beca DAAD para estudios universitarios en Alemania\t<\/a>\n<\/p>\n\t\t\t<\/div>\n\t\t\t\t\t<\/div>\n\t<\/div>\n<\/article>\n<article class=\"qodef-e qodef-blog-item swiper-slide qodef-item--full post-28236 post type-post status-publish format-standard has-post-thumbnail hentry category-735 category-primaria category-sin-categorizar\">\n\t<div class=\"qodef-e-inner\">\n\t\t<div class=\"qodef-e-media-holder\">\n\t\t\t<div class=\"qodef-e-media\">\n\t\t<div class=\"qodef-e-media-image\">\n\t\t<a itemprop=\"url\" href=\"https:\/\/ds-barranquilla.org\/de\/ivan-donofrio-43-anos-de-ensenanza-y-legado-en-el-colegio-aleman-de-barranquilla\/\">\n\t\t\t<img loading=\"lazy\" decoding=\"async\" width=\"2560\" height=\"1709\" src=\"https:\/\/ds-barranquilla.org\/wp-content\/uploads\/2025\/05\/1-scaled.jpg\" class=\"attachment-full size-full\" alt=\"\" srcset=\"https:\/\/ds-barranquilla.org\/wp-content\/uploads\/2025\/05\/1-scaled.jpg 2560w, https:\/\/ds-barranquilla.org\/wp-content\/uploads\/2025\/05\/1-300x200.jpg 300w, https:\/\/ds-barranquilla.org\/wp-content\/uploads\/2025\/05\/1-1024x684.jpg 1024w, https:\/\/ds-barranquilla.org\/wp-content\/uploads\/2025\/05\/1-768x513.jpg 768w, https:\/\/ds-barranquilla.org\/wp-content\/uploads\/2025\/05\/1-391x260.jpg 391w, https:\/\/ds-barranquilla.org\/wp-content\/uploads\/2025\/05\/1-1536x1025.jpg 1536w, https:\/\/ds-barranquilla.org\/wp-content\/uploads\/2025\/05\/1-2048x1367.jpg 2048w, https:\/\/ds-barranquilla.org\/wp-content\/uploads\/2025\/05\/1-18x12.jpg 18w, https:\/\/ds-barranquilla.org\/wp-content\/uploads\/2025\/05\/1-112x75.jpg 112w, https:\/\/ds-barranquilla.org\/wp-content\/uploads\/2025\/05\/1-480x320.jpg 480w\" sizes=\"(max-width:767px) 480px, (max-width:2560px) 100vw, 2560px\" \/>\t\t<\/a>\n\t\t\t<\/div>\n<\/div>\n\t\t<\/div>\n\t\t<div class=\"qodef-e-content\">\n\t\t\t\t\t\t<div class=\"qodef-e-text\">\n\t\t\t\t<p itemprop=\"name\" class=\"qodef-e-title entry-title\">\n\t<a itemprop=\"url\" class=\"qodef-e-title-link\" href=\"https:\/\/ds-barranquilla.org\/de\/ivan-donofrio-43-anos-de-ensenanza-y-legado-en-el-colegio-aleman-de-barranquilla\/\">\n\t\tIv\u00e1n D&#8217;Onofrio: 43 a\u00f1os de ense\u00f1anza y legado en el Colegio Alem\u00e1n de Barranquilla\t<\/a>\n<\/p>\n\t\t\t<\/div>\n\t\t\t\t\t<\/div>\n\t<\/div>\n<\/article>\n\t<\/div>\n\t<\/div>\n\t\t<\/div>\n\t\t\t\t<\/div>\n\t\t\t\t\t<\/div>\n\t\t<\/div>\n\t\t\t\t<div class=\"elementor-column elementor-col-50 elementor-top-column elementor-element elementor-element-dbc2a47\" data-id=\"dbc2a47\" data-element_type=\"column\">\n\t\t\t<div class=\"elementor-widget-wrap elementor-element-populated\">\n\t\t\t\t\t\t<div class=\"elementor-element elementor-element-62b78c1 elementor-widget elementor-widget-heading\" data-id=\"62b78c1\" data-element_type=\"widget\" data-widget_type=\"heading.default\">\n\t\t\t\t<div class=\"elementor-widget-container\">\n\t\t\t<h2 class=\"elementor-heading-title elementor-size-default\">Admisiones otros  niveles <\/h2>\t\t<\/div>\n\t\t\t\t<\/div>\n\t\t\t\t<div class=\"elementor-element elementor-element-f6a3912 elementor-widget elementor-widget-text-editor\" data-id=\"f6a3912\" data-element_type=\"widget\" data-widget_type=\"text-editor.default\">\n\t\t\t\t<div class=\"elementor-widget-container\">\n\t\t\t\t\t\t\t<div><h4 style=\"text-align: center;\">Vielen Dank f\u00fcr Ihr Interesse an unserer Schule!<\/h4><\/div><p>Las admisiones de otros niveles cuentan con caracter\u00edsticas especiales y un proceso diferente al manejando en las convocatorias de Admisiones de Kindergarten . Se consideran Admisiones de otros niveles todas las solicitudes de admisi\u00f3n a partir del nivel Klasse 1, que est\u00e9n fuera de los tiempos de las convocatorias.<\/p><p>Para las admisiones otros niveles , le solicitamos tener en cuenta la siguiente informaci\u00f3n.<\/p>\t\t\t\t\t\t<\/div>\n\t\t\t\t<\/div>\n\t\t\t\t<div class=\"elementor-element elementor-element-6a40f8c elementor-widget elementor-widget-eael-feature-list\" data-id=\"6a40f8c\" data-element_type=\"widget\" data-widget_type=\"eael-feature-list.default\">\n\t\t\t\t<div class=\"elementor-widget-container\">\n\t\t\t\t\t<div class=\"-icon-position-left -tablet-icon-position-left -mobile-icon-position-left\">\n\t\t\t<ul id=\"eael-feature-list-6a40f8c\" class=\"eael-feature-list-items circle framed  eael-feature-list-vertical\">\n\t\t\t                <li class=\"eael-feature-list-item elementor-repeater-item-d09381d\">\n                    \n\t\t\t\t\t\t<div class=\"eael-feature-list-icon-box\">\n\t\t\t\t\t\t\t<div class=\"eael-feature-list-icon-inner\">\n\n\t\t\t\t\t\t\t\t<span class=\"eael-feature-list-icon fl-icon-0\">\n\n\t\t<i aria-hidden=\"true\" class=\"fas fa-check\"><\/i>\t\t\t\t\t\t\t\t<\/span>\n\t\t\t\t\t\t\t<\/div>\n\t\t\t\t\t\t<\/div>\n\t\t\t\t\t\t<div class=\"eael-feature-list-content-box\">\n\t\t\t\t\t\t\t<h2 class=\"eael-feature-list-title\"\t\t\t\t\t\t\t><\/h2\t\t\t\t\t\t>\n\t\t\t\t\t\t<p class=\"eael-feature-list-content\">F\u00fcr die Festlegung der Klassenstufe in Grundschule und Sekundarstufe werden das Geburtsjahr und die letzte besuchte und bestandene Klassenstufe ber\u00fccksichtigt. Au\u00dferdem wird ber\u00fccksichtigt, dass unsere Schule nach dem Kalender B (August - Juni) arbeitet.<\/p>\n\t\t\t\t\t\t<\/div>\n\n\t\t\t\t\t<\/li>\n\t\t\t\t                <li class=\"eael-feature-list-item elementor-repeater-item-ee8459d\">\n                    \n\t\t\t\t\t\t<div class=\"eael-feature-list-icon-box\">\n\t\t\t\t\t\t\t<div class=\"eael-feature-list-icon-inner\">\n\n\t\t\t\t\t\t\t\t<span class=\"eael-feature-list-icon fl-icon-1\">\n\n\t\t<i aria-hidden=\"true\" class=\"fas fa-check\"><\/i>\t\t\t\t\t\t\t\t<\/span>\n\t\t\t\t\t\t\t<\/div>\n\t\t\t\t\t\t<\/div>\n\t\t\t\t\t\t<div class=\"eael-feature-list-content-box\">\n\t\t\t\t\t\t\t<h2 class=\"eael-feature-list-title\"\t\t\t\t\t\t\t><\/h2\t\t\t\t\t\t>\n\t\t\t\t\t\t<p class=\"eael-feature-list-content\">F\u00fcr Zulassungen ab Klasse 4 m\u00fcssen die Kinder bereits \u00fcber Deutschkenntnisse auf dem f\u00fcr die jeweilige Klasse erforderlichen Niveau verf\u00fcgen<\/p>\n\t\t\t\t\t\t<\/div>\n\n\t\t\t\t\t<\/li>\n\t\t\t\t                <li class=\"eael-feature-list-item elementor-repeater-item-13570c9\">\n                    \n\t\t\t\t\t\t<div class=\"eael-feature-list-icon-box\">\n\t\t\t\t\t\t\t<div class=\"eael-feature-list-icon-inner\">\n\n\t\t\t\t\t\t\t\t<span class=\"eael-feature-list-icon fl-icon-2\">\n\n\t\t<i aria-hidden=\"true\" class=\"fas fa-check\"><\/i>\t\t\t\t\t\t\t\t<\/span>\n\t\t\t\t\t\t\t<\/div>\n\t\t\t\t\t\t<\/div>\n\t\t\t\t\t\t<div class=\"eael-feature-list-content-box\">\n\t\t\t\t\t\t\t<h2 class=\"eael-feature-list-title\"\t\t\t\t\t\t\t><\/h2\t\t\t\t\t\t>\n\t\t\t\t\t\t<p class=\"eael-feature-list-content\">Die Zulassung h\u00e4ngt von der Verf\u00fcgbarkeit von Pl\u00e4tzen in der jeweiligen Klassenstufe ab.<\/p>\n\t\t\t\t\t\t<\/div>\n\n\t\t\t\t\t<\/li>\n\t\t\t\t                <li class=\"eael-feature-list-item elementor-repeater-item-b0e432a\">\n                    \n\t\t\t\t\t\t<div class=\"eael-feature-list-icon-box\">\n\t\t\t\t\t\t\t<div class=\"eael-feature-list-icon-inner\">\n\n\t\t\t\t\t\t\t\t<span class=\"eael-feature-list-icon fl-icon-3\">\n\n\t\t<i aria-hidden=\"true\" class=\"fas fa-check\"><\/i>\t\t\t\t\t\t\t\t<\/span>\n\t\t\t\t\t\t\t<\/div>\n\t\t\t\t\t\t<\/div>\n\t\t\t\t\t\t<div class=\"eael-feature-list-content-box\">\n\t\t\t\t\t\t\t<h2 class=\"eael-feature-list-title\"\t\t\t\t\t\t\t><\/h2\t\t\t\t\t\t>\n\t\t\t\t\t\t<p class=\"eael-feature-list-content\">Las solicitudes otros niveles deben ser llevadas de manera preliminar a nuestro Comit\u00e9 de Admisiones, proceso que puede tardar entre 15 y 30 d\u00edas.<\/p>\n\t\t\t\t\t\t<\/div>\n\n\t\t\t\t\t<\/li>\n\t\t\t\t                <li class=\"eael-feature-list-item elementor-repeater-item-9242e08\">\n                    \n\t\t\t\t\t\t<div class=\"eael-feature-list-icon-box\">\n\t\t\t\t\t\t\t<div class=\"eael-feature-list-icon-inner\">\n\n\t\t\t\t\t\t\t\t<span class=\"eael-feature-list-icon fl-icon-4\">\n\n\t\t<i aria-hidden=\"true\" class=\"fas fa-check\"><\/i>\t\t\t\t\t\t\t\t<\/span>\n\t\t\t\t\t\t\t<\/div>\n\t\t\t\t\t\t<\/div>\n\t\t\t\t\t\t<div class=\"eael-feature-list-content-box\">\n\t\t\t\t\t\t\t<h2 class=\"eael-feature-list-title\"\t\t\t\t\t\t\t><\/h2\t\t\t\t\t\t>\n\t\t\t\t\t\t<p class=\"eael-feature-list-content\">Sobald der Fall von unserem Auswahlkomitee gepr\u00fcft wurde, wird der Familie Antwort \u00fcber die M\u00f6glichkeiten und Fortf\u00fchrung des Prozesses gegeben.<\/p>\n\t\t\t\t\t\t<\/div>\n\n\t\t\t\t\t<\/li>\n\t\t\t\t\t\t\t<\/ul>\n\t\t<\/div>\n\t\t\t\t<\/div>\n\t\t\t\t<\/div>\n\t\t\t\t<div class=\"elementor-element elementor-element-329ab8e elementor-widget elementor-widget-text-editor\" data-id=\"329ab8e\" data-element_type=\"widget\" data-widget_type=\"text-editor.default\">\n\t\t\t\t<div class=\"elementor-widget-container\">\n\t\t\t\t\t\t\t<div><div><h4 style=\"text-align: center;\">\u00a0<\/h4><\/div><\/div><h5><span style=\"color: #cc3524;\"><strong>SCHRITT F\u00dcR SCHRITT<\/strong><\/span><\/h5>\t\t\t\t\t\t<\/div>\n\t\t\t\t<\/div>\n\t\t\t\t<div class=\"elementor-element elementor-element-e3bc896 elementor-widget elementor-widget-accordion\" data-id=\"e3bc896\" data-element_type=\"widget\" data-widget_type=\"accordion.default\">\n\t\t\t\t<div class=\"elementor-widget-container\">\n\t\t\t<style>\/*! elementor - v3.23.0 - 05-08-2024 *\/\n.elementor-accordion{text-align:start}.elementor-accordion .elementor-accordion-item{border:1px solid #d5d8dc}.elementor-accordion .elementor-accordion-item+.elementor-accordion-item{border-top:none}.elementor-accordion .elementor-tab-title{margin:0;padding:15px 20px;font-weight:700;line-height:1;cursor:pointer;outline:none}.elementor-accordion .elementor-tab-title .elementor-accordion-icon{display:inline-block;width:1.5em}.elementor-accordion .elementor-tab-title .elementor-accordion-icon svg{width:1em;height:1em}.elementor-accordion .elementor-tab-title .elementor-accordion-icon.elementor-accordion-icon-right{float:right;text-align:right}.elementor-accordion .elementor-tab-title .elementor-accordion-icon.elementor-accordion-icon-left{float:left;text-align:left}.elementor-accordion .elementor-tab-title .elementor-accordion-icon .elementor-accordion-icon-closed{display:block}.elementor-accordion .elementor-tab-title .elementor-accordion-icon .elementor-accordion-icon-opened,.elementor-accordion .elementor-tab-title.elementor-active .elementor-accordion-icon-closed{display:none}.elementor-accordion .elementor-tab-title.elementor-active .elementor-accordion-icon-opened{display:block}.elementor-accordion .elementor-tab-content{display:none;padding:15px 20px;border-top:1px solid #d5d8dc}@media (max-width:767px){.elementor-accordion .elementor-tab-title{padding:12px 15px}.elementor-accordion .elementor-tab-title .elementor-accordion-icon{width:1.2em}.elementor-accordion .elementor-tab-content{padding:7px 15px}}.e-con-inner>.elementor-widget-accordion,.e-con>.elementor-widget-accordion{width:var(--container-widget-width);--flex-grow:var(--container-widget-flex-grow)}<\/style>\t\t<div class=\"elementor-accordion\">\n\t\t\t\t\t\t\t<div class=\"elementor-accordion-item\">\n\t\t\t\t\t<div id=\"elementor-tab-title-2381\" class=\"elementor-tab-title\" data-tab=\"1\" role=\"button\" aria-controls=\"elementor-tab-content-2381\" aria-expanded=\"false\">\n\t\t\t\t\t\t\t\t\t\t\t\t\t<span class=\"elementor-accordion-icon elementor-accordion-icon-left\" aria-hidden=\"true\">\n\t\t\t\t\t\t\t\t\t\t\t\t\t\t\t<span class=\"elementor-accordion-icon-closed\"><i class=\"fas fa-plus\"><\/i><\/span>\n\t\t\t\t\t\t\t\t<span class=\"elementor-accordion-icon-opened\"><i class=\"fas fa-minus\"><\/i><\/span>\n\t\t\t\t\t\t\t\t\t\t\t\t\t\t<\/span>\n\t\t\t\t\t\t\t\t\t\t\t\t<a class=\"elementor-accordion-title\" tabindex=\"0\">1. Kontakt mit dem Aufnahmeb\u00fcro<\/a>\n\t\t\t\t\t<\/div>\n\t\t\t\t\t<div id=\"elementor-tab-content-2381\" class=\"elementor-tab-content elementor-clearfix\" data-tab=\"1\" role=\"region\" aria-labelledby=\"elementor-tab-title-2381\"><p>Unser Aufnahmeteam setzt sich mit interessierten Familien in Kontakt, um Genaueres \u00fcber die jeweilige Bewerbung zu erfahren, Fragen zu kl\u00e4ren und genaue Informationen \u00fcber die n\u00e4chsten Schritte zu geben.<\/p><\/div>\n\t\t\t\t<\/div>\n\t\t\t\t\t\t\t<div class=\"elementor-accordion-item\">\n\t\t\t\t\t<div id=\"elementor-tab-title-2382\" class=\"elementor-tab-title\" data-tab=\"2\" role=\"button\" aria-controls=\"elementor-tab-content-2382\" aria-expanded=\"false\">\n\t\t\t\t\t\t\t\t\t\t\t\t\t<span class=\"elementor-accordion-icon elementor-accordion-icon-left\" aria-hidden=\"true\">\n\t\t\t\t\t\t\t\t\t\t\t\t\t\t\t<span class=\"elementor-accordion-icon-closed\"><i class=\"fas fa-plus\"><\/i><\/span>\n\t\t\t\t\t\t\t\t<span class=\"elementor-accordion-icon-opened\"><i class=\"fas fa-minus\"><\/i><\/span>\n\t\t\t\t\t\t\t\t\t\t\t\t\t\t<\/span>\n\t\t\t\t\t\t\t\t\t\t\t\t<a class=\"elementor-accordion-title\" tabindex=\"0\">2. Erste Einsch\u00e4tzung des Auswahlkomitees<\/a>\n\t\t\t\t\t<\/div>\n\t\t\t\t\t<div id=\"elementor-tab-content-2382\" class=\"elementor-tab-content elementor-clearfix\" data-tab=\"2\" role=\"region\" aria-labelledby=\"elementor-tab-title-2382\"><p>Mit der vorangehenden Information kann das Auswahlkomitee die erste Einsch\u00e4tzung vornehmen, um zu entscheiden, ob der Bewerbungsprozess fortgef\u00fchrt werden kann.<\/p><\/div>\n\t\t\t\t<\/div>\n\t\t\t\t\t\t\t<div class=\"elementor-accordion-item\">\n\t\t\t\t\t<div id=\"elementor-tab-title-2383\" class=\"elementor-tab-title\" data-tab=\"3\" role=\"button\" aria-controls=\"elementor-tab-content-2383\" aria-expanded=\"false\">\n\t\t\t\t\t\t\t\t\t\t\t\t\t<span class=\"elementor-accordion-icon elementor-accordion-icon-left\" aria-hidden=\"true\">\n\t\t\t\t\t\t\t\t\t\t\t\t\t\t\t<span class=\"elementor-accordion-icon-closed\"><i class=\"fas fa-plus\"><\/i><\/span>\n\t\t\t\t\t\t\t\t<span class=\"elementor-accordion-icon-opened\"><i class=\"fas fa-minus\"><\/i><\/span>\n\t\t\t\t\t\t\t\t\t\t\t\t\t\t<\/span>\n\t\t\t\t\t\t\t\t\t\t\t\t<a class=\"elementor-accordion-title\" tabindex=\"0\"> 3. Erstes Treffen <\/a>\n\t\t\t\t\t<\/div>\n\t\t\t\t\t<div id=\"elementor-tab-content-2383\" class=\"elementor-tab-content elementor-clearfix\" data-tab=\"3\" role=\"region\" aria-labelledby=\"elementor-tab-title-2383\"><p>Sobald das Auswahlkomitee die Bewerbung zugelassen hat, erh\u00e4lt die Familie einen ersten Termin mit der entsprechenden Sektionsleitung, um alle Informationen \u00fcber unser Bildungsangebot, die Kosten und die einzelnen Schritte des Verfahrens zu erhalten.<\/p><\/div>\n\t\t\t\t<\/div>\n\t\t\t\t\t\t\t<div class=\"elementor-accordion-item\">\n\t\t\t\t\t<div id=\"elementor-tab-title-2384\" class=\"elementor-tab-title\" data-tab=\"4\" role=\"button\" aria-controls=\"elementor-tab-content-2384\" aria-expanded=\"false\">\n\t\t\t\t\t\t\t\t\t\t\t\t\t<span class=\"elementor-accordion-icon elementor-accordion-icon-left\" aria-hidden=\"true\">\n\t\t\t\t\t\t\t\t\t\t\t\t\t\t\t<span class=\"elementor-accordion-icon-closed\"><i class=\"fas fa-plus\"><\/i><\/span>\n\t\t\t\t\t\t\t\t<span class=\"elementor-accordion-icon-opened\"><i class=\"fas fa-minus\"><\/i><\/span>\n\t\t\t\t\t\t\t\t\t\t\t\t\t\t<\/span>\n\t\t\t\t\t\t\t\t\t\t\t\t<a class=\"elementor-accordion-title\" tabindex=\"0\">4. Einschreibung <\/a>\n\t\t\t\t\t<\/div>\n\t\t\t\t\t<div id=\"elementor-tab-content-2384\" class=\"elementor-tab-content elementor-clearfix\" data-tab=\"4\" role=\"region\" aria-labelledby=\"elementor-tab-title-2384\"><p>Nach diesem Treffen k\u00f6nnen Sie sich \u00fcber ein Formular registrieren, um das Anmeldeverfahren zu starten.\u00a0<\/p><p>Um mit unserem Aufnahmeverfahren zu starten, erstellen Sie bitte Benutzer und Passwort auf <a href=\"https:\/\/ds-barranquilla.phidias.co\/register\" target=\"_blank\" rel=\"noopener\">unserer Plattform<\/a> und f\u00fcllen Sie das Einschreibeformular aus. Auf derselben Plattform haben Sie die M\u00f6glichkeit, die Einschreibegeb\u00fchr online zu zahlen und die Dokumente hochzuladen.<\/p><p><a href=\"https:\/\/ds-barranquilla.phidias.co\/register\" target=\"_blank\" rel=\"noopener\"><strong>Klicken Sie hier, um Benutzernamen und Passwort auf der Plattform zu erstellen.\u00a0\u00a0<\/strong><\/a><\/p><p><a href=\"https:\/\/ds-barranquilla.org\/wp-content\/uploads\/2022\/06\/Documentos-anexos-Proceso-de-Admisiones.pdf\" target=\"_blank\" rel=\"noopener\"><strong>Klicken Sie hier, um die erforderlichen Dokumente einzusehen.<\/strong><\/a><\/p><p>Sie k\u00f6nnen jederzeit mit dem von Ihnen erstellten Benutzer und Passwort auf die Plattform zur\u00fcckkehren:<\/p><p><a href=\"https:\/\/ds-barranquilla.phidias.co\/\" target=\"_blank\" rel=\"noopener\"><strong>Klicken Sie hier, um direkt auf die Plattform zu gelangen.\u00a0\u00a0<\/strong><\/a><\/p><\/div>\n\t\t\t\t<\/div>\n\t\t\t\t\t\t\t<div class=\"elementor-accordion-item\">\n\t\t\t\t\t<div id=\"elementor-tab-title-2385\" class=\"elementor-tab-title\" data-tab=\"5\" role=\"button\" aria-controls=\"elementor-tab-content-2385\" aria-expanded=\"false\">\n\t\t\t\t\t\t\t\t\t\t\t\t\t<span class=\"elementor-accordion-icon elementor-accordion-icon-left\" aria-hidden=\"true\">\n\t\t\t\t\t\t\t\t\t\t\t\t\t\t\t<span class=\"elementor-accordion-icon-closed\"><i class=\"fas fa-plus\"><\/i><\/span>\n\t\t\t\t\t\t\t\t<span class=\"elementor-accordion-icon-opened\"><i class=\"fas fa-minus\"><\/i><\/span>\n\t\t\t\t\t\t\t\t\t\t\t\t\t\t<\/span>\n\t\t\t\t\t\t\t\t\t\t\t\t<a class=\"elementor-accordion-title\" tabindex=\"0\">5. Gespr\u00e4ch mit den Eltern <\/a>\n\t\t\t\t\t<\/div>\n\t\t\t\t\t<div id=\"elementor-tab-content-2385\" class=\"elementor-tab-content elementor-clearfix\" data-tab=\"5\" role=\"region\" aria-labelledby=\"elementor-tab-title-2385\"><p>Im Laufe des Prozesses erhalten die Familien eine E-Mail zur Organisation des virtuellen Gespr\u00e4chs mit unserer schulpsychologischen Beratung (OPE).<\/p><\/div>\n\t\t\t\t<\/div>\n\t\t\t\t\t\t\t<div class=\"elementor-accordion-item\">\n\t\t\t\t\t<div id=\"elementor-tab-title-2386\" class=\"elementor-tab-title\" data-tab=\"6\" role=\"button\" aria-controls=\"elementor-tab-content-2386\" aria-expanded=\"false\">\n\t\t\t\t\t\t\t\t\t\t\t\t\t<span class=\"elementor-accordion-icon elementor-accordion-icon-left\" aria-hidden=\"true\">\n\t\t\t\t\t\t\t\t\t\t\t\t\t\t\t<span class=\"elementor-accordion-icon-closed\"><i class=\"fas fa-plus\"><\/i><\/span>\n\t\t\t\t\t\t\t\t<span class=\"elementor-accordion-icon-opened\"><i class=\"fas fa-minus\"><\/i><\/span>\n\t\t\t\t\t\t\t\t\t\t\t\t\t\t<\/span>\n\t\t\t\t\t\t\t\t\t\t\t\t<a class=\"elementor-accordion-title\" tabindex=\"0\">6. Einstufungstests und Gespr\u00e4ch mit dem Kind<\/a>\n\t\t\t\t\t<\/div>\n\t\t\t\t\t<div id=\"elementor-tab-content-2386\" class=\"elementor-tab-content elementor-clearfix\" data-tab=\"6\" role=\"region\" aria-labelledby=\"elementor-tab-title-2386\"><p>F\u00fcr die Durchf\u00fchrung der Einstufungstests je nach angestrebter Klassenstufe wird ein Zeitplan erstellt. Die Familie wird im Voraus - per E-Mail - \u00fcber die Termine f\u00fcr die Tests sowie f\u00fcr das Gespr\u00e4ch mit der Schulpsychologie informiert.<\/p><\/div>\n\t\t\t\t<\/div>\n\t\t\t\t\t\t\t<div class=\"elementor-accordion-item\">\n\t\t\t\t\t<div id=\"elementor-tab-title-2387\" class=\"elementor-tab-title\" data-tab=\"7\" role=\"button\" aria-controls=\"elementor-tab-content-2387\" aria-expanded=\"false\">\n\t\t\t\t\t\t\t\t\t\t\t\t\t<span class=\"elementor-accordion-icon elementor-accordion-icon-left\" aria-hidden=\"true\">\n\t\t\t\t\t\t\t\t\t\t\t\t\t\t\t<span class=\"elementor-accordion-icon-closed\"><i class=\"fas fa-plus\"><\/i><\/span>\n\t\t\t\t\t\t\t\t<span class=\"elementor-accordion-icon-opened\"><i class=\"fas fa-minus\"><\/i><\/span>\n\t\t\t\t\t\t\t\t\t\t\t\t\t\t<\/span>\n\t\t\t\t\t\t\t\t\t\t\t\t<a class=\"elementor-accordion-title\" tabindex=\"0\">7. Abschlie\u00dfende Revision des Komitees und Benachrichtigung <\/a>\n\t\t\t\t\t<\/div>\n\t\t\t\t\t<div id=\"elementor-tab-content-2387\" class=\"elementor-tab-content elementor-clearfix\" data-tab=\"7\" role=\"region\" aria-labelledby=\"elementor-tab-title-2387\"><p>Nach Abschluss der einzelnen Schritte und Pr\u00fcfung der Unterlagen wertet das Auswahlkomitee die Bewerbungen aus und teilt anschlie\u00dfend das Ergebnis per<\/p><p>E-Mail mit.<\/p><p><br \/>F\u00fcr die Pr\u00fcfung einer Bewerbung durch das Komitee m\u00fcssen alle vorangegangenen Schritte abgeschlossen sein. Die Revision der Dokumente dauert ca. 2 bis 3 Wochen, wenn alle Unterlagen vollst\u00e4ndig sind. Der gesamte Prozess dauert zwischen 4 und 8 Wochen.<\/p><\/div>\n\t\t\t\t<\/div>\n\t\t\t\t\t\t\t<div class=\"elementor-accordion-item\">\n\t\t\t\t\t<div id=\"elementor-tab-title-2388\" class=\"elementor-tab-title\" data-tab=\"8\" role=\"button\" aria-controls=\"elementor-tab-content-2388\" aria-expanded=\"false\">\n\t\t\t\t\t\t\t\t\t\t\t\t\t<span class=\"elementor-accordion-icon elementor-accordion-icon-left\" aria-hidden=\"true\">\n\t\t\t\t\t\t\t\t\t\t\t\t\t\t\t<span class=\"elementor-accordion-icon-closed\"><i class=\"fas fa-plus\"><\/i><\/span>\n\t\t\t\t\t\t\t\t<span class=\"elementor-accordion-icon-opened\"><i class=\"fas fa-minus\"><\/i><\/span>\n\t\t\t\t\t\t\t\t\t\t\t\t\t\t<\/span>\n\t\t\t\t\t\t\t\t\t\t\t\t<a class=\"elementor-accordion-title\" tabindex=\"0\">6.\tReservierung des Platzes<\/a>\n\t\t\t\t\t<\/div>\n\t\t\t\t\t<div id=\"elementor-tab-content-2388\" class=\"elementor-tab-content elementor-clearfix\" data-tab=\"8\" role=\"region\" aria-labelledby=\"elementor-tab-title-2388\"><p>Die Eltern der zugelassenen Kinder m\u00fcssen per E-Mail mitteilen, dass sie den angebotenen Platz annehmen. Daraufhin erhalten sie den entsprechenden Zahlungsplan.<\/p><\/div>\n\t\t\t\t<\/div>\n\t\t\t\t\t\t\t\t<\/div>\n\t\t\t\t<\/div>\n\t\t\t\t<\/div>\n\t\t\t\t<div class=\"elementor-element elementor-element-a2eee2c elementor-widget elementor-widget-image\" data-id=\"a2eee2c\" data-element_type=\"widget\" data-widget_type=\"image.default\">\n\t\t\t\t<div class=\"elementor-widget-container\">\n\t\t\t<style>\/*! elementor - v3.23.0 - 05-08-2024 *\/\n.elementor-widget-image{text-align:center}.elementor-widget-image a{display:inline-block}.elementor-widget-image a img[src$=\".svg\"]{width:48px}.elementor-widget-image img{vertical-align:middle;display:inline-block}<\/style>\t\t\t\t\t\t\t\t\t\t<img loading=\"lazy\" decoding=\"async\" width=\"1024\" height=\"122\" src=\"https:\/\/ds-barranquilla.org\/wp-content\/uploads\/2023\/09\/Banners-informativos-y-generales-1-1024x122.png\" class=\"attachment-large size-large wp-image-25288\" alt=\"\" srcset=\"https:\/\/ds-barranquilla.org\/wp-content\/uploads\/2023\/09\/Banners-informativos-y-generales-1-1024x122.png 1024w, https:\/\/ds-barranquilla.org\/wp-content\/uploads\/2023\/09\/Banners-informativos-y-generales-1-300x36.png 300w, https:\/\/ds-barranquilla.org\/wp-content\/uploads\/2023\/09\/Banners-informativos-y-generales-1-768x91.png 768w, https:\/\/ds-barranquilla.org\/wp-content\/uploads\/2023\/09\/Banners-informativos-y-generales-1-1536x183.png 1536w, https:\/\/ds-barranquilla.org\/wp-content\/uploads\/2023\/09\/Banners-informativos-y-generales-1-2048x244.png 2048w, https:\/\/ds-barranquilla.org\/wp-content\/uploads\/2023\/09\/Banners-informativos-y-generales-1-18x2.png 18w, https:\/\/ds-barranquilla.org\/wp-content\/uploads\/2023\/09\/Banners-informativos-y-generales-1-260x31.png 260w, https:\/\/ds-barranquilla.org\/wp-content\/uploads\/2023\/09\/Banners-informativos-y-generales-1-50x6.png 50w, https:\/\/ds-barranquilla.org\/wp-content\/uploads\/2023\/09\/Banners-informativos-y-generales-1-150x18.png 150w, https:\/\/ds-barranquilla.org\/wp-content\/uploads\/2023\/09\/Banners-informativos-y-generales-1-480x57.png 480w, https:\/\/ds-barranquilla.org\/wp-content\/uploads\/2023\/09\/Banners-informativos-y-generales-1-800x95.png 800w\" sizes=\"(max-width:767px) 480px, (max-width:1024px) 100vw, 1024px\" \/>\t\t\t\t\t\t\t\t\t\t\t\t\t<\/div>\n\t\t\t\t<\/div>\n\t\t\t\t\t<\/div>\n\t\t<\/div>\n\t\t\t\t\t<\/div>\n\t\t<\/section>\n\t\t\t\t<section class=\"elementor-section elementor-top-section elementor-element elementor-element-d31f4ad elementor-hidden-desktop elementor-hidden-tablet elementor-section-boxed elementor-section-height-default elementor-section-height-default\" data-id=\"d31f4ad\" data-element_type=\"section\">\n\t\t\t\t\t\t<div class=\"elementor-container elementor-column-gap-default\">\n\t\t\t\t\t<div class=\"elementor-column elementor-col-100 elementor-top-column elementor-element elementor-element-a92c435\" data-id=\"a92c435\" data-element_type=\"column\">\n\t\t\t<div class=\"elementor-widget-wrap elementor-element-populated\">\n\t\t\t\t\t\t<div class=\"elementor-element elementor-element-789f141 elementor-widget elementor-widget-heading\" data-id=\"789f141\" data-element_type=\"widget\" data-widget_type=\"heading.default\">\n\t\t\t\t<div class=\"elementor-widget-container\">\n\t\t\t<h2 class=\"elementor-heading-title elementor-size-default\">Admisiones otros  niveles <\/h2>\t\t<\/div>\n\t\t\t\t<\/div>\n\t\t\t\t<div class=\"elementor-element elementor-element-b46b60c elementor-widget elementor-widget-text-editor\" data-id=\"b46b60c\" data-element_type=\"widget\" data-widget_type=\"text-editor.default\">\n\t\t\t\t<div class=\"elementor-widget-container\">\n\t\t\t\t\t\t\t<div><h4 style=\"text-align: center;\">Vielen Dank f\u00fcr Ihr Interesse an unserer Schule!<\/h4><\/div><p>Las admisiones de otros niveles cuentan con caracter\u00edsticas especiales y un proceso diferente al manejando en las convocatorias de Admisiones de Kindergarten . Se consideran Admisiones de otros niveles todas las solicitudes de admisi\u00f3n a partir del nivel Klasse 1, que est\u00e9n fuera de los tiempos de las convocatorias.<\/p><p>Para las admisiones otros niveles , le solicitamos tener en cuenta la siguiente informaci\u00f3n.<\/p>\t\t\t\t\t\t<\/div>\n\t\t\t\t<\/div>\n\t\t\t\t<div class=\"elementor-element elementor-element-355791f elementor-widget elementor-widget-eael-feature-list\" data-id=\"355791f\" data-element_type=\"widget\" data-widget_type=\"eael-feature-list.default\">\n\t\t\t\t<div class=\"elementor-widget-container\">\n\t\t\t\t\t<div class=\"-icon-position-left -tablet-icon-position-left -mobile-icon-position-left\">\n\t\t\t<ul id=\"eael-feature-list-355791f\" class=\"eael-feature-list-items circle framed  eael-feature-list-vertical\">\n\t\t\t                <li class=\"eael-feature-list-item elementor-repeater-item-d09381d\">\n                    \n\t\t\t\t\t\t<div class=\"eael-feature-list-icon-box\">\n\t\t\t\t\t\t\t<div class=\"eael-feature-list-icon-inner\">\n\n\t\t\t\t\t\t\t\t<span class=\"eael-feature-list-icon fl-icon-0\">\n\n\t\t<i aria-hidden=\"true\" class=\"fas fa-check\"><\/i>\t\t\t\t\t\t\t\t<\/span>\n\t\t\t\t\t\t\t<\/div>\n\t\t\t\t\t\t<\/div>\n\t\t\t\t\t\t<div class=\"eael-feature-list-content-box\">\n\t\t\t\t\t\t\t<h2 class=\"eael-feature-list-title\"\t\t\t\t\t\t\t><\/h2\t\t\t\t\t\t>\n\t\t\t\t\t\t<p class=\"eael-feature-list-content\">F\u00fcr die Festlegung der Klassenstufe in Grundschule und Sekundarstufe werden das Geburtsjahr und die letzte besuchte und bestandene Klassenstufe ber\u00fccksichtigt. Au\u00dferdem wird ber\u00fccksichtigt, dass unsere Schule nach dem Kalender B (August - Juni) arbeitet.<\/p>\n\t\t\t\t\t\t<\/div>\n\n\t\t\t\t\t<\/li>\n\t\t\t\t                <li class=\"eael-feature-list-item elementor-repeater-item-ee8459d\">\n                    \n\t\t\t\t\t\t<div class=\"eael-feature-list-icon-box\">\n\t\t\t\t\t\t\t<div class=\"eael-feature-list-icon-inner\">\n\n\t\t\t\t\t\t\t\t<span class=\"eael-feature-list-icon fl-icon-1\">\n\n\t\t<i aria-hidden=\"true\" class=\"fas fa-check\"><\/i>\t\t\t\t\t\t\t\t<\/span>\n\t\t\t\t\t\t\t<\/div>\n\t\t\t\t\t\t<\/div>\n\t\t\t\t\t\t<div class=\"eael-feature-list-content-box\">\n\t\t\t\t\t\t\t<h2 class=\"eael-feature-list-title\"\t\t\t\t\t\t\t><\/h2\t\t\t\t\t\t>\n\t\t\t\t\t\t<p class=\"eael-feature-list-content\">F\u00fcr Zulassungen ab Klasse 4 m\u00fcssen die Kinder bereits \u00fcber Deutschkenntnisse auf dem f\u00fcr die jeweilige Klasse erforderlichen Niveau verf\u00fcgen<\/p>\n\t\t\t\t\t\t<\/div>\n\n\t\t\t\t\t<\/li>\n\t\t\t\t                <li class=\"eael-feature-list-item elementor-repeater-item-13570c9\">\n                    \n\t\t\t\t\t\t<div class=\"eael-feature-list-icon-box\">\n\t\t\t\t\t\t\t<div class=\"eael-feature-list-icon-inner\">\n\n\t\t\t\t\t\t\t\t<span class=\"eael-feature-list-icon fl-icon-2\">\n\n\t\t<i aria-hidden=\"true\" class=\"fas fa-check\"><\/i>\t\t\t\t\t\t\t\t<\/span>\n\t\t\t\t\t\t\t<\/div>\n\t\t\t\t\t\t<\/div>\n\t\t\t\t\t\t<div class=\"eael-feature-list-content-box\">\n\t\t\t\t\t\t\t<h2 class=\"eael-feature-list-title\"\t\t\t\t\t\t\t><\/h2\t\t\t\t\t\t>\n\t\t\t\t\t\t<p class=\"eael-feature-list-content\">Die Zulassung h\u00e4ngt von der Verf\u00fcgbarkeit von Pl\u00e4tzen in der jeweiligen Klassenstufe ab.<\/p>\n\t\t\t\t\t\t<\/div>\n\n\t\t\t\t\t<\/li>\n\t\t\t\t                <li class=\"eael-feature-list-item elementor-repeater-item-b0e432a\">\n                    \n\t\t\t\t\t\t<div class=\"eael-feature-list-icon-box\">\n\t\t\t\t\t\t\t<div class=\"eael-feature-list-icon-inner\">\n\n\t\t\t\t\t\t\t\t<span class=\"eael-feature-list-icon fl-icon-3\">\n\n\t\t<i aria-hidden=\"true\" class=\"fas fa-check\"><\/i>\t\t\t\t\t\t\t\t<\/span>\n\t\t\t\t\t\t\t<\/div>\n\t\t\t\t\t\t<\/div>\n\t\t\t\t\t\t<div class=\"eael-feature-list-content-box\">\n\t\t\t\t\t\t\t<h2 class=\"eael-feature-list-title\"\t\t\t\t\t\t\t><\/h2\t\t\t\t\t\t>\n\t\t\t\t\t\t<p class=\"eael-feature-list-content\">Las solicitudes otros niveles deben ser llevadas de manera preliminar a nuestro Comit\u00e9 de Admisiones, proceso que puede tardar entre 15 y 30 d\u00edas.<\/p>\n\t\t\t\t\t\t<\/div>\n\n\t\t\t\t\t<\/li>\n\t\t\t\t                <li class=\"eael-feature-list-item elementor-repeater-item-9242e08\">\n                    \n\t\t\t\t\t\t<div class=\"eael-feature-list-icon-box\">\n\t\t\t\t\t\t\t<div class=\"eael-feature-list-icon-inner\">\n\n\t\t\t\t\t\t\t\t<span class=\"eael-feature-list-icon fl-icon-4\">\n\n\t\t<i aria-hidden=\"true\" class=\"fas fa-check\"><\/i>\t\t\t\t\t\t\t\t<\/span>\n\t\t\t\t\t\t\t<\/div>\n\t\t\t\t\t\t<\/div>\n\t\t\t\t\t\t<div class=\"eael-feature-list-content-box\">\n\t\t\t\t\t\t\t<h2 class=\"eael-feature-list-title\"\t\t\t\t\t\t\t><\/h2\t\t\t\t\t\t>\n\t\t\t\t\t\t<p class=\"eael-feature-list-content\">Sobald der Fall von unserem Auswahlkomitee gepr\u00fcft wurde, wird der Familie Antwort \u00fcber die M\u00f6glichkeiten und Fortf\u00fchrung des Prozesses gegeben.<\/p>\n\t\t\t\t\t\t<\/div>\n\n\t\t\t\t\t<\/li>\n\t\t\t\t\t\t\t<\/ul>\n\t\t<\/div>\n\t\t\t\t<\/div>\n\t\t\t\t<\/div>\n\t\t\t\t<div class=\"elementor-element elementor-element-2bc3355 elementor-widget elementor-widget-text-editor\" data-id=\"2bc3355\" data-element_type=\"widget\" data-widget_type=\"text-editor.default\">\n\t\t\t\t<div class=\"elementor-widget-container\">\n\t\t\t\t\t\t\t<div><div><h4 style=\"text-align: center;\">\u00a0<\/h4><\/div><\/div><h5><span style=\"color: #cc3524;\"><strong>SCHRITT F\u00dcR SCHRITT<\/strong><\/span><\/h5>\t\t\t\t\t\t<\/div>\n\t\t\t\t<\/div>\n\t\t\t\t<div class=\"elementor-element elementor-element-ba85b34 elementor-widget elementor-widget-accordion\" data-id=\"ba85b34\" data-element_type=\"widget\" data-widget_type=\"accordion.default\">\n\t\t\t\t<div class=\"elementor-widget-container\">\n\t\t\t\t\t<div class=\"elementor-accordion\">\n\t\t\t\t\t\t\t<div class=\"elementor-accordion-item\">\n\t\t\t\t\t<div id=\"elementor-tab-title-1951\" class=\"elementor-tab-title\" data-tab=\"1\" role=\"button\" aria-controls=\"elementor-tab-content-1951\" aria-expanded=\"false\">\n\t\t\t\t\t\t\t\t\t\t\t\t\t<span class=\"elementor-accordion-icon elementor-accordion-icon-left\" aria-hidden=\"true\">\n\t\t\t\t\t\t\t\t\t\t\t\t\t\t\t<span class=\"elementor-accordion-icon-closed\"><i class=\"fas fa-plus\"><\/i><\/span>\n\t\t\t\t\t\t\t\t<span class=\"elementor-accordion-icon-opened\"><i class=\"fas fa-minus\"><\/i><\/span>\n\t\t\t\t\t\t\t\t\t\t\t\t\t\t<\/span>\n\t\t\t\t\t\t\t\t\t\t\t\t<a class=\"elementor-accordion-title\" tabindex=\"0\">1. Kontakt mit dem Aufnahmeb\u00fcro<\/a>\n\t\t\t\t\t<\/div>\n\t\t\t\t\t<div id=\"elementor-tab-content-1951\" class=\"elementor-tab-content elementor-clearfix\" data-tab=\"1\" role=\"region\" aria-labelledby=\"elementor-tab-title-1951\"><p>Unser Aufnahmeteam setzt sich mit interessierten Familien in Kontakt, um Genaueres \u00fcber die jeweilige Bewerbung zu erfahren, Fragen zu kl\u00e4ren und genaue Informationen \u00fcber die n\u00e4chsten Schritte zu geben.<\/p><\/div>\n\t\t\t\t<\/div>\n\t\t\t\t\t\t\t<div class=\"elementor-accordion-item\">\n\t\t\t\t\t<div id=\"elementor-tab-title-1952\" class=\"elementor-tab-title\" data-tab=\"2\" role=\"button\" aria-controls=\"elementor-tab-content-1952\" aria-expanded=\"false\">\n\t\t\t\t\t\t\t\t\t\t\t\t\t<span class=\"elementor-accordion-icon elementor-accordion-icon-left\" aria-hidden=\"true\">\n\t\t\t\t\t\t\t\t\t\t\t\t\t\t\t<span class=\"elementor-accordion-icon-closed\"><i class=\"fas fa-plus\"><\/i><\/span>\n\t\t\t\t\t\t\t\t<span class=\"elementor-accordion-icon-opened\"><i class=\"fas fa-minus\"><\/i><\/span>\n\t\t\t\t\t\t\t\t\t\t\t\t\t\t<\/span>\n\t\t\t\t\t\t\t\t\t\t\t\t<a class=\"elementor-accordion-title\" tabindex=\"0\">2. Erste Einsch\u00e4tzung des Auswahlkomitees<\/a>\n\t\t\t\t\t<\/div>\n\t\t\t\t\t<div id=\"elementor-tab-content-1952\" class=\"elementor-tab-content elementor-clearfix\" data-tab=\"2\" role=\"region\" aria-labelledby=\"elementor-tab-title-1952\"><p>Mit der vorangehenden Information kann das Auswahlkomitee die erste Einsch\u00e4tzung vornehmen, um zu entscheiden, ob der Bewerbungsprozess fortgef\u00fchrt werden kann.<\/p><\/div>\n\t\t\t\t<\/div>\n\t\t\t\t\t\t\t<div class=\"elementor-accordion-item\">\n\t\t\t\t\t<div id=\"elementor-tab-title-1953\" class=\"elementor-tab-title\" data-tab=\"3\" role=\"button\" aria-controls=\"elementor-tab-content-1953\" aria-expanded=\"false\">\n\t\t\t\t\t\t\t\t\t\t\t\t\t<span class=\"elementor-accordion-icon elementor-accordion-icon-left\" aria-hidden=\"true\">\n\t\t\t\t\t\t\t\t\t\t\t\t\t\t\t<span class=\"elementor-accordion-icon-closed\"><i class=\"fas fa-plus\"><\/i><\/span>\n\t\t\t\t\t\t\t\t<span class=\"elementor-accordion-icon-opened\"><i class=\"fas fa-minus\"><\/i><\/span>\n\t\t\t\t\t\t\t\t\t\t\t\t\t\t<\/span>\n\t\t\t\t\t\t\t\t\t\t\t\t<a class=\"elementor-accordion-title\" tabindex=\"0\"> 3. Erstes Treffen <\/a>\n\t\t\t\t\t<\/div>\n\t\t\t\t\t<div id=\"elementor-tab-content-1953\" class=\"elementor-tab-content elementor-clearfix\" data-tab=\"3\" role=\"region\" aria-labelledby=\"elementor-tab-title-1953\"><p>Sobald das Auswahlkomitee die Bewerbung zugelassen hat, erh\u00e4lt die Familie einen ersten Termin mit der entsprechenden Sektionsleitung, um alle Informationen \u00fcber unser Bildungsangebot, die Kosten und die einzelnen Schritte des Verfahrens zu erhalten.<\/p><\/div>\n\t\t\t\t<\/div>\n\t\t\t\t\t\t\t<div class=\"elementor-accordion-item\">\n\t\t\t\t\t<div id=\"elementor-tab-title-1954\" class=\"elementor-tab-title\" data-tab=\"4\" role=\"button\" aria-controls=\"elementor-tab-content-1954\" aria-expanded=\"false\">\n\t\t\t\t\t\t\t\t\t\t\t\t\t<span class=\"elementor-accordion-icon elementor-accordion-icon-left\" aria-hidden=\"true\">\n\t\t\t\t\t\t\t\t\t\t\t\t\t\t\t<span class=\"elementor-accordion-icon-closed\"><i class=\"fas fa-plus\"><\/i><\/span>\n\t\t\t\t\t\t\t\t<span class=\"elementor-accordion-icon-opened\"><i class=\"fas fa-minus\"><\/i><\/span>\n\t\t\t\t\t\t\t\t\t\t\t\t\t\t<\/span>\n\t\t\t\t\t\t\t\t\t\t\t\t<a class=\"elementor-accordion-title\" tabindex=\"0\">4. Einschreibung <\/a>\n\t\t\t\t\t<\/div>\n\t\t\t\t\t<div id=\"elementor-tab-content-1954\" class=\"elementor-tab-content elementor-clearfix\" data-tab=\"4\" role=\"region\" aria-labelledby=\"elementor-tab-title-1954\"><p>Nach diesem Treffen k\u00f6nnen Sie sich \u00fcber ein Formular registrieren, um das Anmeldeverfahren zu starten.\u00a0<\/p><p>Um mit unserem Aufnahmeverfahren zu starten, erstellen Sie bitte Benutzer und Passwort auf <a href=\"https:\/\/ds-barranquilla.phidias.co\/register\" target=\"_blank\" rel=\"noopener\">unserer Plattform<\/a> und f\u00fcllen Sie das Einschreibeformular aus. Auf derselben Plattform haben Sie die M\u00f6glichkeit, die Einschreibegeb\u00fchr online zu zahlen und die Dokumente hochzuladen.<\/p><p><a href=\"https:\/\/ds-barranquilla.phidias.co\/register\" target=\"_blank\" rel=\"noopener\"><strong>Klicken Sie hier, um Benutzernamen und Passwort auf der Plattform zu erstellen.\u00a0\u00a0<\/strong><\/a><\/p><p><a href=\"https:\/\/ds-barranquilla.org\/wp-content\/uploads\/2022\/06\/Documentos-anexos-Proceso-de-Admisiones.pdf\" target=\"_blank\" rel=\"noopener\"><strong>Klicken Sie hier, um die erforderlichen Dokumente einzusehen.<\/strong><\/a><\/p><p>Sie k\u00f6nnen jederzeit mit dem von Ihnen erstellten Benutzer und Passwort auf die Plattform zur\u00fcckkehren:<\/p><p><a href=\"https:\/\/ds-barranquilla.phidias.co\/\" target=\"_blank\" rel=\"noopener\"><strong>Klicken Sie hier, um direkt auf die Plattform zu gelangen.\u00a0\u00a0<\/strong><\/a><\/p><\/div>\n\t\t\t\t<\/div>\n\t\t\t\t\t\t\t<div class=\"elementor-accordion-item\">\n\t\t\t\t\t<div id=\"elementor-tab-title-1955\" class=\"elementor-tab-title\" data-tab=\"5\" role=\"button\" aria-controls=\"elementor-tab-content-1955\" aria-expanded=\"false\">\n\t\t\t\t\t\t\t\t\t\t\t\t\t<span class=\"elementor-accordion-icon elementor-accordion-icon-left\" aria-hidden=\"true\">\n\t\t\t\t\t\t\t\t\t\t\t\t\t\t\t<span class=\"elementor-accordion-icon-closed\"><i class=\"fas fa-plus\"><\/i><\/span>\n\t\t\t\t\t\t\t\t<span class=\"elementor-accordion-icon-opened\"><i class=\"fas fa-minus\"><\/i><\/span>\n\t\t\t\t\t\t\t\t\t\t\t\t\t\t<\/span>\n\t\t\t\t\t\t\t\t\t\t\t\t<a class=\"elementor-accordion-title\" tabindex=\"0\">5. Gespr\u00e4ch mit den Eltern <\/a>\n\t\t\t\t\t<\/div>\n\t\t\t\t\t<div id=\"elementor-tab-content-1955\" class=\"elementor-tab-content elementor-clearfix\" data-tab=\"5\" role=\"region\" aria-labelledby=\"elementor-tab-title-1955\"><p>Im Laufe des Prozesses erhalten die Familien eine E-Mail zur Organisation des virtuellen Gespr\u00e4chs mit unserer schulpsychologischen Beratung (OPE).<\/p><\/div>\n\t\t\t\t<\/div>\n\t\t\t\t\t\t\t<div class=\"elementor-accordion-item\">\n\t\t\t\t\t<div id=\"elementor-tab-title-1956\" class=\"elementor-tab-title\" data-tab=\"6\" role=\"button\" aria-controls=\"elementor-tab-content-1956\" aria-expanded=\"false\">\n\t\t\t\t\t\t\t\t\t\t\t\t\t<span class=\"elementor-accordion-icon elementor-accordion-icon-left\" aria-hidden=\"true\">\n\t\t\t\t\t\t\t\t\t\t\t\t\t\t\t<span class=\"elementor-accordion-icon-closed\"><i class=\"fas fa-plus\"><\/i><\/span>\n\t\t\t\t\t\t\t\t<span class=\"elementor-accordion-icon-opened\"><i class=\"fas fa-minus\"><\/i><\/span>\n\t\t\t\t\t\t\t\t\t\t\t\t\t\t<\/span>\n\t\t\t\t\t\t\t\t\t\t\t\t<a class=\"elementor-accordion-title\" tabindex=\"0\">6. Einstufungstests und Gespr\u00e4ch mit dem Kind<\/a>\n\t\t\t\t\t<\/div>\n\t\t\t\t\t<div id=\"elementor-tab-content-1956\" class=\"elementor-tab-content elementor-clearfix\" data-tab=\"6\" role=\"region\" aria-labelledby=\"elementor-tab-title-1956\"><p>F\u00fcr die Durchf\u00fchrung der Einstufungstests je nach angestrebter Klassenstufe wird ein Zeitplan erstellt. Die Familie wird im Voraus - per E-Mail - \u00fcber die Termine f\u00fcr die Tests sowie f\u00fcr das Gespr\u00e4ch mit der Schulpsychologie informiert.<\/p><\/div>\n\t\t\t\t<\/div>\n\t\t\t\t\t\t\t<div class=\"elementor-accordion-item\">\n\t\t\t\t\t<div id=\"elementor-tab-title-1957\" class=\"elementor-tab-title\" data-tab=\"7\" role=\"button\" aria-controls=\"elementor-tab-content-1957\" aria-expanded=\"false\">\n\t\t\t\t\t\t\t\t\t\t\t\t\t<span class=\"elementor-accordion-icon elementor-accordion-icon-left\" aria-hidden=\"true\">\n\t\t\t\t\t\t\t\t\t\t\t\t\t\t\t<span class=\"elementor-accordion-icon-closed\"><i class=\"fas fa-plus\"><\/i><\/span>\n\t\t\t\t\t\t\t\t<span class=\"elementor-accordion-icon-opened\"><i class=\"fas fa-minus\"><\/i><\/span>\n\t\t\t\t\t\t\t\t\t\t\t\t\t\t<\/span>\n\t\t\t\t\t\t\t\t\t\t\t\t<a class=\"elementor-accordion-title\" tabindex=\"0\">7. Abschlie\u00dfende Revision des Komitees und Benachrichtigung <\/a>\n\t\t\t\t\t<\/div>\n\t\t\t\t\t<div id=\"elementor-tab-content-1957\" class=\"elementor-tab-content elementor-clearfix\" data-tab=\"7\" role=\"region\" aria-labelledby=\"elementor-tab-title-1957\"><p>Nach Abschluss der einzelnen Schritte und Pr\u00fcfung der Unterlagen wertet das Auswahlkomitee die Bewerbungen aus und teilt anschlie\u00dfend das Ergebnis per<\/p><p>E-Mail mit.<\/p><p><br \/>F\u00fcr die Pr\u00fcfung einer Bewerbung durch das Komitee m\u00fcssen alle vorangegangenen Schritte abgeschlossen sein. Die Revision der Dokumente dauert ca. 2 bis 3 Wochen, wenn alle Unterlagen vollst\u00e4ndig sind. Der gesamte Prozess dauert zwischen 4 und 8 Wochen.<\/p><\/div>\n\t\t\t\t<\/div>\n\t\t\t\t\t\t\t<div class=\"elementor-accordion-item\">\n\t\t\t\t\t<div id=\"elementor-tab-title-1958\" class=\"elementor-tab-title\" data-tab=\"8\" role=\"button\" aria-controls=\"elementor-tab-content-1958\" aria-expanded=\"false\">\n\t\t\t\t\t\t\t\t\t\t\t\t\t<span class=\"elementor-accordion-icon elementor-accordion-icon-left\" aria-hidden=\"true\">\n\t\t\t\t\t\t\t\t\t\t\t\t\t\t\t<span class=\"elementor-accordion-icon-closed\"><i class=\"fas fa-plus\"><\/i><\/span>\n\t\t\t\t\t\t\t\t<span class=\"elementor-accordion-icon-opened\"><i class=\"fas fa-minus\"><\/i><\/span>\n\t\t\t\t\t\t\t\t\t\t\t\t\t\t<\/span>\n\t\t\t\t\t\t\t\t\t\t\t\t<a class=\"elementor-accordion-title\" tabindex=\"0\">6.\tReservierung des Platzes<\/a>\n\t\t\t\t\t<\/div>\n\t\t\t\t\t<div id=\"elementor-tab-content-1958\" class=\"elementor-tab-content elementor-clearfix\" data-tab=\"8\" role=\"region\" aria-labelledby=\"elementor-tab-title-1958\"><p>Die Eltern der zugelassenen Kinder m\u00fcssen per E-Mail mitteilen, dass sie den angebotenen Platz annehmen. Daraufhin erhalten sie den entsprechenden Zahlungsplan.<\/p><\/div>\n\t\t\t\t<\/div>\n\t\t\t\t\t\t\t\t<\/div>\n\t\t\t\t<\/div>\n\t\t\t\t<\/div>\n\t\t\t\t<div class=\"elementor-element elementor-element-77bd25e elementor-widget elementor-widget-image\" data-id=\"77bd25e\" data-element_type=\"widget\" data-widget_type=\"image.default\">\n\t\t\t\t<div class=\"elementor-widget-container\">\n\t\t\t\t\t\t\t\t\t\t\t\t\t<img loading=\"lazy\" decoding=\"async\" width=\"1024\" height=\"122\" src=\"https:\/\/ds-barranquilla.org\/wp-content\/uploads\/2023\/09\/Banners-informativos-y-generales-1-1024x122.png\" class=\"attachment-large size-large wp-image-25288\" alt=\"\" srcset=\"https:\/\/ds-barranquilla.org\/wp-content\/uploads\/2023\/09\/Banners-informativos-y-generales-1-1024x122.png 1024w, https:\/\/ds-barranquilla.org\/wp-content\/uploads\/2023\/09\/Banners-informativos-y-generales-1-300x36.png 300w, https:\/\/ds-barranquilla.org\/wp-content\/uploads\/2023\/09\/Banners-informativos-y-generales-1-768x91.png 768w, https:\/\/ds-barranquilla.org\/wp-content\/uploads\/2023\/09\/Banners-informativos-y-generales-1-1536x183.png 1536w, https:\/\/ds-barranquilla.org\/wp-content\/uploads\/2023\/09\/Banners-informativos-y-generales-1-2048x244.png 2048w, https:\/\/ds-barranquilla.org\/wp-content\/uploads\/2023\/09\/Banners-informativos-y-generales-1-18x2.png 18w, https:\/\/ds-barranquilla.org\/wp-content\/uploads\/2023\/09\/Banners-informativos-y-generales-1-260x31.png 260w, https:\/\/ds-barranquilla.org\/wp-content\/uploads\/2023\/09\/Banners-informativos-y-generales-1-50x6.png 50w, https:\/\/ds-barranquilla.org\/wp-content\/uploads\/2023\/09\/Banners-informativos-y-generales-1-150x18.png 150w, https:\/\/ds-barranquilla.org\/wp-content\/uploads\/2023\/09\/Banners-informativos-y-generales-1-480x57.png 480w, https:\/\/ds-barranquilla.org\/wp-content\/uploads\/2023\/09\/Banners-informativos-y-generales-1-800x95.png 800w\" sizes=\"(max-width:767px) 480px, (max-width:1024px) 100vw, 1024px\" \/>\t\t\t\t\t\t\t\t\t\t\t\t\t<\/div>\n\t\t\t\t<\/div>\n\t\t\t\t\t<\/div>\n\t\t<\/div>\n\t\t\t\t\t<\/div>\n\t\t<\/section>\n\t\t\t\t<\/div>","protected":false},"excerpt":{"rendered":"<p>Las admisiones extempor\u00e1neas cuentan con caracter\u00edsticas especiales y un proceso diferente al manejando en las convocatorias de Admisiones a Kinderkrippe (Parvulario) y Prek\u00ednder.<\/p>","protected":false},"author":16,"featured_media":16547,"parent":0,"menu_order":0,"comment_status":"closed","ping_status":"closed","template":"elementor_header_footer","meta":{"_exactmetrics_skip_tracking":false,"_exactmetrics_sitenote_active":false,"_exactmetrics_sitenote_note":"","_exactmetrics_sitenote_category":0,"_joinchat":[],"footnotes":""},"class_list":["post-11393","page","type-page","status-publish","has-post-thumbnail","hentry"],"yoast_head":"<!-- This site is optimized with the Yoast SEO plugin v23.3 - https:\/\/yoast.com\/wordpress\/plugins\/seo\/ -->\n<title>Colegio Alem\u00e1n &#8211; Los Mejores Colegios de Colombia &#8211; Colegio Triling\u00fce<\/title>\n<meta name=\"robots\" content=\"noindex, follow, max-snippet:-1, max-image-preview:large, max-video-preview:-1\" \/>\n<meta property=\"og:locale\" content=\"de_DE\" \/>\n<meta property=\"og:type\" content=\"article\" \/>\n<meta property=\"og:description\" content=\"Las admisiones extempor\u00e1neas cuentan con caracter\u00edsticas especiales y un proceso diferente al manejando en las convocatorias de Admisiones a Kinderkrippe (Parvulario) y Prek\u00ednder.\" \/>\n<meta property=\"og:url\" content=\"https:\/\/ds-barranquilla.org\/de\/otros-niveles\/\" \/>\n<meta property=\"og:site_name\" content=\"Colegio Alem\u00e1n - Los Mejores Colegios de Colombia - Colegio Triling\u00fce\" \/>\n<meta property=\"article:publisher\" content=\"https:\/\/www.facebook.com\/ColegioAlemanBaq\/\" \/>\n<meta property=\"article:modified_time\" content=\"2024-08-09T22:42:17+00:00\" \/>\n<meta property=\"og:image\" content=\"https:\/\/ds-barranquilla.org\/wp-content\/uploads\/2022\/07\/colegio2-copia-1024x421-1.jpg\" \/>\n\t<meta property=\"og:image:width\" content=\"1024\" \/>\n\t<meta property=\"og:image:height\" content=\"421\" \/>\n\t<meta property=\"og:image:type\" content=\"image\/jpeg\" \/>\n<meta name=\"twitter:card\" content=\"summary_large_image\" \/>\n<meta name=\"twitter:site\" content=\"@ColegioAlemanBq\" \/>\n<meta name=\"twitter:label1\" content=\"Gesch\u00e4tzte Lesezeit\" \/>\n\t<meta name=\"twitter:data1\" content=\"13\u00a0Minuten\" \/>\n<script type=\"application\/ld+json\" class=\"yoast-schema-graph\">{\"@context\":\"https:\/\/schema.org\",\"@graph\":[{\"@type\":\"WebPage\",\"@id\":\"https:\/\/ds-barranquilla.org\/otros-niveles\/\",\"url\":\"https:\/\/ds-barranquilla.org\/otros-niveles\/\",\"name\":\"\",\"isPartOf\":{\"@id\":\"https:\/\/ds-barranquilla.org\/#website\"},\"primaryImageOfPage\":{\"@id\":\"https:\/\/ds-barranquilla.org\/otros-niveles\/#primaryimage\"},\"image\":{\"@id\":\"https:\/\/ds-barranquilla.org\/otros-niveles\/#primaryimage\"},\"thumbnailUrl\":\"https:\/\/ds-barranquilla.org\/wp-content\/uploads\/2022\/07\/colegio2-copia-1024x421-1.jpg\",\"datePublished\":\"2022-03-16T14:53:24+00:00\",\"dateModified\":\"2024-08-09T22:42:17+00:00\",\"breadcrumb\":{\"@id\":\"https:\/\/ds-barranquilla.org\/otros-niveles\/#breadcrumb\"},\"inLanguage\":\"de\",\"potentialAction\":[{\"@type\":\"ReadAction\",\"target\":[\"https:\/\/ds-barranquilla.org\/otros-niveles\/\"]}]},{\"@type\":\"ImageObject\",\"inLanguage\":\"de\",\"@id\":\"https:\/\/ds-barranquilla.org\/otros-niveles\/#primaryimage\",\"url\":\"https:\/\/ds-barranquilla.org\/wp-content\/uploads\/2022\/07\/colegio2-copia-1024x421-1.jpg\",\"contentUrl\":\"https:\/\/ds-barranquilla.org\/wp-content\/uploads\/2022\/07\/colegio2-copia-1024x421-1.jpg\",\"width\":1024,\"height\":421},{\"@type\":\"BreadcrumbList\",\"@id\":\"https:\/\/ds-barranquilla.org\/otros-niveles\/#breadcrumb\",\"itemListElement\":[{\"@type\":\"ListItem\",\"position\":1,\"name\":\"Portada\",\"item\":\"https:\/\/ds-barranquilla.org\/\"},{\"@type\":\"ListItem\",\"position\":2,\"name\":\"Otros niveles\"}]},{\"@type\":\"WebSite\",\"@id\":\"https:\/\/ds-barranquilla.org\/#website\",\"url\":\"https:\/\/ds-barranquilla.org\/\",\"name\":\"Colegio Alem\u00e1n - Los Mejores Colegios de Colombia - Colegio Triling\u00fce\",\"description\":\"Colegio Alem\u00e1n  Barranquilla Colombia - Colegio Biling\u00fce - Triling\u00fce - El Mejor Colegio de Colombia\",\"publisher\":{\"@id\":\"https:\/\/ds-barranquilla.org\/#organization\"},\"potentialAction\":[{\"@type\":\"SearchAction\",\"target\":{\"@type\":\"EntryPoint\",\"urlTemplate\":\"https:\/\/ds-barranquilla.org\/?s={search_term_string}\"},\"query-input\":\"required name=search_term_string\"}],\"inLanguage\":\"de\"},{\"@type\":\"Organization\",\"@id\":\"https:\/\/ds-barranquilla.org\/#organization\",\"name\":\"Colegio Alem\u00e1n Barranquilla\",\"url\":\"https:\/\/ds-barranquilla.org\/\",\"logo\":{\"@type\":\"ImageObject\",\"inLanguage\":\"de\",\"@id\":\"https:\/\/ds-barranquilla.org\/#\/schema\/logo\/image\/\",\"url\":\"https:\/\/ds-barranquilla.org\/wp-content\/uploads\/2021\/05\/coleman_logo_2.png\",\"contentUrl\":\"https:\/\/ds-barranquilla.org\/wp-content\/uploads\/2021\/05\/coleman_logo_2.png\",\"width\":418,\"height\":307,\"caption\":\"Colegio Alem\u00e1n Barranquilla\"},\"image\":{\"@id\":\"https:\/\/ds-barranquilla.org\/#\/schema\/logo\/image\/\"},\"sameAs\":[\"https:\/\/www.facebook.com\/ColegioAlemanBaq\/\",\"https:\/\/x.com\/ColegioAlemanBq\",\"https:\/\/www.instagram.com\/colegioalemanbaq\/\",\"https:\/\/www.linkedin.com\/school\/deutsche-schule-barranquilla\/\",\"https:\/\/www.youtube.com\/channel\/UCOOGZQCVs6aYRqIWvSN5agQ\"]}]}<\/script>\n<!-- \/ Yoast SEO plugin. -->","yoast_head_json":{"title":"Colegio Alem\u00e1n &#8211; Los Mejores Colegios de Colombia &#8211; Colegio Triling\u00fce","robots":{"index":"noindex","follow":"follow","max-snippet":"max-snippet:-1","max-image-preview":"max-image-preview:large","max-video-preview":"max-video-preview:-1"},"og_locale":"de_DE","og_type":"article","og_description":"Las admisiones extempor\u00e1neas cuentan con caracter\u00edsticas especiales y un proceso diferente al manejando en las convocatorias de Admisiones a Kinderkrippe (Parvulario) y Prek\u00ednder.","og_url":"https:\/\/ds-barranquilla.org\/de\/otros-niveles\/","og_site_name":"Colegio Alem\u00e1n - Los Mejores Colegios de Colombia - Colegio Triling\u00fce","article_publisher":"https:\/\/www.facebook.com\/ColegioAlemanBaq\/","article_modified_time":"2024-08-09T22:42:17+00:00","og_image":[{"width":1024,"height":421,"url":"https:\/\/ds-barranquilla.org\/wp-content\/uploads\/2022\/07\/colegio2-copia-1024x421-1.jpg","type":"image\/jpeg"}],"twitter_card":"summary_large_image","twitter_site":"@ColegioAlemanBq","twitter_misc":{"Gesch\u00e4tzte Lesezeit":"13\u00a0Minuten"},"schema":{"@context":"https:\/\/schema.org","@graph":[{"@type":"WebPage","@id":"https:\/\/ds-barranquilla.org\/otros-niveles\/","url":"https:\/\/ds-barranquilla.org\/otros-niveles\/","name":"","isPartOf":{"@id":"https:\/\/ds-barranquilla.org\/#website"},"primaryImageOfPage":{"@id":"https:\/\/ds-barranquilla.org\/otros-niveles\/#primaryimage"},"image":{"@id":"https:\/\/ds-barranquilla.org\/otros-niveles\/#primaryimage"},"thumbnailUrl":"https:\/\/ds-barranquilla.org\/wp-content\/uploads\/2022\/07\/colegio2-copia-1024x421-1.jpg","datePublished":"2022-03-16T14:53:24+00:00","dateModified":"2024-08-09T22:42:17+00:00","breadcrumb":{"@id":"https:\/\/ds-barranquilla.org\/otros-niveles\/#breadcrumb"},"inLanguage":"de","potentialAction":[{"@type":"ReadAction","target":["https:\/\/ds-barranquilla.org\/otros-niveles\/"]}]},{"@type":"ImageObject","inLanguage":"de","@id":"https:\/\/ds-barranquilla.org\/otros-niveles\/#primaryimage","url":"https:\/\/ds-barranquilla.org\/wp-content\/uploads\/2022\/07\/colegio2-copia-1024x421-1.jpg","contentUrl":"https:\/\/ds-barranquilla.org\/wp-content\/uploads\/2022\/07\/colegio2-copia-1024x421-1.jpg","width":1024,"height":421},{"@type":"BreadcrumbList","@id":"https:\/\/ds-barranquilla.org\/otros-niveles\/#breadcrumb","itemListElement":[{"@type":"ListItem","position":1,"name":"Portada","item":"https:\/\/ds-barranquilla.org\/"},{"@type":"ListItem","position":2,"name":"Otros niveles"}]},{"@type":"WebSite","@id":"https:\/\/ds-barranquilla.org\/#website","url":"https:\/\/ds-barranquilla.org\/","name":"Colegio Alem\u00e1n - Los Mejores Colegios de Colombia - Colegio Triling\u00fce","description":"Colegio Alem\u00e1n  Barranquilla Colombia - Colegio Biling\u00fce - Triling\u00fce - El Mejor Colegio de Colombia","publisher":{"@id":"https:\/\/ds-barranquilla.org\/#organization"},"potentialAction":[{"@type":"SearchAction","target":{"@type":"EntryPoint","urlTemplate":"https:\/\/ds-barranquilla.org\/?s={search_term_string}"},"query-input":"required name=search_term_string"}],"inLanguage":"de"},{"@type":"Organization","@id":"https:\/\/ds-barranquilla.org\/#organization","name":"Colegio Alem\u00e1n Barranquilla","url":"https:\/\/ds-barranquilla.org\/","logo":{"@type":"ImageObject","inLanguage":"de","@id":"https:\/\/ds-barranquilla.org\/#\/schema\/logo\/image\/","url":"https:\/\/ds-barranquilla.org\/wp-content\/uploads\/2021\/05\/coleman_logo_2.png","contentUrl":"https:\/\/ds-barranquilla.org\/wp-content\/uploads\/2021\/05\/coleman_logo_2.png","width":418,"height":307,"caption":"Colegio Alem\u00e1n Barranquilla"},"image":{"@id":"https:\/\/ds-barranquilla.org\/#\/schema\/logo\/image\/"},"sameAs":["https:\/\/www.facebook.com\/ColegioAlemanBaq\/","https:\/\/x.com\/ColegioAlemanBq","https:\/\/www.instagram.com\/colegioalemanbaq\/","https:\/\/www.linkedin.com\/school\/deutsche-schule-barranquilla\/","https:\/\/www.youtube.com\/channel\/UCOOGZQCVs6aYRqIWvSN5agQ"]}]}},"_links":{"self":[{"href":"https:\/\/ds-barranquilla.org\/de\/wp-json\/wp\/v2\/pages\/11393"}],"collection":[{"href":"https:\/\/ds-barranquilla.org\/de\/wp-json\/wp\/v2\/pages"}],"about":[{"href":"https:\/\/ds-barranquilla.org\/de\/wp-json\/wp\/v2\/types\/page"}],"author":[{"embeddable":true,"href":"https:\/\/ds-barranquilla.org\/de\/wp-json\/wp\/v2\/users\/16"}],"replies":[{"embeddable":true,"href":"https:\/\/ds-barranquilla.org\/de\/wp-json\/wp\/v2\/comments?post=11393"}],"version-history":[{"count":10,"href":"https:\/\/ds-barranquilla.org\/de\/wp-json\/wp\/v2\/pages\/11393\/revisions"}],"predecessor-version":[{"id":27413,"href":"https:\/\/ds-barranquilla.org\/de\/wp-json\/wp\/v2\/pages\/11393\/revisions\/27413"}],"wp:featuredmedia":[{"embeddable":true,"href":"https:\/\/ds-barranquilla.org\/de\/wp-json\/wp\/v2\/media\/16547"}],"wp:attachment":[{"href":"https:\/\/ds-barranquilla.org\/de\/wp-json\/wp\/v2\/media?parent=11393"}],"curies":[{"name":"wp","href":"https:\/\/api.w.org\/{rel}","templated":true}]}}