{"id":11830,"date":"2022-03-17T14:54:08","date_gmt":"2022-03-17T19:54:08","guid":{"rendered":"https:\/\/ds-barranquilla.org\/?page_id=11830"},"modified":"2024-08-09T17:40:01","modified_gmt":"2024-08-09T22:40:01","slug":"lengua-y-literatura","status":"publish","type":"page","link":"https:\/\/ds-barranquilla.org\/de\/lengua-y-literatura\/","title":{"rendered":"Spanische Sprache und Kultur"},"content":{"rendered":"<div data-elementor-type=\"wp-page\" data-elementor-id=\"11830\" class=\"elementor elementor-11830\">\n\t\t\t\t\t\t<section class=\"elementor-section elementor-top-section elementor-element elementor-element-2211abd elementor-section-full_width elementor-section-stretched elementor-section-height-default elementor-section-height-default\" data-id=\"2211abd\" data-element_type=\"section\" data-settings=\"{&quot;stretch_section&quot;:&quot;section-stretched&quot;,&quot;background_background&quot;:&quot;classic&quot;}\">\n\t\t\t\t\t\t\t<div class=\"elementor-background-overlay\"><\/div>\n\t\t\t\t\t\t\t<div class=\"elementor-container elementor-column-gap-no\">\n\t\t\t\t\t<div class=\"elementor-column elementor-col-100 elementor-top-column elementor-element elementor-element-6d0bb82\" data-id=\"6d0bb82\" data-element_type=\"column\">\n\t\t\t<div class=\"elementor-widget-wrap\">\n\t\t\t\t\t\t\t<\/div>\n\t\t<\/div>\n\t\t\t\t\t<\/div>\n\t\t<\/section>\n\t\t\t\t<section class=\"elementor-section elementor-top-section elementor-element elementor-element-af9c687 elementor-hidden-mobile elementor-section-boxed elementor-section-height-default elementor-section-height-default\" data-id=\"af9c687\" data-element_type=\"section\">\n\t\t\t\t\t\t<div class=\"elementor-container elementor-column-gap-default\">\n\t\t\t\t\t<div class=\"elementor-column elementor-col-50 elementor-top-column elementor-element elementor-element-4dae8fc\" data-id=\"4dae8fc\" data-element_type=\"column\">\n\t\t\t<div class=\"elementor-widget-wrap elementor-element-populated\">\n\t\t\t\t\t\t<section class=\"elementor-section elementor-inner-section elementor-element elementor-element-3eb4129 elementor-section-boxed elementor-section-height-default elementor-section-height-default\" data-id=\"3eb4129\" data-element_type=\"section\" data-settings=\"{&quot;background_background&quot;:&quot;classic&quot;}\">\n\t\t\t\t\t\t<div class=\"elementor-container elementor-column-gap-default\">\n\t\t\t\t\t<div class=\"elementor-column elementor-col-100 elementor-inner-column elementor-element elementor-element-c0caeba\" data-id=\"c0caeba\" data-element_type=\"column\" data-settings=\"{&quot;background_background&quot;:&quot;classic&quot;}\">\n\t\t\t<div class=\"elementor-widget-wrap elementor-element-populated\">\n\t\t\t\t\t\t<div class=\"elementor-element elementor-element-2c50ae1 elementor-widget elementor-widget-heading\" data-id=\"2c50ae1\" data-element_type=\"widget\" data-widget_type=\"heading.default\">\n\t\t\t\t<div class=\"elementor-widget-container\">\n\t\t\t<style>\/*! elementor - v3.23.0 - 05-08-2024 *\/\n.elementor-heading-title{padding:0;margin:0;line-height:1}.elementor-widget-heading .elementor-heading-title[class*=elementor-size-]>a{color:inherit;font-size:inherit;line-height:inherit}.elementor-widget-heading .elementor-heading-title.elementor-size-small{font-size:15px}.elementor-widget-heading .elementor-heading-title.elementor-size-medium{font-size:19px}.elementor-widget-heading .elementor-heading-title.elementor-size-large{font-size:29px}.elementor-widget-heading .elementor-heading-title.elementor-size-xl{font-size:39px}.elementor-widget-heading .elementor-heading-title.elementor-size-xxl{font-size:59px}<\/style><h2 class=\"elementor-heading-title elementor-size-default\">Akademie<\/h2>\t\t<\/div>\n\t\t\t\t<\/div>\n\t\t\t\t\t<\/div>\n\t\t<\/div>\n\t\t\t\t\t<\/div>\n\t\t<\/section>\n\t\t\t\t<section class=\"elementor-section elementor-inner-section elementor-element elementor-element-bbe60ab elementor-section-boxed elementor-section-height-default elementor-section-height-default\" data-id=\"bbe60ab\" data-element_type=\"section\" data-settings=\"{&quot;background_background&quot;:&quot;classic&quot;}\">\n\t\t\t\t\t\t<div class=\"elementor-container elementor-column-gap-default\">\n\t\t\t\t\t<div class=\"elementor-column elementor-col-100 elementor-inner-column elementor-element elementor-element-1ed398a\" data-id=\"1ed398a\" data-element_type=\"column\" data-settings=\"{&quot;background_background&quot;:&quot;classic&quot;}\">\n\t\t\t<div class=\"elementor-widget-wrap elementor-element-populated\">\n\t\t\t\t\t\t<div class=\"elementor-element elementor-element-0d167d5 elementor-widget elementor-widget-heading\" data-id=\"0d167d5\" data-element_type=\"widget\" data-widget_type=\"heading.default\">\n\t\t\t\t<div class=\"elementor-widget-container\">\n\t\t\t<h2 class=\"elementor-heading-title elementor-size-default\"><a href=\"https:\/\/ds-barranquilla.org\/de\/secciones\/\">Sektionen<\/a><\/h2>\t\t<\/div>\n\t\t\t\t<\/div>\n\t\t\t\t\t<\/div>\n\t\t<\/div>\n\t\t\t\t\t<\/div>\n\t\t<\/section>\n\t\t\t\t<section class=\"elementor-section elementor-inner-section elementor-element elementor-element-666097a elementor-section-boxed elementor-section-height-default elementor-section-height-default\" data-id=\"666097a\" data-element_type=\"section\" data-settings=\"{&quot;background_background&quot;:&quot;classic&quot;}\">\n\t\t\t\t\t\t<div class=\"elementor-container elementor-column-gap-default\">\n\t\t\t\t\t<div class=\"elementor-column elementor-col-100 elementor-inner-column elementor-element elementor-element-0c815ce\" data-id=\"0c815ce\" data-element_type=\"column\" data-settings=\"{&quot;background_background&quot;:&quot;classic&quot;}\">\n\t\t\t<div class=\"elementor-widget-wrap elementor-element-populated\">\n\t\t\t\t\t\t<div class=\"elementor-element elementor-element-5a4bde6 elementor-widget elementor-widget-heading\" data-id=\"5a4bde6\" data-element_type=\"widget\" data-widget_type=\"heading.default\">\n\t\t\t\t<div class=\"elementor-widget-container\">\n\t\t\t<h2 class=\"elementor-heading-title elementor-size-default\"><a href=\"https:\/\/ds-barranquilla.org\/de\/kindergarten\/\">Kindergarten<\/a><\/h2>\t\t<\/div>\n\t\t\t\t<\/div>\n\t\t\t\t\t<\/div>\n\t\t<\/div>\n\t\t\t\t\t<\/div>\n\t\t<\/section>\n\t\t\t\t<section class=\"elementor-section elementor-inner-section elementor-element elementor-element-9e6dd7b elementor-section-boxed elementor-section-height-default elementor-section-height-default\" data-id=\"9e6dd7b\" data-element_type=\"section\" data-settings=\"{&quot;background_background&quot;:&quot;classic&quot;}\">\n\t\t\t\t\t\t<div class=\"elementor-container elementor-column-gap-default\">\n\t\t\t\t\t<div class=\"elementor-column elementor-col-100 elementor-inner-column elementor-element elementor-element-0c0a38e\" data-id=\"0c0a38e\" data-element_type=\"column\" data-settings=\"{&quot;background_background&quot;:&quot;classic&quot;}\">\n\t\t\t<div class=\"elementor-widget-wrap elementor-element-populated\">\n\t\t\t\t\t\t<div class=\"elementor-element elementor-element-49d319b elementor-widget elementor-widget-heading\" data-id=\"49d319b\" data-element_type=\"widget\" data-widget_type=\"heading.default\">\n\t\t\t\t<div class=\"elementor-widget-container\">\n\t\t\t<h2 class=\"elementor-heading-title elementor-size-default\"><a href=\"https:\/\/ds-barranquilla.org\/de\/primaria\/\">Grundschule<\/a><\/h2>\t\t<\/div>\n\t\t\t\t<\/div>\n\t\t\t\t\t<\/div>\n\t\t<\/div>\n\t\t\t\t\t<\/div>\n\t\t<\/section>\n\t\t\t\t<section class=\"elementor-section elementor-inner-section elementor-element elementor-element-899babd elementor-section-boxed elementor-section-height-default elementor-section-height-default\" data-id=\"899babd\" data-element_type=\"section\" data-settings=\"{&quot;background_background&quot;:&quot;classic&quot;}\">\n\t\t\t\t\t\t<div class=\"elementor-container elementor-column-gap-default\">\n\t\t\t\t\t<div class=\"elementor-column elementor-col-100 elementor-inner-column elementor-element elementor-element-4a5e0ee\" data-id=\"4a5e0ee\" data-element_type=\"column\" data-settings=\"{&quot;background_background&quot;:&quot;classic&quot;}\">\n\t\t\t<div class=\"elementor-widget-wrap elementor-element-populated\">\n\t\t\t\t\t\t<div class=\"elementor-element elementor-element-139587a elementor-widget elementor-widget-heading\" data-id=\"139587a\" data-element_type=\"widget\" data-widget_type=\"heading.default\">\n\t\t\t\t<div class=\"elementor-widget-container\">\n\t\t\t<h2 class=\"elementor-heading-title elementor-size-default\"><a href=\"https:\/\/ds-barranquilla.org\/de\/secundaria\/\">Sekundarstufe<\/a><\/h2>\t\t<\/div>\n\t\t\t\t<\/div>\n\t\t\t\t\t<\/div>\n\t\t<\/div>\n\t\t\t\t\t<\/div>\n\t\t<\/section>\n\t\t\t\t<section class=\"elementor-section elementor-inner-section elementor-element elementor-element-cdeb2e9 elementor-section-boxed elementor-section-height-default elementor-section-height-default\" data-id=\"cdeb2e9\" data-element_type=\"section\" data-settings=\"{&quot;background_background&quot;:&quot;classic&quot;}\">\n\t\t\t\t\t\t<div class=\"elementor-container elementor-column-gap-default\">\n\t\t\t\t\t<div class=\"elementor-column elementor-col-100 elementor-inner-column elementor-element elementor-element-1360e29\" data-id=\"1360e29\" data-element_type=\"column\" data-settings=\"{&quot;background_background&quot;:&quot;classic&quot;}\">\n\t\t\t<div class=\"elementor-widget-wrap elementor-element-populated\">\n\t\t\t\t\t\t<div class=\"elementor-element elementor-element-8c81c0a elementor-widget elementor-widget-heading\" data-id=\"8c81c0a\" data-element_type=\"widget\" data-widget_type=\"heading.default\">\n\t\t\t\t<div class=\"elementor-widget-container\">\n\t\t\t<h2 class=\"elementor-heading-title elementor-size-default\"><a href=\"https:\/\/ds-barranquilla.org\/de\/bachillerato-internacional\/\">Internationales Abschlussprogramm<\/a><\/h2>\t\t<\/div>\n\t\t\t\t<\/div>\n\t\t\t\t\t<\/div>\n\t\t<\/div>\n\t\t\t\t\t<\/div>\n\t\t<\/section>\n\t\t\t\t<section class=\"elementor-section elementor-inner-section elementor-element elementor-element-4ca6976 elementor-section-boxed elementor-section-height-default elementor-section-height-default\" data-id=\"4ca6976\" data-element_type=\"section\" data-settings=\"{&quot;background_background&quot;:&quot;classic&quot;}\">\n\t\t\t\t\t\t<div class=\"elementor-container elementor-column-gap-default\">\n\t\t\t\t\t<div class=\"elementor-column elementor-col-100 elementor-inner-column elementor-element elementor-element-06042ce\" data-id=\"06042ce\" data-element_type=\"column\" data-settings=\"{&quot;background_background&quot;:&quot;classic&quot;}\">\n\t\t\t<div class=\"elementor-widget-wrap elementor-element-populated\">\n\t\t\t\t\t\t<div class=\"elementor-element elementor-element-294eb6c elementor-widget elementor-widget-heading\" data-id=\"294eb6c\" data-element_type=\"widget\" data-widget_type=\"heading.default\">\n\t\t\t\t<div class=\"elementor-widget-container\">\n\t\t\t<h2 class=\"elementor-heading-title elementor-size-default\"><a href=\"https:\/\/ds-barranquilla.org\/de\/diplomas\/\"> Pr\u00fcfungen<\/a><\/h2>\t\t<\/div>\n\t\t\t\t<\/div>\n\t\t\t\t\t<\/div>\n\t\t<\/div>\n\t\t\t\t\t<\/div>\n\t\t<\/section>\n\t\t\t\t<section class=\"elementor-section elementor-inner-section elementor-element elementor-element-90d35c4 elementor-section-boxed elementor-section-height-default elementor-section-height-default\" data-id=\"90d35c4\" data-element_type=\"section\" data-settings=\"{&quot;background_background&quot;:&quot;classic&quot;}\">\n\t\t\t\t\t\t<div class=\"elementor-container elementor-column-gap-default\">\n\t\t\t\t\t<div class=\"elementor-column elementor-col-100 elementor-inner-column elementor-element elementor-element-d817b57\" data-id=\"d817b57\" data-element_type=\"column\" data-settings=\"{&quot;background_background&quot;:&quot;classic&quot;}\">\n\t\t\t<div class=\"elementor-widget-wrap elementor-element-populated\">\n\t\t\t\t\t\t<div class=\"elementor-element elementor-element-458daa1 elementor-widget elementor-widget-heading\" data-id=\"458daa1\" data-element_type=\"widget\" data-widget_type=\"heading.default\">\n\t\t\t\t<div class=\"elementor-widget-container\">\n\t\t\t<h2 class=\"elementor-heading-title elementor-size-default\"><a href=\"https:\/\/ds-barranquilla.org\/de\/areas\/\">Fachbereiche <\/a><\/h2>\t\t<\/div>\n\t\t\t\t<\/div>\n\t\t\t\t\t<\/div>\n\t\t<\/div>\n\t\t\t\t\t<\/div>\n\t\t<\/section>\n\t\t\t\t<section class=\"elementor-section elementor-inner-section elementor-element elementor-element-a85320d elementor-section-boxed elementor-section-height-default elementor-section-height-default\" data-id=\"a85320d\" data-element_type=\"section\" data-settings=\"{&quot;background_background&quot;:&quot;classic&quot;}\">\n\t\t\t\t\t\t<div class=\"elementor-container elementor-column-gap-default\">\n\t\t\t\t\t<div class=\"elementor-column elementor-col-100 elementor-inner-column elementor-element elementor-element-018fb83\" data-id=\"018fb83\" data-element_type=\"column\" data-settings=\"{&quot;background_background&quot;:&quot;classic&quot;}\">\n\t\t\t<div class=\"elementor-widget-wrap elementor-element-populated\">\n\t\t\t\t\t\t<div class=\"elementor-element elementor-element-8e8ce24 elementor-widget elementor-widget-heading\" data-id=\"8e8ce24\" data-element_type=\"widget\" data-widget_type=\"heading.default\">\n\t\t\t\t<div class=\"elementor-widget-container\">\n\t\t\t<h2 class=\"elementor-heading-title elementor-size-default\"><a href=\"https:\/\/ds-barranquilla.org\/de\/consejo\/\">Deutsch<\/a><\/h2>\t\t<\/div>\n\t\t\t\t<\/div>\n\t\t\t\t\t<\/div>\n\t\t<\/div>\n\t\t\t\t\t<\/div>\n\t\t<\/section>\n\t\t\t\t<section class=\"elementor-section elementor-inner-section elementor-element elementor-element-958de82 elementor-section-boxed elementor-section-height-default elementor-section-height-default\" data-id=\"958de82\" data-element_type=\"section\" data-settings=\"{&quot;background_background&quot;:&quot;classic&quot;}\">\n\t\t\t\t\t\t<div class=\"elementor-container elementor-column-gap-default\">\n\t\t\t\t\t<div class=\"elementor-column elementor-col-100 elementor-inner-column elementor-element elementor-element-59bcc38\" data-id=\"59bcc38\" data-element_type=\"column\" data-settings=\"{&quot;background_background&quot;:&quot;classic&quot;}\">\n\t\t\t<div class=\"elementor-widget-wrap elementor-element-populated\">\n\t\t\t\t\t\t<div class=\"elementor-element elementor-element-b74ff0f elementor-widget elementor-widget-heading\" data-id=\"b74ff0f\" data-element_type=\"widget\" data-widget_type=\"heading.default\">\n\t\t\t\t<div class=\"elementor-widget-container\">\n\t\t\t<h2 class=\"elementor-heading-title elementor-size-default\"><a href=\"https:\/\/ds-barranquilla.org\/de\/arte\/\">Kunst<\/a><\/h2>\t\t<\/div>\n\t\t\t\t<\/div>\n\t\t\t\t\t<\/div>\n\t\t<\/div>\n\t\t\t\t\t<\/div>\n\t\t<\/section>\n\t\t\t\t<section class=\"elementor-section elementor-inner-section elementor-element elementor-element-3510fa5 elementor-section-boxed elementor-section-height-default elementor-section-height-default\" data-id=\"3510fa5\" data-element_type=\"section\" data-settings=\"{&quot;background_background&quot;:&quot;classic&quot;}\">\n\t\t\t\t\t\t<div class=\"elementor-container elementor-column-gap-default\">\n\t\t\t\t\t<div class=\"elementor-column elementor-col-100 elementor-inner-column elementor-element elementor-element-7663919\" data-id=\"7663919\" data-element_type=\"column\" data-settings=\"{&quot;background_background&quot;:&quot;classic&quot;}\">\n\t\t\t<div class=\"elementor-widget-wrap elementor-element-populated\">\n\t\t\t\t\t\t<div class=\"elementor-element elementor-element-2dcf2ed elementor-widget elementor-widget-heading\" data-id=\"2dcf2ed\" data-element_type=\"widget\" data-widget_type=\"heading.default\">\n\t\t\t\t<div class=\"elementor-widget-container\">\n\t\t\t<h2 class=\"elementor-heading-title elementor-size-default\"><a href=\"https:\/\/ds-barranquilla.org\/de\/individuos-y-sociedades\/\">Gesellschaftskunde<\/a><\/h2>\t\t<\/div>\n\t\t\t\t<\/div>\n\t\t\t\t\t<\/div>\n\t\t<\/div>\n\t\t\t\t\t<\/div>\n\t\t<\/section>\n\t\t\t\t<section class=\"elementor-section elementor-inner-section elementor-element elementor-element-f9a282e elementor-section-boxed elementor-section-height-default elementor-section-height-default\" data-id=\"f9a282e\" data-element_type=\"section\" data-settings=\"{&quot;background_background&quot;:&quot;classic&quot;}\">\n\t\t\t\t\t\t<div class=\"elementor-container elementor-column-gap-default\">\n\t\t\t\t\t<div class=\"elementor-column elementor-col-100 elementor-inner-column elementor-element elementor-element-08e46d0\" data-id=\"08e46d0\" data-element_type=\"column\" data-settings=\"{&quot;background_background&quot;:&quot;classic&quot;}\">\n\t\t\t<div class=\"elementor-widget-wrap elementor-element-populated\">\n\t\t\t\t\t\t<div class=\"elementor-element elementor-element-d2c3804 elementor-widget elementor-widget-heading\" data-id=\"d2c3804\" data-element_type=\"widget\" data-widget_type=\"heading.default\">\n\t\t\t\t<div class=\"elementor-widget-container\">\n\t\t\t<h2 class=\"elementor-heading-title elementor-size-default\"><a href=\"https:\/\/ds-barranquilla.org\/de\/ingles\/\"> Englisch<\/a><\/h2>\t\t<\/div>\n\t\t\t\t<\/div>\n\t\t\t\t\t<\/div>\n\t\t<\/div>\n\t\t\t\t\t<\/div>\n\t\t<\/section>\n\t\t\t\t<section class=\"elementor-section elementor-inner-section elementor-element elementor-element-1ac3d19 elementor-section-boxed elementor-section-height-default elementor-section-height-default\" data-id=\"1ac3d19\" data-element_type=\"section\" data-settings=\"{&quot;background_background&quot;:&quot;classic&quot;}\">\n\t\t\t\t\t\t<div class=\"elementor-container elementor-column-gap-default\">\n\t\t\t\t\t<div class=\"elementor-column elementor-col-100 elementor-inner-column elementor-element elementor-element-28ea8a7\" data-id=\"28ea8a7\" data-element_type=\"column\" data-settings=\"{&quot;background_background&quot;:&quot;classic&quot;}\">\n\t\t\t<div class=\"elementor-widget-wrap elementor-element-populated\">\n\t\t\t\t\t\t<div class=\"elementor-element elementor-element-b62e510 elementor-widget elementor-widget-heading\" data-id=\"b62e510\" data-element_type=\"widget\" data-widget_type=\"heading.default\">\n\t\t\t\t<div class=\"elementor-widget-container\">\n\t\t\t<h2 class=\"elementor-heading-title elementor-size-default\"><a href=\"https:\/\/ds-barranquilla.org\/de\/lengua-y-literatura\/\">Spanische Sprache und Kultur<\/a><\/h2>\t\t<\/div>\n\t\t\t\t<\/div>\n\t\t\t\t\t<\/div>\n\t\t<\/div>\n\t\t\t\t\t<\/div>\n\t\t<\/section>\n\t\t\t\t<section class=\"elementor-section elementor-inner-section elementor-element elementor-element-4c0cce6 elementor-section-boxed elementor-section-height-default elementor-section-height-default\" data-id=\"4c0cce6\" data-element_type=\"section\" data-settings=\"{&quot;background_background&quot;:&quot;classic&quot;}\">\n\t\t\t\t\t\t<div class=\"elementor-container elementor-column-gap-default\">\n\t\t\t\t\t<div class=\"elementor-column elementor-col-100 elementor-inner-column elementor-element elementor-element-fb9c07f\" data-id=\"fb9c07f\" data-element_type=\"column\" data-settings=\"{&quot;background_background&quot;:&quot;classic&quot;}\">\n\t\t\t<div class=\"elementor-widget-wrap elementor-element-populated\">\n\t\t\t\t\t\t<div class=\"elementor-element elementor-element-5e9e19d elementor-widget elementor-widget-heading\" data-id=\"5e9e19d\" data-element_type=\"widget\" data-widget_type=\"heading.default\">\n\t\t\t\t<div class=\"elementor-widget-container\">\n\t\t\t<h2 class=\"elementor-heading-title elementor-size-default\"><a href=\"https:\/\/ds-barranquilla.org\/de\/matematicas\/\">Mathematik<\/a><\/h2>\t\t<\/div>\n\t\t\t\t<\/div>\n\t\t\t\t\t<\/div>\n\t\t<\/div>\n\t\t\t\t\t<\/div>\n\t\t<\/section>\n\t\t\t\t<section class=\"elementor-section elementor-inner-section elementor-element elementor-element-a99c691 elementor-section-boxed elementor-section-height-default elementor-section-height-default\" data-id=\"a99c691\" data-element_type=\"section\" data-settings=\"{&quot;background_background&quot;:&quot;classic&quot;}\">\n\t\t\t\t\t\t<div class=\"elementor-container elementor-column-gap-default\">\n\t\t\t\t\t<div class=\"elementor-column elementor-col-100 elementor-inner-column elementor-element elementor-element-0be25fa\" data-id=\"0be25fa\" data-element_type=\"column\" data-settings=\"{&quot;background_background&quot;:&quot;classic&quot;}\">\n\t\t\t<div class=\"elementor-widget-wrap elementor-element-populated\">\n\t\t\t\t\t\t<div class=\"elementor-element elementor-element-a5ae280 elementor-widget elementor-widget-heading\" data-id=\"a5ae280\" data-element_type=\"widget\" data-widget_type=\"heading.default\">\n\t\t\t\t<div class=\"elementor-widget-container\">\n\t\t\t<h2 class=\"elementor-heading-title elementor-size-default\"><a href=\"https:\/\/ds-barranquilla.org\/de\/musica\/\">Musik<\/a><\/h2>\t\t<\/div>\n\t\t\t\t<\/div>\n\t\t\t\t\t<\/div>\n\t\t<\/div>\n\t\t\t\t\t<\/div>\n\t\t<\/section>\n\t\t\t\t<section class=\"elementor-section elementor-inner-section elementor-element elementor-element-57c3ebf elementor-section-boxed elementor-section-height-default elementor-section-height-default\" data-id=\"57c3ebf\" data-element_type=\"section\" data-settings=\"{&quot;background_background&quot;:&quot;classic&quot;}\">\n\t\t\t\t\t\t<div class=\"elementor-container elementor-column-gap-default\">\n\t\t\t\t\t<div class=\"elementor-column elementor-col-100 elementor-inner-column elementor-element elementor-element-3c0b3c7\" data-id=\"3c0b3c7\" data-element_type=\"column\" data-settings=\"{&quot;background_background&quot;:&quot;classic&quot;}\">\n\t\t\t<div class=\"elementor-widget-wrap elementor-element-populated\">\n\t\t\t\t\t\t<div class=\"elementor-element elementor-element-6c58480 elementor-widget elementor-widget-heading\" data-id=\"6c58480\" data-element_type=\"widget\" data-widget_type=\"heading.default\">\n\t\t\t\t<div class=\"elementor-widget-container\">\n\t\t\t<h2 class=\"elementor-heading-title elementor-size-default\"><a href=\"https:\/\/ds-barranquilla.org\/de\/proyectos\/\">P\u00e4dagogische Projekte<\/a><\/h2>\t\t<\/div>\n\t\t\t\t<\/div>\n\t\t\t\t\t<\/div>\n\t\t<\/div>\n\t\t\t\t\t<\/div>\n\t\t<\/section>\n\t\t\t\t<div class=\"elementor-element elementor-element-97d43e6 elementor-widget elementor-widget-text-editor\" data-id=\"97d43e6\" data-element_type=\"widget\" data-widget_type=\"text-editor.default\">\n\t\t\t\t<div class=\"elementor-widget-container\">\n\t\t\t<style>\/*! elementor - v3.23.0 - 05-08-2024 *\/\n.elementor-widget-text-editor.elementor-drop-cap-view-stacked .elementor-drop-cap{background-color:#69727d;color:#fff}.elementor-widget-text-editor.elementor-drop-cap-view-framed .elementor-drop-cap{color:#69727d;border:3px solid;background-color:transparent}.elementor-widget-text-editor:not(.elementor-drop-cap-view-default) .elementor-drop-cap{margin-top:8px}.elementor-widget-text-editor:not(.elementor-drop-cap-view-default) .elementor-drop-cap-letter{width:1em;height:1em}.elementor-widget-text-editor .elementor-drop-cap{float:left;text-align:center;line-height:1;font-size:50px}.elementor-widget-text-editor .elementor-drop-cap-letter{display:inline-block}<\/style>\t\t\t\t<p>Neuigkeiten<\/p>\t\t\t\t\t\t<\/div>\n\t\t\t\t<\/div>\n\t\t\t\t<div class=\"elementor-element elementor-element-e3a25ec elementor-widget elementor-widget-qi_addons_for_elementor_blog_slider\" data-id=\"e3a25ec\" data-element_type=\"widget\" data-widget_type=\"qi_addons_for_elementor_blog_slider.default\">\n\t\t\t\t<div class=\"elementor-widget-container\">\n\t\t\t<div class=\"qodef-shortcode qodef-m  qodef-addons-blog-slider qodef-item-layout--date-boxed qodef-info-no-icons  qodef-image--hover-zoom  qodef-qi-grid qodef-qi-swiper-container qodef-item-layout--date-boxed\" data-options=\"{&quot;direction&quot;:&quot;horizontal&quot;,&quot;slidesPerView&quot;:&quot;1&quot;,&quot;spaceBetween&quot;:30,&quot;spaceBetweenTablet&quot;:30,&quot;spaceBetweenMobile&quot;:30,&quot;effect&quot;:&quot;&quot;,&quot;loop&quot;:false,&quot;autoplay&quot;:true,&quot;centeredSlides&quot;:false,&quot;speed&quot;:&quot;&quot;,&quot;speedAnimation&quot;:&quot;&quot;,&quot;outsideNavigation&quot;:&quot;no&quot;,&quot;outsidePagination&quot;:&quot;no&quot;,&quot;unique&quot;:&quot;1&quot;,&quot;partialValue&quot;:0,&quot;disablePartialValue&quot;:&quot;&quot;,&quot;parallax&quot;:&quot;no&quot;}\">\n\t<div class=\"swiper-wrapper\">\n\t\t<article class=\"qodef-e qodef-blog-item swiper-slide qodef-item--full post-28701 post type-post status-publish format-standard has-post-thumbnail hentry category-735 category-area-de-aleman category-otras-noticias category-sin-categorizar tag-bilinguismo tag-deutschlandwoche tag-dia-de-la-reunificacion-alemana tag-formacion-en-valores tag-historia-de-alemania tag-reunificacion-alemana tag-semana-de-alemania tag-unidad-y-libertad tag-valores-alemanes tag-colegio-aleman-de-barranquilla tag-cultura-alemana tag-educacion-bicultural tag-educacion-internacional\">\n\t<div class=\"qodef-e-inner\">\n\t\t<div class=\"qodef-e-media-holder\">\n\t\t\t<div class=\"qodef-e-media\">\n\t\t<div class=\"qodef-e-media-image\">\n\t\t<a itemprop=\"url\" href=\"https:\/\/ds-barranquilla.org\/de\/octubre-un-mes-para-celebrar-la-unidad-y-la-biculturalidad-en-el-colegio-aleman-de-barranquilla\/\">\n\t\t\t<img fetchpriority=\"high\" decoding=\"async\" width=\"2555\" height=\"1937\" src=\"https:\/\/ds-barranquilla.org\/wp-content\/uploads\/2025\/10\/DSC03676-scaled-e1759762119186.jpg\" class=\"attachment-full size-full\" alt=\"\" srcset=\"https:\/\/ds-barranquilla.org\/wp-content\/uploads\/2025\/10\/DSC03676-scaled-e1759762119186.jpg 2555w, https:\/\/ds-barranquilla.org\/wp-content\/uploads\/2025\/10\/DSC03676-scaled-e1759762119186-300x227.jpg 300w, https:\/\/ds-barranquilla.org\/wp-content\/uploads\/2025\/10\/DSC03676-scaled-e1759762119186-1024x776.jpg 1024w, https:\/\/ds-barranquilla.org\/wp-content\/uploads\/2025\/10\/DSC03676-scaled-e1759762119186-768x582.jpg 768w, https:\/\/ds-barranquilla.org\/wp-content\/uploads\/2025\/10\/DSC03676-scaled-e1759762119186-1536x1164.jpg 1536w, https:\/\/ds-barranquilla.org\/wp-content\/uploads\/2025\/10\/DSC03676-scaled-e1759762119186-2048x1553.jpg 2048w, https:\/\/ds-barranquilla.org\/wp-content\/uploads\/2025\/10\/DSC03676-scaled-e1759762119186-16x12.jpg 16w, https:\/\/ds-barranquilla.org\/wp-content\/uploads\/2025\/10\/DSC03676-scaled-e1759762119186-99x75.jpg 99w, https:\/\/ds-barranquilla.org\/wp-content\/uploads\/2025\/10\/DSC03676-scaled-e1759762119186-480x364.jpg 480w\" sizes=\"(max-width:767px) 480px, (max-width:2555px) 100vw, 2555px\" \/>\t\t<\/a>\n\t\t\t<\/div>\n<\/div>\n\t\t<\/div>\n\t\t<div class=\"qodef-e-content\">\n\t\t\t\t\t\t<div class=\"qodef-e-text\">\n\t\t\t\t<p itemprop=\"name\" class=\"qodef-e-title entry-title\">\n\t<a itemprop=\"url\" class=\"qodef-e-title-link\" href=\"https:\/\/ds-barranquilla.org\/de\/octubre-un-mes-para-celebrar-la-unidad-y-la-biculturalidad-en-el-colegio-aleman-de-barranquilla\/\">\n\t\tOctubre, un mes para celebrar la unidad y la biculturalidad en el Colegio Alem\u00e1n de Barranquilla\t<\/a>\n<\/p>\n\t\t\t<\/div>\n\t\t\t\t\t<\/div>\n\t<\/div>\n<\/article>\n<article class=\"qodef-e qodef-blog-item swiper-slide qodef-item--full post-28667 post type-post status-publish format-standard has-post-thumbnail hentry category-735 category-area-de-individuos-y-sociedades category-consejo-estudiantil category-sin-categorizar tag-consejo-estudiantil tag-democracia-escolar tag-educacion tag-elecciones-estudiantiles tag-estudiantes tag-formacion-ciudadana tag-participacion-democratica tag-demokratieprojekt tag-liderazgo-estudiantil tag-colegio-aleman-de-barranquilla\">\n\t<div class=\"qodef-e-inner\">\n\t\t<div class=\"qodef-e-media-holder\">\n\t\t\t<div class=\"qodef-e-media\">\n\t\t<div class=\"qodef-e-media-image\">\n\t\t<a itemprop=\"url\" href=\"https:\/\/ds-barranquilla.org\/de\/liderazgo-estudiantil-en-accion-elegidos-los-representantes-del-demokratieprojekt-20252026-en-el-colegio-aleman-de-barranquilla\/\">\n\t\t\t<img decoding=\"async\" width=\"2560\" height=\"1064\" src=\"https:\/\/ds-barranquilla.org\/wp-content\/uploads\/2025\/09\/DSC02543-scaled.jpg\" class=\"attachment-full size-full\" alt=\"\" srcset=\"https:\/\/ds-barranquilla.org\/wp-content\/uploads\/2025\/09\/DSC02543-scaled.jpg 2560w, https:\/\/ds-barranquilla.org\/wp-content\/uploads\/2025\/09\/DSC02543-300x125.jpg 300w, https:\/\/ds-barranquilla.org\/wp-content\/uploads\/2025\/09\/DSC02543-1024x426.jpg 1024w, https:\/\/ds-barranquilla.org\/wp-content\/uploads\/2025\/09\/DSC02543-768x319.jpg 768w, https:\/\/ds-barranquilla.org\/wp-content\/uploads\/2025\/09\/DSC02543-1536x638.jpg 1536w, https:\/\/ds-barranquilla.org\/wp-content\/uploads\/2025\/09\/DSC02543-2048x851.jpg 2048w, https:\/\/ds-barranquilla.org\/wp-content\/uploads\/2025\/09\/DSC02543-18x7.jpg 18w, https:\/\/ds-barranquilla.org\/wp-content\/uploads\/2025\/09\/DSC02543-150x62.jpg 150w, https:\/\/ds-barranquilla.org\/wp-content\/uploads\/2025\/09\/DSC02543-480x199.jpg 480w\" sizes=\"(max-width:767px) 480px, (max-width:2560px) 100vw, 2560px\" \/>\t\t<\/a>\n\t\t\t<\/div>\n<\/div>\n\t\t<\/div>\n\t\t<div class=\"qodef-e-content\">\n\t\t\t\t\t\t<div class=\"qodef-e-text\">\n\t\t\t\t<p itemprop=\"name\" class=\"qodef-e-title entry-title\">\n\t<a itemprop=\"url\" class=\"qodef-e-title-link\" href=\"https:\/\/ds-barranquilla.org\/de\/liderazgo-estudiantil-en-accion-elegidos-los-representantes-del-demokratieprojekt-20252026-en-el-colegio-aleman-de-barranquilla\/\">\n\t\tLiderazgo estudiantil en acci\u00f3n: elegidos los representantes del Demokratieprojekt 2025\u20132026 en el Colegio Alem\u00e1n de Barranquilla\t<\/a>\n<\/p>\n\t\t\t<\/div>\n\t\t\t\t\t<\/div>\n\t<\/div>\n<\/article>\n<article class=\"qodef-e qodef-blog-item swiper-slide qodef-item--full post-28572 post type-post status-publish format-standard has-post-thumbnail hentry category-735 category-area-de-individuos-y-sociedades tag-colegio-aleman-barranquilla tag-cultura-democratica tag-demokratieprojekt tag-elecciones-escolares tag-gobierno-escolar tag-k4-a-k12 tag-liderazgo-estudiantil tag-participacion-estudiantil tag-personeria-estudiantil tag-proyecto-de-democracia\">\n\t<div class=\"qodef-e-inner\">\n\t\t<div class=\"qodef-e-media-holder\">\n\t\t\t<div class=\"qodef-e-media\">\n\t\t<div class=\"qodef-e-media-image\">\n\t\t<a itemprop=\"url\" href=\"https:\/\/ds-barranquilla.org\/de\/colegio-aleman-de-barranquilla-fortalece-la-participacion-estudiantil-en-el-marco-del-demokratieprojekt\/\">\n\t\t\t<img decoding=\"async\" width=\"2265\" height=\"1263\" src=\"https:\/\/ds-barranquilla.org\/wp-content\/uploads\/2025\/09\/IMG_5590-scaled-e1758030754302.jpg\" class=\"attachment-full size-full\" alt=\"\" srcset=\"https:\/\/ds-barranquilla.org\/wp-content\/uploads\/2025\/09\/IMG_5590-scaled-e1758030754302.jpg 2265w, https:\/\/ds-barranquilla.org\/wp-content\/uploads\/2025\/09\/IMG_5590-scaled-e1758030754302-300x167.jpg 300w, https:\/\/ds-barranquilla.org\/wp-content\/uploads\/2025\/09\/IMG_5590-scaled-e1758030754302-1024x571.jpg 1024w, https:\/\/ds-barranquilla.org\/wp-content\/uploads\/2025\/09\/IMG_5590-scaled-e1758030754302-768x428.jpg 768w, https:\/\/ds-barranquilla.org\/wp-content\/uploads\/2025\/09\/IMG_5590-scaled-e1758030754302-1536x856.jpg 1536w, https:\/\/ds-barranquilla.org\/wp-content\/uploads\/2025\/09\/IMG_5590-scaled-e1758030754302-2048x1142.jpg 2048w, https:\/\/ds-barranquilla.org\/wp-content\/uploads\/2025\/09\/IMG_5590-scaled-e1758030754302-18x10.jpg 18w, https:\/\/ds-barranquilla.org\/wp-content\/uploads\/2025\/09\/IMG_5590-scaled-e1758030754302-135x75.jpg 135w, https:\/\/ds-barranquilla.org\/wp-content\/uploads\/2025\/09\/IMG_5590-scaled-e1758030754302-480x268.jpg 480w\" sizes=\"(max-width:767px) 480px, (max-width:2265px) 100vw, 2265px\" \/>\t\t<\/a>\n\t\t\t<\/div>\n<\/div>\n\t\t<\/div>\n\t\t<div class=\"qodef-e-content\">\n\t\t\t\t\t\t<div class=\"qodef-e-text\">\n\t\t\t\t<p itemprop=\"name\" class=\"qodef-e-title entry-title\">\n\t<a itemprop=\"url\" class=\"qodef-e-title-link\" href=\"https:\/\/ds-barranquilla.org\/de\/colegio-aleman-de-barranquilla-fortalece-la-participacion-estudiantil-en-el-marco-del-demokratieprojekt\/\">\n\t\tEn el marco del Demokratieprojekt, Colegio Alem\u00e1n de Barranquilla fortalece la participaci\u00f3n estudiantil\t<\/a>\n<\/p>\n\t\t\t<\/div>\n\t\t\t\t\t<\/div>\n\t<\/div>\n<\/article>\n<article class=\"qodef-e qodef-blog-item swiper-slide qodef-item--full post-28529 post type-post status-publish format-standard has-post-thumbnail hentry category-735 category-area-de-aleman category-sin-categorizar tag-bachillerato-internacional-ib tag-colegio-aleman-barranquilla tag-competencias-internacionales tag-debate-en-aleman tag-jugend-debattiert-2025 tag-mariana-gonzalez tag-pensamiento-critico tag-sofia-alvarado tag-educacion-de-calidad tag-estudiantes-destacados\">\n\t<div class=\"qodef-e-inner\">\n\t\t<div class=\"qodef-e-media-holder\">\n\t\t\t<div class=\"qodef-e-media\">\n\t\t<div class=\"qodef-e-media-image\">\n\t\t<a itemprop=\"url\" href=\"https:\/\/ds-barranquilla.org\/de\/estudiantes-del-colegio-aleman-de-barranquilla-en-los-primeros-lugares-del-jugend-debattiert-colombia-2025\/\">\n\t\t\t<img loading=\"lazy\" decoding=\"async\" width=\"799\" height=\"492\" src=\"https:\/\/ds-barranquilla.org\/wp-content\/uploads\/2025\/09\/image-1.png\" class=\"attachment-full size-full\" alt=\"\" srcset=\"https:\/\/ds-barranquilla.org\/wp-content\/uploads\/2025\/09\/image-1.png 799w, https:\/\/ds-barranquilla.org\/wp-content\/uploads\/2025\/09\/image-1-300x185.png 300w, https:\/\/ds-barranquilla.org\/wp-content\/uploads\/2025\/09\/image-1-768x473.png 768w, https:\/\/ds-barranquilla.org\/wp-content\/uploads\/2025\/09\/image-1-18x12.png 18w, https:\/\/ds-barranquilla.org\/wp-content\/uploads\/2025\/09\/image-1-122x75.png 122w, https:\/\/ds-barranquilla.org\/wp-content\/uploads\/2025\/09\/image-1-480x296.png 480w\" sizes=\"(max-width:767px) 480px, (max-width:799px) 100vw, 799px\" \/>\t\t<\/a>\n\t\t\t<\/div>\n<\/div>\n\t\t<\/div>\n\t\t<div class=\"qodef-e-content\">\n\t\t\t\t\t\t<div class=\"qodef-e-text\">\n\t\t\t\t<p itemprop=\"name\" class=\"qodef-e-title entry-title\">\n\t<a itemprop=\"url\" class=\"qodef-e-title-link\" href=\"https:\/\/ds-barranquilla.org\/de\/estudiantes-del-colegio-aleman-de-barranquilla-en-los-primeros-lugares-del-jugend-debattiert-colombia-2025\/\">\n\t\tEstudiantes del Colegio Alem\u00e1n de Barranquilla, en los primeros lugares del Jugend debattiert Colombia 2025\t<\/a>\n<\/p>\n\t\t\t<\/div>\n\t\t\t\t\t<\/div>\n\t<\/div>\n<\/article>\n<article class=\"qodef-e qodef-blog-item swiper-slide qodef-item--full post-28492 post type-post status-publish format-standard has-post-thumbnail hentry category-735 category-otras-noticias category-sin-categorizar tag-abikosmos tag-ano-escolar-2025-2026 tag-bachillerato-internacional tag-biculturalidad tag-ciudadania-global tag-colegio-aleman-de-barranquilla tag-comunidad-educativa tag-cultura-alemana tag-educacion-internacional tag-elternabende tag-familias-y-colegio tag-formacion-integral tag-ib tag-identidad-bicultural tag-induccion-de-estudiantes tag-inicio-de-ano-escolar tag-kindergarten tag-klasse-1 tag-klasse-11 tag-klasse-12 tag-nuevos-retos tag-primaria tag-reencuentros-escolares tag-schultute tag-tradicion-alemana tag-valores-educativos\">\n\t<div class=\"qodef-e-inner\">\n\t\t<div class=\"qodef-e-media-holder\">\n\t\t\t<div class=\"qodef-e-media\">\n\t\t<div class=\"qodef-e-media-image\">\n\t\t<a itemprop=\"url\" href=\"https:\/\/ds-barranquilla.org\/de\/un-inicio-de-ano-escolar-lleno-de-tradicion-alegria-y-nuevos-retos\/\">\n\t\t\t<img loading=\"lazy\" decoding=\"async\" width=\"2560\" height=\"2076\" src=\"https:\/\/ds-barranquilla.org\/wp-content\/uploads\/2025\/09\/DSC06887-1-scaled.jpg\" class=\"attachment-full size-full\" alt=\"\" srcset=\"https:\/\/ds-barranquilla.org\/wp-content\/uploads\/2025\/09\/DSC06887-1-scaled.jpg 2560w, https:\/\/ds-barranquilla.org\/wp-content\/uploads\/2025\/09\/DSC06887-1-300x243.jpg 300w, https:\/\/ds-barranquilla.org\/wp-content\/uploads\/2025\/09\/DSC06887-1-1024x831.jpg 1024w, https:\/\/ds-barranquilla.org\/wp-content\/uploads\/2025\/09\/DSC06887-1-768x623.jpg 768w, https:\/\/ds-barranquilla.org\/wp-content\/uploads\/2025\/09\/DSC06887-1-1536x1246.jpg 1536w, https:\/\/ds-barranquilla.org\/wp-content\/uploads\/2025\/09\/DSC06887-1-2048x1661.jpg 2048w, https:\/\/ds-barranquilla.org\/wp-content\/uploads\/2025\/09\/DSC06887-1-15x12.jpg 15w, https:\/\/ds-barranquilla.org\/wp-content\/uploads\/2025\/09\/DSC06887-1-92x75.jpg 92w, https:\/\/ds-barranquilla.org\/wp-content\/uploads\/2025\/09\/DSC06887-1-480x389.jpg 480w\" sizes=\"(max-width:767px) 480px, (max-width:2560px) 100vw, 2560px\" \/>\t\t<\/a>\n\t\t\t<\/div>\n<\/div>\n\t\t<\/div>\n\t\t<div class=\"qodef-e-content\">\n\t\t\t\t\t\t<div class=\"qodef-e-text\">\n\t\t\t\t<p itemprop=\"name\" class=\"qodef-e-title entry-title\">\n\t<a itemprop=\"url\" class=\"qodef-e-title-link\" href=\"https:\/\/ds-barranquilla.org\/de\/un-inicio-de-ano-escolar-lleno-de-tradicion-alegria-y-nuevos-retos\/\">\n\t\tUn inicio de a\u00f1o escolar lleno de tradici\u00f3n, alegr\u00eda y nuevos retos\t<\/a>\n<\/p>\n\t\t\t<\/div>\n\t\t\t\t\t<\/div>\n\t<\/div>\n<\/article>\n<article class=\"qodef-e qodef-blog-item swiper-slide qodef-item--full post-28450 post type-post status-publish format-standard has-post-thumbnail hentry category-sin-categorizar\">\n\t<div class=\"qodef-e-inner\">\n\t\t<div class=\"qodef-e-media-holder\">\n\t\t\t<div class=\"qodef-e-media\">\n\t\t<div class=\"qodef-e-media-image\">\n\t\t<a itemprop=\"url\" href=\"https:\/\/ds-barranquilla.org\/de\/en-el-colegio-aleman-de-barranquilla-listos-para-el-ano-escolar-2025-2026\/\">\n\t\t\t<img loading=\"lazy\" decoding=\"async\" width=\"2560\" height=\"2274\" src=\"https:\/\/ds-barranquilla.org\/wp-content\/uploads\/2025\/08\/DSC06546-scaled.jpg\" class=\"attachment-full size-full\" alt=\"\" srcset=\"https:\/\/ds-barranquilla.org\/wp-content\/uploads\/2025\/08\/DSC06546-scaled.jpg 2560w, https:\/\/ds-barranquilla.org\/wp-content\/uploads\/2025\/08\/DSC06546-300x267.jpg 300w, https:\/\/ds-barranquilla.org\/wp-content\/uploads\/2025\/08\/DSC06546-1024x910.jpg 1024w, https:\/\/ds-barranquilla.org\/wp-content\/uploads\/2025\/08\/DSC06546-768x682.jpg 768w, https:\/\/ds-barranquilla.org\/wp-content\/uploads\/2025\/08\/DSC06546-1536x1365.jpg 1536w, https:\/\/ds-barranquilla.org\/wp-content\/uploads\/2025\/08\/DSC06546-2048x1820.jpg 2048w, https:\/\/ds-barranquilla.org\/wp-content\/uploads\/2025\/08\/DSC06546-14x12.jpg 14w, https:\/\/ds-barranquilla.org\/wp-content\/uploads\/2025\/08\/DSC06546-84x75.jpg 84w, https:\/\/ds-barranquilla.org\/wp-content\/uploads\/2025\/08\/DSC06546-480x426.jpg 480w\" sizes=\"(max-width:767px) 480px, (max-width:2560px) 100vw, 2560px\" \/>\t\t<\/a>\n\t\t\t<\/div>\n<\/div>\n\t\t<\/div>\n\t\t<div class=\"qodef-e-content\">\n\t\t\t\t\t\t<div class=\"qodef-e-text\">\n\t\t\t\t<p itemprop=\"name\" class=\"qodef-e-title entry-title\">\n\t<a itemprop=\"url\" class=\"qodef-e-title-link\" href=\"https:\/\/ds-barranquilla.org\/de\/en-el-colegio-aleman-de-barranquilla-listos-para-el-ano-escolar-2025-2026\/\">\n\t\tEn el Colegio Alem\u00e1n de Barranquilla, \u00a1listos para el a\u00f1o escolar 2025-2026!\t<\/a>\n<\/p>\n\t\t\t<\/div>\n\t\t\t\t\t<\/div>\n\t<\/div>\n<\/article>\n<article class=\"qodef-e qodef-blog-item swiper-slide qodef-item--full post-28423 post type-post status-publish format-standard has-post-thumbnail hentry category-735 category-area-de-matematicas-y-fisica category-sin-categorizar tag-colegio-aleman-barranquilla-olimpiada-internacional-de-matematicas-2025 tag-estudiantes-colombianos-destacados-en-la-imo-2025 tag-ganadores-olimpiadas-matematicas-colegio-aleman tag-resultados-olimpiada-internacional-de-matematicas-australia-2025 tag-colegio-aleman-de-barranquilla tag-educacion-de-calidad tag-estudiantes-destacados tag-logros-academicos tag-olimpiada-internacional-de-matematicas-2025 tag-olimpiada-matematica-centroamericana-y-del-caribe tag-olimpiadas-colombianas-de-matematicas tag-olimpiadas-matematicas-universidad-del-norte tag-orgullo-escolar tag-talento-matematico\">\n\t<div class=\"qodef-e-inner\">\n\t\t<div class=\"qodef-e-media-holder\">\n\t\t\t<div class=\"qodef-e-media\">\n\t\t<div class=\"qodef-e-media-image\">\n\t\t<a itemprop=\"url\" href=\"https:\/\/ds-barranquilla.org\/de\/estudiantes-del-colegio-aleman-brillan-en-la-olimpiada-internacional-de-matematicas-2025\/\">\n\t\t\t<img loading=\"lazy\" decoding=\"async\" width=\"880\" height=\"853\" src=\"https:\/\/ds-barranquilla.org\/wp-content\/uploads\/2025\/07\/Imagen-de-WhatsApp-2025-07-23-a-las-09.53.14_103dc190-1.jpg\" class=\"attachment-full size-full\" alt=\"\" srcset=\"https:\/\/ds-barranquilla.org\/wp-content\/uploads\/2025\/07\/Imagen-de-WhatsApp-2025-07-23-a-las-09.53.14_103dc190-1.jpg 880w, https:\/\/ds-barranquilla.org\/wp-content\/uploads\/2025\/07\/Imagen-de-WhatsApp-2025-07-23-a-las-09.53.14_103dc190-1-300x291.jpg 300w, https:\/\/ds-barranquilla.org\/wp-content\/uploads\/2025\/07\/Imagen-de-WhatsApp-2025-07-23-a-las-09.53.14_103dc190-1-768x744.jpg 768w, https:\/\/ds-barranquilla.org\/wp-content\/uploads\/2025\/07\/Imagen-de-WhatsApp-2025-07-23-a-las-09.53.14_103dc190-1-12x12.jpg 12w, https:\/\/ds-barranquilla.org\/wp-content\/uploads\/2025\/07\/Imagen-de-WhatsApp-2025-07-23-a-las-09.53.14_103dc190-1-77x75.jpg 77w, https:\/\/ds-barranquilla.org\/wp-content\/uploads\/2025\/07\/Imagen-de-WhatsApp-2025-07-23-a-las-09.53.14_103dc190-1-480x465.jpg 480w\" sizes=\"(max-width:767px) 480px, (max-width:880px) 100vw, 880px\" \/>\t\t<\/a>\n\t\t\t<\/div>\n<\/div>\n\t\t<\/div>\n\t\t<div class=\"qodef-e-content\">\n\t\t\t\t\t\t<div class=\"qodef-e-text\">\n\t\t\t\t<p itemprop=\"name\" class=\"qodef-e-title entry-title\">\n\t<a itemprop=\"url\" class=\"qodef-e-title-link\" href=\"https:\/\/ds-barranquilla.org\/de\/estudiantes-del-colegio-aleman-brillan-en-la-olimpiada-internacional-de-matematicas-2025\/\">\n\t\tEstudiantes del Colegio Alem\u00e1n de Barranquilla brillan en la Olimpiada Internacional de Matem\u00e1ticas 2025\t<\/a>\n<\/p>\n\t\t\t<\/div>\n\t\t\t\t\t<\/div>\n\t<\/div>\n<\/article>\n<article class=\"qodef-e qodef-blog-item swiper-slide qodef-item--full post-28343 post type-post status-publish format-standard has-post-thumbnail hentry category-735 category-area-de-aleman tag-beca-daad tag-beca-internacional-para-estudiantes-colombianos tag-cabmun tag-colegio-aleman-de-barranquilla tag-educacion-bicultural tag-egresados-destacados tag-estudios-universitarios-en-alemania tag-formacion-academica-de-excelencia tag-modelo-onu-escolar tag-wirlatam\">\n\t<div class=\"qodef-e-inner\">\n\t\t<div class=\"qodef-e-media-holder\">\n\t\t\t<div class=\"qodef-e-media\">\n\t\t<div class=\"qodef-e-media-image\">\n\t\t<a itemprop=\"url\" href=\"https:\/\/ds-barranquilla.org\/de\/egresada-del-colegio-aleman-de-barranquilla-gana-renombrada-beca-daad-para-estudios-universitarios-en-alemania\/\">\n\t\t\t<img loading=\"lazy\" decoding=\"async\" width=\"2560\" height=\"1639\" src=\"https:\/\/ds-barranquilla.org\/wp-content\/uploads\/2025\/06\/DSC01421-scaled.jpg\" class=\"attachment-full size-full\" alt=\"\" srcset=\"https:\/\/ds-barranquilla.org\/wp-content\/uploads\/2025\/06\/DSC01421-scaled.jpg 2560w, https:\/\/ds-barranquilla.org\/wp-content\/uploads\/2025\/06\/DSC01421-300x192.jpg 300w, https:\/\/ds-barranquilla.org\/wp-content\/uploads\/2025\/06\/DSC01421-1024x655.jpg 1024w, https:\/\/ds-barranquilla.org\/wp-content\/uploads\/2025\/06\/DSC01421-768x492.jpg 768w, https:\/\/ds-barranquilla.org\/wp-content\/uploads\/2025\/06\/DSC01421-1536x983.jpg 1536w, https:\/\/ds-barranquilla.org\/wp-content\/uploads\/2025\/06\/DSC01421-2048x1311.jpg 2048w, https:\/\/ds-barranquilla.org\/wp-content\/uploads\/2025\/06\/DSC01421-18x12.jpg 18w, https:\/\/ds-barranquilla.org\/wp-content\/uploads\/2025\/06\/DSC01421-117x75.jpg 117w, https:\/\/ds-barranquilla.org\/wp-content\/uploads\/2025\/06\/DSC01421-480x307.jpg 480w\" sizes=\"(max-width:767px) 480px, (max-width:2560px) 100vw, 2560px\" \/>\t\t<\/a>\n\t\t\t<\/div>\n<\/div>\n\t\t<\/div>\n\t\t<div class=\"qodef-e-content\">\n\t\t\t\t\t\t<div class=\"qodef-e-text\">\n\t\t\t\t<p itemprop=\"name\" class=\"qodef-e-title entry-title\">\n\t<a itemprop=\"url\" class=\"qodef-e-title-link\" href=\"https:\/\/ds-barranquilla.org\/de\/egresada-del-colegio-aleman-de-barranquilla-gana-renombrada-beca-daad-para-estudios-universitarios-en-alemania\/\">\n\t\tEgresada del Colegio Alem\u00e1n de Barranquilla gana Beca DAAD para estudios universitarios en Alemania\t<\/a>\n<\/p>\n\t\t\t<\/div>\n\t\t\t\t\t<\/div>\n\t<\/div>\n<\/article>\n<article class=\"qodef-e qodef-blog-item swiper-slide qodef-item--full post-28236 post type-post status-publish format-standard has-post-thumbnail hentry category-735 category-primaria category-sin-categorizar\">\n\t<div class=\"qodef-e-inner\">\n\t\t<div class=\"qodef-e-media-holder\">\n\t\t\t<div class=\"qodef-e-media\">\n\t\t<div class=\"qodef-e-media-image\">\n\t\t<a itemprop=\"url\" href=\"https:\/\/ds-barranquilla.org\/de\/ivan-donofrio-43-anos-de-ensenanza-y-legado-en-el-colegio-aleman-de-barranquilla\/\">\n\t\t\t<img loading=\"lazy\" decoding=\"async\" width=\"2560\" height=\"1709\" src=\"https:\/\/ds-barranquilla.org\/wp-content\/uploads\/2025\/05\/1-scaled.jpg\" class=\"attachment-full size-full\" alt=\"\" srcset=\"https:\/\/ds-barranquilla.org\/wp-content\/uploads\/2025\/05\/1-scaled.jpg 2560w, https:\/\/ds-barranquilla.org\/wp-content\/uploads\/2025\/05\/1-300x200.jpg 300w, https:\/\/ds-barranquilla.org\/wp-content\/uploads\/2025\/05\/1-1024x684.jpg 1024w, https:\/\/ds-barranquilla.org\/wp-content\/uploads\/2025\/05\/1-768x513.jpg 768w, https:\/\/ds-barranquilla.org\/wp-content\/uploads\/2025\/05\/1-391x260.jpg 391w, https:\/\/ds-barranquilla.org\/wp-content\/uploads\/2025\/05\/1-1536x1025.jpg 1536w, https:\/\/ds-barranquilla.org\/wp-content\/uploads\/2025\/05\/1-2048x1367.jpg 2048w, https:\/\/ds-barranquilla.org\/wp-content\/uploads\/2025\/05\/1-18x12.jpg 18w, https:\/\/ds-barranquilla.org\/wp-content\/uploads\/2025\/05\/1-112x75.jpg 112w, https:\/\/ds-barranquilla.org\/wp-content\/uploads\/2025\/05\/1-480x320.jpg 480w\" sizes=\"(max-width:767px) 480px, (max-width:2560px) 100vw, 2560px\" \/>\t\t<\/a>\n\t\t\t<\/div>\n<\/div>\n\t\t<\/div>\n\t\t<div class=\"qodef-e-content\">\n\t\t\t\t\t\t<div class=\"qodef-e-text\">\n\t\t\t\t<p itemprop=\"name\" class=\"qodef-e-title entry-title\">\n\t<a itemprop=\"url\" class=\"qodef-e-title-link\" href=\"https:\/\/ds-barranquilla.org\/de\/ivan-donofrio-43-anos-de-ensenanza-y-legado-en-el-colegio-aleman-de-barranquilla\/\">\n\t\tIv\u00e1n D&#8217;Onofrio: 43 a\u00f1os de ense\u00f1anza y legado en el Colegio Alem\u00e1n de Barranquilla\t<\/a>\n<\/p>\n\t\t\t<\/div>\n\t\t\t\t\t<\/div>\n\t<\/div>\n<\/article>\n\t<\/div>\n\t<\/div>\n\t\t<\/div>\n\t\t\t\t<\/div>\n\t\t\t\t\t<\/div>\n\t\t<\/div>\n\t\t\t\t<div class=\"elementor-column elementor-col-50 elementor-top-column elementor-element elementor-element-dbc2a47\" data-id=\"dbc2a47\" data-element_type=\"column\">\n\t\t\t<div class=\"elementor-widget-wrap elementor-element-populated\">\n\t\t\t\t\t\t<div class=\"elementor-element elementor-element-0a6619a elementor-widget elementor-widget-heading\" data-id=\"0a6619a\" data-element_type=\"widget\" data-widget_type=\"heading.default\">\n\t\t\t\t<div class=\"elementor-widget-container\">\n\t\t\t<h2 class=\"elementor-heading-title elementor-size-default\">Spanische Sprache und Literatur<\/h2>\t\t<\/div>\n\t\t\t\t<\/div>\n\t\t\t\t<div class=\"elementor-element elementor-element-a5e7b1a elementor-widget elementor-widget-text-editor\" data-id=\"a5e7b1a\" data-element_type=\"widget\" data-widget_type=\"text-editor.default\">\n\t\t\t\t<div class=\"elementor-widget-container\">\n\t\t\t\t\t\t\t<p>Der Fachbereich Spanische Sprache und Literatur beinhaltet Prozesse und f\u00f6rdert die Entwicklung der Kreativit\u00e4t und Fantasie durch Selbstdarstellung. Eines der zentralen Ziele unseres Programms ist das erweiterte Verst\u00e4ndnis der Muttersprache, das f\u00fcr die Entwicklung des kritischen Denkens von grundlegender Bedeutung ist. Dies wiederum ist f\u00fcr die F\u00f6rderung des interkulturellen Verst\u00e4ndnisses und die Entwicklung international denkender Menschen, die verantwortungsvolle Mitglieder lokaler, nationaler und globaler Gemeinschaften sind, unerl\u00e4sslich.<\/p><p>Dar\u00fcber hinaus wird die Beherrschung der Muttersprache zum grundlegenden Instrument, damit die Sch\u00fcler*innen die Denkprozesse entwickeln k\u00f6nnen, die notwendig sind, um sich anderen Kontexten, anderen Kulturen, anderen Disziplinen, anderen Diskursen und Sprachen zu n\u00e4hern und diese zu verarbeiten. Ziel ist es, junge Menschen auszubilden, die sich f\u00fcr den wissenschaftlichen, kulturellen, sozialen und \u00f6kologischen Fortschritt einsetzen.<\/p><p>In unserem Unterricht legen wir den Schwerpunkt auf die Entwicklung der Denkf\u00e4higkeiten der Sch\u00fcler*innen. Gleichzeitig f\u00f6rdern wir auch die kommunikativen F\u00e4higkeiten wie H\u00f6r- und Leseverst\u00e4ndnis, schriftliche und m\u00fcndliche Ausdrucksweisen, visuelle und Pr\u00e4sentationsf\u00e4higkeiten, die in einem forschungsbasierten Lernumfeld als eigenst\u00e4ndige, aber auch miteinander verkn\u00fcpfte F\u00e4higkeiten trainiert werden.<\/p><p>Forschung ist die Grundlage des Lernens und zielt darauf ab, das Verst\u00e4ndnis f\u00fcr sprachliche Ph\u00e4nomene zu f\u00f6rdern, indem es Gelegenheiten zum eigenst\u00e4ndigen und kooperativen Handeln, Erkunden und Reflektieren bietet. Die Auseinandersetzung mit ausgew\u00e4hlten Texten soll den Sch\u00fcler*innen helfen, \u00f6kologische, kulturelle, wirtschaftliche, moralische, politische und soziale Faktoren zu verstehen, und so zur Entwicklung der F\u00e4higkeiten beitragen, sich eine eigene Meinung zu bilden, ethisch zu argumentieren und Entscheidungen zu treffen, sowie die Eigenschaften von Mitgliedern der IB-Lerngemeinschaft zu entwickeln.<\/p><p>Jedes Schuljahr organisiert der Fachbereich die folgenden bereichs\u00fcbergreifenden und interdisziplin\u00e4ren Aktivit\u00e4ten:<\/p><ul><li>Kultur- und Karnevalsprojekt \u2013 Februar.<\/li><li>Hommage an die Sprachenvielfalt \u2013 April.<\/li><li>M\u00e4rchenfest \u2013 August.<\/li><li>Literarische Fantasie \u2013 Oktober.<\/li><li>Autor*innen in der Schule \u2013 in Absprache mit Verlagen im Laufe des Jahres und in verschiedenen Klassenstufen.<\/li><li>Wettbewerbe in Rechtschreibung, Buchstabieren und Dichtkunst \u2013 \u00fcber das Schuljahr hinweg.<\/li><\/ul>\t\t\t\t\t\t<\/div>\n\t\t\t\t<\/div>\n\t\t\t\t\t<\/div>\n\t\t<\/div>\n\t\t\t\t\t<\/div>\n\t\t<\/section>\n\t\t\t\t<section class=\"elementor-section elementor-top-section elementor-element elementor-element-547fa9d elementor-hidden-desktop elementor-hidden-tablet elementor-section-boxed elementor-section-height-default elementor-section-height-default\" data-id=\"547fa9d\" data-element_type=\"section\">\n\t\t\t\t\t\t<div class=\"elementor-container elementor-column-gap-default\">\n\t\t\t\t\t<div class=\"elementor-column elementor-col-100 elementor-top-column elementor-element elementor-element-6859a31\" data-id=\"6859a31\" data-element_type=\"column\">\n\t\t\t<div class=\"elementor-widget-wrap elementor-element-populated\">\n\t\t\t\t\t\t<div class=\"elementor-element elementor-element-0d250bd elementor-widget elementor-widget-heading\" data-id=\"0d250bd\" data-element_type=\"widget\" data-widget_type=\"heading.default\">\n\t\t\t\t<div class=\"elementor-widget-container\">\n\t\t\t<h2 class=\"elementor-heading-title elementor-size-default\">Spanische Sprache und Literatur<\/h2>\t\t<\/div>\n\t\t\t\t<\/div>\n\t\t\t\t<div class=\"elementor-element elementor-element-72cdb6f elementor-widget elementor-widget-text-editor\" data-id=\"72cdb6f\" data-element_type=\"widget\" data-widget_type=\"text-editor.default\">\n\t\t\t\t<div class=\"elementor-widget-container\">\n\t\t\t\t\t\t\t<p>Der Fachbereich Spanische Sprache und Literatur beinhaltet Prozesse und f\u00f6rdert die Entwicklung der Kreativit\u00e4t und Fantasie durch Selbstdarstellung. Eines der zentralen Ziele unseres Programms ist das erweiterte Verst\u00e4ndnis der Muttersprache, das f\u00fcr die Entwicklung des kritischen Denkens von grundlegender Bedeutung ist. Dies wiederum ist f\u00fcr die F\u00f6rderung des interkulturellen Verst\u00e4ndnisses und die Entwicklung international denkender Menschen, die verantwortungsvolle Mitglieder lokaler, nationaler und globaler Gemeinschaften sind, unerl\u00e4sslich.<\/p><p>Dar\u00fcber hinaus wird die Beherrschung der Muttersprache zum grundlegenden Instrument, damit die Sch\u00fcler*innen die Denkprozesse entwickeln k\u00f6nnen, die notwendig sind, um sich anderen Kontexten, anderen Kulturen, anderen Disziplinen, anderen Diskursen und Sprachen zu n\u00e4hern und diese zu verarbeiten. Ziel ist es, junge Menschen auszubilden, die sich f\u00fcr den wissenschaftlichen, kulturellen, sozialen und \u00f6kologischen Fortschritt einsetzen.<\/p><p>In unserem Unterricht legen wir den Schwerpunkt auf die Entwicklung der Denkf\u00e4higkeiten der Sch\u00fcler*innen. Gleichzeitig f\u00f6rdern wir auch die kommunikativen F\u00e4higkeiten wie H\u00f6r- und Leseverst\u00e4ndnis, schriftliche und m\u00fcndliche Ausdrucksweisen, visuelle und Pr\u00e4sentationsf\u00e4higkeiten, die in einem forschungsbasierten Lernumfeld als eigenst\u00e4ndige, aber auch miteinander verkn\u00fcpfte F\u00e4higkeiten trainiert werden.<\/p><p>Forschung ist die Grundlage des Lernens und zielt darauf ab, das Verst\u00e4ndnis f\u00fcr sprachliche Ph\u00e4nomene zu f\u00f6rdern, indem es Gelegenheiten zum eigenst\u00e4ndigen und kooperativen Handeln, Erkunden und Reflektieren bietet. Die Auseinandersetzung mit ausgew\u00e4hlten Texten soll den Sch\u00fcler*innen helfen, \u00f6kologische, kulturelle, wirtschaftliche, moralische, politische und soziale Faktoren zu verstehen, und so zur Entwicklung der F\u00e4higkeiten beitragen, sich eine eigene Meinung zu bilden, ethisch zu argumentieren und Entscheidungen zu treffen, sowie die Eigenschaften von Mitgliedern der IB-Lerngemeinschaft zu entwickeln.<\/p><p>Jedes Schuljahr organisiert der Fachbereich die folgenden bereichs\u00fcbergreifenden und interdisziplin\u00e4ren Aktivit\u00e4ten:<\/p><ul><li>Kultur- und Karnevalsprojekt \u2013 Februar.<\/li><li>Hommage an die Sprachenvielfalt \u2013 April.<\/li><li>M\u00e4rchenfest \u2013 August.<\/li><li>Literarische Fantasie \u2013 Oktober.<\/li><li>Autor*innen in der Schule \u2013 in Absprache mit Verlagen im Laufe des Jahres und in verschiedenen Klassenstufen.<\/li><li>Wettbewerbe in Rechtschreibung, Buchstabieren und Dichtkunst \u2013 \u00fcber das Schuljahr hinweg.<\/li><\/ul>\t\t\t\t\t\t<\/div>\n\t\t\t\t<\/div>\n\t\t\t\t\t<\/div>\n\t\t<\/div>\n\t\t\t\t\t<\/div>\n\t\t<\/section>\n\t\t\t\t<\/div>","protected":false},"excerpt":{"rendered":"<p>El \u00c1rea de Lengua y Literatura incorpora procesos y favorece el desarrollo de la creatividad y la imaginaci\u00f3n a trav\u00e9s de la expresi\u00f3n personal.<\/p>","protected":false},"author":16,"featured_media":16550,"parent":0,"menu_order":0,"comment_status":"closed","ping_status":"closed","template":"elementor_header_footer","meta":{"_exactmetrics_skip_tracking":false,"_exactmetrics_sitenote_active":false,"_exactmetrics_sitenote_note":"","_exactmetrics_sitenote_category":0,"_joinchat":[],"footnotes":""},"class_list":["post-11830","page","type-page","status-publish","has-post-thumbnail","hentry"],"yoast_head":"<!-- This site is optimized with the Yoast SEO plugin v23.3 - https:\/\/yoast.com\/wordpress\/plugins\/seo\/ -->\n<title>Colegio Alem\u00e1n &#8211; Los Mejores Colegios de Colombia &#8211; Colegio Triling\u00fce<\/title>\n<meta name=\"robots\" content=\"noindex, follow, max-snippet:-1, max-image-preview:large, max-video-preview:-1\" \/>\n<meta property=\"og:locale\" content=\"de_DE\" \/>\n<meta property=\"og:type\" content=\"article\" \/>\n<meta property=\"og:description\" content=\"El \u00c1rea de Lengua y Literatura incorpora procesos y favorece el desarrollo de la creatividad y la imaginaci\u00f3n a trav\u00e9s de la expresi\u00f3n personal.\" \/>\n<meta property=\"og:url\" content=\"https:\/\/ds-barranquilla.org\/de\/lengua-y-literatura\/\" \/>\n<meta property=\"og:site_name\" content=\"Colegio Alem\u00e1n - Los Mejores Colegios de Colombia - Colegio Triling\u00fce\" \/>\n<meta property=\"article:publisher\" content=\"https:\/\/www.facebook.com\/ColegioAlemanBaq\/\" \/>\n<meta property=\"article:modified_time\" content=\"2024-08-09T22:40:01+00:00\" \/>\n<meta property=\"og:image\" content=\"https:\/\/ds-barranquilla.org\/wp-content\/uploads\/2022\/07\/aleman-banner-1024x421-1.jpg\" \/>\n\t<meta property=\"og:image:width\" content=\"1024\" \/>\n\t<meta property=\"og:image:height\" content=\"421\" \/>\n\t<meta property=\"og:image:type\" content=\"image\/jpeg\" \/>\n<meta name=\"twitter:card\" content=\"summary_large_image\" \/>\n<meta name=\"twitter:site\" content=\"@ColegioAlemanBq\" \/>\n<meta name=\"twitter:label1\" content=\"Gesch\u00e4tzte Lesezeit\" \/>\n\t<meta name=\"twitter:data1\" content=\"10\u00a0Minuten\" \/>\n<script type=\"application\/ld+json\" class=\"yoast-schema-graph\">{\"@context\":\"https:\/\/schema.org\",\"@graph\":[{\"@type\":\"WebPage\",\"@id\":\"https:\/\/ds-barranquilla.org\/lengua-y-literatura\/\",\"url\":\"https:\/\/ds-barranquilla.org\/lengua-y-literatura\/\",\"name\":\"\",\"isPartOf\":{\"@id\":\"https:\/\/ds-barranquilla.org\/#website\"},\"primaryImageOfPage\":{\"@id\":\"https:\/\/ds-barranquilla.org\/lengua-y-literatura\/#primaryimage\"},\"image\":{\"@id\":\"https:\/\/ds-barranquilla.org\/lengua-y-literatura\/#primaryimage\"},\"thumbnailUrl\":\"https:\/\/ds-barranquilla.org\/wp-content\/uploads\/2022\/07\/aleman-banner-1024x421-1.jpg\",\"datePublished\":\"2022-03-17T19:54:08+00:00\",\"dateModified\":\"2024-08-09T22:40:01+00:00\",\"breadcrumb\":{\"@id\":\"https:\/\/ds-barranquilla.org\/lengua-y-literatura\/#breadcrumb\"},\"inLanguage\":\"de\",\"potentialAction\":[{\"@type\":\"ReadAction\",\"target\":[\"https:\/\/ds-barranquilla.org\/lengua-y-literatura\/\"]}]},{\"@type\":\"ImageObject\",\"inLanguage\":\"de\",\"@id\":\"https:\/\/ds-barranquilla.org\/lengua-y-literatura\/#primaryimage\",\"url\":\"https:\/\/ds-barranquilla.org\/wp-content\/uploads\/2022\/07\/aleman-banner-1024x421-1.jpg\",\"contentUrl\":\"https:\/\/ds-barranquilla.org\/wp-content\/uploads\/2022\/07\/aleman-banner-1024x421-1.jpg\",\"width\":1024,\"height\":421},{\"@type\":\"BreadcrumbList\",\"@id\":\"https:\/\/ds-barranquilla.org\/lengua-y-literatura\/#breadcrumb\",\"itemListElement\":[{\"@type\":\"ListItem\",\"position\":1,\"name\":\"Portada\",\"item\":\"https:\/\/ds-barranquilla.org\/\"},{\"@type\":\"ListItem\",\"position\":2,\"name\":\"Lengua y Literatura\"}]},{\"@type\":\"WebSite\",\"@id\":\"https:\/\/ds-barranquilla.org\/#website\",\"url\":\"https:\/\/ds-barranquilla.org\/\",\"name\":\"Colegio Alem\u00e1n - Los Mejores Colegios de Colombia - Colegio Triling\u00fce\",\"description\":\"Colegio Alem\u00e1n  Barranquilla Colombia - Colegio Biling\u00fce - Triling\u00fce - El Mejor Colegio de Colombia\",\"publisher\":{\"@id\":\"https:\/\/ds-barranquilla.org\/#organization\"},\"potentialAction\":[{\"@type\":\"SearchAction\",\"target\":{\"@type\":\"EntryPoint\",\"urlTemplate\":\"https:\/\/ds-barranquilla.org\/?s={search_term_string}\"},\"query-input\":\"required name=search_term_string\"}],\"inLanguage\":\"de\"},{\"@type\":\"Organization\",\"@id\":\"https:\/\/ds-barranquilla.org\/#organization\",\"name\":\"Colegio Alem\u00e1n Barranquilla\",\"url\":\"https:\/\/ds-barranquilla.org\/\",\"logo\":{\"@type\":\"ImageObject\",\"inLanguage\":\"de\",\"@id\":\"https:\/\/ds-barranquilla.org\/#\/schema\/logo\/image\/\",\"url\":\"https:\/\/ds-barranquilla.org\/wp-content\/uploads\/2021\/05\/coleman_logo_2.png\",\"contentUrl\":\"https:\/\/ds-barranquilla.org\/wp-content\/uploads\/2021\/05\/coleman_logo_2.png\",\"width\":418,\"height\":307,\"caption\":\"Colegio Alem\u00e1n Barranquilla\"},\"image\":{\"@id\":\"https:\/\/ds-barranquilla.org\/#\/schema\/logo\/image\/\"},\"sameAs\":[\"https:\/\/www.facebook.com\/ColegioAlemanBaq\/\",\"https:\/\/x.com\/ColegioAlemanBq\",\"https:\/\/www.instagram.com\/colegioalemanbaq\/\",\"https:\/\/www.linkedin.com\/school\/deutsche-schule-barranquilla\/\",\"https:\/\/www.youtube.com\/channel\/UCOOGZQCVs6aYRqIWvSN5agQ\"]}]}<\/script>\n<!-- \/ Yoast SEO plugin. -->","yoast_head_json":{"title":"Colegio Alem\u00e1n &#8211; Los Mejores Colegios de Colombia &#8211; Colegio Triling\u00fce","robots":{"index":"noindex","follow":"follow","max-snippet":"max-snippet:-1","max-image-preview":"max-image-preview:large","max-video-preview":"max-video-preview:-1"},"og_locale":"de_DE","og_type":"article","og_description":"El \u00c1rea de Lengua y Literatura incorpora procesos y favorece el desarrollo de la creatividad y la imaginaci\u00f3n a trav\u00e9s de la expresi\u00f3n personal.","og_url":"https:\/\/ds-barranquilla.org\/de\/lengua-y-literatura\/","og_site_name":"Colegio Alem\u00e1n - Los Mejores Colegios de Colombia - Colegio Triling\u00fce","article_publisher":"https:\/\/www.facebook.com\/ColegioAlemanBaq\/","article_modified_time":"2024-08-09T22:40:01+00:00","og_image":[{"width":1024,"height":421,"url":"https:\/\/ds-barranquilla.org\/wp-content\/uploads\/2022\/07\/aleman-banner-1024x421-1.jpg","type":"image\/jpeg"}],"twitter_card":"summary_large_image","twitter_site":"@ColegioAlemanBq","twitter_misc":{"Gesch\u00e4tzte Lesezeit":"10\u00a0Minuten"},"schema":{"@context":"https:\/\/schema.org","@graph":[{"@type":"WebPage","@id":"https:\/\/ds-barranquilla.org\/lengua-y-literatura\/","url":"https:\/\/ds-barranquilla.org\/lengua-y-literatura\/","name":"","isPartOf":{"@id":"https:\/\/ds-barranquilla.org\/#website"},"primaryImageOfPage":{"@id":"https:\/\/ds-barranquilla.org\/lengua-y-literatura\/#primaryimage"},"image":{"@id":"https:\/\/ds-barranquilla.org\/lengua-y-literatura\/#primaryimage"},"thumbnailUrl":"https:\/\/ds-barranquilla.org\/wp-content\/uploads\/2022\/07\/aleman-banner-1024x421-1.jpg","datePublished":"2022-03-17T19:54:08+00:00","dateModified":"2024-08-09T22:40:01+00:00","breadcrumb":{"@id":"https:\/\/ds-barranquilla.org\/lengua-y-literatura\/#breadcrumb"},"inLanguage":"de","potentialAction":[{"@type":"ReadAction","target":["https:\/\/ds-barranquilla.org\/lengua-y-literatura\/"]}]},{"@type":"ImageObject","inLanguage":"de","@id":"https:\/\/ds-barranquilla.org\/lengua-y-literatura\/#primaryimage","url":"https:\/\/ds-barranquilla.org\/wp-content\/uploads\/2022\/07\/aleman-banner-1024x421-1.jpg","contentUrl":"https:\/\/ds-barranquilla.org\/wp-content\/uploads\/2022\/07\/aleman-banner-1024x421-1.jpg","width":1024,"height":421},{"@type":"BreadcrumbList","@id":"https:\/\/ds-barranquilla.org\/lengua-y-literatura\/#breadcrumb","itemListElement":[{"@type":"ListItem","position":1,"name":"Portada","item":"https:\/\/ds-barranquilla.org\/"},{"@type":"ListItem","position":2,"name":"Lengua y Literatura"}]},{"@type":"WebSite","@id":"https:\/\/ds-barranquilla.org\/#website","url":"https:\/\/ds-barranquilla.org\/","name":"Colegio Alem\u00e1n - Los Mejores Colegios de Colombia - Colegio Triling\u00fce","description":"Colegio Alem\u00e1n  Barranquilla Colombia - Colegio Biling\u00fce - Triling\u00fce - El Mejor Colegio de Colombia","publisher":{"@id":"https:\/\/ds-barranquilla.org\/#organization"},"potentialAction":[{"@type":"SearchAction","target":{"@type":"EntryPoint","urlTemplate":"https:\/\/ds-barranquilla.org\/?s={search_term_string}"},"query-input":"required name=search_term_string"}],"inLanguage":"de"},{"@type":"Organization","@id":"https:\/\/ds-barranquilla.org\/#organization","name":"Colegio Alem\u00e1n Barranquilla","url":"https:\/\/ds-barranquilla.org\/","logo":{"@type":"ImageObject","inLanguage":"de","@id":"https:\/\/ds-barranquilla.org\/#\/schema\/logo\/image\/","url":"https:\/\/ds-barranquilla.org\/wp-content\/uploads\/2021\/05\/coleman_logo_2.png","contentUrl":"https:\/\/ds-barranquilla.org\/wp-content\/uploads\/2021\/05\/coleman_logo_2.png","width":418,"height":307,"caption":"Colegio Alem\u00e1n Barranquilla"},"image":{"@id":"https:\/\/ds-barranquilla.org\/#\/schema\/logo\/image\/"},"sameAs":["https:\/\/www.facebook.com\/ColegioAlemanBaq\/","https:\/\/x.com\/ColegioAlemanBq","https:\/\/www.instagram.com\/colegioalemanbaq\/","https:\/\/www.linkedin.com\/school\/deutsche-schule-barranquilla\/","https:\/\/www.youtube.com\/channel\/UCOOGZQCVs6aYRqIWvSN5agQ"]}]}},"_links":{"self":[{"href":"https:\/\/ds-barranquilla.org\/de\/wp-json\/wp\/v2\/pages\/11830"}],"collection":[{"href":"https:\/\/ds-barranquilla.org\/de\/wp-json\/wp\/v2\/pages"}],"about":[{"href":"https:\/\/ds-barranquilla.org\/de\/wp-json\/wp\/v2\/types\/page"}],"author":[{"embeddable":true,"href":"https:\/\/ds-barranquilla.org\/de\/wp-json\/wp\/v2\/users\/16"}],"replies":[{"embeddable":true,"href":"https:\/\/ds-barranquilla.org\/de\/wp-json\/wp\/v2\/comments?post=11830"}],"version-history":[{"count":10,"href":"https:\/\/ds-barranquilla.org\/de\/wp-json\/wp\/v2\/pages\/11830\/revisions"}],"predecessor-version":[{"id":27395,"href":"https:\/\/ds-barranquilla.org\/de\/wp-json\/wp\/v2\/pages\/11830\/revisions\/27395"}],"wp:featuredmedia":[{"embeddable":true,"href":"https:\/\/ds-barranquilla.org\/de\/wp-json\/wp\/v2\/media\/16550"}],"wp:attachment":[{"href":"https:\/\/ds-barranquilla.org\/de\/wp-json\/wp\/v2\/media?parent=11830"}],"curies":[{"name":"wp","href":"https:\/\/api.w.org\/{rel}","templated":true}]}}