{"id":12191,"date":"2022-03-20T08:01:10","date_gmt":"2022-03-20T13:01:10","guid":{"rendered":"https:\/\/ds-barranquilla.org\/?page_id=12191"},"modified":"2025-05-28T01:29:50","modified_gmt":"2025-05-28T06:29:50","slug":"orientacion","status":"publish","type":"page","link":"https:\/\/ds-barranquilla.org\/de\/orientacion\/","title":{"rendered":"Schulpsychologische Beratung"},"content":{"rendered":"<div data-elementor-type=\"wp-page\" data-elementor-id=\"12191\" class=\"elementor elementor-12191\">\n\t\t\t\t\t\t<section class=\"elementor-section elementor-top-section elementor-element elementor-element-41b7a34 elementor-section-full_width elementor-section-stretched elementor-section-height-default elementor-section-height-default\" data-id=\"41b7a34\" data-element_type=\"section\" data-settings=\"{&quot;stretch_section&quot;:&quot;section-stretched&quot;,&quot;background_background&quot;:&quot;classic&quot;}\">\n\t\t\t\t\t\t\t<div class=\"elementor-background-overlay\"><\/div>\n\t\t\t\t\t\t\t<div class=\"elementor-container elementor-column-gap-no\">\n\t\t\t\t\t<div class=\"elementor-column elementor-col-100 elementor-top-column elementor-element elementor-element-b7c047e\" data-id=\"b7c047e\" data-element_type=\"column\">\n\t\t\t<div class=\"elementor-widget-wrap\">\n\t\t\t\t\t\t\t<\/div>\n\t\t<\/div>\n\t\t\t\t\t<\/div>\n\t\t<\/section>\n\t\t\t\t<section class=\"elementor-section elementor-top-section elementor-element elementor-element-af9c687 elementor-hidden-mobile elementor-section-boxed elementor-section-height-default elementor-section-height-default\" data-id=\"af9c687\" data-element_type=\"section\">\n\t\t\t\t\t\t<div class=\"elementor-container elementor-column-gap-default\">\n\t\t\t\t\t<div class=\"elementor-column elementor-col-50 elementor-top-column elementor-element elementor-element-e1b5f04\" data-id=\"e1b5f04\" data-element_type=\"column\">\n\t\t\t<div class=\"elementor-widget-wrap elementor-element-populated\">\n\t\t\t\t\t\t<section class=\"elementor-section elementor-inner-section elementor-element elementor-element-6e0830c elementor-section-boxed elementor-section-height-default elementor-section-height-default\" data-id=\"6e0830c\" data-element_type=\"section\" data-settings=\"{&quot;background_background&quot;:&quot;classic&quot;}\">\n\t\t\t\t\t\t<div class=\"elementor-container elementor-column-gap-default\">\n\t\t\t\t\t<div class=\"elementor-column elementor-col-100 elementor-inner-column elementor-element elementor-element-ecbd36c\" data-id=\"ecbd36c\" data-element_type=\"column\" data-settings=\"{&quot;background_background&quot;:&quot;classic&quot;}\">\n\t\t\t<div class=\"elementor-widget-wrap elementor-element-populated\">\n\t\t\t\t\t\t<div class=\"elementor-element elementor-element-76479fe elementor-widget elementor-widget-heading\" data-id=\"76479fe\" data-element_type=\"widget\" data-widget_type=\"heading.default\">\n\t\t\t\t<div class=\"elementor-widget-container\">\n\t\t\t<style>\/*! elementor - v3.23.0 - 05-08-2024 *\/\n.elementor-heading-title{padding:0;margin:0;line-height:1}.elementor-widget-heading .elementor-heading-title[class*=elementor-size-]>a{color:inherit;font-size:inherit;line-height:inherit}.elementor-widget-heading .elementor-heading-title.elementor-size-small{font-size:15px}.elementor-widget-heading .elementor-heading-title.elementor-size-medium{font-size:19px}.elementor-widget-heading .elementor-heading-title.elementor-size-large{font-size:29px}.elementor-widget-heading .elementor-heading-title.elementor-size-xl{font-size:39px}.elementor-widget-heading .elementor-heading-title.elementor-size-xxl{font-size:59px}<\/style><h2 class=\"elementor-heading-title elementor-size-default\">  Schulleben\n<\/h2>\t\t<\/div>\n\t\t\t\t<\/div>\n\t\t\t\t\t<\/div>\n\t\t<\/div>\n\t\t\t\t\t<\/div>\n\t\t<\/section>\n\t\t\t\t<section class=\"elementor-section elementor-inner-section elementor-element elementor-element-1a84197 elementor-section-boxed elementor-section-height-default elementor-section-height-default\" data-id=\"1a84197\" data-element_type=\"section\" data-settings=\"{&quot;background_background&quot;:&quot;classic&quot;}\">\n\t\t\t\t\t\t<div class=\"elementor-container elementor-column-gap-default\">\n\t\t\t\t\t<div class=\"elementor-column elementor-col-100 elementor-inner-column elementor-element elementor-element-6bf66f9\" data-id=\"6bf66f9\" data-element_type=\"column\" data-settings=\"{&quot;background_background&quot;:&quot;classic&quot;}\">\n\t\t\t<div class=\"elementor-widget-wrap elementor-element-populated\">\n\t\t\t\t\t\t<div class=\"elementor-element elementor-element-185262d elementor-widget elementor-widget-heading\" data-id=\"185262d\" data-element_type=\"widget\" data-widget_type=\"heading.default\">\n\t\t\t\t<div class=\"elementor-widget-container\">\n\t\t\t<h2 class=\"elementor-heading-title elementor-size-default\">Neuigkeiten<\/h2>\t\t<\/div>\n\t\t\t\t<\/div>\n\t\t\t\t\t<\/div>\n\t\t<\/div>\n\t\t\t\t\t<\/div>\n\t\t<\/section>\n\t\t\t\t<section class=\"elementor-section elementor-inner-section elementor-element elementor-element-9f0577d elementor-section-boxed elementor-section-height-default elementor-section-height-default\" data-id=\"9f0577d\" data-element_type=\"section\" data-settings=\"{&quot;background_background&quot;:&quot;classic&quot;}\">\n\t\t\t\t\t\t<div class=\"elementor-container elementor-column-gap-default\">\n\t\t\t\t\t<div class=\"elementor-column elementor-col-100 elementor-inner-column elementor-element elementor-element-bb1df67\" data-id=\"bb1df67\" data-element_type=\"column\" data-settings=\"{&quot;background_background&quot;:&quot;classic&quot;}\">\n\t\t\t<div class=\"elementor-widget-wrap elementor-element-populated\">\n\t\t\t\t\t\t<div class=\"elementor-element elementor-element-3396ee2 elementor-widget elementor-widget-heading\" data-id=\"3396ee2\" data-element_type=\"widget\" data-widget_type=\"heading.default\">\n\t\t\t\t<div class=\"elementor-widget-container\">\n\t\t\t<h2 class=\"elementor-heading-title elementor-size-default\"><a href=\"https:\/\/ds-barranquilla.org\/de\/web\/\">Web<\/a><\/h2>\t\t<\/div>\n\t\t\t\t<\/div>\n\t\t\t\t\t<\/div>\n\t\t<\/div>\n\t\t\t\t\t<\/div>\n\t\t<\/section>\n\t\t\t\t<section class=\"elementor-section elementor-inner-section elementor-element elementor-element-14865b3 elementor-section-boxed elementor-section-height-default elementor-section-height-default\" data-id=\"14865b3\" data-element_type=\"section\" data-settings=\"{&quot;background_background&quot;:&quot;classic&quot;}\">\n\t\t\t\t\t\t<div class=\"elementor-container elementor-column-gap-default\">\n\t\t\t\t\t<div class=\"elementor-column elementor-col-100 elementor-inner-column elementor-element elementor-element-d26031e\" data-id=\"d26031e\" data-element_type=\"column\" data-settings=\"{&quot;background_background&quot;:&quot;classic&quot;}\">\n\t\t\t<div class=\"elementor-widget-wrap elementor-element-populated\">\n\t\t\t\t\t\t<div class=\"elementor-element elementor-element-9521baa elementor-widget elementor-widget-heading\" data-id=\"9521baa\" data-element_type=\"widget\" data-widget_type=\"heading.default\">\n\t\t\t\t<div class=\"elementor-widget-container\">\n\t\t\t<h2 class=\"elementor-heading-title elementor-size-default\"><a href=\"https:\/\/ds-barranquilla.org\/de\/boletin-la-iguana\/\">La Iguana Newsletter <\/a><\/h2>\t\t<\/div>\n\t\t\t\t<\/div>\n\t\t\t\t\t<\/div>\n\t\t<\/div>\n\t\t\t\t\t<\/div>\n\t\t<\/section>\n\t\t\t\t<section class=\"elementor-section elementor-inner-section elementor-element elementor-element-b636c9e elementor-section-boxed elementor-section-height-default elementor-section-height-default\" data-id=\"b636c9e\" data-element_type=\"section\" data-settings=\"{&quot;background_background&quot;:&quot;classic&quot;}\">\n\t\t\t\t\t\t<div class=\"elementor-container elementor-column-gap-default\">\n\t\t\t\t\t<div class=\"elementor-column elementor-col-100 elementor-inner-column elementor-element elementor-element-ab41d11\" data-id=\"ab41d11\" data-element_type=\"column\" data-settings=\"{&quot;background_background&quot;:&quot;classic&quot;}\">\n\t\t\t<div class=\"elementor-widget-wrap elementor-element-populated\">\n\t\t\t\t\t\t<div class=\"elementor-element elementor-element-321be65 elementor-widget elementor-widget-heading\" data-id=\"321be65\" data-element_type=\"widget\" data-widget_type=\"heading.default\">\n\t\t\t\t<div class=\"elementor-widget-container\">\n\t\t\t<h2 class=\"elementor-heading-title elementor-size-default\"><a href=\"https:\/\/elpulpoweb.wordpress.com\/\">El Pulpo<\/a><\/h2>\t\t<\/div>\n\t\t\t\t<\/div>\n\t\t\t\t\t<\/div>\n\t\t<\/div>\n\t\t\t\t\t<\/div>\n\t\t<\/section>\n\t\t\t\t<section class=\"elementor-section elementor-inner-section elementor-element elementor-element-15b9bf1 elementor-section-boxed elementor-section-height-default elementor-section-height-default\" data-id=\"15b9bf1\" data-element_type=\"section\" data-settings=\"{&quot;background_background&quot;:&quot;classic&quot;}\">\n\t\t\t\t\t\t<div class=\"elementor-container elementor-column-gap-default\">\n\t\t\t\t\t<div class=\"elementor-column elementor-col-100 elementor-inner-column elementor-element elementor-element-90d9ed6\" data-id=\"90d9ed6\" data-element_type=\"column\" data-settings=\"{&quot;background_background&quot;:&quot;classic&quot;}\">\n\t\t\t<div class=\"elementor-widget-wrap elementor-element-populated\">\n\t\t\t\t\t\t<div class=\"elementor-element elementor-element-c604b68 elementor-widget elementor-widget-heading\" data-id=\"c604b68\" data-element_type=\"widget\" data-widget_type=\"heading.default\">\n\t\t\t\t<div class=\"elementor-widget-container\">\n\t\t\t<h2 class=\"elementor-heading-title elementor-size-default\"><a href=\"https:\/\/ds-barranquilla.org\/de\/bienestar\/\">Unterst\u00fctzungsangebote f\u00fcr Sch\u00fcler*innen<\/a><\/h2>\t\t<\/div>\n\t\t\t\t<\/div>\n\t\t\t\t\t<\/div>\n\t\t<\/div>\n\t\t\t\t\t<\/div>\n\t\t<\/section>\n\t\t\t\t<section class=\"elementor-section elementor-inner-section elementor-element elementor-element-49ee0a3 elementor-section-boxed elementor-section-height-default elementor-section-height-default\" data-id=\"49ee0a3\" data-element_type=\"section\" data-settings=\"{&quot;background_background&quot;:&quot;classic&quot;}\">\n\t\t\t\t\t\t<div class=\"elementor-container elementor-column-gap-default\">\n\t\t\t\t\t<div class=\"elementor-column elementor-col-100 elementor-inner-column elementor-element elementor-element-00b9f11\" data-id=\"00b9f11\" data-element_type=\"column\" data-settings=\"{&quot;background_background&quot;:&quot;classic&quot;}\">\n\t\t\t<div class=\"elementor-widget-wrap elementor-element-populated\">\n\t\t\t\t\t\t<div class=\"elementor-element elementor-element-992133a elementor-widget elementor-widget-heading\" data-id=\"992133a\" data-element_type=\"widget\" data-widget_type=\"heading.default\">\n\t\t\t\t<div class=\"elementor-widget-container\">\n\t\t\t<h2 class=\"elementor-heading-title elementor-size-default\"><a href=\"https:\/\/ds-barranquilla.org\/de\/orientacion-profesional\/\">Berufs- und Studienorientierung f\u00fcr ein Studium in Deutschland<\/a><\/h2>\t\t<\/div>\n\t\t\t\t<\/div>\n\t\t\t\t\t<\/div>\n\t\t<\/div>\n\t\t\t\t\t<\/div>\n\t\t<\/section>\n\t\t\t\t<section class=\"elementor-section elementor-inner-section elementor-element elementor-element-3450db5 elementor-section-boxed elementor-section-height-default elementor-section-height-default\" data-id=\"3450db5\" data-element_type=\"section\" data-settings=\"{&quot;background_background&quot;:&quot;classic&quot;}\">\n\t\t\t\t\t\t<div class=\"elementor-container elementor-column-gap-default\">\n\t\t\t\t\t<div class=\"elementor-column elementor-col-100 elementor-inner-column elementor-element elementor-element-7b438fa\" data-id=\"7b438fa\" data-element_type=\"column\" data-settings=\"{&quot;background_background&quot;:&quot;classic&quot;}\">\n\t\t\t<div class=\"elementor-widget-wrap elementor-element-populated\">\n\t\t\t\t\t\t<div class=\"elementor-element elementor-element-60abbe5 elementor-widget elementor-widget-heading\" data-id=\"60abbe5\" data-element_type=\"widget\" data-widget_type=\"heading.default\">\n\t\t\t\t<div class=\"elementor-widget-container\">\n\t\t\t<h2 class=\"elementor-heading-title elementor-size-default\"><a href=\"https:\/\/ds-barranquilla.org\/de\/convivencia\/\">Schulsozialarbeit<\/a><\/h2>\t\t<\/div>\n\t\t\t\t<\/div>\n\t\t\t\t\t<\/div>\n\t\t<\/div>\n\t\t\t\t\t<\/div>\n\t\t<\/section>\n\t\t\t\t<section class=\"elementor-section elementor-inner-section elementor-element elementor-element-7b33b0c elementor-section-boxed elementor-section-height-default elementor-section-height-default\" data-id=\"7b33b0c\" data-element_type=\"section\" data-settings=\"{&quot;background_background&quot;:&quot;classic&quot;}\">\n\t\t\t\t\t\t<div class=\"elementor-container elementor-column-gap-default\">\n\t\t\t\t\t<div class=\"elementor-column elementor-col-100 elementor-inner-column elementor-element elementor-element-c042a7b\" data-id=\"c042a7b\" data-element_type=\"column\" data-settings=\"{&quot;background_background&quot;:&quot;classic&quot;}\">\n\t\t\t<div class=\"elementor-widget-wrap elementor-element-populated\">\n\t\t\t\t\t\t<div class=\"elementor-element elementor-element-7b35498 elementor-widget elementor-widget-heading\" data-id=\"7b35498\" data-element_type=\"widget\" data-widget_type=\"heading.default\">\n\t\t\t\t<div class=\"elementor-widget-container\">\n\t\t\t<h2 class=\"elementor-heading-title elementor-size-default\"><a href=\"https:\/\/ds-barranquilla.org\/de\/biblioteca\/\">Bibliothek<\/a><\/h2>\t\t<\/div>\n\t\t\t\t<\/div>\n\t\t\t\t\t<\/div>\n\t\t<\/div>\n\t\t\t\t\t<\/div>\n\t\t<\/section>\n\t\t\t\t<section class=\"elementor-section elementor-inner-section elementor-element elementor-element-6d91d9a elementor-section-boxed elementor-section-height-default elementor-section-height-default\" data-id=\"6d91d9a\" data-element_type=\"section\" data-settings=\"{&quot;background_background&quot;:&quot;classic&quot;}\">\n\t\t\t\t\t\t<div class=\"elementor-container elementor-column-gap-default\">\n\t\t\t\t\t<div class=\"elementor-column elementor-col-100 elementor-inner-column elementor-element elementor-element-1301500\" data-id=\"1301500\" data-element_type=\"column\" data-settings=\"{&quot;background_background&quot;:&quot;classic&quot;}\">\n\t\t\t<div class=\"elementor-widget-wrap elementor-element-populated\">\n\t\t\t\t\t\t<div class=\"elementor-element elementor-element-e0c7873 elementor-widget elementor-widget-heading\" data-id=\"e0c7873\" data-element_type=\"widget\" data-widget_type=\"heading.default\">\n\t\t\t\t<div class=\"elementor-widget-container\">\n\t\t\t<h2 class=\"elementor-heading-title elementor-size-default\"><a href=\"https:\/\/colegioaleman.follettdestiny.com\/\">Onlinekatalog<\/a><\/h2>\t\t<\/div>\n\t\t\t\t<\/div>\n\t\t\t\t\t<\/div>\n\t\t<\/div>\n\t\t\t\t\t<\/div>\n\t\t<\/section>\n\t\t\t\t<section class=\"elementor-section elementor-inner-section elementor-element elementor-element-3aebdf9 elementor-section-boxed elementor-section-height-default elementor-section-height-default\" data-id=\"3aebdf9\" data-element_type=\"section\" data-settings=\"{&quot;background_background&quot;:&quot;classic&quot;}\">\n\t\t\t\t\t\t<div class=\"elementor-container elementor-column-gap-default\">\n\t\t\t\t\t<div class=\"elementor-column elementor-col-100 elementor-inner-column elementor-element elementor-element-6683a37\" data-id=\"6683a37\" data-element_type=\"column\" data-settings=\"{&quot;background_background&quot;:&quot;classic&quot;}\">\n\t\t\t<div class=\"elementor-widget-wrap elementor-element-populated\">\n\t\t\t\t\t\t<div class=\"elementor-element elementor-element-01da30b elementor-widget elementor-widget-heading\" data-id=\"01da30b\" data-element_type=\"widget\" data-widget_type=\"heading.default\">\n\t\t\t\t<div class=\"elementor-widget-container\">\n\t\t\t<h2 class=\"elementor-heading-title elementor-size-default\"><a href=\"https:\/\/ds-barranquilla.org\/de\/recursos-electronicos\/\">Recursos Electr\u00f3nicos <\/a><\/h2>\t\t<\/div>\n\t\t\t\t<\/div>\n\t\t\t\t\t<\/div>\n\t\t<\/div>\n\t\t\t\t\t<\/div>\n\t\t<\/section>\n\t\t\t\t<section class=\"elementor-section elementor-inner-section elementor-element elementor-element-d17a896 elementor-section-boxed elementor-section-height-default elementor-section-height-default\" data-id=\"d17a896\" data-element_type=\"section\" data-settings=\"{&quot;background_background&quot;:&quot;classic&quot;}\">\n\t\t\t\t\t\t<div class=\"elementor-container elementor-column-gap-default\">\n\t\t\t\t\t<div class=\"elementor-column elementor-col-100 elementor-inner-column elementor-element elementor-element-42eaa72\" data-id=\"42eaa72\" data-element_type=\"column\" data-settings=\"{&quot;background_background&quot;:&quot;classic&quot;}\">\n\t\t\t<div class=\"elementor-widget-wrap elementor-element-populated\">\n\t\t\t\t\t\t<div class=\"elementor-element elementor-element-e82288f elementor-widget elementor-widget-heading\" data-id=\"e82288f\" data-element_type=\"widget\" data-widget_type=\"heading.default\">\n\t\t\t\t<div class=\"elementor-widget-container\">\n\t\t\t<h2 class=\"elementor-heading-title elementor-size-default\"><a href=\"https:\/\/ds-barranquilla.org\/de\/alimentacion\/\">Programa de Alimentaci\u00f3n<\/a><\/h2>\t\t<\/div>\n\t\t\t\t<\/div>\n\t\t\t\t\t<\/div>\n\t\t<\/div>\n\t\t\t\t\t<\/div>\n\t\t<\/section>\n\t\t\t\t<section class=\"elementor-section elementor-inner-section elementor-element elementor-element-2399911 elementor-section-boxed elementor-section-height-default elementor-section-height-default\" data-id=\"2399911\" data-element_type=\"section\" data-settings=\"{&quot;background_background&quot;:&quot;classic&quot;}\">\n\t\t\t\t\t\t<div class=\"elementor-container elementor-column-gap-default\">\n\t\t\t\t\t<div class=\"elementor-column elementor-col-100 elementor-inner-column elementor-element elementor-element-ad3c46c\" data-id=\"ad3c46c\" data-element_type=\"column\" data-settings=\"{&quot;background_background&quot;:&quot;classic&quot;}\">\n\t\t\t<div class=\"elementor-widget-wrap elementor-element-populated\">\n\t\t\t\t\t\t<div class=\"elementor-element elementor-element-c547a09 elementor-widget elementor-widget-heading\" data-id=\"c547a09\" data-element_type=\"widget\" data-widget_type=\"heading.default\">\n\t\t\t\t<div class=\"elementor-widget-container\">\n\t\t\t<h2 class=\"elementor-heading-title elementor-size-default\"><a href=\"https:\/\/ds-barranquilla.org\/de\/enfermeria\/\">Krankenstation <\/a><\/h2>\t\t<\/div>\n\t\t\t\t<\/div>\n\t\t\t\t\t<\/div>\n\t\t<\/div>\n\t\t\t\t\t<\/div>\n\t\t<\/section>\n\t\t\t\t<section class=\"elementor-section elementor-inner-section elementor-element elementor-element-e25b791 elementor-section-boxed elementor-section-height-default elementor-section-height-default\" data-id=\"e25b791\" data-element_type=\"section\" data-settings=\"{&quot;background_background&quot;:&quot;classic&quot;}\">\n\t\t\t\t\t\t<div class=\"elementor-container elementor-column-gap-default\">\n\t\t\t\t\t<div class=\"elementor-column elementor-col-100 elementor-inner-column elementor-element elementor-element-bbd3733\" data-id=\"bbd3733\" data-element_type=\"column\" data-settings=\"{&quot;background_background&quot;:&quot;classic&quot;}\">\n\t\t\t<div class=\"elementor-widget-wrap elementor-element-populated\">\n\t\t\t\t\t\t<div class=\"elementor-element elementor-element-c9d36b2 elementor-widget elementor-widget-heading\" data-id=\"c9d36b2\" data-element_type=\"widget\" data-widget_type=\"heading.default\">\n\t\t\t\t<div class=\"elementor-widget-container\">\n\t\t\t<h2 class=\"elementor-heading-title elementor-size-default\"><a href=\"https:\/\/ds-barranquilla.org\/de\/extracurriculares\/\">Au\u00dferschulische Aktivit\u00e4ten<\/a><\/h2>\t\t<\/div>\n\t\t\t\t<\/div>\n\t\t\t\t\t<\/div>\n\t\t<\/div>\n\t\t\t\t\t<\/div>\n\t\t<\/section>\n\t\t\t\t<section class=\"elementor-section elementor-inner-section elementor-element elementor-element-49aa327 elementor-section-boxed elementor-section-height-default elementor-section-height-default\" data-id=\"49aa327\" data-element_type=\"section\" data-settings=\"{&quot;background_background&quot;:&quot;classic&quot;}\">\n\t\t\t\t\t\t<div class=\"elementor-container elementor-column-gap-default\">\n\t\t\t\t\t<div class=\"elementor-column elementor-col-100 elementor-inner-column elementor-element elementor-element-66d4dfc\" data-id=\"66d4dfc\" data-element_type=\"column\" data-settings=\"{&quot;background_background&quot;:&quot;classic&quot;}\">\n\t\t\t<div class=\"elementor-widget-wrap elementor-element-populated\">\n\t\t\t\t\t\t<div class=\"elementor-element elementor-element-b119b33 elementor-widget elementor-widget-heading\" data-id=\"b119b33\" data-element_type=\"widget\" data-widget_type=\"heading.default\">\n\t\t\t\t<div class=\"elementor-widget-container\">\n\t\t\t<h2 class=\"elementor-heading-title elementor-size-default\"><a href=\"https:\/\/ds-barranquilla.org\/de\/orientacion\/\">Schulpsychologische Beratung<\/a><\/h2>\t\t<\/div>\n\t\t\t\t<\/div>\n\t\t\t\t\t<\/div>\n\t\t<\/div>\n\t\t\t\t\t<\/div>\n\t\t<\/section>\n\t\t\t\t<section class=\"elementor-section elementor-inner-section elementor-element elementor-element-d99f701 elementor-section-boxed elementor-section-height-default elementor-section-height-default\" data-id=\"d99f701\" data-element_type=\"section\" data-settings=\"{&quot;background_background&quot;:&quot;classic&quot;}\">\n\t\t\t\t\t\t<div class=\"elementor-container elementor-column-gap-default\">\n\t\t\t\t\t<div class=\"elementor-column elementor-col-100 elementor-inner-column elementor-element elementor-element-6ec8720\" data-id=\"6ec8720\" data-element_type=\"column\" data-settings=\"{&quot;background_background&quot;:&quot;classic&quot;}\">\n\t\t\t<div class=\"elementor-widget-wrap elementor-element-populated\">\n\t\t\t\t\t\t<div class=\"elementor-element elementor-element-7c678d9 elementor-widget elementor-widget-heading\" data-id=\"7c678d9\" data-element_type=\"widget\" data-widget_type=\"heading.default\">\n\t\t\t\t<div class=\"elementor-widget-container\">\n\t\t\t<h2 class=\"elementor-heading-title elementor-size-default\"><a href=\"https:\/\/ds-barranquilla.org\/de\/orientacion-profesional\/\">Berufs- und Studienorientierung f\u00fcr ein Studium in Deutschland  <\/a><\/h2>\t\t<\/div>\n\t\t\t\t<\/div>\n\t\t\t\t\t<\/div>\n\t\t<\/div>\n\t\t\t\t\t<\/div>\n\t\t<\/section>\n\t\t\t\t<section class=\"elementor-section elementor-inner-section elementor-element elementor-element-56d5228 elementor-section-boxed elementor-section-height-default elementor-section-height-default\" data-id=\"56d5228\" data-element_type=\"section\" data-settings=\"{&quot;background_background&quot;:&quot;classic&quot;}\">\n\t\t\t\t\t\t<div class=\"elementor-container elementor-column-gap-default\">\n\t\t\t\t\t<div class=\"elementor-column elementor-col-100 elementor-inner-column elementor-element elementor-element-52d94af\" data-id=\"52d94af\" data-element_type=\"column\" data-settings=\"{&quot;background_background&quot;:&quot;classic&quot;}\">\n\t\t\t<div class=\"elementor-widget-wrap elementor-element-populated\">\n\t\t\t\t\t\t<div class=\"elementor-element elementor-element-b6547d6 elementor-widget elementor-widget-heading\" data-id=\"b6547d6\" data-element_type=\"widget\" data-widget_type=\"heading.default\">\n\t\t\t\t<div class=\"elementor-widget-container\">\n\t\t\t<h2 class=\"elementor-heading-title elementor-size-default\"><a href=\"https:\/\/ds-barranquilla.org\/de\/oficinas-de-relaciones-internaciones\/\">Das internationale B\u00fcro<\/a><\/h2>\t\t<\/div>\n\t\t\t\t<\/div>\n\t\t\t\t\t<\/div>\n\t\t<\/div>\n\t\t\t\t\t<\/div>\n\t\t<\/section>\n\t\t\t\t<section class=\"elementor-section elementor-inner-section elementor-element elementor-element-f136d22 elementor-section-boxed elementor-section-height-default elementor-section-height-default\" data-id=\"f136d22\" data-element_type=\"section\" data-settings=\"{&quot;background_background&quot;:&quot;classic&quot;}\">\n\t\t\t\t\t\t<div class=\"elementor-container elementor-column-gap-default\">\n\t\t\t\t\t<div class=\"elementor-column elementor-col-100 elementor-inner-column elementor-element elementor-element-303226e\" data-id=\"303226e\" data-element_type=\"column\" data-settings=\"{&quot;background_background&quot;:&quot;classic&quot;}\">\n\t\t\t<div class=\"elementor-widget-wrap elementor-element-populated\">\n\t\t\t\t\t\t<div class=\"elementor-element elementor-element-04197f8 elementor-widget elementor-widget-heading\" data-id=\"04197f8\" data-element_type=\"widget\" data-widget_type=\"heading.default\">\n\t\t\t\t<div class=\"elementor-widget-container\">\n\t\t\t<h2 class=\"elementor-heading-title elementor-size-default\"><a href=\"https:\/\/ds-barranquilla.org\/de\/intercambio\/\"> Austauschprogramm <\/a><\/h2>\t\t<\/div>\n\t\t\t\t<\/div>\n\t\t\t\t\t<\/div>\n\t\t<\/div>\n\t\t\t\t\t<\/div>\n\t\t<\/section>\n\t\t\t\t<section class=\"elementor-section elementor-inner-section elementor-element elementor-element-85d9b16 elementor-section-boxed elementor-section-height-default elementor-section-height-default\" data-id=\"85d9b16\" data-element_type=\"section\" data-settings=\"{&quot;background_background&quot;:&quot;classic&quot;}\">\n\t\t\t\t\t\t<div class=\"elementor-container elementor-column-gap-default\">\n\t\t\t\t\t<div class=\"elementor-column elementor-col-100 elementor-inner-column elementor-element elementor-element-7759ebe\" data-id=\"7759ebe\" data-element_type=\"column\" data-settings=\"{&quot;background_background&quot;:&quot;classic&quot;}\">\n\t\t\t<div class=\"elementor-widget-wrap elementor-element-populated\">\n\t\t\t\t\t\t<div class=\"elementor-element elementor-element-2cce7db elementor-widget elementor-widget-heading\" data-id=\"2cce7db\" data-element_type=\"widget\" data-widget_type=\"heading.default\">\n\t\t\t\t<div class=\"elementor-widget-container\">\n\t\t\t<h2 class=\"elementor-heading-title elementor-size-default\"><a href=\"https:\/\/ds-barranquilla.org\/de\/studienberatung\/\">Studienberatung<\/a><\/h2>\t\t<\/div>\n\t\t\t\t<\/div>\n\t\t\t\t\t<\/div>\n\t\t<\/div>\n\t\t\t\t\t<\/div>\n\t\t<\/section>\n\t\t\t\t<section class=\"elementor-section elementor-inner-section elementor-element elementor-element-b5d2abd elementor-section-boxed elementor-section-height-default elementor-section-height-default\" data-id=\"b5d2abd\" data-element_type=\"section\" data-settings=\"{&quot;background_background&quot;:&quot;classic&quot;}\">\n\t\t\t\t\t\t<div class=\"elementor-container elementor-column-gap-default\">\n\t\t\t\t\t<div class=\"elementor-column elementor-col-100 elementor-inner-column elementor-element elementor-element-318a715\" data-id=\"318a715\" data-element_type=\"column\" data-settings=\"{&quot;background_background&quot;:&quot;classic&quot;}\">\n\t\t\t<div class=\"elementor-widget-wrap elementor-element-populated\">\n\t\t\t\t\t\t<div class=\"elementor-element elementor-element-994d063 elementor-widget elementor-widget-heading\" data-id=\"994d063\" data-element_type=\"widget\" data-widget_type=\"heading.default\">\n\t\t\t\t<div class=\"elementor-widget-container\">\n\t\t\t<h2 class=\"elementor-heading-title elementor-size-default\"><a href=\"https:\/\/ds-barranquilla.org\/de\/sommercamp\/\">Sommercamp<\/a><\/h2>\t\t<\/div>\n\t\t\t\t<\/div>\n\t\t\t\t\t<\/div>\n\t\t<\/div>\n\t\t\t\t\t<\/div>\n\t\t<\/section>\n\t\t\t\t<section class=\"elementor-section elementor-inner-section elementor-element elementor-element-f3d4bef elementor-section-boxed elementor-section-height-default elementor-section-height-default\" data-id=\"f3d4bef\" data-element_type=\"section\" data-settings=\"{&quot;background_background&quot;:&quot;classic&quot;}\">\n\t\t\t\t\t\t<div class=\"elementor-container elementor-column-gap-default\">\n\t\t\t\t\t<div class=\"elementor-column elementor-col-100 elementor-inner-column elementor-element elementor-element-1ea0c5b\" data-id=\"1ea0c5b\" data-element_type=\"column\" data-settings=\"{&quot;background_background&quot;:&quot;classic&quot;}\">\n\t\t\t<div class=\"elementor-widget-wrap elementor-element-populated\">\n\t\t\t\t\t\t<div class=\"elementor-element elementor-element-b3a29ab elementor-widget elementor-widget-heading\" data-id=\"b3a29ab\" data-element_type=\"widget\" data-widget_type=\"heading.default\">\n\t\t\t\t<div class=\"elementor-widget-container\">\n\t\t\t<h2 class=\"elementor-heading-title elementor-size-default\"><a href=\"https:\/\/ds-barranquilla.org\/de\/practicas-universitarias\/\">Universit\u00e4re Praktika<\/a><\/h2>\t\t<\/div>\n\t\t\t\t<\/div>\n\t\t\t\t\t<\/div>\n\t\t<\/div>\n\t\t\t\t\t<\/div>\n\t\t<\/section>\n\t\t\t\t<div class=\"elementor-element elementor-element-83ba025 elementor-widget elementor-widget-text-editor\" data-id=\"83ba025\" data-element_type=\"widget\" data-widget_type=\"text-editor.default\">\n\t\t\t\t<div class=\"elementor-widget-container\">\n\t\t\t<style>\/*! elementor - v3.23.0 - 05-08-2024 *\/\n.elementor-widget-text-editor.elementor-drop-cap-view-stacked .elementor-drop-cap{background-color:#69727d;color:#fff}.elementor-widget-text-editor.elementor-drop-cap-view-framed .elementor-drop-cap{color:#69727d;border:3px solid;background-color:transparent}.elementor-widget-text-editor:not(.elementor-drop-cap-view-default) .elementor-drop-cap{margin-top:8px}.elementor-widget-text-editor:not(.elementor-drop-cap-view-default) .elementor-drop-cap-letter{width:1em;height:1em}.elementor-widget-text-editor .elementor-drop-cap{float:left;text-align:center;line-height:1;font-size:50px}.elementor-widget-text-editor .elementor-drop-cap-letter{display:inline-block}<\/style>\t\t\t\t<p>Neuigkeiten<\/p>\t\t\t\t\t\t<\/div>\n\t\t\t\t<\/div>\n\t\t\t\t<div class=\"elementor-element elementor-element-a78d6f2 elementor-widget elementor-widget-qi_addons_for_elementor_blog_slider\" data-id=\"a78d6f2\" data-element_type=\"widget\" data-widget_type=\"qi_addons_for_elementor_blog_slider.default\">\n\t\t\t\t<div class=\"elementor-widget-container\">\n\t\t\t<div class=\"qodef-shortcode qodef-m  qodef-addons-blog-slider qodef-item-layout--date-boxed qodef-info-no-icons  qodef-image--hover-zoom  qodef-qi-grid qodef-qi-swiper-container qodef-item-layout--date-boxed\" data-options=\"{&quot;direction&quot;:&quot;horizontal&quot;,&quot;slidesPerView&quot;:&quot;1&quot;,&quot;spaceBetween&quot;:30,&quot;spaceBetweenTablet&quot;:30,&quot;spaceBetweenMobile&quot;:30,&quot;effect&quot;:&quot;&quot;,&quot;loop&quot;:false,&quot;autoplay&quot;:true,&quot;centeredSlides&quot;:false,&quot;speed&quot;:&quot;&quot;,&quot;speedAnimation&quot;:&quot;&quot;,&quot;outsideNavigation&quot;:&quot;no&quot;,&quot;outsidePagination&quot;:&quot;no&quot;,&quot;unique&quot;:&quot;1&quot;,&quot;partialValue&quot;:0,&quot;disablePartialValue&quot;:&quot;&quot;,&quot;parallax&quot;:&quot;no&quot;}\">\n\t<div class=\"swiper-wrapper\">\n\t\t<article class=\"qodef-e qodef-blog-item swiper-slide qodef-item--full post-28701 post type-post status-publish format-standard has-post-thumbnail hentry category-735 category-area-de-aleman category-otras-noticias category-sin-categorizar tag-bilinguismo tag-deutschlandwoche tag-dia-de-la-reunificacion-alemana tag-formacion-en-valores tag-historia-de-alemania tag-reunificacion-alemana tag-semana-de-alemania tag-unidad-y-libertad tag-valores-alemanes tag-colegio-aleman-de-barranquilla tag-cultura-alemana tag-educacion-bicultural tag-educacion-internacional\">\n\t<div class=\"qodef-e-inner\">\n\t\t<div class=\"qodef-e-media-holder\">\n\t\t\t<div class=\"qodef-e-media\">\n\t\t<div class=\"qodef-e-media-image\">\n\t\t<a itemprop=\"url\" href=\"https:\/\/ds-barranquilla.org\/de\/octubre-un-mes-para-celebrar-la-unidad-y-la-biculturalidad-en-el-colegio-aleman-de-barranquilla\/\">\n\t\t\t<img fetchpriority=\"high\" decoding=\"async\" width=\"2555\" height=\"1937\" src=\"https:\/\/ds-barranquilla.org\/wp-content\/uploads\/2025\/10\/DSC03676-scaled-e1759762119186.jpg\" class=\"attachment-full size-full\" alt=\"\" srcset=\"https:\/\/ds-barranquilla.org\/wp-content\/uploads\/2025\/10\/DSC03676-scaled-e1759762119186.jpg 2555w, https:\/\/ds-barranquilla.org\/wp-content\/uploads\/2025\/10\/DSC03676-scaled-e1759762119186-300x227.jpg 300w, https:\/\/ds-barranquilla.org\/wp-content\/uploads\/2025\/10\/DSC03676-scaled-e1759762119186-1024x776.jpg 1024w, https:\/\/ds-barranquilla.org\/wp-content\/uploads\/2025\/10\/DSC03676-scaled-e1759762119186-768x582.jpg 768w, https:\/\/ds-barranquilla.org\/wp-content\/uploads\/2025\/10\/DSC03676-scaled-e1759762119186-1536x1164.jpg 1536w, https:\/\/ds-barranquilla.org\/wp-content\/uploads\/2025\/10\/DSC03676-scaled-e1759762119186-2048x1553.jpg 2048w, https:\/\/ds-barranquilla.org\/wp-content\/uploads\/2025\/10\/DSC03676-scaled-e1759762119186-16x12.jpg 16w, https:\/\/ds-barranquilla.org\/wp-content\/uploads\/2025\/10\/DSC03676-scaled-e1759762119186-99x75.jpg 99w, https:\/\/ds-barranquilla.org\/wp-content\/uploads\/2025\/10\/DSC03676-scaled-e1759762119186-480x364.jpg 480w\" sizes=\"(max-width:767px) 480px, (max-width:2555px) 100vw, 2555px\" \/>\t\t<\/a>\n\t\t\t<\/div>\n<\/div>\n\t\t<\/div>\n\t\t<div class=\"qodef-e-content\">\n\t\t\t\t\t\t<div class=\"qodef-e-text\">\n\t\t\t\t<p itemprop=\"name\" class=\"qodef-e-title entry-title\">\n\t<a itemprop=\"url\" class=\"qodef-e-title-link\" href=\"https:\/\/ds-barranquilla.org\/de\/octubre-un-mes-para-celebrar-la-unidad-y-la-biculturalidad-en-el-colegio-aleman-de-barranquilla\/\">\n\t\tOctubre, un mes para celebrar la unidad y la biculturalidad en el Colegio Alem\u00e1n de Barranquilla\t<\/a>\n<\/p>\n\t\t\t<\/div>\n\t\t\t\t\t<\/div>\n\t<\/div>\n<\/article>\n<article class=\"qodef-e qodef-blog-item swiper-slide qodef-item--full post-28667 post type-post status-publish format-standard has-post-thumbnail hentry category-735 category-area-de-individuos-y-sociedades category-consejo-estudiantil category-sin-categorizar tag-consejo-estudiantil tag-democracia-escolar tag-educacion tag-elecciones-estudiantiles tag-estudiantes tag-formacion-ciudadana tag-participacion-democratica tag-demokratieprojekt tag-liderazgo-estudiantil tag-colegio-aleman-de-barranquilla\">\n\t<div class=\"qodef-e-inner\">\n\t\t<div class=\"qodef-e-media-holder\">\n\t\t\t<div class=\"qodef-e-media\">\n\t\t<div class=\"qodef-e-media-image\">\n\t\t<a itemprop=\"url\" href=\"https:\/\/ds-barranquilla.org\/de\/liderazgo-estudiantil-en-accion-elegidos-los-representantes-del-demokratieprojekt-20252026-en-el-colegio-aleman-de-barranquilla\/\">\n\t\t\t<img decoding=\"async\" width=\"2560\" height=\"1064\" src=\"https:\/\/ds-barranquilla.org\/wp-content\/uploads\/2025\/09\/DSC02543-scaled.jpg\" class=\"attachment-full size-full\" alt=\"\" srcset=\"https:\/\/ds-barranquilla.org\/wp-content\/uploads\/2025\/09\/DSC02543-scaled.jpg 2560w, https:\/\/ds-barranquilla.org\/wp-content\/uploads\/2025\/09\/DSC02543-300x125.jpg 300w, https:\/\/ds-barranquilla.org\/wp-content\/uploads\/2025\/09\/DSC02543-1024x426.jpg 1024w, https:\/\/ds-barranquilla.org\/wp-content\/uploads\/2025\/09\/DSC02543-768x319.jpg 768w, https:\/\/ds-barranquilla.org\/wp-content\/uploads\/2025\/09\/DSC02543-1536x638.jpg 1536w, https:\/\/ds-barranquilla.org\/wp-content\/uploads\/2025\/09\/DSC02543-2048x851.jpg 2048w, https:\/\/ds-barranquilla.org\/wp-content\/uploads\/2025\/09\/DSC02543-18x7.jpg 18w, https:\/\/ds-barranquilla.org\/wp-content\/uploads\/2025\/09\/DSC02543-150x62.jpg 150w, https:\/\/ds-barranquilla.org\/wp-content\/uploads\/2025\/09\/DSC02543-480x199.jpg 480w\" sizes=\"(max-width:767px) 480px, (max-width:2560px) 100vw, 2560px\" \/>\t\t<\/a>\n\t\t\t<\/div>\n<\/div>\n\t\t<\/div>\n\t\t<div class=\"qodef-e-content\">\n\t\t\t\t\t\t<div class=\"qodef-e-text\">\n\t\t\t\t<p itemprop=\"name\" class=\"qodef-e-title entry-title\">\n\t<a itemprop=\"url\" class=\"qodef-e-title-link\" href=\"https:\/\/ds-barranquilla.org\/de\/liderazgo-estudiantil-en-accion-elegidos-los-representantes-del-demokratieprojekt-20252026-en-el-colegio-aleman-de-barranquilla\/\">\n\t\tLiderazgo estudiantil en acci\u00f3n: elegidos los representantes del Demokratieprojekt 2025\u20132026 en el Colegio Alem\u00e1n de Barranquilla\t<\/a>\n<\/p>\n\t\t\t<\/div>\n\t\t\t\t\t<\/div>\n\t<\/div>\n<\/article>\n<article class=\"qodef-e qodef-blog-item swiper-slide qodef-item--full post-28572 post type-post status-publish format-standard has-post-thumbnail hentry category-735 category-area-de-individuos-y-sociedades tag-colegio-aleman-barranquilla tag-cultura-democratica tag-demokratieprojekt tag-elecciones-escolares tag-gobierno-escolar tag-k4-a-k12 tag-liderazgo-estudiantil tag-participacion-estudiantil tag-personeria-estudiantil tag-proyecto-de-democracia\">\n\t<div class=\"qodef-e-inner\">\n\t\t<div class=\"qodef-e-media-holder\">\n\t\t\t<div class=\"qodef-e-media\">\n\t\t<div class=\"qodef-e-media-image\">\n\t\t<a itemprop=\"url\" href=\"https:\/\/ds-barranquilla.org\/de\/colegio-aleman-de-barranquilla-fortalece-la-participacion-estudiantil-en-el-marco-del-demokratieprojekt\/\">\n\t\t\t<img decoding=\"async\" width=\"2265\" height=\"1263\" src=\"https:\/\/ds-barranquilla.org\/wp-content\/uploads\/2025\/09\/IMG_5590-scaled-e1758030754302.jpg\" class=\"attachment-full size-full\" alt=\"\" srcset=\"https:\/\/ds-barranquilla.org\/wp-content\/uploads\/2025\/09\/IMG_5590-scaled-e1758030754302.jpg 2265w, https:\/\/ds-barranquilla.org\/wp-content\/uploads\/2025\/09\/IMG_5590-scaled-e1758030754302-300x167.jpg 300w, https:\/\/ds-barranquilla.org\/wp-content\/uploads\/2025\/09\/IMG_5590-scaled-e1758030754302-1024x571.jpg 1024w, https:\/\/ds-barranquilla.org\/wp-content\/uploads\/2025\/09\/IMG_5590-scaled-e1758030754302-768x428.jpg 768w, https:\/\/ds-barranquilla.org\/wp-content\/uploads\/2025\/09\/IMG_5590-scaled-e1758030754302-1536x856.jpg 1536w, https:\/\/ds-barranquilla.org\/wp-content\/uploads\/2025\/09\/IMG_5590-scaled-e1758030754302-2048x1142.jpg 2048w, https:\/\/ds-barranquilla.org\/wp-content\/uploads\/2025\/09\/IMG_5590-scaled-e1758030754302-18x10.jpg 18w, https:\/\/ds-barranquilla.org\/wp-content\/uploads\/2025\/09\/IMG_5590-scaled-e1758030754302-135x75.jpg 135w, https:\/\/ds-barranquilla.org\/wp-content\/uploads\/2025\/09\/IMG_5590-scaled-e1758030754302-480x268.jpg 480w\" sizes=\"(max-width:767px) 480px, (max-width:2265px) 100vw, 2265px\" \/>\t\t<\/a>\n\t\t\t<\/div>\n<\/div>\n\t\t<\/div>\n\t\t<div class=\"qodef-e-content\">\n\t\t\t\t\t\t<div class=\"qodef-e-text\">\n\t\t\t\t<p itemprop=\"name\" class=\"qodef-e-title entry-title\">\n\t<a itemprop=\"url\" class=\"qodef-e-title-link\" href=\"https:\/\/ds-barranquilla.org\/de\/colegio-aleman-de-barranquilla-fortalece-la-participacion-estudiantil-en-el-marco-del-demokratieprojekt\/\">\n\t\tEn el marco del Demokratieprojekt, Colegio Alem\u00e1n de Barranquilla fortalece la participaci\u00f3n estudiantil\t<\/a>\n<\/p>\n\t\t\t<\/div>\n\t\t\t\t\t<\/div>\n\t<\/div>\n<\/article>\n<article class=\"qodef-e qodef-blog-item swiper-slide qodef-item--full post-28529 post type-post status-publish format-standard has-post-thumbnail hentry category-735 category-area-de-aleman category-sin-categorizar tag-bachillerato-internacional-ib tag-colegio-aleman-barranquilla tag-competencias-internacionales tag-debate-en-aleman tag-jugend-debattiert-2025 tag-mariana-gonzalez tag-pensamiento-critico tag-sofia-alvarado tag-educacion-de-calidad tag-estudiantes-destacados\">\n\t<div class=\"qodef-e-inner\">\n\t\t<div class=\"qodef-e-media-holder\">\n\t\t\t<div class=\"qodef-e-media\">\n\t\t<div class=\"qodef-e-media-image\">\n\t\t<a itemprop=\"url\" href=\"https:\/\/ds-barranquilla.org\/de\/estudiantes-del-colegio-aleman-de-barranquilla-en-los-primeros-lugares-del-jugend-debattiert-colombia-2025\/\">\n\t\t\t<img loading=\"lazy\" decoding=\"async\" width=\"799\" height=\"492\" src=\"https:\/\/ds-barranquilla.org\/wp-content\/uploads\/2025\/09\/image-1.png\" class=\"attachment-full size-full\" alt=\"\" srcset=\"https:\/\/ds-barranquilla.org\/wp-content\/uploads\/2025\/09\/image-1.png 799w, https:\/\/ds-barranquilla.org\/wp-content\/uploads\/2025\/09\/image-1-300x185.png 300w, https:\/\/ds-barranquilla.org\/wp-content\/uploads\/2025\/09\/image-1-768x473.png 768w, https:\/\/ds-barranquilla.org\/wp-content\/uploads\/2025\/09\/image-1-18x12.png 18w, https:\/\/ds-barranquilla.org\/wp-content\/uploads\/2025\/09\/image-1-122x75.png 122w, https:\/\/ds-barranquilla.org\/wp-content\/uploads\/2025\/09\/image-1-480x296.png 480w\" sizes=\"(max-width:767px) 480px, (max-width:799px) 100vw, 799px\" \/>\t\t<\/a>\n\t\t\t<\/div>\n<\/div>\n\t\t<\/div>\n\t\t<div class=\"qodef-e-content\">\n\t\t\t\t\t\t<div class=\"qodef-e-text\">\n\t\t\t\t<p itemprop=\"name\" class=\"qodef-e-title entry-title\">\n\t<a itemprop=\"url\" class=\"qodef-e-title-link\" href=\"https:\/\/ds-barranquilla.org\/de\/estudiantes-del-colegio-aleman-de-barranquilla-en-los-primeros-lugares-del-jugend-debattiert-colombia-2025\/\">\n\t\tEstudiantes del Colegio Alem\u00e1n de Barranquilla, en los primeros lugares del Jugend debattiert Colombia 2025\t<\/a>\n<\/p>\n\t\t\t<\/div>\n\t\t\t\t\t<\/div>\n\t<\/div>\n<\/article>\n<article class=\"qodef-e qodef-blog-item swiper-slide qodef-item--full post-28492 post type-post status-publish format-standard has-post-thumbnail hentry category-735 category-otras-noticias category-sin-categorizar tag-abikosmos tag-ano-escolar-2025-2026 tag-bachillerato-internacional tag-biculturalidad tag-ciudadania-global tag-colegio-aleman-de-barranquilla tag-comunidad-educativa tag-cultura-alemana tag-educacion-internacional tag-elternabende tag-familias-y-colegio tag-formacion-integral tag-ib tag-identidad-bicultural tag-induccion-de-estudiantes tag-inicio-de-ano-escolar tag-kindergarten tag-klasse-1 tag-klasse-11 tag-klasse-12 tag-nuevos-retos tag-primaria tag-reencuentros-escolares tag-schultute tag-tradicion-alemana tag-valores-educativos\">\n\t<div class=\"qodef-e-inner\">\n\t\t<div class=\"qodef-e-media-holder\">\n\t\t\t<div class=\"qodef-e-media\">\n\t\t<div class=\"qodef-e-media-image\">\n\t\t<a itemprop=\"url\" href=\"https:\/\/ds-barranquilla.org\/de\/un-inicio-de-ano-escolar-lleno-de-tradicion-alegria-y-nuevos-retos\/\">\n\t\t\t<img loading=\"lazy\" decoding=\"async\" width=\"2560\" height=\"2076\" src=\"https:\/\/ds-barranquilla.org\/wp-content\/uploads\/2025\/09\/DSC06887-1-scaled.jpg\" class=\"attachment-full size-full\" alt=\"\" srcset=\"https:\/\/ds-barranquilla.org\/wp-content\/uploads\/2025\/09\/DSC06887-1-scaled.jpg 2560w, https:\/\/ds-barranquilla.org\/wp-content\/uploads\/2025\/09\/DSC06887-1-300x243.jpg 300w, https:\/\/ds-barranquilla.org\/wp-content\/uploads\/2025\/09\/DSC06887-1-1024x831.jpg 1024w, https:\/\/ds-barranquilla.org\/wp-content\/uploads\/2025\/09\/DSC06887-1-768x623.jpg 768w, https:\/\/ds-barranquilla.org\/wp-content\/uploads\/2025\/09\/DSC06887-1-1536x1246.jpg 1536w, https:\/\/ds-barranquilla.org\/wp-content\/uploads\/2025\/09\/DSC06887-1-2048x1661.jpg 2048w, https:\/\/ds-barranquilla.org\/wp-content\/uploads\/2025\/09\/DSC06887-1-15x12.jpg 15w, https:\/\/ds-barranquilla.org\/wp-content\/uploads\/2025\/09\/DSC06887-1-92x75.jpg 92w, https:\/\/ds-barranquilla.org\/wp-content\/uploads\/2025\/09\/DSC06887-1-480x389.jpg 480w\" sizes=\"(max-width:767px) 480px, (max-width:2560px) 100vw, 2560px\" \/>\t\t<\/a>\n\t\t\t<\/div>\n<\/div>\n\t\t<\/div>\n\t\t<div class=\"qodef-e-content\">\n\t\t\t\t\t\t<div class=\"qodef-e-text\">\n\t\t\t\t<p itemprop=\"name\" class=\"qodef-e-title entry-title\">\n\t<a itemprop=\"url\" class=\"qodef-e-title-link\" href=\"https:\/\/ds-barranquilla.org\/de\/un-inicio-de-ano-escolar-lleno-de-tradicion-alegria-y-nuevos-retos\/\">\n\t\tUn inicio de a\u00f1o escolar lleno de tradici\u00f3n, alegr\u00eda y nuevos retos\t<\/a>\n<\/p>\n\t\t\t<\/div>\n\t\t\t\t\t<\/div>\n\t<\/div>\n<\/article>\n<article class=\"qodef-e qodef-blog-item swiper-slide qodef-item--full post-28450 post type-post status-publish format-standard has-post-thumbnail hentry category-sin-categorizar\">\n\t<div class=\"qodef-e-inner\">\n\t\t<div class=\"qodef-e-media-holder\">\n\t\t\t<div class=\"qodef-e-media\">\n\t\t<div class=\"qodef-e-media-image\">\n\t\t<a itemprop=\"url\" href=\"https:\/\/ds-barranquilla.org\/de\/en-el-colegio-aleman-de-barranquilla-listos-para-el-ano-escolar-2025-2026\/\">\n\t\t\t<img loading=\"lazy\" decoding=\"async\" width=\"2560\" height=\"2274\" src=\"https:\/\/ds-barranquilla.org\/wp-content\/uploads\/2025\/08\/DSC06546-scaled.jpg\" class=\"attachment-full size-full\" alt=\"\" srcset=\"https:\/\/ds-barranquilla.org\/wp-content\/uploads\/2025\/08\/DSC06546-scaled.jpg 2560w, https:\/\/ds-barranquilla.org\/wp-content\/uploads\/2025\/08\/DSC06546-300x267.jpg 300w, https:\/\/ds-barranquilla.org\/wp-content\/uploads\/2025\/08\/DSC06546-1024x910.jpg 1024w, https:\/\/ds-barranquilla.org\/wp-content\/uploads\/2025\/08\/DSC06546-768x682.jpg 768w, https:\/\/ds-barranquilla.org\/wp-content\/uploads\/2025\/08\/DSC06546-1536x1365.jpg 1536w, https:\/\/ds-barranquilla.org\/wp-content\/uploads\/2025\/08\/DSC06546-2048x1820.jpg 2048w, https:\/\/ds-barranquilla.org\/wp-content\/uploads\/2025\/08\/DSC06546-14x12.jpg 14w, https:\/\/ds-barranquilla.org\/wp-content\/uploads\/2025\/08\/DSC06546-84x75.jpg 84w, https:\/\/ds-barranquilla.org\/wp-content\/uploads\/2025\/08\/DSC06546-480x426.jpg 480w\" sizes=\"(max-width:767px) 480px, (max-width:2560px) 100vw, 2560px\" \/>\t\t<\/a>\n\t\t\t<\/div>\n<\/div>\n\t\t<\/div>\n\t\t<div class=\"qodef-e-content\">\n\t\t\t\t\t\t<div class=\"qodef-e-text\">\n\t\t\t\t<p itemprop=\"name\" class=\"qodef-e-title entry-title\">\n\t<a itemprop=\"url\" class=\"qodef-e-title-link\" href=\"https:\/\/ds-barranquilla.org\/de\/en-el-colegio-aleman-de-barranquilla-listos-para-el-ano-escolar-2025-2026\/\">\n\t\tEn el Colegio Alem\u00e1n de Barranquilla, \u00a1listos para el a\u00f1o escolar 2025-2026!\t<\/a>\n<\/p>\n\t\t\t<\/div>\n\t\t\t\t\t<\/div>\n\t<\/div>\n<\/article>\n<article class=\"qodef-e qodef-blog-item swiper-slide qodef-item--full post-28423 post type-post status-publish format-standard has-post-thumbnail hentry category-735 category-area-de-matematicas-y-fisica category-sin-categorizar tag-colegio-aleman-barranquilla-olimpiada-internacional-de-matematicas-2025 tag-estudiantes-colombianos-destacados-en-la-imo-2025 tag-ganadores-olimpiadas-matematicas-colegio-aleman tag-resultados-olimpiada-internacional-de-matematicas-australia-2025 tag-colegio-aleman-de-barranquilla tag-educacion-de-calidad tag-estudiantes-destacados tag-logros-academicos tag-olimpiada-internacional-de-matematicas-2025 tag-olimpiada-matematica-centroamericana-y-del-caribe tag-olimpiadas-colombianas-de-matematicas tag-olimpiadas-matematicas-universidad-del-norte tag-orgullo-escolar tag-talento-matematico\">\n\t<div class=\"qodef-e-inner\">\n\t\t<div class=\"qodef-e-media-holder\">\n\t\t\t<div class=\"qodef-e-media\">\n\t\t<div class=\"qodef-e-media-image\">\n\t\t<a itemprop=\"url\" href=\"https:\/\/ds-barranquilla.org\/de\/estudiantes-del-colegio-aleman-brillan-en-la-olimpiada-internacional-de-matematicas-2025\/\">\n\t\t\t<img loading=\"lazy\" decoding=\"async\" width=\"880\" height=\"853\" src=\"https:\/\/ds-barranquilla.org\/wp-content\/uploads\/2025\/07\/Imagen-de-WhatsApp-2025-07-23-a-las-09.53.14_103dc190-1.jpg\" class=\"attachment-full size-full\" alt=\"\" srcset=\"https:\/\/ds-barranquilla.org\/wp-content\/uploads\/2025\/07\/Imagen-de-WhatsApp-2025-07-23-a-las-09.53.14_103dc190-1.jpg 880w, https:\/\/ds-barranquilla.org\/wp-content\/uploads\/2025\/07\/Imagen-de-WhatsApp-2025-07-23-a-las-09.53.14_103dc190-1-300x291.jpg 300w, https:\/\/ds-barranquilla.org\/wp-content\/uploads\/2025\/07\/Imagen-de-WhatsApp-2025-07-23-a-las-09.53.14_103dc190-1-768x744.jpg 768w, https:\/\/ds-barranquilla.org\/wp-content\/uploads\/2025\/07\/Imagen-de-WhatsApp-2025-07-23-a-las-09.53.14_103dc190-1-12x12.jpg 12w, https:\/\/ds-barranquilla.org\/wp-content\/uploads\/2025\/07\/Imagen-de-WhatsApp-2025-07-23-a-las-09.53.14_103dc190-1-77x75.jpg 77w, https:\/\/ds-barranquilla.org\/wp-content\/uploads\/2025\/07\/Imagen-de-WhatsApp-2025-07-23-a-las-09.53.14_103dc190-1-480x465.jpg 480w\" sizes=\"(max-width:767px) 480px, (max-width:880px) 100vw, 880px\" \/>\t\t<\/a>\n\t\t\t<\/div>\n<\/div>\n\t\t<\/div>\n\t\t<div class=\"qodef-e-content\">\n\t\t\t\t\t\t<div class=\"qodef-e-text\">\n\t\t\t\t<p itemprop=\"name\" class=\"qodef-e-title entry-title\">\n\t<a itemprop=\"url\" class=\"qodef-e-title-link\" href=\"https:\/\/ds-barranquilla.org\/de\/estudiantes-del-colegio-aleman-brillan-en-la-olimpiada-internacional-de-matematicas-2025\/\">\n\t\tEstudiantes del Colegio Alem\u00e1n de Barranquilla brillan en la Olimpiada Internacional de Matem\u00e1ticas 2025\t<\/a>\n<\/p>\n\t\t\t<\/div>\n\t\t\t\t\t<\/div>\n\t<\/div>\n<\/article>\n<article class=\"qodef-e qodef-blog-item swiper-slide qodef-item--full post-28343 post type-post status-publish format-standard has-post-thumbnail hentry category-735 category-area-de-aleman tag-beca-daad tag-beca-internacional-para-estudiantes-colombianos tag-cabmun tag-colegio-aleman-de-barranquilla tag-educacion-bicultural tag-egresados-destacados tag-estudios-universitarios-en-alemania tag-formacion-academica-de-excelencia tag-modelo-onu-escolar tag-wirlatam\">\n\t<div class=\"qodef-e-inner\">\n\t\t<div class=\"qodef-e-media-holder\">\n\t\t\t<div class=\"qodef-e-media\">\n\t\t<div class=\"qodef-e-media-image\">\n\t\t<a itemprop=\"url\" href=\"https:\/\/ds-barranquilla.org\/de\/egresada-del-colegio-aleman-de-barranquilla-gana-renombrada-beca-daad-para-estudios-universitarios-en-alemania\/\">\n\t\t\t<img loading=\"lazy\" decoding=\"async\" width=\"2560\" height=\"1639\" src=\"https:\/\/ds-barranquilla.org\/wp-content\/uploads\/2025\/06\/DSC01421-scaled.jpg\" class=\"attachment-full size-full\" alt=\"\" srcset=\"https:\/\/ds-barranquilla.org\/wp-content\/uploads\/2025\/06\/DSC01421-scaled.jpg 2560w, https:\/\/ds-barranquilla.org\/wp-content\/uploads\/2025\/06\/DSC01421-300x192.jpg 300w, https:\/\/ds-barranquilla.org\/wp-content\/uploads\/2025\/06\/DSC01421-1024x655.jpg 1024w, https:\/\/ds-barranquilla.org\/wp-content\/uploads\/2025\/06\/DSC01421-768x492.jpg 768w, https:\/\/ds-barranquilla.org\/wp-content\/uploads\/2025\/06\/DSC01421-1536x983.jpg 1536w, https:\/\/ds-barranquilla.org\/wp-content\/uploads\/2025\/06\/DSC01421-2048x1311.jpg 2048w, https:\/\/ds-barranquilla.org\/wp-content\/uploads\/2025\/06\/DSC01421-18x12.jpg 18w, https:\/\/ds-barranquilla.org\/wp-content\/uploads\/2025\/06\/DSC01421-117x75.jpg 117w, https:\/\/ds-barranquilla.org\/wp-content\/uploads\/2025\/06\/DSC01421-480x307.jpg 480w\" sizes=\"(max-width:767px) 480px, (max-width:2560px) 100vw, 2560px\" \/>\t\t<\/a>\n\t\t\t<\/div>\n<\/div>\n\t\t<\/div>\n\t\t<div class=\"qodef-e-content\">\n\t\t\t\t\t\t<div class=\"qodef-e-text\">\n\t\t\t\t<p itemprop=\"name\" class=\"qodef-e-title entry-title\">\n\t<a itemprop=\"url\" class=\"qodef-e-title-link\" href=\"https:\/\/ds-barranquilla.org\/de\/egresada-del-colegio-aleman-de-barranquilla-gana-renombrada-beca-daad-para-estudios-universitarios-en-alemania\/\">\n\t\tEgresada del Colegio Alem\u00e1n de Barranquilla gana Beca DAAD para estudios universitarios en Alemania\t<\/a>\n<\/p>\n\t\t\t<\/div>\n\t\t\t\t\t<\/div>\n\t<\/div>\n<\/article>\n<article class=\"qodef-e qodef-blog-item swiper-slide qodef-item--full post-28236 post type-post status-publish format-standard has-post-thumbnail hentry category-735 category-primaria category-sin-categorizar\">\n\t<div class=\"qodef-e-inner\">\n\t\t<div class=\"qodef-e-media-holder\">\n\t\t\t<div class=\"qodef-e-media\">\n\t\t<div class=\"qodef-e-media-image\">\n\t\t<a itemprop=\"url\" href=\"https:\/\/ds-barranquilla.org\/de\/ivan-donofrio-43-anos-de-ensenanza-y-legado-en-el-colegio-aleman-de-barranquilla\/\">\n\t\t\t<img loading=\"lazy\" decoding=\"async\" width=\"2560\" height=\"1709\" src=\"https:\/\/ds-barranquilla.org\/wp-content\/uploads\/2025\/05\/1-scaled.jpg\" class=\"attachment-full size-full\" alt=\"\" srcset=\"https:\/\/ds-barranquilla.org\/wp-content\/uploads\/2025\/05\/1-scaled.jpg 2560w, https:\/\/ds-barranquilla.org\/wp-content\/uploads\/2025\/05\/1-300x200.jpg 300w, https:\/\/ds-barranquilla.org\/wp-content\/uploads\/2025\/05\/1-1024x684.jpg 1024w, https:\/\/ds-barranquilla.org\/wp-content\/uploads\/2025\/05\/1-768x513.jpg 768w, https:\/\/ds-barranquilla.org\/wp-content\/uploads\/2025\/05\/1-391x260.jpg 391w, https:\/\/ds-barranquilla.org\/wp-content\/uploads\/2025\/05\/1-1536x1025.jpg 1536w, https:\/\/ds-barranquilla.org\/wp-content\/uploads\/2025\/05\/1-2048x1367.jpg 2048w, https:\/\/ds-barranquilla.org\/wp-content\/uploads\/2025\/05\/1-18x12.jpg 18w, https:\/\/ds-barranquilla.org\/wp-content\/uploads\/2025\/05\/1-112x75.jpg 112w, https:\/\/ds-barranquilla.org\/wp-content\/uploads\/2025\/05\/1-480x320.jpg 480w\" sizes=\"(max-width:767px) 480px, (max-width:2560px) 100vw, 2560px\" \/>\t\t<\/a>\n\t\t\t<\/div>\n<\/div>\n\t\t<\/div>\n\t\t<div class=\"qodef-e-content\">\n\t\t\t\t\t\t<div class=\"qodef-e-text\">\n\t\t\t\t<p itemprop=\"name\" class=\"qodef-e-title entry-title\">\n\t<a itemprop=\"url\" class=\"qodef-e-title-link\" href=\"https:\/\/ds-barranquilla.org\/de\/ivan-donofrio-43-anos-de-ensenanza-y-legado-en-el-colegio-aleman-de-barranquilla\/\">\n\t\tIv\u00e1n D&#8217;Onofrio: 43 a\u00f1os de ense\u00f1anza y legado en el Colegio Alem\u00e1n de Barranquilla\t<\/a>\n<\/p>\n\t\t\t<\/div>\n\t\t\t\t\t<\/div>\n\t<\/div>\n<\/article>\n\t<\/div>\n\t<\/div>\n\t\t<\/div>\n\t\t\t\t<\/div>\n\t\t\t\t\t<\/div>\n\t\t<\/div>\n\t\t\t\t<div class=\"elementor-column elementor-col-50 elementor-top-column elementor-element elementor-element-dbc2a47\" data-id=\"dbc2a47\" data-element_type=\"column\">\n\t\t\t<div class=\"elementor-widget-wrap elementor-element-populated\">\n\t\t\t\t\t\t<div class=\"elementor-element elementor-element-92f4b5d elementor-widget elementor-widget-heading\" data-id=\"92f4b5d\" data-element_type=\"widget\" data-widget_type=\"heading.default\">\n\t\t\t\t<div class=\"elementor-widget-container\">\n\t\t\t<h2 class=\"elementor-heading-title elementor-size-default\">Schulpsychologische Beratung<\/h2>\t\t<\/div>\n\t\t\t\t<\/div>\n\t\t\t\t<div class=\"elementor-element elementor-element-e1adee7 elementor-widget elementor-widget-text-editor\" data-id=\"e1adee7\" data-element_type=\"widget\" data-widget_type=\"text-editor.default\">\n\t\t\t\t<div class=\"elementor-widget-container\">\n\t\t\t\t\t\t\t<p>El Departamento de Orientaci\u00f3n Psicoeducativa se cre\u00f3 para propender por la formaci\u00f3n integral de nuestros estudiantes, brind\u00e1ndoles orientaci\u00f3n y acompa\u00f1amiento para que puedan conjugar sus capacidades, aptitudes, habilidades, actitudes y h\u00e1bitos para alcanzar la excelencia, superando los retos de nuestro Proyecto Educativo Institucional (PEI). Se encuentra agrupado en torno a tres diferentes \u00e1reas funcionales:\u00a0<\/p>\t\t\t\t\t\t<\/div>\n\t\t\t\t<\/div>\n\t\t\t\t<div class=\"elementor-element elementor-element-033407e elementor-widget elementor-widget-image\" data-id=\"033407e\" data-element_type=\"widget\" data-widget_type=\"image.default\">\n\t\t\t\t<div class=\"elementor-widget-container\">\n\t\t\t<style>\/*! elementor - v3.23.0 - 05-08-2024 *\/\n.elementor-widget-image{text-align:center}.elementor-widget-image a{display:inline-block}.elementor-widget-image a img[src$=\".svg\"]{width:48px}.elementor-widget-image img{vertical-align:middle;display:inline-block}<\/style>\t\t\t\t\t\t\t\t\t\t<img loading=\"lazy\" decoding=\"async\" width=\"1024\" height=\"609\" src=\"https:\/\/ds-barranquilla.org\/wp-content\/uploads\/2022\/11\/Psicologas-institucional-agosto-2022-04-1024x609.png\" class=\"attachment-large size-large wp-image-19406\" alt=\"\" srcset=\"https:\/\/ds-barranquilla.org\/wp-content\/uploads\/2022\/11\/Psicologas-institucional-agosto-2022-04-1024x609.png 1024w, https:\/\/ds-barranquilla.org\/wp-content\/uploads\/2022\/11\/Psicologas-institucional-agosto-2022-04-300x178.png 300w, https:\/\/ds-barranquilla.org\/wp-content\/uploads\/2022\/11\/Psicologas-institucional-agosto-2022-04-768x457.png 768w, https:\/\/ds-barranquilla.org\/wp-content\/uploads\/2022\/11\/Psicologas-institucional-agosto-2022-04-1536x913.png 1536w, https:\/\/ds-barranquilla.org\/wp-content\/uploads\/2022\/11\/Psicologas-institucional-agosto-2022-04-2048x1218.png 2048w, https:\/\/ds-barranquilla.org\/wp-content\/uploads\/2022\/11\/Psicologas-institucional-agosto-2022-04-18x12.png 18w, https:\/\/ds-barranquilla.org\/wp-content\/uploads\/2022\/11\/Psicologas-institucional-agosto-2022-04-246x146.png 246w, https:\/\/ds-barranquilla.org\/wp-content\/uploads\/2022\/11\/Psicologas-institucional-agosto-2022-04-50x30.png 50w, https:\/\/ds-barranquilla.org\/wp-content\/uploads\/2022\/11\/Psicologas-institucional-agosto-2022-04-126x75.png 126w, https:\/\/ds-barranquilla.org\/wp-content\/uploads\/2022\/11\/Psicologas-institucional-agosto-2022-04-800x476.png 800w\" sizes=\"(max-width:767px) 480px, (max-width:1024px) 100vw, 1024px\" \/>\t\t\t\t\t\t\t\t\t\t\t\t\t<\/div>\n\t\t\t\t<\/div>\n\t\t\t\t<div class=\"elementor-element elementor-element-d0f4240 elementor-widget elementor-widget-text-editor\" data-id=\"d0f4240\" data-element_type=\"widget\" data-widget_type=\"text-editor.default\">\n\t\t\t\t<div class=\"elementor-widget-container\">\n\t\t\t\t\t\t\t<p class=\"x_MsoNormal\"><span style=\"color: #cc3524;\"><b><span class=\"x_ContentPasted0\">Schulpsychologie<\/span><\/b>\u00a0<\/span><\/p><p class=\"x_MsoNormal\"><span class=\"x_ContentPasted0\">Proporciona apoyo en el desarrollo del ser humano en sus dimensiones socioafectiva, psicomotora, cognitiva, comunicativa y est\u00e9tica a trav\u00e9s de reflexiones y acciones que les permitan a nuestros estudiantes la estructuraci\u00f3n de un proyecto de vida en medio de un ambiente bicultural y de sana convivencia. As\u00ed mismo, los guiamos en la elecci\u00f3n de su carrera profesional con diversas actividades como visitas de universidades colombianas a nuestra instituci\u00f3n y pr\u00e1cticas en importantes empresas.\u00a0<br \/><br \/><\/span><\/p><p class=\"x_MsoNormal\"><span style=\"color: #cc3524;\"><b><span class=\"x_ContentPasted0\">Lern- und Sprachf\u00f6rderung<\/span><\/b>\u00a0<\/span><\/p><p class=\"x_MsoNormal\"><span class=\"x_ContentPasted0\">Se encarga de abordar, detectar y estimular tres ejes que debemos fortalecer en nuestros estudiantes que son la comunicaci\u00f3n, las habilidades de pensamiento y la lectorescritura. La modalidad de trabajo se basa en el precepto del IB \u201ctodo maestro es maestro de lengua\u201d y en \u00e9sta se implementan estrategias diferenciadas, de forma interdisciplinaria, fortaleciendo las habilidades de la lengua materna, el alem\u00e1n y el ingl\u00e9s.\u00a0<\/span><\/p><p>\u00a0<\/p><p class=\"x_MsoNormal\"><span style=\"color: #cc3524;\"><b><span class=\"x_ContentPasted0\">P\u00e4dagogische Unterst\u00fctzung<\/span><\/b>\u00a0<\/span><\/p><p class=\"x_MsoNormal x_ContentPasted0\">En este aspecto se ha creado un espacio de trabajo llamado \u201c<b class=\"x_ContentPasted0\">F\u00f6rderzentrum Baumhaus<\/b>\u201d con el prop\u00f3sito de apoyar y potencializar los conocimientos y las habilidades en el aprendizaje del alem\u00e1n, el espa\u00f1ol, las matem\u00e1ticas y el aspecto motor en los estudiantes de Primaria y Secundaria, a trav\u00e9s de estrategias diferenciadas en un espacio individualizado. El criterio de participaci\u00f3n es definido por el equipo de Orientaci\u00f3n Psicoeducativa.\u00a0<\/p><p class=\"x_MsoNormal\"><span class=\"x_ContentPasted0\">\u00a0<\/span><\/p>\t\t\t\t\t\t<\/div>\n\t\t\t\t<\/div>\n\t\t\t\t\t<\/div>\n\t\t<\/div>\n\t\t\t\t\t<\/div>\n\t\t<\/section>\n\t\t\t\t<section class=\"elementor-section elementor-top-section elementor-element elementor-element-5bf3e37 elementor-hidden-mobile elementor-section-boxed elementor-section-height-default elementor-section-height-default\" data-id=\"5bf3e37\" data-element_type=\"section\">\n\t\t\t\t\t\t<div class=\"elementor-container elementor-column-gap-default\">\n\t\t\t\t\t<div class=\"elementor-column elementor-col-100 elementor-top-column elementor-element elementor-element-6cdfc30 elementor-hidden-desktop\" data-id=\"6cdfc30\" data-element_type=\"column\">\n\t\t\t<div class=\"elementor-widget-wrap elementor-element-populated\">\n\t\t\t\t\t\t<div class=\"elementor-element elementor-element-58d3eb3 elementor-widget elementor-widget-heading\" data-id=\"58d3eb3\" data-element_type=\"widget\" data-widget_type=\"heading.default\">\n\t\t\t\t<div class=\"elementor-widget-container\">\n\t\t\t<h2 class=\"elementor-heading-title elementor-size-default\">Schulpsychologische Beratung<\/h2>\t\t<\/div>\n\t\t\t\t<\/div>\n\t\t\t\t<div class=\"elementor-element elementor-element-87e5e16 elementor-widget elementor-widget-text-editor\" data-id=\"87e5e16\" data-element_type=\"widget\" data-widget_type=\"text-editor.default\">\n\t\t\t\t<div class=\"elementor-widget-container\">\n\t\t\t\t\t\t\t<p>El Departamento de Orientaci\u00f3n Psicoeducativa se cre\u00f3 para propender por la formaci\u00f3n integral de nuestros estudiantes, brind\u00e1ndoles orientaci\u00f3n y acompa\u00f1amiento para que puedan conjugar sus capacidades, aptitudes, habilidades, actitudes y h\u00e1bitos para alcanzar la excelencia, superando los retos de nuestro Proyecto Educativo Institucional (PEI). Se encuentra agrupado en torno a tres diferentes \u00e1reas funcionales:\u00a0<\/p>\t\t\t\t\t\t<\/div>\n\t\t\t\t<\/div>\n\t\t\t\t<div class=\"elementor-element elementor-element-d9aa3e0 elementor-widget elementor-widget-image\" data-id=\"d9aa3e0\" data-element_type=\"widget\" data-widget_type=\"image.default\">\n\t\t\t\t<div class=\"elementor-widget-container\">\n\t\t\t\t\t\t\t\t\t\t\t\t\t<img loading=\"lazy\" decoding=\"async\" width=\"1024\" height=\"609\" src=\"https:\/\/ds-barranquilla.org\/wp-content\/uploads\/2022\/11\/Psicologas-institucional-agosto-2022-04-1024x609.png\" class=\"attachment-large size-large wp-image-19406\" alt=\"\" srcset=\"https:\/\/ds-barranquilla.org\/wp-content\/uploads\/2022\/11\/Psicologas-institucional-agosto-2022-04-1024x609.png 1024w, https:\/\/ds-barranquilla.org\/wp-content\/uploads\/2022\/11\/Psicologas-institucional-agosto-2022-04-300x178.png 300w, https:\/\/ds-barranquilla.org\/wp-content\/uploads\/2022\/11\/Psicologas-institucional-agosto-2022-04-768x457.png 768w, https:\/\/ds-barranquilla.org\/wp-content\/uploads\/2022\/11\/Psicologas-institucional-agosto-2022-04-1536x913.png 1536w, https:\/\/ds-barranquilla.org\/wp-content\/uploads\/2022\/11\/Psicologas-institucional-agosto-2022-04-2048x1218.png 2048w, https:\/\/ds-barranquilla.org\/wp-content\/uploads\/2022\/11\/Psicologas-institucional-agosto-2022-04-18x12.png 18w, https:\/\/ds-barranquilla.org\/wp-content\/uploads\/2022\/11\/Psicologas-institucional-agosto-2022-04-246x146.png 246w, https:\/\/ds-barranquilla.org\/wp-content\/uploads\/2022\/11\/Psicologas-institucional-agosto-2022-04-50x30.png 50w, https:\/\/ds-barranquilla.org\/wp-content\/uploads\/2022\/11\/Psicologas-institucional-agosto-2022-04-126x75.png 126w, https:\/\/ds-barranquilla.org\/wp-content\/uploads\/2022\/11\/Psicologas-institucional-agosto-2022-04-800x476.png 800w\" sizes=\"(max-width:767px) 480px, (max-width:1024px) 100vw, 1024px\" \/>\t\t\t\t\t\t\t\t\t\t\t\t\t<\/div>\n\t\t\t\t<\/div>\n\t\t\t\t<div class=\"elementor-element elementor-element-bfc261c elementor-widget elementor-widget-text-editor\" data-id=\"bfc261c\" data-element_type=\"widget\" data-widget_type=\"text-editor.default\">\n\t\t\t\t<div class=\"elementor-widget-container\">\n\t\t\t\t\t\t\t<p class=\"x_MsoNormal\"><span style=\"color: #cc3524;\"><b><span class=\"x_ContentPasted0\">Schulpsychologie<\/span><\/b>\u00a0<\/span><\/p><p class=\"x_MsoNormal\"><span class=\"x_ContentPasted0\">Proporciona apoyo en el desarrollo del ser humano en sus dimensiones socioafectiva, psicomotora, cognitiva, comunicativa y est\u00e9tica a trav\u00e9s de reflexiones y acciones que les permitan a nuestros estudiantes la estructuraci\u00f3n de un proyecto de vida en medio de un ambiente bicultural y de sana convivencia. As\u00ed mismo, los guiamos en la elecci\u00f3n de su carrera profesional con diversas actividades como visitas de universidades colombianas a nuestra instituci\u00f3n y pr\u00e1cticas en importantes empresas.\u00a0<br \/><br \/><\/span><\/p><p class=\"x_MsoNormal\"><span style=\"color: #cc3524;\"><b><span class=\"x_ContentPasted0\">Lern- und Sprachf\u00f6rderung<\/span><\/b>\u00a0<\/span><\/p><p class=\"x_MsoNormal\"><span class=\"x_ContentPasted0\">Se encarga de abordar, detectar y estimular tres ejes que debemos fortalecer en nuestros estudiantes que son la comunicaci\u00f3n, las habilidades de pensamiento y la lectorescritura. La modalidad de trabajo se basa en el precepto del IB \u201ctodo maestro es maestro de lengua\u201d y en \u00e9sta se implementan estrategias diferenciadas, de forma interdisciplinaria, fortaleciendo las habilidades de la lengua materna, el alem\u00e1n y el ingl\u00e9s.\u00a0<\/span><\/p><p>\u00a0<\/p><p class=\"x_MsoNormal\"><span style=\"color: #cc3524;\"><b><span class=\"x_ContentPasted0\">P\u00e4dagogische Unterst\u00fctzung<\/span><\/b>\u00a0<\/span><\/p><p class=\"x_MsoNormal x_ContentPasted0\">En este aspecto se ha creado un espacio de trabajo llamado \u201c<b class=\"x_ContentPasted0\">F\u00f6rderzentrum Baumhaus<\/b>\u201d con el prop\u00f3sito de apoyar y potencializar los conocimientos y las habilidades en el aprendizaje del alem\u00e1n, el espa\u00f1ol, las matem\u00e1ticas y el aspecto motor en los estudiantes de Primaria y Secundaria, a trav\u00e9s de estrategias diferenciadas en un espacio individualizado. El criterio de participaci\u00f3n es definido por el equipo de Orientaci\u00f3n Psicoeducativa.\u00a0<\/p><p class=\"x_MsoNormal\"><span class=\"x_ContentPasted0\">\u00a0<\/span><\/p>\t\t\t\t\t\t<\/div>\n\t\t\t\t<\/div>\n\t\t\t\t\t<\/div>\n\t\t<\/div>\n\t\t\t\t\t<\/div>\n\t\t<\/section>\n\t\t\t\t<\/div>","protected":false},"excerpt":{"rendered":"<p>El Departamento de Orientaci\u00f3n Psicoeducativa se cre\u00f3 para el cumplimiento de las metas propuestas en el plan estrat\u00e9gico institucional y para propender por la formaci\u00f3n integral de nuestros estudiantes<\/p>","protected":false},"author":16,"featured_media":16547,"parent":0,"menu_order":0,"comment_status":"closed","ping_status":"closed","template":"elementor_header_footer","meta":{"_exactmetrics_skip_tracking":false,"_exactmetrics_sitenote_active":false,"_exactmetrics_sitenote_note":"","_exactmetrics_sitenote_category":0,"_joinchat":[],"footnotes":""},"class_list":["post-12191","page","type-page","status-publish","has-post-thumbnail","hentry"],"yoast_head":"<!-- This site is optimized with the Yoast SEO plugin v23.3 - https:\/\/yoast.com\/wordpress\/plugins\/seo\/ -->\n<title>Colegio Alem\u00e1n &#8211; Los Mejores Colegios de Colombia &#8211; Colegio Triling\u00fce<\/title>\n<meta name=\"robots\" content=\"noindex, follow, max-snippet:-1, max-image-preview:large, max-video-preview:-1\" \/>\n<meta property=\"og:locale\" content=\"de_DE\" \/>\n<meta property=\"og:type\" content=\"article\" \/>\n<meta property=\"og:description\" content=\"El Departamento de Orientaci\u00f3n Psicoeducativa se cre\u00f3 para el cumplimiento de las metas propuestas en el plan estrat\u00e9gico institucional y para propender por la formaci\u00f3n integral de nuestros estudiantes\" \/>\n<meta property=\"og:url\" content=\"https:\/\/ds-barranquilla.org\/de\/orientacion\/\" \/>\n<meta property=\"og:site_name\" content=\"Colegio Alem\u00e1n - Los Mejores Colegios de Colombia - Colegio Triling\u00fce\" \/>\n<meta property=\"article:publisher\" content=\"https:\/\/www.facebook.com\/ColegioAlemanBaq\/\" \/>\n<meta property=\"article:modified_time\" content=\"2025-05-28T06:29:50+00:00\" \/>\n<meta property=\"og:image\" content=\"https:\/\/ds-barranquilla.org\/wp-content\/uploads\/2022\/07\/colegio2-copia-1024x421-1.jpg\" \/>\n\t<meta property=\"og:image:width\" content=\"1024\" \/>\n\t<meta property=\"og:image:height\" content=\"421\" \/>\n\t<meta property=\"og:image:type\" content=\"image\/jpeg\" \/>\n<meta name=\"twitter:card\" content=\"summary_large_image\" \/>\n<meta name=\"twitter:site\" content=\"@ColegioAlemanBq\" \/>\n<meta name=\"twitter:label1\" content=\"Gesch\u00e4tzte Lesezeit\" \/>\n\t<meta name=\"twitter:data1\" content=\"10\u00a0Minuten\" \/>\n<script type=\"application\/ld+json\" class=\"yoast-schema-graph\">{\"@context\":\"https:\/\/schema.org\",\"@graph\":[{\"@type\":\"WebPage\",\"@id\":\"https:\/\/ds-barranquilla.org\/orientacion\/\",\"url\":\"https:\/\/ds-barranquilla.org\/orientacion\/\",\"name\":\"\",\"isPartOf\":{\"@id\":\"https:\/\/ds-barranquilla.org\/#website\"},\"primaryImageOfPage\":{\"@id\":\"https:\/\/ds-barranquilla.org\/orientacion\/#primaryimage\"},\"image\":{\"@id\":\"https:\/\/ds-barranquilla.org\/orientacion\/#primaryimage\"},\"thumbnailUrl\":\"https:\/\/ds-barranquilla.org\/wp-content\/uploads\/2022\/07\/colegio2-copia-1024x421-1.jpg\",\"datePublished\":\"2022-03-20T13:01:10+00:00\",\"dateModified\":\"2025-05-28T06:29:50+00:00\",\"breadcrumb\":{\"@id\":\"https:\/\/ds-barranquilla.org\/orientacion\/#breadcrumb\"},\"inLanguage\":\"de\",\"potentialAction\":[{\"@type\":\"ReadAction\",\"target\":[\"https:\/\/ds-barranquilla.org\/orientacion\/\"]}]},{\"@type\":\"ImageObject\",\"inLanguage\":\"de\",\"@id\":\"https:\/\/ds-barranquilla.org\/orientacion\/#primaryimage\",\"url\":\"https:\/\/ds-barranquilla.org\/wp-content\/uploads\/2022\/07\/colegio2-copia-1024x421-1.jpg\",\"contentUrl\":\"https:\/\/ds-barranquilla.org\/wp-content\/uploads\/2022\/07\/colegio2-copia-1024x421-1.jpg\",\"width\":1024,\"height\":421},{\"@type\":\"BreadcrumbList\",\"@id\":\"https:\/\/ds-barranquilla.org\/orientacion\/#breadcrumb\",\"itemListElement\":[{\"@type\":\"ListItem\",\"position\":1,\"name\":\"Portada\",\"item\":\"https:\/\/ds-barranquilla.org\/\"},{\"@type\":\"ListItem\",\"position\":2,\"name\":\"Orientaci\u00f3n Psicoeducativa\"}]},{\"@type\":\"WebSite\",\"@id\":\"https:\/\/ds-barranquilla.org\/#website\",\"url\":\"https:\/\/ds-barranquilla.org\/\",\"name\":\"Colegio Alem\u00e1n - Los Mejores Colegios de Colombia - Colegio Triling\u00fce\",\"description\":\"Colegio Alem\u00e1n  Barranquilla Colombia - Colegio Biling\u00fce - Triling\u00fce - El Mejor Colegio de Colombia\",\"publisher\":{\"@id\":\"https:\/\/ds-barranquilla.org\/#organization\"},\"potentialAction\":[{\"@type\":\"SearchAction\",\"target\":{\"@type\":\"EntryPoint\",\"urlTemplate\":\"https:\/\/ds-barranquilla.org\/?s={search_term_string}\"},\"query-input\":\"required name=search_term_string\"}],\"inLanguage\":\"de\"},{\"@type\":\"Organization\",\"@id\":\"https:\/\/ds-barranquilla.org\/#organization\",\"name\":\"Colegio Alem\u00e1n Barranquilla\",\"url\":\"https:\/\/ds-barranquilla.org\/\",\"logo\":{\"@type\":\"ImageObject\",\"inLanguage\":\"de\",\"@id\":\"https:\/\/ds-barranquilla.org\/#\/schema\/logo\/image\/\",\"url\":\"https:\/\/ds-barranquilla.org\/wp-content\/uploads\/2021\/05\/coleman_logo_2.png\",\"contentUrl\":\"https:\/\/ds-barranquilla.org\/wp-content\/uploads\/2021\/05\/coleman_logo_2.png\",\"width\":418,\"height\":307,\"caption\":\"Colegio Alem\u00e1n Barranquilla\"},\"image\":{\"@id\":\"https:\/\/ds-barranquilla.org\/#\/schema\/logo\/image\/\"},\"sameAs\":[\"https:\/\/www.facebook.com\/ColegioAlemanBaq\/\",\"https:\/\/x.com\/ColegioAlemanBq\",\"https:\/\/www.instagram.com\/colegioalemanbaq\/\",\"https:\/\/www.linkedin.com\/school\/deutsche-schule-barranquilla\/\",\"https:\/\/www.youtube.com\/channel\/UCOOGZQCVs6aYRqIWvSN5agQ\"]}]}<\/script>\n<!-- \/ Yoast SEO plugin. -->","yoast_head_json":{"title":"Colegio Alem\u00e1n &#8211; Los Mejores Colegios de Colombia &#8211; Colegio Triling\u00fce","robots":{"index":"noindex","follow":"follow","max-snippet":"max-snippet:-1","max-image-preview":"max-image-preview:large","max-video-preview":"max-video-preview:-1"},"og_locale":"de_DE","og_type":"article","og_description":"El Departamento de Orientaci\u00f3n Psicoeducativa se cre\u00f3 para el cumplimiento de las metas propuestas en el plan estrat\u00e9gico institucional y para propender por la formaci\u00f3n integral de nuestros estudiantes","og_url":"https:\/\/ds-barranquilla.org\/de\/orientacion\/","og_site_name":"Colegio Alem\u00e1n - Los Mejores Colegios de Colombia - Colegio Triling\u00fce","article_publisher":"https:\/\/www.facebook.com\/ColegioAlemanBaq\/","article_modified_time":"2025-05-28T06:29:50+00:00","og_image":[{"width":1024,"height":421,"url":"https:\/\/ds-barranquilla.org\/wp-content\/uploads\/2022\/07\/colegio2-copia-1024x421-1.jpg","type":"image\/jpeg"}],"twitter_card":"summary_large_image","twitter_site":"@ColegioAlemanBq","twitter_misc":{"Gesch\u00e4tzte Lesezeit":"10\u00a0Minuten"},"schema":{"@context":"https:\/\/schema.org","@graph":[{"@type":"WebPage","@id":"https:\/\/ds-barranquilla.org\/orientacion\/","url":"https:\/\/ds-barranquilla.org\/orientacion\/","name":"","isPartOf":{"@id":"https:\/\/ds-barranquilla.org\/#website"},"primaryImageOfPage":{"@id":"https:\/\/ds-barranquilla.org\/orientacion\/#primaryimage"},"image":{"@id":"https:\/\/ds-barranquilla.org\/orientacion\/#primaryimage"},"thumbnailUrl":"https:\/\/ds-barranquilla.org\/wp-content\/uploads\/2022\/07\/colegio2-copia-1024x421-1.jpg","datePublished":"2022-03-20T13:01:10+00:00","dateModified":"2025-05-28T06:29:50+00:00","breadcrumb":{"@id":"https:\/\/ds-barranquilla.org\/orientacion\/#breadcrumb"},"inLanguage":"de","potentialAction":[{"@type":"ReadAction","target":["https:\/\/ds-barranquilla.org\/orientacion\/"]}]},{"@type":"ImageObject","inLanguage":"de","@id":"https:\/\/ds-barranquilla.org\/orientacion\/#primaryimage","url":"https:\/\/ds-barranquilla.org\/wp-content\/uploads\/2022\/07\/colegio2-copia-1024x421-1.jpg","contentUrl":"https:\/\/ds-barranquilla.org\/wp-content\/uploads\/2022\/07\/colegio2-copia-1024x421-1.jpg","width":1024,"height":421},{"@type":"BreadcrumbList","@id":"https:\/\/ds-barranquilla.org\/orientacion\/#breadcrumb","itemListElement":[{"@type":"ListItem","position":1,"name":"Portada","item":"https:\/\/ds-barranquilla.org\/"},{"@type":"ListItem","position":2,"name":"Orientaci\u00f3n Psicoeducativa"}]},{"@type":"WebSite","@id":"https:\/\/ds-barranquilla.org\/#website","url":"https:\/\/ds-barranquilla.org\/","name":"Colegio Alem\u00e1n - Los Mejores Colegios de Colombia - Colegio Triling\u00fce","description":"Colegio Alem\u00e1n  Barranquilla Colombia - Colegio Biling\u00fce - Triling\u00fce - El Mejor Colegio de Colombia","publisher":{"@id":"https:\/\/ds-barranquilla.org\/#organization"},"potentialAction":[{"@type":"SearchAction","target":{"@type":"EntryPoint","urlTemplate":"https:\/\/ds-barranquilla.org\/?s={search_term_string}"},"query-input":"required name=search_term_string"}],"inLanguage":"de"},{"@type":"Organization","@id":"https:\/\/ds-barranquilla.org\/#organization","name":"Colegio Alem\u00e1n Barranquilla","url":"https:\/\/ds-barranquilla.org\/","logo":{"@type":"ImageObject","inLanguage":"de","@id":"https:\/\/ds-barranquilla.org\/#\/schema\/logo\/image\/","url":"https:\/\/ds-barranquilla.org\/wp-content\/uploads\/2021\/05\/coleman_logo_2.png","contentUrl":"https:\/\/ds-barranquilla.org\/wp-content\/uploads\/2021\/05\/coleman_logo_2.png","width":418,"height":307,"caption":"Colegio Alem\u00e1n Barranquilla"},"image":{"@id":"https:\/\/ds-barranquilla.org\/#\/schema\/logo\/image\/"},"sameAs":["https:\/\/www.facebook.com\/ColegioAlemanBaq\/","https:\/\/x.com\/ColegioAlemanBq","https:\/\/www.instagram.com\/colegioalemanbaq\/","https:\/\/www.linkedin.com\/school\/deutsche-schule-barranquilla\/","https:\/\/www.youtube.com\/channel\/UCOOGZQCVs6aYRqIWvSN5agQ"]}]}},"_links":{"self":[{"href":"https:\/\/ds-barranquilla.org\/de\/wp-json\/wp\/v2\/pages\/12191"}],"collection":[{"href":"https:\/\/ds-barranquilla.org\/de\/wp-json\/wp\/v2\/pages"}],"about":[{"href":"https:\/\/ds-barranquilla.org\/de\/wp-json\/wp\/v2\/types\/page"}],"author":[{"embeddable":true,"href":"https:\/\/ds-barranquilla.org\/de\/wp-json\/wp\/v2\/users\/16"}],"replies":[{"embeddable":true,"href":"https:\/\/ds-barranquilla.org\/de\/wp-json\/wp\/v2\/comments?post=12191"}],"version-history":[{"count":10,"href":"https:\/\/ds-barranquilla.org\/de\/wp-json\/wp\/v2\/pages\/12191\/revisions"}],"predecessor-version":[{"id":28295,"href":"https:\/\/ds-barranquilla.org\/de\/wp-json\/wp\/v2\/pages\/12191\/revisions\/28295"}],"wp:featuredmedia":[{"embeddable":true,"href":"https:\/\/ds-barranquilla.org\/de\/wp-json\/wp\/v2\/media\/16547"}],"wp:attachment":[{"href":"https:\/\/ds-barranquilla.org\/de\/wp-json\/wp\/v2\/media?parent=12191"}],"curies":[{"name":"wp","href":"https:\/\/api.w.org\/{rel}","templated":true}]}}