{"id":12291,"date":"2022-03-21T08:00:16","date_gmt":"2022-03-21T13:00:16","guid":{"rendered":"https:\/\/ds-barranquilla.org\/?page_id=12291"},"modified":"2025-05-28T01:34:35","modified_gmt":"2025-05-28T06:34:35","slug":"practicas-universitarias","status":"publish","type":"page","link":"https:\/\/ds-barranquilla.org\/de\/practicas-universitarias\/","title":{"rendered":"Practicas Universitarias"},"content":{"rendered":"<div data-elementor-type=\"wp-page\" data-elementor-id=\"12291\" class=\"elementor elementor-12291\">\n\t\t\t\t\t\t<section class=\"elementor-section elementor-top-section elementor-element elementor-element-a52ca4d elementor-section-full_width elementor-section-stretched elementor-section-height-default elementor-section-height-default\" data-id=\"a52ca4d\" data-element_type=\"section\" data-settings=\"{&quot;stretch_section&quot;:&quot;section-stretched&quot;,&quot;background_background&quot;:&quot;classic&quot;}\">\n\t\t\t\t\t\t\t<div class=\"elementor-background-overlay\"><\/div>\n\t\t\t\t\t\t\t<div class=\"elementor-container elementor-column-gap-no\">\n\t\t\t\t\t<div class=\"elementor-column elementor-col-100 elementor-top-column elementor-element elementor-element-72d12ea\" data-id=\"72d12ea\" data-element_type=\"column\">\n\t\t\t<div class=\"elementor-widget-wrap\">\n\t\t\t\t\t\t\t<\/div>\n\t\t<\/div>\n\t\t\t\t\t<\/div>\n\t\t<\/section>\n\t\t\t\t<section class=\"elementor-section elementor-top-section elementor-element elementor-element-af9c687 elementor-hidden-mobile elementor-section-boxed elementor-section-height-default elementor-section-height-default\" data-id=\"af9c687\" data-element_type=\"section\">\n\t\t\t\t\t\t<div class=\"elementor-container elementor-column-gap-default\">\n\t\t\t\t\t<div class=\"elementor-column elementor-col-50 elementor-top-column elementor-element elementor-element-d4da940\" data-id=\"d4da940\" data-element_type=\"column\">\n\t\t\t<div class=\"elementor-widget-wrap elementor-element-populated\">\n\t\t\t\t\t\t<section class=\"elementor-section elementor-inner-section elementor-element elementor-element-d2ae9e4 elementor-section-boxed elementor-section-height-default elementor-section-height-default\" data-id=\"d2ae9e4\" data-element_type=\"section\" data-settings=\"{&quot;background_background&quot;:&quot;classic&quot;}\">\n\t\t\t\t\t\t<div class=\"elementor-container elementor-column-gap-default\">\n\t\t\t\t\t<div class=\"elementor-column elementor-col-100 elementor-inner-column elementor-element elementor-element-21a54c4\" data-id=\"21a54c4\" data-element_type=\"column\" data-settings=\"{&quot;background_background&quot;:&quot;classic&quot;}\">\n\t\t\t<div class=\"elementor-widget-wrap elementor-element-populated\">\n\t\t\t\t\t\t<div class=\"elementor-element elementor-element-ae2954b elementor-widget elementor-widget-heading\" data-id=\"ae2954b\" data-element_type=\"widget\" data-widget_type=\"heading.default\">\n\t\t\t\t<div class=\"elementor-widget-container\">\n\t\t\t<style>\/*! elementor - v3.23.0 - 05-08-2024 *\/\n.elementor-heading-title{padding:0;margin:0;line-height:1}.elementor-widget-heading .elementor-heading-title[class*=elementor-size-]>a{color:inherit;font-size:inherit;line-height:inherit}.elementor-widget-heading .elementor-heading-title.elementor-size-small{font-size:15px}.elementor-widget-heading .elementor-heading-title.elementor-size-medium{font-size:19px}.elementor-widget-heading .elementor-heading-title.elementor-size-large{font-size:29px}.elementor-widget-heading .elementor-heading-title.elementor-size-xl{font-size:39px}.elementor-widget-heading .elementor-heading-title.elementor-size-xxl{font-size:59px}<\/style><h2 class=\"elementor-heading-title elementor-size-default\">  Schulleben\n<\/h2>\t\t<\/div>\n\t\t\t\t<\/div>\n\t\t\t\t\t<\/div>\n\t\t<\/div>\n\t\t\t\t\t<\/div>\n\t\t<\/section>\n\t\t\t\t<section class=\"elementor-section elementor-inner-section elementor-element elementor-element-6924408 elementor-section-boxed elementor-section-height-default elementor-section-height-default\" data-id=\"6924408\" data-element_type=\"section\" data-settings=\"{&quot;background_background&quot;:&quot;classic&quot;}\">\n\t\t\t\t\t\t<div class=\"elementor-container elementor-column-gap-default\">\n\t\t\t\t\t<div class=\"elementor-column elementor-col-100 elementor-inner-column elementor-element elementor-element-a2df16d\" data-id=\"a2df16d\" data-element_type=\"column\" data-settings=\"{&quot;background_background&quot;:&quot;classic&quot;}\">\n\t\t\t<div class=\"elementor-widget-wrap elementor-element-populated\">\n\t\t\t\t\t\t<div class=\"elementor-element elementor-element-350feff elementor-widget elementor-widget-heading\" data-id=\"350feff\" data-element_type=\"widget\" data-widget_type=\"heading.default\">\n\t\t\t\t<div class=\"elementor-widget-container\">\n\t\t\t<h2 class=\"elementor-heading-title elementor-size-default\">Neuigkeiten<\/h2>\t\t<\/div>\n\t\t\t\t<\/div>\n\t\t\t\t\t<\/div>\n\t\t<\/div>\n\t\t\t\t\t<\/div>\n\t\t<\/section>\n\t\t\t\t<section class=\"elementor-section elementor-inner-section elementor-element elementor-element-ca6d00b elementor-section-boxed elementor-section-height-default elementor-section-height-default\" data-id=\"ca6d00b\" data-element_type=\"section\" data-settings=\"{&quot;background_background&quot;:&quot;classic&quot;}\">\n\t\t\t\t\t\t<div class=\"elementor-container elementor-column-gap-default\">\n\t\t\t\t\t<div class=\"elementor-column elementor-col-100 elementor-inner-column elementor-element elementor-element-3bee6f8\" data-id=\"3bee6f8\" data-element_type=\"column\" data-settings=\"{&quot;background_background&quot;:&quot;classic&quot;}\">\n\t\t\t<div class=\"elementor-widget-wrap elementor-element-populated\">\n\t\t\t\t\t\t<div class=\"elementor-element elementor-element-ceeb287 elementor-widget elementor-widget-heading\" data-id=\"ceeb287\" data-element_type=\"widget\" data-widget_type=\"heading.default\">\n\t\t\t\t<div class=\"elementor-widget-container\">\n\t\t\t<h2 class=\"elementor-heading-title elementor-size-default\"><a href=\"https:\/\/ds-barranquilla.org\/de\/web\/\">Web<\/a><\/h2>\t\t<\/div>\n\t\t\t\t<\/div>\n\t\t\t\t\t<\/div>\n\t\t<\/div>\n\t\t\t\t\t<\/div>\n\t\t<\/section>\n\t\t\t\t<section class=\"elementor-section elementor-inner-section elementor-element elementor-element-6bee893 elementor-section-boxed elementor-section-height-default elementor-section-height-default\" data-id=\"6bee893\" data-element_type=\"section\" data-settings=\"{&quot;background_background&quot;:&quot;classic&quot;}\">\n\t\t\t\t\t\t<div class=\"elementor-container elementor-column-gap-default\">\n\t\t\t\t\t<div class=\"elementor-column elementor-col-100 elementor-inner-column elementor-element elementor-element-478d1fc\" data-id=\"478d1fc\" data-element_type=\"column\" data-settings=\"{&quot;background_background&quot;:&quot;classic&quot;}\">\n\t\t\t<div class=\"elementor-widget-wrap elementor-element-populated\">\n\t\t\t\t\t\t<div class=\"elementor-element elementor-element-92640d7 elementor-widget elementor-widget-heading\" data-id=\"92640d7\" data-element_type=\"widget\" data-widget_type=\"heading.default\">\n\t\t\t\t<div class=\"elementor-widget-container\">\n\t\t\t<h2 class=\"elementor-heading-title elementor-size-default\"><a href=\"https:\/\/ds-barranquilla.org\/de\/boletin-la-iguana\/\">La Iguana Newsletter <\/a><\/h2>\t\t<\/div>\n\t\t\t\t<\/div>\n\t\t\t\t\t<\/div>\n\t\t<\/div>\n\t\t\t\t\t<\/div>\n\t\t<\/section>\n\t\t\t\t<section class=\"elementor-section elementor-inner-section elementor-element elementor-element-ccb5c23 elementor-section-boxed elementor-section-height-default elementor-section-height-default\" data-id=\"ccb5c23\" data-element_type=\"section\" data-settings=\"{&quot;background_background&quot;:&quot;classic&quot;}\">\n\t\t\t\t\t\t<div class=\"elementor-container elementor-column-gap-default\">\n\t\t\t\t\t<div class=\"elementor-column elementor-col-100 elementor-inner-column elementor-element elementor-element-25996af\" data-id=\"25996af\" data-element_type=\"column\" data-settings=\"{&quot;background_background&quot;:&quot;classic&quot;}\">\n\t\t\t<div class=\"elementor-widget-wrap elementor-element-populated\">\n\t\t\t\t\t\t<div class=\"elementor-element elementor-element-53eb577 elementor-widget elementor-widget-heading\" data-id=\"53eb577\" data-element_type=\"widget\" data-widget_type=\"heading.default\">\n\t\t\t\t<div class=\"elementor-widget-container\">\n\t\t\t<h2 class=\"elementor-heading-title elementor-size-default\"><a href=\"https:\/\/elpulpoweb.wordpress.com\/\">El Pulpo<\/a><\/h2>\t\t<\/div>\n\t\t\t\t<\/div>\n\t\t\t\t\t<\/div>\n\t\t<\/div>\n\t\t\t\t\t<\/div>\n\t\t<\/section>\n\t\t\t\t<section class=\"elementor-section elementor-inner-section elementor-element elementor-element-6c03863 elementor-section-boxed elementor-section-height-default elementor-section-height-default\" data-id=\"6c03863\" data-element_type=\"section\" data-settings=\"{&quot;background_background&quot;:&quot;classic&quot;}\">\n\t\t\t\t\t\t<div class=\"elementor-container elementor-column-gap-default\">\n\t\t\t\t\t<div class=\"elementor-column elementor-col-100 elementor-inner-column elementor-element elementor-element-1082de5\" data-id=\"1082de5\" data-element_type=\"column\" data-settings=\"{&quot;background_background&quot;:&quot;classic&quot;}\">\n\t\t\t<div class=\"elementor-widget-wrap elementor-element-populated\">\n\t\t\t\t\t\t<div class=\"elementor-element elementor-element-6fc3e62 elementor-widget elementor-widget-heading\" data-id=\"6fc3e62\" data-element_type=\"widget\" data-widget_type=\"heading.default\">\n\t\t\t\t<div class=\"elementor-widget-container\">\n\t\t\t<h2 class=\"elementor-heading-title elementor-size-default\"><a href=\"https:\/\/ds-barranquilla.org\/de\/bienestar\/\">Unterst\u00fctzungsangebote f\u00fcr Sch\u00fcler*innen<\/a><\/h2>\t\t<\/div>\n\t\t\t\t<\/div>\n\t\t\t\t\t<\/div>\n\t\t<\/div>\n\t\t\t\t\t<\/div>\n\t\t<\/section>\n\t\t\t\t<section class=\"elementor-section elementor-inner-section elementor-element elementor-element-e4805b3 elementor-section-boxed elementor-section-height-default elementor-section-height-default\" data-id=\"e4805b3\" data-element_type=\"section\" data-settings=\"{&quot;background_background&quot;:&quot;classic&quot;}\">\n\t\t\t\t\t\t<div class=\"elementor-container elementor-column-gap-default\">\n\t\t\t\t\t<div class=\"elementor-column elementor-col-100 elementor-inner-column elementor-element elementor-element-39ebcd6\" data-id=\"39ebcd6\" data-element_type=\"column\" data-settings=\"{&quot;background_background&quot;:&quot;classic&quot;}\">\n\t\t\t<div class=\"elementor-widget-wrap elementor-element-populated\">\n\t\t\t\t\t\t<div class=\"elementor-element elementor-element-d90bd20 elementor-widget elementor-widget-heading\" data-id=\"d90bd20\" data-element_type=\"widget\" data-widget_type=\"heading.default\">\n\t\t\t\t<div class=\"elementor-widget-container\">\n\t\t\t<h2 class=\"elementor-heading-title elementor-size-default\"><a href=\"https:\/\/ds-barranquilla.org\/de\/orientacion-profesional\/\">Berufs- und Studienorientierung f\u00fcr ein Studium in Deutschland<\/a><\/h2>\t\t<\/div>\n\t\t\t\t<\/div>\n\t\t\t\t\t<\/div>\n\t\t<\/div>\n\t\t\t\t\t<\/div>\n\t\t<\/section>\n\t\t\t\t<section class=\"elementor-section elementor-inner-section elementor-element elementor-element-afbac09 elementor-section-boxed elementor-section-height-default elementor-section-height-default\" data-id=\"afbac09\" data-element_type=\"section\" data-settings=\"{&quot;background_background&quot;:&quot;classic&quot;}\">\n\t\t\t\t\t\t<div class=\"elementor-container elementor-column-gap-default\">\n\t\t\t\t\t<div class=\"elementor-column elementor-col-100 elementor-inner-column elementor-element elementor-element-8656cde\" data-id=\"8656cde\" data-element_type=\"column\" data-settings=\"{&quot;background_background&quot;:&quot;classic&quot;}\">\n\t\t\t<div class=\"elementor-widget-wrap elementor-element-populated\">\n\t\t\t\t\t\t<div class=\"elementor-element elementor-element-e737619 elementor-widget elementor-widget-heading\" data-id=\"e737619\" data-element_type=\"widget\" data-widget_type=\"heading.default\">\n\t\t\t\t<div class=\"elementor-widget-container\">\n\t\t\t<h2 class=\"elementor-heading-title elementor-size-default\"><a href=\"https:\/\/ds-barranquilla.org\/de\/convivencia\/\">Schulsozialarbeit<\/a><\/h2>\t\t<\/div>\n\t\t\t\t<\/div>\n\t\t\t\t\t<\/div>\n\t\t<\/div>\n\t\t\t\t\t<\/div>\n\t\t<\/section>\n\t\t\t\t<section class=\"elementor-section elementor-inner-section elementor-element elementor-element-b59e11a elementor-section-boxed elementor-section-height-default elementor-section-height-default\" data-id=\"b59e11a\" data-element_type=\"section\" data-settings=\"{&quot;background_background&quot;:&quot;classic&quot;}\">\n\t\t\t\t\t\t<div class=\"elementor-container elementor-column-gap-default\">\n\t\t\t\t\t<div class=\"elementor-column elementor-col-100 elementor-inner-column elementor-element elementor-element-ea46bd7\" data-id=\"ea46bd7\" data-element_type=\"column\" data-settings=\"{&quot;background_background&quot;:&quot;classic&quot;}\">\n\t\t\t<div class=\"elementor-widget-wrap elementor-element-populated\">\n\t\t\t\t\t\t<div class=\"elementor-element elementor-element-61ce3e7 elementor-widget elementor-widget-heading\" data-id=\"61ce3e7\" data-element_type=\"widget\" data-widget_type=\"heading.default\">\n\t\t\t\t<div class=\"elementor-widget-container\">\n\t\t\t<h2 class=\"elementor-heading-title elementor-size-default\"><a href=\"https:\/\/ds-barranquilla.org\/de\/biblioteca\/\">Bibliothek<\/a><\/h2>\t\t<\/div>\n\t\t\t\t<\/div>\n\t\t\t\t\t<\/div>\n\t\t<\/div>\n\t\t\t\t\t<\/div>\n\t\t<\/section>\n\t\t\t\t<section class=\"elementor-section elementor-inner-section elementor-element elementor-element-9fb1ec2 elementor-section-boxed elementor-section-height-default elementor-section-height-default\" data-id=\"9fb1ec2\" data-element_type=\"section\" data-settings=\"{&quot;background_background&quot;:&quot;classic&quot;}\">\n\t\t\t\t\t\t<div class=\"elementor-container elementor-column-gap-default\">\n\t\t\t\t\t<div class=\"elementor-column elementor-col-100 elementor-inner-column elementor-element elementor-element-d3d2d45\" data-id=\"d3d2d45\" data-element_type=\"column\" data-settings=\"{&quot;background_background&quot;:&quot;classic&quot;}\">\n\t\t\t<div class=\"elementor-widget-wrap elementor-element-populated\">\n\t\t\t\t\t\t<div class=\"elementor-element elementor-element-0fcd8a8 elementor-widget elementor-widget-heading\" data-id=\"0fcd8a8\" data-element_type=\"widget\" data-widget_type=\"heading.default\">\n\t\t\t\t<div class=\"elementor-widget-container\">\n\t\t\t<h2 class=\"elementor-heading-title elementor-size-default\"><a href=\"https:\/\/colegioaleman.follettdestiny.com\/\">Onlinekatalog<\/a><\/h2>\t\t<\/div>\n\t\t\t\t<\/div>\n\t\t\t\t\t<\/div>\n\t\t<\/div>\n\t\t\t\t\t<\/div>\n\t\t<\/section>\n\t\t\t\t<section class=\"elementor-section elementor-inner-section elementor-element elementor-element-e2de187 elementor-section-boxed elementor-section-height-default elementor-section-height-default\" data-id=\"e2de187\" data-element_type=\"section\" data-settings=\"{&quot;background_background&quot;:&quot;classic&quot;}\">\n\t\t\t\t\t\t<div class=\"elementor-container elementor-column-gap-default\">\n\t\t\t\t\t<div class=\"elementor-column elementor-col-100 elementor-inner-column elementor-element elementor-element-122d89f\" data-id=\"122d89f\" data-element_type=\"column\" data-settings=\"{&quot;background_background&quot;:&quot;classic&quot;}\">\n\t\t\t<div class=\"elementor-widget-wrap elementor-element-populated\">\n\t\t\t\t\t\t<div class=\"elementor-element elementor-element-cc72227 elementor-widget elementor-widget-heading\" data-id=\"cc72227\" data-element_type=\"widget\" data-widget_type=\"heading.default\">\n\t\t\t\t<div class=\"elementor-widget-container\">\n\t\t\t<h2 class=\"elementor-heading-title elementor-size-default\"><a href=\"https:\/\/ds-barranquilla.org\/de\/recursos-electronicos\/\">Recursos Electr\u00f3nicos <\/a><\/h2>\t\t<\/div>\n\t\t\t\t<\/div>\n\t\t\t\t\t<\/div>\n\t\t<\/div>\n\t\t\t\t\t<\/div>\n\t\t<\/section>\n\t\t\t\t<section class=\"elementor-section elementor-inner-section elementor-element elementor-element-dd0c400 elementor-section-boxed elementor-section-height-default elementor-section-height-default\" data-id=\"dd0c400\" data-element_type=\"section\" data-settings=\"{&quot;background_background&quot;:&quot;classic&quot;}\">\n\t\t\t\t\t\t<div class=\"elementor-container elementor-column-gap-default\">\n\t\t\t\t\t<div class=\"elementor-column elementor-col-100 elementor-inner-column elementor-element elementor-element-1df1d01\" data-id=\"1df1d01\" data-element_type=\"column\" data-settings=\"{&quot;background_background&quot;:&quot;classic&quot;}\">\n\t\t\t<div class=\"elementor-widget-wrap elementor-element-populated\">\n\t\t\t\t\t\t<div class=\"elementor-element elementor-element-0c00ed9 elementor-widget elementor-widget-heading\" data-id=\"0c00ed9\" data-element_type=\"widget\" data-widget_type=\"heading.default\">\n\t\t\t\t<div class=\"elementor-widget-container\">\n\t\t\t<h2 class=\"elementor-heading-title elementor-size-default\"><a href=\"https:\/\/ds-barranquilla.org\/de\/alimentacion\/\">Programa de Alimentaci\u00f3n<\/a><\/h2>\t\t<\/div>\n\t\t\t\t<\/div>\n\t\t\t\t\t<\/div>\n\t\t<\/div>\n\t\t\t\t\t<\/div>\n\t\t<\/section>\n\t\t\t\t<section class=\"elementor-section elementor-inner-section elementor-element elementor-element-92ad910 elementor-section-boxed elementor-section-height-default elementor-section-height-default\" data-id=\"92ad910\" data-element_type=\"section\" data-settings=\"{&quot;background_background&quot;:&quot;classic&quot;}\">\n\t\t\t\t\t\t<div class=\"elementor-container elementor-column-gap-default\">\n\t\t\t\t\t<div class=\"elementor-column elementor-col-100 elementor-inner-column elementor-element elementor-element-1742031\" data-id=\"1742031\" data-element_type=\"column\" data-settings=\"{&quot;background_background&quot;:&quot;classic&quot;}\">\n\t\t\t<div class=\"elementor-widget-wrap elementor-element-populated\">\n\t\t\t\t\t\t<div class=\"elementor-element elementor-element-6d323dd elementor-widget elementor-widget-heading\" data-id=\"6d323dd\" data-element_type=\"widget\" data-widget_type=\"heading.default\">\n\t\t\t\t<div class=\"elementor-widget-container\">\n\t\t\t<h2 class=\"elementor-heading-title elementor-size-default\"><a href=\"https:\/\/ds-barranquilla.org\/de\/enfermeria\/\">Krankenstation <\/a><\/h2>\t\t<\/div>\n\t\t\t\t<\/div>\n\t\t\t\t\t<\/div>\n\t\t<\/div>\n\t\t\t\t\t<\/div>\n\t\t<\/section>\n\t\t\t\t<section class=\"elementor-section elementor-inner-section elementor-element elementor-element-96c2a1d elementor-section-boxed elementor-section-height-default elementor-section-height-default\" data-id=\"96c2a1d\" data-element_type=\"section\" data-settings=\"{&quot;background_background&quot;:&quot;classic&quot;}\">\n\t\t\t\t\t\t<div class=\"elementor-container elementor-column-gap-default\">\n\t\t\t\t\t<div class=\"elementor-column elementor-col-100 elementor-inner-column elementor-element elementor-element-28668fa\" data-id=\"28668fa\" data-element_type=\"column\" data-settings=\"{&quot;background_background&quot;:&quot;classic&quot;}\">\n\t\t\t<div class=\"elementor-widget-wrap elementor-element-populated\">\n\t\t\t\t\t\t<div class=\"elementor-element elementor-element-3fc8250 elementor-widget elementor-widget-heading\" data-id=\"3fc8250\" data-element_type=\"widget\" data-widget_type=\"heading.default\">\n\t\t\t\t<div class=\"elementor-widget-container\">\n\t\t\t<h2 class=\"elementor-heading-title elementor-size-default\"><a href=\"https:\/\/ds-barranquilla.org\/de\/extracurriculares\/\">Au\u00dferschulische Aktivit\u00e4ten<\/a><\/h2>\t\t<\/div>\n\t\t\t\t<\/div>\n\t\t\t\t\t<\/div>\n\t\t<\/div>\n\t\t\t\t\t<\/div>\n\t\t<\/section>\n\t\t\t\t<section class=\"elementor-section elementor-inner-section elementor-element elementor-element-78b100d elementor-section-boxed elementor-section-height-default elementor-section-height-default\" data-id=\"78b100d\" data-element_type=\"section\" data-settings=\"{&quot;background_background&quot;:&quot;classic&quot;}\">\n\t\t\t\t\t\t<div class=\"elementor-container elementor-column-gap-default\">\n\t\t\t\t\t<div class=\"elementor-column elementor-col-100 elementor-inner-column elementor-element elementor-element-7f40cc7\" data-id=\"7f40cc7\" data-element_type=\"column\" data-settings=\"{&quot;background_background&quot;:&quot;classic&quot;}\">\n\t\t\t<div class=\"elementor-widget-wrap elementor-element-populated\">\n\t\t\t\t\t\t<div class=\"elementor-element elementor-element-9d8a2f3 elementor-widget elementor-widget-heading\" data-id=\"9d8a2f3\" data-element_type=\"widget\" data-widget_type=\"heading.default\">\n\t\t\t\t<div class=\"elementor-widget-container\">\n\t\t\t<h2 class=\"elementor-heading-title elementor-size-default\"><a href=\"https:\/\/ds-barranquilla.org\/de\/orientacion\/\">Schulpsychologische Beratung<\/a><\/h2>\t\t<\/div>\n\t\t\t\t<\/div>\n\t\t\t\t\t<\/div>\n\t\t<\/div>\n\t\t\t\t\t<\/div>\n\t\t<\/section>\n\t\t\t\t<section class=\"elementor-section elementor-inner-section elementor-element elementor-element-fef27c3 elementor-section-boxed elementor-section-height-default elementor-section-height-default\" data-id=\"fef27c3\" data-element_type=\"section\" data-settings=\"{&quot;background_background&quot;:&quot;classic&quot;}\">\n\t\t\t\t\t\t<div class=\"elementor-container elementor-column-gap-default\">\n\t\t\t\t\t<div class=\"elementor-column elementor-col-100 elementor-inner-column elementor-element elementor-element-27ab408\" data-id=\"27ab408\" data-element_type=\"column\" data-settings=\"{&quot;background_background&quot;:&quot;classic&quot;}\">\n\t\t\t<div class=\"elementor-widget-wrap elementor-element-populated\">\n\t\t\t\t\t\t<div class=\"elementor-element elementor-element-5518311 elementor-widget elementor-widget-heading\" data-id=\"5518311\" data-element_type=\"widget\" data-widget_type=\"heading.default\">\n\t\t\t\t<div class=\"elementor-widget-container\">\n\t\t\t<h2 class=\"elementor-heading-title elementor-size-default\"><a href=\"https:\/\/ds-barranquilla.org\/de\/orientacion-profesional\/\">Berufs- und Studienorientierung f\u00fcr ein Studium in Deutschland <\/a><\/h2>\t\t<\/div>\n\t\t\t\t<\/div>\n\t\t\t\t\t<\/div>\n\t\t<\/div>\n\t\t\t\t\t<\/div>\n\t\t<\/section>\n\t\t\t\t<section class=\"elementor-section elementor-inner-section elementor-element elementor-element-3059ba8 elementor-section-boxed elementor-section-height-default elementor-section-height-default\" data-id=\"3059ba8\" data-element_type=\"section\" data-settings=\"{&quot;background_background&quot;:&quot;classic&quot;}\">\n\t\t\t\t\t\t<div class=\"elementor-container elementor-column-gap-default\">\n\t\t\t\t\t<div class=\"elementor-column elementor-col-100 elementor-inner-column elementor-element elementor-element-cc6a515\" data-id=\"cc6a515\" data-element_type=\"column\" data-settings=\"{&quot;background_background&quot;:&quot;classic&quot;}\">\n\t\t\t<div class=\"elementor-widget-wrap elementor-element-populated\">\n\t\t\t\t\t\t<div class=\"elementor-element elementor-element-a018bab elementor-widget elementor-widget-heading\" data-id=\"a018bab\" data-element_type=\"widget\" data-widget_type=\"heading.default\">\n\t\t\t\t<div class=\"elementor-widget-container\">\n\t\t\t<h2 class=\"elementor-heading-title elementor-size-default\"><a href=\"https:\/\/ds-barranquilla.org\/de\/oficinas-de-relaciones-internaciones\/\">Das internationale B\u00fcro<\/a><\/h2>\t\t<\/div>\n\t\t\t\t<\/div>\n\t\t\t\t\t<\/div>\n\t\t<\/div>\n\t\t\t\t\t<\/div>\n\t\t<\/section>\n\t\t\t\t<section class=\"elementor-section elementor-inner-section elementor-element elementor-element-c40fb35 elementor-section-boxed elementor-section-height-default elementor-section-height-default\" data-id=\"c40fb35\" data-element_type=\"section\" data-settings=\"{&quot;background_background&quot;:&quot;classic&quot;}\">\n\t\t\t\t\t\t<div class=\"elementor-container elementor-column-gap-default\">\n\t\t\t\t\t<div class=\"elementor-column elementor-col-100 elementor-inner-column elementor-element elementor-element-091af8d\" data-id=\"091af8d\" data-element_type=\"column\" data-settings=\"{&quot;background_background&quot;:&quot;classic&quot;}\">\n\t\t\t<div class=\"elementor-widget-wrap elementor-element-populated\">\n\t\t\t\t\t\t<div class=\"elementor-element elementor-element-565ddf3 elementor-widget elementor-widget-heading\" data-id=\"565ddf3\" data-element_type=\"widget\" data-widget_type=\"heading.default\">\n\t\t\t\t<div class=\"elementor-widget-container\">\n\t\t\t<h2 class=\"elementor-heading-title elementor-size-default\"><a href=\"https:\/\/ds-barranquilla.org\/de\/intercambio\/\"> Austauschprogramm <\/a><\/h2>\t\t<\/div>\n\t\t\t\t<\/div>\n\t\t\t\t\t<\/div>\n\t\t<\/div>\n\t\t\t\t\t<\/div>\n\t\t<\/section>\n\t\t\t\t<section class=\"elementor-section elementor-inner-section elementor-element elementor-element-4c01542 elementor-section-boxed elementor-section-height-default elementor-section-height-default\" data-id=\"4c01542\" data-element_type=\"section\" data-settings=\"{&quot;background_background&quot;:&quot;classic&quot;}\">\n\t\t\t\t\t\t<div class=\"elementor-container elementor-column-gap-default\">\n\t\t\t\t\t<div class=\"elementor-column elementor-col-100 elementor-inner-column elementor-element elementor-element-c10209b\" data-id=\"c10209b\" data-element_type=\"column\" data-settings=\"{&quot;background_background&quot;:&quot;classic&quot;}\">\n\t\t\t<div class=\"elementor-widget-wrap elementor-element-populated\">\n\t\t\t\t\t\t<div class=\"elementor-element elementor-element-4afb418 elementor-widget elementor-widget-heading\" data-id=\"4afb418\" data-element_type=\"widget\" data-widget_type=\"heading.default\">\n\t\t\t\t<div class=\"elementor-widget-container\">\n\t\t\t<h2 class=\"elementor-heading-title elementor-size-default\"><a href=\"https:\/\/ds-barranquilla.org\/de\/studienberatung\/\">Studienberatung<\/a><\/h2>\t\t<\/div>\n\t\t\t\t<\/div>\n\t\t\t\t\t<\/div>\n\t\t<\/div>\n\t\t\t\t\t<\/div>\n\t\t<\/section>\n\t\t\t\t<section class=\"elementor-section elementor-inner-section elementor-element elementor-element-0cf9450 elementor-section-boxed elementor-section-height-default elementor-section-height-default\" data-id=\"0cf9450\" data-element_type=\"section\" data-settings=\"{&quot;background_background&quot;:&quot;classic&quot;}\">\n\t\t\t\t\t\t<div class=\"elementor-container elementor-column-gap-default\">\n\t\t\t\t\t<div class=\"elementor-column elementor-col-100 elementor-inner-column elementor-element elementor-element-fe5020d\" data-id=\"fe5020d\" data-element_type=\"column\" data-settings=\"{&quot;background_background&quot;:&quot;classic&quot;}\">\n\t\t\t<div class=\"elementor-widget-wrap elementor-element-populated\">\n\t\t\t\t\t\t<div class=\"elementor-element elementor-element-bfec3f4 elementor-widget elementor-widget-heading\" data-id=\"bfec3f4\" data-element_type=\"widget\" data-widget_type=\"heading.default\">\n\t\t\t\t<div class=\"elementor-widget-container\">\n\t\t\t<h2 class=\"elementor-heading-title elementor-size-default\"><a href=\"https:\/\/ds-barranquilla.org\/de\/sommercamp\/\">Sommercamp<\/a><\/h2>\t\t<\/div>\n\t\t\t\t<\/div>\n\t\t\t\t\t<\/div>\n\t\t<\/div>\n\t\t\t\t\t<\/div>\n\t\t<\/section>\n\t\t\t\t<section class=\"elementor-section elementor-inner-section elementor-element elementor-element-19bed0b elementor-section-boxed elementor-section-height-default elementor-section-height-default\" data-id=\"19bed0b\" data-element_type=\"section\" data-settings=\"{&quot;background_background&quot;:&quot;classic&quot;}\">\n\t\t\t\t\t\t<div class=\"elementor-container elementor-column-gap-default\">\n\t\t\t\t\t<div class=\"elementor-column elementor-col-100 elementor-inner-column elementor-element elementor-element-62f8cb8\" data-id=\"62f8cb8\" data-element_type=\"column\" data-settings=\"{&quot;background_background&quot;:&quot;classic&quot;}\">\n\t\t\t<div class=\"elementor-widget-wrap elementor-element-populated\">\n\t\t\t\t\t\t<div class=\"elementor-element elementor-element-987a87c elementor-widget elementor-widget-heading\" data-id=\"987a87c\" data-element_type=\"widget\" data-widget_type=\"heading.default\">\n\t\t\t\t<div class=\"elementor-widget-container\">\n\t\t\t<h2 class=\"elementor-heading-title elementor-size-default\"><a href=\"https:\/\/ds-barranquilla.org\/de\/practicas-universitarias\/\">Universit\u00e4re Praktika<\/a><\/h2>\t\t<\/div>\n\t\t\t\t<\/div>\n\t\t\t\t\t<\/div>\n\t\t<\/div>\n\t\t\t\t\t<\/div>\n\t\t<\/section>\n\t\t\t\t<div class=\"elementor-element elementor-element-1c933dc elementor-widget elementor-widget-text-editor\" data-id=\"1c933dc\" data-element_type=\"widget\" data-widget_type=\"text-editor.default\">\n\t\t\t\t<div class=\"elementor-widget-container\">\n\t\t\t<style>\/*! elementor - v3.23.0 - 05-08-2024 *\/\n.elementor-widget-text-editor.elementor-drop-cap-view-stacked .elementor-drop-cap{background-color:#69727d;color:#fff}.elementor-widget-text-editor.elementor-drop-cap-view-framed .elementor-drop-cap{color:#69727d;border:3px solid;background-color:transparent}.elementor-widget-text-editor:not(.elementor-drop-cap-view-default) .elementor-drop-cap{margin-top:8px}.elementor-widget-text-editor:not(.elementor-drop-cap-view-default) .elementor-drop-cap-letter{width:1em;height:1em}.elementor-widget-text-editor .elementor-drop-cap{float:left;text-align:center;line-height:1;font-size:50px}.elementor-widget-text-editor .elementor-drop-cap-letter{display:inline-block}<\/style>\t\t\t\t<p>Neuigkeiten<\/p>\t\t\t\t\t\t<\/div>\n\t\t\t\t<\/div>\n\t\t\t\t<div class=\"elementor-element elementor-element-84d96c0 elementor-widget elementor-widget-qi_addons_for_elementor_blog_slider\" data-id=\"84d96c0\" data-element_type=\"widget\" data-widget_type=\"qi_addons_for_elementor_blog_slider.default\">\n\t\t\t\t<div class=\"elementor-widget-container\">\n\t\t\t<div class=\"qodef-shortcode qodef-m  qodef-addons-blog-slider qodef-item-layout--date-boxed qodef-info-no-icons  qodef-image--hover-zoom  qodef-qi-grid qodef-qi-swiper-container qodef-item-layout--date-boxed\" data-options=\"{&quot;direction&quot;:&quot;horizontal&quot;,&quot;slidesPerView&quot;:&quot;1&quot;,&quot;spaceBetween&quot;:30,&quot;spaceBetweenTablet&quot;:30,&quot;spaceBetweenMobile&quot;:30,&quot;effect&quot;:&quot;&quot;,&quot;loop&quot;:false,&quot;autoplay&quot;:true,&quot;centeredSlides&quot;:false,&quot;speed&quot;:&quot;&quot;,&quot;speedAnimation&quot;:&quot;&quot;,&quot;outsideNavigation&quot;:&quot;no&quot;,&quot;outsidePagination&quot;:&quot;no&quot;,&quot;unique&quot;:&quot;1&quot;,&quot;partialValue&quot;:0,&quot;disablePartialValue&quot;:&quot;&quot;,&quot;parallax&quot;:&quot;no&quot;}\">\n\t<div class=\"swiper-wrapper\">\n\t\t<article class=\"qodef-e qodef-blog-item swiper-slide qodef-item--full post-28701 post type-post status-publish format-standard has-post-thumbnail hentry category-735 category-area-de-aleman category-otras-noticias category-sin-categorizar tag-bilinguismo tag-deutschlandwoche tag-dia-de-la-reunificacion-alemana tag-formacion-en-valores tag-historia-de-alemania tag-reunificacion-alemana tag-semana-de-alemania tag-unidad-y-libertad tag-valores-alemanes tag-colegio-aleman-de-barranquilla tag-cultura-alemana tag-educacion-bicultural tag-educacion-internacional\">\n\t<div class=\"qodef-e-inner\">\n\t\t<div class=\"qodef-e-media-holder\">\n\t\t\t<div class=\"qodef-e-media\">\n\t\t<div class=\"qodef-e-media-image\">\n\t\t<a itemprop=\"url\" href=\"https:\/\/ds-barranquilla.org\/de\/octubre-un-mes-para-celebrar-la-unidad-y-la-biculturalidad-en-el-colegio-aleman-de-barranquilla\/\">\n\t\t\t<img fetchpriority=\"high\" decoding=\"async\" width=\"2555\" height=\"1937\" src=\"https:\/\/ds-barranquilla.org\/wp-content\/uploads\/2025\/10\/DSC03676-scaled-e1759762119186.jpg\" class=\"attachment-full size-full\" alt=\"\" srcset=\"https:\/\/ds-barranquilla.org\/wp-content\/uploads\/2025\/10\/DSC03676-scaled-e1759762119186.jpg 2555w, https:\/\/ds-barranquilla.org\/wp-content\/uploads\/2025\/10\/DSC03676-scaled-e1759762119186-300x227.jpg 300w, https:\/\/ds-barranquilla.org\/wp-content\/uploads\/2025\/10\/DSC03676-scaled-e1759762119186-1024x776.jpg 1024w, https:\/\/ds-barranquilla.org\/wp-content\/uploads\/2025\/10\/DSC03676-scaled-e1759762119186-768x582.jpg 768w, https:\/\/ds-barranquilla.org\/wp-content\/uploads\/2025\/10\/DSC03676-scaled-e1759762119186-1536x1164.jpg 1536w, https:\/\/ds-barranquilla.org\/wp-content\/uploads\/2025\/10\/DSC03676-scaled-e1759762119186-2048x1553.jpg 2048w, https:\/\/ds-barranquilla.org\/wp-content\/uploads\/2025\/10\/DSC03676-scaled-e1759762119186-16x12.jpg 16w, https:\/\/ds-barranquilla.org\/wp-content\/uploads\/2025\/10\/DSC03676-scaled-e1759762119186-99x75.jpg 99w, https:\/\/ds-barranquilla.org\/wp-content\/uploads\/2025\/10\/DSC03676-scaled-e1759762119186-480x364.jpg 480w\" sizes=\"(max-width:767px) 480px, (max-width:2555px) 100vw, 2555px\" \/>\t\t<\/a>\n\t\t\t<\/div>\n<\/div>\n\t\t<\/div>\n\t\t<div class=\"qodef-e-content\">\n\t\t\t\t\t\t<div class=\"qodef-e-text\">\n\t\t\t\t<p itemprop=\"name\" class=\"qodef-e-title entry-title\">\n\t<a itemprop=\"url\" class=\"qodef-e-title-link\" href=\"https:\/\/ds-barranquilla.org\/de\/octubre-un-mes-para-celebrar-la-unidad-y-la-biculturalidad-en-el-colegio-aleman-de-barranquilla\/\">\n\t\tOctubre, un mes para celebrar la unidad y la biculturalidad en el Colegio Alem\u00e1n de Barranquilla\t<\/a>\n<\/p>\n\t\t\t<\/div>\n\t\t\t\t\t<\/div>\n\t<\/div>\n<\/article>\n<article class=\"qodef-e qodef-blog-item swiper-slide qodef-item--full post-28667 post type-post status-publish format-standard has-post-thumbnail hentry category-735 category-area-de-individuos-y-sociedades category-consejo-estudiantil category-sin-categorizar tag-consejo-estudiantil tag-democracia-escolar tag-educacion tag-elecciones-estudiantiles tag-estudiantes tag-formacion-ciudadana tag-participacion-democratica tag-demokratieprojekt tag-liderazgo-estudiantil tag-colegio-aleman-de-barranquilla\">\n\t<div class=\"qodef-e-inner\">\n\t\t<div class=\"qodef-e-media-holder\">\n\t\t\t<div class=\"qodef-e-media\">\n\t\t<div class=\"qodef-e-media-image\">\n\t\t<a itemprop=\"url\" href=\"https:\/\/ds-barranquilla.org\/de\/liderazgo-estudiantil-en-accion-elegidos-los-representantes-del-demokratieprojekt-20252026-en-el-colegio-aleman-de-barranquilla\/\">\n\t\t\t<img decoding=\"async\" width=\"2560\" height=\"1064\" src=\"https:\/\/ds-barranquilla.org\/wp-content\/uploads\/2025\/09\/DSC02543-scaled.jpg\" class=\"attachment-full size-full\" alt=\"\" srcset=\"https:\/\/ds-barranquilla.org\/wp-content\/uploads\/2025\/09\/DSC02543-scaled.jpg 2560w, https:\/\/ds-barranquilla.org\/wp-content\/uploads\/2025\/09\/DSC02543-300x125.jpg 300w, https:\/\/ds-barranquilla.org\/wp-content\/uploads\/2025\/09\/DSC02543-1024x426.jpg 1024w, https:\/\/ds-barranquilla.org\/wp-content\/uploads\/2025\/09\/DSC02543-768x319.jpg 768w, https:\/\/ds-barranquilla.org\/wp-content\/uploads\/2025\/09\/DSC02543-1536x638.jpg 1536w, https:\/\/ds-barranquilla.org\/wp-content\/uploads\/2025\/09\/DSC02543-2048x851.jpg 2048w, https:\/\/ds-barranquilla.org\/wp-content\/uploads\/2025\/09\/DSC02543-18x7.jpg 18w, https:\/\/ds-barranquilla.org\/wp-content\/uploads\/2025\/09\/DSC02543-150x62.jpg 150w, https:\/\/ds-barranquilla.org\/wp-content\/uploads\/2025\/09\/DSC02543-480x199.jpg 480w\" sizes=\"(max-width:767px) 480px, (max-width:2560px) 100vw, 2560px\" \/>\t\t<\/a>\n\t\t\t<\/div>\n<\/div>\n\t\t<\/div>\n\t\t<div class=\"qodef-e-content\">\n\t\t\t\t\t\t<div class=\"qodef-e-text\">\n\t\t\t\t<p itemprop=\"name\" class=\"qodef-e-title entry-title\">\n\t<a itemprop=\"url\" class=\"qodef-e-title-link\" href=\"https:\/\/ds-barranquilla.org\/de\/liderazgo-estudiantil-en-accion-elegidos-los-representantes-del-demokratieprojekt-20252026-en-el-colegio-aleman-de-barranquilla\/\">\n\t\tLiderazgo estudiantil en acci\u00f3n: elegidos los representantes del Demokratieprojekt 2025\u20132026 en el Colegio Alem\u00e1n de Barranquilla\t<\/a>\n<\/p>\n\t\t\t<\/div>\n\t\t\t\t\t<\/div>\n\t<\/div>\n<\/article>\n<article class=\"qodef-e qodef-blog-item swiper-slide qodef-item--full post-28572 post type-post status-publish format-standard has-post-thumbnail hentry category-735 category-area-de-individuos-y-sociedades tag-colegio-aleman-barranquilla tag-cultura-democratica tag-demokratieprojekt tag-elecciones-escolares tag-gobierno-escolar tag-k4-a-k12 tag-liderazgo-estudiantil tag-participacion-estudiantil tag-personeria-estudiantil tag-proyecto-de-democracia\">\n\t<div class=\"qodef-e-inner\">\n\t\t<div class=\"qodef-e-media-holder\">\n\t\t\t<div class=\"qodef-e-media\">\n\t\t<div class=\"qodef-e-media-image\">\n\t\t<a itemprop=\"url\" href=\"https:\/\/ds-barranquilla.org\/de\/colegio-aleman-de-barranquilla-fortalece-la-participacion-estudiantil-en-el-marco-del-demokratieprojekt\/\">\n\t\t\t<img decoding=\"async\" width=\"2265\" height=\"1263\" src=\"https:\/\/ds-barranquilla.org\/wp-content\/uploads\/2025\/09\/IMG_5590-scaled-e1758030754302.jpg\" class=\"attachment-full size-full\" alt=\"\" srcset=\"https:\/\/ds-barranquilla.org\/wp-content\/uploads\/2025\/09\/IMG_5590-scaled-e1758030754302.jpg 2265w, https:\/\/ds-barranquilla.org\/wp-content\/uploads\/2025\/09\/IMG_5590-scaled-e1758030754302-300x167.jpg 300w, https:\/\/ds-barranquilla.org\/wp-content\/uploads\/2025\/09\/IMG_5590-scaled-e1758030754302-1024x571.jpg 1024w, https:\/\/ds-barranquilla.org\/wp-content\/uploads\/2025\/09\/IMG_5590-scaled-e1758030754302-768x428.jpg 768w, https:\/\/ds-barranquilla.org\/wp-content\/uploads\/2025\/09\/IMG_5590-scaled-e1758030754302-1536x856.jpg 1536w, https:\/\/ds-barranquilla.org\/wp-content\/uploads\/2025\/09\/IMG_5590-scaled-e1758030754302-2048x1142.jpg 2048w, https:\/\/ds-barranquilla.org\/wp-content\/uploads\/2025\/09\/IMG_5590-scaled-e1758030754302-18x10.jpg 18w, https:\/\/ds-barranquilla.org\/wp-content\/uploads\/2025\/09\/IMG_5590-scaled-e1758030754302-135x75.jpg 135w, https:\/\/ds-barranquilla.org\/wp-content\/uploads\/2025\/09\/IMG_5590-scaled-e1758030754302-480x268.jpg 480w\" sizes=\"(max-width:767px) 480px, (max-width:2265px) 100vw, 2265px\" \/>\t\t<\/a>\n\t\t\t<\/div>\n<\/div>\n\t\t<\/div>\n\t\t<div class=\"qodef-e-content\">\n\t\t\t\t\t\t<div class=\"qodef-e-text\">\n\t\t\t\t<p itemprop=\"name\" class=\"qodef-e-title entry-title\">\n\t<a itemprop=\"url\" class=\"qodef-e-title-link\" href=\"https:\/\/ds-barranquilla.org\/de\/colegio-aleman-de-barranquilla-fortalece-la-participacion-estudiantil-en-el-marco-del-demokratieprojekt\/\">\n\t\tEn el marco del Demokratieprojekt, Colegio Alem\u00e1n de Barranquilla fortalece la participaci\u00f3n estudiantil\t<\/a>\n<\/p>\n\t\t\t<\/div>\n\t\t\t\t\t<\/div>\n\t<\/div>\n<\/article>\n<article class=\"qodef-e qodef-blog-item swiper-slide qodef-item--full post-28529 post type-post status-publish format-standard has-post-thumbnail hentry category-735 category-area-de-aleman category-sin-categorizar tag-bachillerato-internacional-ib tag-colegio-aleman-barranquilla tag-competencias-internacionales tag-debate-en-aleman tag-jugend-debattiert-2025 tag-mariana-gonzalez tag-pensamiento-critico tag-sofia-alvarado tag-educacion-de-calidad tag-estudiantes-destacados\">\n\t<div class=\"qodef-e-inner\">\n\t\t<div class=\"qodef-e-media-holder\">\n\t\t\t<div class=\"qodef-e-media\">\n\t\t<div class=\"qodef-e-media-image\">\n\t\t<a itemprop=\"url\" href=\"https:\/\/ds-barranquilla.org\/de\/estudiantes-del-colegio-aleman-de-barranquilla-en-los-primeros-lugares-del-jugend-debattiert-colombia-2025\/\">\n\t\t\t<img loading=\"lazy\" decoding=\"async\" width=\"799\" height=\"492\" src=\"https:\/\/ds-barranquilla.org\/wp-content\/uploads\/2025\/09\/image-1.png\" class=\"attachment-full size-full\" alt=\"\" srcset=\"https:\/\/ds-barranquilla.org\/wp-content\/uploads\/2025\/09\/image-1.png 799w, https:\/\/ds-barranquilla.org\/wp-content\/uploads\/2025\/09\/image-1-300x185.png 300w, https:\/\/ds-barranquilla.org\/wp-content\/uploads\/2025\/09\/image-1-768x473.png 768w, https:\/\/ds-barranquilla.org\/wp-content\/uploads\/2025\/09\/image-1-18x12.png 18w, https:\/\/ds-barranquilla.org\/wp-content\/uploads\/2025\/09\/image-1-122x75.png 122w, https:\/\/ds-barranquilla.org\/wp-content\/uploads\/2025\/09\/image-1-480x296.png 480w\" sizes=\"(max-width:767px) 480px, (max-width:799px) 100vw, 799px\" \/>\t\t<\/a>\n\t\t\t<\/div>\n<\/div>\n\t\t<\/div>\n\t\t<div class=\"qodef-e-content\">\n\t\t\t\t\t\t<div class=\"qodef-e-text\">\n\t\t\t\t<p itemprop=\"name\" class=\"qodef-e-title entry-title\">\n\t<a itemprop=\"url\" class=\"qodef-e-title-link\" href=\"https:\/\/ds-barranquilla.org\/de\/estudiantes-del-colegio-aleman-de-barranquilla-en-los-primeros-lugares-del-jugend-debattiert-colombia-2025\/\">\n\t\tEstudiantes del Colegio Alem\u00e1n de Barranquilla, en los primeros lugares del Jugend debattiert Colombia 2025\t<\/a>\n<\/p>\n\t\t\t<\/div>\n\t\t\t\t\t<\/div>\n\t<\/div>\n<\/article>\n<article class=\"qodef-e qodef-blog-item swiper-slide qodef-item--full post-28492 post type-post status-publish format-standard has-post-thumbnail hentry category-735 category-otras-noticias category-sin-categorizar tag-abikosmos tag-ano-escolar-2025-2026 tag-bachillerato-internacional tag-biculturalidad tag-ciudadania-global tag-colegio-aleman-de-barranquilla tag-comunidad-educativa tag-cultura-alemana tag-educacion-internacional tag-elternabende tag-familias-y-colegio tag-formacion-integral tag-ib tag-identidad-bicultural tag-induccion-de-estudiantes tag-inicio-de-ano-escolar tag-kindergarten tag-klasse-1 tag-klasse-11 tag-klasse-12 tag-nuevos-retos tag-primaria tag-reencuentros-escolares tag-schultute tag-tradicion-alemana tag-valores-educativos\">\n\t<div class=\"qodef-e-inner\">\n\t\t<div class=\"qodef-e-media-holder\">\n\t\t\t<div class=\"qodef-e-media\">\n\t\t<div class=\"qodef-e-media-image\">\n\t\t<a itemprop=\"url\" href=\"https:\/\/ds-barranquilla.org\/de\/un-inicio-de-ano-escolar-lleno-de-tradicion-alegria-y-nuevos-retos\/\">\n\t\t\t<img loading=\"lazy\" decoding=\"async\" width=\"2560\" height=\"2076\" src=\"https:\/\/ds-barranquilla.org\/wp-content\/uploads\/2025\/09\/DSC06887-1-scaled.jpg\" class=\"attachment-full size-full\" alt=\"\" srcset=\"https:\/\/ds-barranquilla.org\/wp-content\/uploads\/2025\/09\/DSC06887-1-scaled.jpg 2560w, https:\/\/ds-barranquilla.org\/wp-content\/uploads\/2025\/09\/DSC06887-1-300x243.jpg 300w, https:\/\/ds-barranquilla.org\/wp-content\/uploads\/2025\/09\/DSC06887-1-1024x831.jpg 1024w, https:\/\/ds-barranquilla.org\/wp-content\/uploads\/2025\/09\/DSC06887-1-768x623.jpg 768w, https:\/\/ds-barranquilla.org\/wp-content\/uploads\/2025\/09\/DSC06887-1-1536x1246.jpg 1536w, https:\/\/ds-barranquilla.org\/wp-content\/uploads\/2025\/09\/DSC06887-1-2048x1661.jpg 2048w, https:\/\/ds-barranquilla.org\/wp-content\/uploads\/2025\/09\/DSC06887-1-15x12.jpg 15w, https:\/\/ds-barranquilla.org\/wp-content\/uploads\/2025\/09\/DSC06887-1-92x75.jpg 92w, https:\/\/ds-barranquilla.org\/wp-content\/uploads\/2025\/09\/DSC06887-1-480x389.jpg 480w\" sizes=\"(max-width:767px) 480px, (max-width:2560px) 100vw, 2560px\" \/>\t\t<\/a>\n\t\t\t<\/div>\n<\/div>\n\t\t<\/div>\n\t\t<div class=\"qodef-e-content\">\n\t\t\t\t\t\t<div class=\"qodef-e-text\">\n\t\t\t\t<p itemprop=\"name\" class=\"qodef-e-title entry-title\">\n\t<a itemprop=\"url\" class=\"qodef-e-title-link\" href=\"https:\/\/ds-barranquilla.org\/de\/un-inicio-de-ano-escolar-lleno-de-tradicion-alegria-y-nuevos-retos\/\">\n\t\tUn inicio de a\u00f1o escolar lleno de tradici\u00f3n, alegr\u00eda y nuevos retos\t<\/a>\n<\/p>\n\t\t\t<\/div>\n\t\t\t\t\t<\/div>\n\t<\/div>\n<\/article>\n<article class=\"qodef-e qodef-blog-item swiper-slide qodef-item--full post-28450 post type-post status-publish format-standard has-post-thumbnail hentry category-sin-categorizar\">\n\t<div class=\"qodef-e-inner\">\n\t\t<div class=\"qodef-e-media-holder\">\n\t\t\t<div class=\"qodef-e-media\">\n\t\t<div class=\"qodef-e-media-image\">\n\t\t<a itemprop=\"url\" href=\"https:\/\/ds-barranquilla.org\/de\/en-el-colegio-aleman-de-barranquilla-listos-para-el-ano-escolar-2025-2026\/\">\n\t\t\t<img loading=\"lazy\" decoding=\"async\" width=\"2560\" height=\"2274\" src=\"https:\/\/ds-barranquilla.org\/wp-content\/uploads\/2025\/08\/DSC06546-scaled.jpg\" class=\"attachment-full size-full\" alt=\"\" srcset=\"https:\/\/ds-barranquilla.org\/wp-content\/uploads\/2025\/08\/DSC06546-scaled.jpg 2560w, https:\/\/ds-barranquilla.org\/wp-content\/uploads\/2025\/08\/DSC06546-300x267.jpg 300w, https:\/\/ds-barranquilla.org\/wp-content\/uploads\/2025\/08\/DSC06546-1024x910.jpg 1024w, https:\/\/ds-barranquilla.org\/wp-content\/uploads\/2025\/08\/DSC06546-768x682.jpg 768w, https:\/\/ds-barranquilla.org\/wp-content\/uploads\/2025\/08\/DSC06546-1536x1365.jpg 1536w, https:\/\/ds-barranquilla.org\/wp-content\/uploads\/2025\/08\/DSC06546-2048x1820.jpg 2048w, https:\/\/ds-barranquilla.org\/wp-content\/uploads\/2025\/08\/DSC06546-14x12.jpg 14w, https:\/\/ds-barranquilla.org\/wp-content\/uploads\/2025\/08\/DSC06546-84x75.jpg 84w, https:\/\/ds-barranquilla.org\/wp-content\/uploads\/2025\/08\/DSC06546-480x426.jpg 480w\" sizes=\"(max-width:767px) 480px, (max-width:2560px) 100vw, 2560px\" \/>\t\t<\/a>\n\t\t\t<\/div>\n<\/div>\n\t\t<\/div>\n\t\t<div class=\"qodef-e-content\">\n\t\t\t\t\t\t<div class=\"qodef-e-text\">\n\t\t\t\t<p itemprop=\"name\" class=\"qodef-e-title entry-title\">\n\t<a itemprop=\"url\" class=\"qodef-e-title-link\" href=\"https:\/\/ds-barranquilla.org\/de\/en-el-colegio-aleman-de-barranquilla-listos-para-el-ano-escolar-2025-2026\/\">\n\t\tEn el Colegio Alem\u00e1n de Barranquilla, \u00a1listos para el a\u00f1o escolar 2025-2026!\t<\/a>\n<\/p>\n\t\t\t<\/div>\n\t\t\t\t\t<\/div>\n\t<\/div>\n<\/article>\n<article class=\"qodef-e qodef-blog-item swiper-slide qodef-item--full post-28423 post type-post status-publish format-standard has-post-thumbnail hentry category-735 category-area-de-matematicas-y-fisica category-sin-categorizar tag-colegio-aleman-barranquilla-olimpiada-internacional-de-matematicas-2025 tag-estudiantes-colombianos-destacados-en-la-imo-2025 tag-ganadores-olimpiadas-matematicas-colegio-aleman tag-resultados-olimpiada-internacional-de-matematicas-australia-2025 tag-colegio-aleman-de-barranquilla tag-educacion-de-calidad tag-estudiantes-destacados tag-logros-academicos tag-olimpiada-internacional-de-matematicas-2025 tag-olimpiada-matematica-centroamericana-y-del-caribe tag-olimpiadas-colombianas-de-matematicas tag-olimpiadas-matematicas-universidad-del-norte tag-orgullo-escolar tag-talento-matematico\">\n\t<div class=\"qodef-e-inner\">\n\t\t<div class=\"qodef-e-media-holder\">\n\t\t\t<div class=\"qodef-e-media\">\n\t\t<div class=\"qodef-e-media-image\">\n\t\t<a itemprop=\"url\" href=\"https:\/\/ds-barranquilla.org\/de\/estudiantes-del-colegio-aleman-brillan-en-la-olimpiada-internacional-de-matematicas-2025\/\">\n\t\t\t<img loading=\"lazy\" decoding=\"async\" width=\"880\" height=\"853\" src=\"https:\/\/ds-barranquilla.org\/wp-content\/uploads\/2025\/07\/Imagen-de-WhatsApp-2025-07-23-a-las-09.53.14_103dc190-1.jpg\" class=\"attachment-full size-full\" alt=\"\" srcset=\"https:\/\/ds-barranquilla.org\/wp-content\/uploads\/2025\/07\/Imagen-de-WhatsApp-2025-07-23-a-las-09.53.14_103dc190-1.jpg 880w, https:\/\/ds-barranquilla.org\/wp-content\/uploads\/2025\/07\/Imagen-de-WhatsApp-2025-07-23-a-las-09.53.14_103dc190-1-300x291.jpg 300w, https:\/\/ds-barranquilla.org\/wp-content\/uploads\/2025\/07\/Imagen-de-WhatsApp-2025-07-23-a-las-09.53.14_103dc190-1-768x744.jpg 768w, https:\/\/ds-barranquilla.org\/wp-content\/uploads\/2025\/07\/Imagen-de-WhatsApp-2025-07-23-a-las-09.53.14_103dc190-1-12x12.jpg 12w, https:\/\/ds-barranquilla.org\/wp-content\/uploads\/2025\/07\/Imagen-de-WhatsApp-2025-07-23-a-las-09.53.14_103dc190-1-77x75.jpg 77w, https:\/\/ds-barranquilla.org\/wp-content\/uploads\/2025\/07\/Imagen-de-WhatsApp-2025-07-23-a-las-09.53.14_103dc190-1-480x465.jpg 480w\" sizes=\"(max-width:767px) 480px, (max-width:880px) 100vw, 880px\" \/>\t\t<\/a>\n\t\t\t<\/div>\n<\/div>\n\t\t<\/div>\n\t\t<div class=\"qodef-e-content\">\n\t\t\t\t\t\t<div class=\"qodef-e-text\">\n\t\t\t\t<p itemprop=\"name\" class=\"qodef-e-title entry-title\">\n\t<a itemprop=\"url\" class=\"qodef-e-title-link\" href=\"https:\/\/ds-barranquilla.org\/de\/estudiantes-del-colegio-aleman-brillan-en-la-olimpiada-internacional-de-matematicas-2025\/\">\n\t\tEstudiantes del Colegio Alem\u00e1n de Barranquilla brillan en la Olimpiada Internacional de Matem\u00e1ticas 2025\t<\/a>\n<\/p>\n\t\t\t<\/div>\n\t\t\t\t\t<\/div>\n\t<\/div>\n<\/article>\n<article class=\"qodef-e qodef-blog-item swiper-slide qodef-item--full post-28343 post type-post status-publish format-standard has-post-thumbnail hentry category-735 category-area-de-aleman tag-beca-daad tag-beca-internacional-para-estudiantes-colombianos tag-cabmun tag-colegio-aleman-de-barranquilla tag-educacion-bicultural tag-egresados-destacados tag-estudios-universitarios-en-alemania tag-formacion-academica-de-excelencia tag-modelo-onu-escolar tag-wirlatam\">\n\t<div class=\"qodef-e-inner\">\n\t\t<div class=\"qodef-e-media-holder\">\n\t\t\t<div class=\"qodef-e-media\">\n\t\t<div class=\"qodef-e-media-image\">\n\t\t<a itemprop=\"url\" href=\"https:\/\/ds-barranquilla.org\/de\/egresada-del-colegio-aleman-de-barranquilla-gana-renombrada-beca-daad-para-estudios-universitarios-en-alemania\/\">\n\t\t\t<img loading=\"lazy\" decoding=\"async\" width=\"2560\" height=\"1639\" src=\"https:\/\/ds-barranquilla.org\/wp-content\/uploads\/2025\/06\/DSC01421-scaled.jpg\" class=\"attachment-full size-full\" alt=\"\" srcset=\"https:\/\/ds-barranquilla.org\/wp-content\/uploads\/2025\/06\/DSC01421-scaled.jpg 2560w, https:\/\/ds-barranquilla.org\/wp-content\/uploads\/2025\/06\/DSC01421-300x192.jpg 300w, https:\/\/ds-barranquilla.org\/wp-content\/uploads\/2025\/06\/DSC01421-1024x655.jpg 1024w, https:\/\/ds-barranquilla.org\/wp-content\/uploads\/2025\/06\/DSC01421-768x492.jpg 768w, https:\/\/ds-barranquilla.org\/wp-content\/uploads\/2025\/06\/DSC01421-1536x983.jpg 1536w, https:\/\/ds-barranquilla.org\/wp-content\/uploads\/2025\/06\/DSC01421-2048x1311.jpg 2048w, https:\/\/ds-barranquilla.org\/wp-content\/uploads\/2025\/06\/DSC01421-18x12.jpg 18w, https:\/\/ds-barranquilla.org\/wp-content\/uploads\/2025\/06\/DSC01421-117x75.jpg 117w, https:\/\/ds-barranquilla.org\/wp-content\/uploads\/2025\/06\/DSC01421-480x307.jpg 480w\" sizes=\"(max-width:767px) 480px, (max-width:2560px) 100vw, 2560px\" \/>\t\t<\/a>\n\t\t\t<\/div>\n<\/div>\n\t\t<\/div>\n\t\t<div class=\"qodef-e-content\">\n\t\t\t\t\t\t<div class=\"qodef-e-text\">\n\t\t\t\t<p itemprop=\"name\" class=\"qodef-e-title entry-title\">\n\t<a itemprop=\"url\" class=\"qodef-e-title-link\" href=\"https:\/\/ds-barranquilla.org\/de\/egresada-del-colegio-aleman-de-barranquilla-gana-renombrada-beca-daad-para-estudios-universitarios-en-alemania\/\">\n\t\tEgresada del Colegio Alem\u00e1n de Barranquilla gana Beca DAAD para estudios universitarios en Alemania\t<\/a>\n<\/p>\n\t\t\t<\/div>\n\t\t\t\t\t<\/div>\n\t<\/div>\n<\/article>\n<article class=\"qodef-e qodef-blog-item swiper-slide qodef-item--full post-28236 post type-post status-publish format-standard has-post-thumbnail hentry category-735 category-primaria category-sin-categorizar\">\n\t<div class=\"qodef-e-inner\">\n\t\t<div class=\"qodef-e-media-holder\">\n\t\t\t<div class=\"qodef-e-media\">\n\t\t<div class=\"qodef-e-media-image\">\n\t\t<a itemprop=\"url\" href=\"https:\/\/ds-barranquilla.org\/de\/ivan-donofrio-43-anos-de-ensenanza-y-legado-en-el-colegio-aleman-de-barranquilla\/\">\n\t\t\t<img loading=\"lazy\" decoding=\"async\" width=\"2560\" height=\"1709\" src=\"https:\/\/ds-barranquilla.org\/wp-content\/uploads\/2025\/05\/1-scaled.jpg\" class=\"attachment-full size-full\" alt=\"\" srcset=\"https:\/\/ds-barranquilla.org\/wp-content\/uploads\/2025\/05\/1-scaled.jpg 2560w, https:\/\/ds-barranquilla.org\/wp-content\/uploads\/2025\/05\/1-300x200.jpg 300w, https:\/\/ds-barranquilla.org\/wp-content\/uploads\/2025\/05\/1-1024x684.jpg 1024w, https:\/\/ds-barranquilla.org\/wp-content\/uploads\/2025\/05\/1-768x513.jpg 768w, https:\/\/ds-barranquilla.org\/wp-content\/uploads\/2025\/05\/1-391x260.jpg 391w, https:\/\/ds-barranquilla.org\/wp-content\/uploads\/2025\/05\/1-1536x1025.jpg 1536w, https:\/\/ds-barranquilla.org\/wp-content\/uploads\/2025\/05\/1-2048x1367.jpg 2048w, https:\/\/ds-barranquilla.org\/wp-content\/uploads\/2025\/05\/1-18x12.jpg 18w, https:\/\/ds-barranquilla.org\/wp-content\/uploads\/2025\/05\/1-112x75.jpg 112w, https:\/\/ds-barranquilla.org\/wp-content\/uploads\/2025\/05\/1-480x320.jpg 480w\" sizes=\"(max-width:767px) 480px, (max-width:2560px) 100vw, 2560px\" \/>\t\t<\/a>\n\t\t\t<\/div>\n<\/div>\n\t\t<\/div>\n\t\t<div class=\"qodef-e-content\">\n\t\t\t\t\t\t<div class=\"qodef-e-text\">\n\t\t\t\t<p itemprop=\"name\" class=\"qodef-e-title entry-title\">\n\t<a itemprop=\"url\" class=\"qodef-e-title-link\" href=\"https:\/\/ds-barranquilla.org\/de\/ivan-donofrio-43-anos-de-ensenanza-y-legado-en-el-colegio-aleman-de-barranquilla\/\">\n\t\tIv\u00e1n D&#8217;Onofrio: 43 a\u00f1os de ense\u00f1anza y legado en el Colegio Alem\u00e1n de Barranquilla\t<\/a>\n<\/p>\n\t\t\t<\/div>\n\t\t\t\t\t<\/div>\n\t<\/div>\n<\/article>\n\t<\/div>\n\t<\/div>\n\t\t<\/div>\n\t\t\t\t<\/div>\n\t\t\t\t\t<\/div>\n\t\t<\/div>\n\t\t\t\t<div class=\"elementor-column elementor-col-50 elementor-top-column elementor-element elementor-element-dbc2a47\" data-id=\"dbc2a47\" data-element_type=\"column\">\n\t\t\t<div class=\"elementor-widget-wrap elementor-element-populated\">\n\t\t\t\t\t\t<div class=\"elementor-element elementor-element-92f4b5d elementor-widget elementor-widget-heading\" data-id=\"92f4b5d\" data-element_type=\"widget\" data-widget_type=\"heading.default\">\n\t\t\t\t<div class=\"elementor-widget-container\">\n\t\t\t<h2 class=\"elementor-heading-title elementor-size-default\">Universit\u00e4re Praktika <\/h2>\t\t<\/div>\n\t\t\t\t<\/div>\n\t\t\t\t<div class=\"elementor-element elementor-element-e1adee7 elementor-widget elementor-widget-text-editor\" data-id=\"e1adee7\" data-element_type=\"widget\" data-widget_type=\"text-editor.default\">\n\t\t\t\t<div class=\"elementor-widget-container\">\n\t\t\t\t\t\t\t<div class=\"wpb_text_column wpb_content_element\"><div class=\"wpb_wrapper\"><p>Die Deutsche Schule Barranquilla bietet deutschen und kolumbianischen Studierenden die M\u00f6glichkeit, Praktika vor Ort an unserer Schule, oder auch online durchzuf\u00fchren.<\/p><p>Die Praktika gehen mindestens drei (3) Monate, abh\u00e4ngig von den Anforderungen der Ausbildungsst\u00e4tten.\u00a0<\/p><p>Jedes Schulhalbjahr nehmen wir ca. 10 deutsche Praktikant*innen auf, die die Chance bekommen, unsere Lehrkr\u00e4fte bei der Umsetzung des Lehrplans zu unterst\u00fctzen oder in der Verwaltungsabteilung mitzuwirken.<\/p><\/div><\/div><div class=\"wpb_text_column wpb_content_element\"><div class=\"wpb_wrapper\"><h5 style=\"text-align: center;\"><strong>Du hast Interesse an einem Praktikum an unserer Schule?<\/strong><\/h5><h5><span style=\"color: #cc3524;\"><strong>Anforderungen<\/strong><\/span><\/h5><p>Wir suchen junge und engagierte Menschen, die gerne im Team arbeiten und an einem Praktikum in einem interkulturellen Umfeld interessiert sind.<\/p><\/div><\/div>\t\t\t\t\t\t<\/div>\n\t\t\t\t<\/div>\n\t\t\t\t<div class=\"elementor-element elementor-element-3023867 elementor-widget elementor-widget-eael-feature-list\" data-id=\"3023867\" data-element_type=\"widget\" data-widget_type=\"eael-feature-list.default\">\n\t\t\t\t<div class=\"elementor-widget-container\">\n\t\t\t\t\t<div class=\"-icon-position-left -tablet-icon-position-left -mobile-icon-position-left\">\n\t\t\t<ul id=\"eael-feature-list-3023867\" class=\"eael-feature-list-items circle framed  eael-feature-list-vertical\">\n\t\t\t                <li class=\"eael-feature-list-item elementor-repeater-item-d09381d\">\n                    \n\t\t\t\t\t\t<div class=\"eael-feature-list-icon-box\">\n\t\t\t\t\t\t\t<div class=\"eael-feature-list-icon-inner\">\n\n\t\t\t\t\t\t\t\t<span class=\"eael-feature-list-icon fl-icon-0\">\n\n\t\t<i aria-hidden=\"true\" class=\"fas fa-check\"><\/i>\t\t\t\t\t\t\t\t<\/span>\n\t\t\t\t\t\t\t<\/div>\n\t\t\t\t\t\t<\/div>\n\t\t\t\t\t\t<div class=\"eael-feature-list-content-box\">\n\t\t\t\t\t\t\t<h2 class=\"eael-feature-list-title\"\t\t\t\t\t\t\t><\/h2\t\t\t\t\t\t>\n\t\t\t\t\t\t<p class=\"eael-feature-list-content\">Spanisch auf mittlerem bis fortgeschrittenen Niveau.<\/p>\n\t\t\t\t\t\t<\/div>\n\n\t\t\t\t\t<\/li>\n\t\t\t\t                <li class=\"eael-feature-list-item elementor-repeater-item-b0e432a\">\n                    \n\t\t\t\t\t\t<div class=\"eael-feature-list-icon-box\">\n\t\t\t\t\t\t\t<div class=\"eael-feature-list-icon-inner\">\n\n\t\t\t\t\t\t\t\t<span class=\"eael-feature-list-icon fl-icon-1\">\n\n\t\t<i aria-hidden=\"true\" class=\"fas fa-check\"><\/i>\t\t\t\t\t\t\t\t<\/span>\n\t\t\t\t\t\t\t<\/div>\n\t\t\t\t\t\t<\/div>\n\t\t\t\t\t\t<div class=\"eael-feature-list-content-box\">\n\t\t\t\t\t\t\t<h2 class=\"eael-feature-list-title\"\t\t\t\t\t\t\t><\/h2\t\t\t\t\t\t>\n\t\t\t\t\t\t<p class=\"eael-feature-list-content\">Mindestdauer des Praktikums ist drei (3) Monate.<\/p>\n\t\t\t\t\t\t<\/div>\n\n\t\t\t\t\t<\/li>\n\t\t\t\t                <li class=\"eael-feature-list-item elementor-repeater-item-7901fd5\">\n                    \n\t\t\t\t\t\t<div class=\"eael-feature-list-icon-box\">\n\t\t\t\t\t\t\t<div class=\"eael-feature-list-icon-inner\">\n\n\t\t\t\t\t\t\t\t<span class=\"eael-feature-list-icon fl-icon-2\">\n\n\t\t<i aria-hidden=\"true\" class=\"fas fa-check\"><\/i>\t\t\t\t\t\t\t\t<\/span>\n\t\t\t\t\t\t\t<\/div>\n\t\t\t\t\t\t<\/div>\n\t\t\t\t\t\t<div class=\"eael-feature-list-content-box\">\n\t\t\t\t\t\t\t<h2 class=\"eael-feature-list-title\"\t\t\t\t\t\t\t><\/h2\t\t\t\t\t\t>\n\t\t\t\t\t\t<p class=\"eael-feature-list-content\">Praktikazeitraum 1: Mitte August - Mitte Dezember.<\/p>\n\t\t\t\t\t\t<\/div>\n\n\t\t\t\t\t<\/li>\n\t\t\t\t                <li class=\"eael-feature-list-item elementor-repeater-item-03abca7\">\n                    \n\t\t\t\t\t\t<div class=\"eael-feature-list-icon-box\">\n\t\t\t\t\t\t\t<div class=\"eael-feature-list-icon-inner\">\n\n\t\t\t\t\t\t\t\t<span class=\"eael-feature-list-icon fl-icon-3\">\n\n\t\t<i aria-hidden=\"true\" class=\"fas fa-check\"><\/i>\t\t\t\t\t\t\t\t<\/span>\n\t\t\t\t\t\t\t<\/div>\n\t\t\t\t\t\t<\/div>\n\t\t\t\t\t\t<div class=\"eael-feature-list-content-box\">\n\t\t\t\t\t\t\t<h2 class=\"eael-feature-list-title\"\t\t\t\t\t\t\t><\/h2\t\t\t\t\t\t>\n\t\t\t\t\t\t<p class=\"eael-feature-list-content\">Praktikumszeitraum 2: Mitte Januar - Mitte Dezember.<\/p>\n\t\t\t\t\t\t<\/div>\n\n\t\t\t\t\t<\/li>\n\t\t\t\t                <li class=\"eael-feature-list-item elementor-repeater-item-be54d67\">\n                    \n\t\t\t\t\t\t<div class=\"eael-feature-list-icon-box\">\n\t\t\t\t\t\t\t<div class=\"eael-feature-list-icon-inner\">\n\n\t\t\t\t\t\t\t\t<span class=\"eael-feature-list-icon fl-icon-4\">\n\n\t\t<i aria-hidden=\"true\" class=\"fas fa-check\"><\/i>\t\t\t\t\t\t\t\t<\/span>\n\t\t\t\t\t\t\t<\/div>\n\t\t\t\t\t\t<\/div>\n\t\t\t\t\t\t<div class=\"eael-feature-list-content-box\">\n\t\t\t\t\t\t\t<h2 class=\"eael-feature-list-title\"\t\t\t\t\t\t\t><\/h2\t\t\t\t\t\t>\n\t\t\t\t\t\t<p class=\"eael-feature-list-content\">Lernfreudig.<\/p>\n\t\t\t\t\t\t<\/div>\n\n\t\t\t\t\t<\/li>\n\t\t\t\t\t\t\t<\/ul>\n\t\t<\/div>\n\t\t\t\t<\/div>\n\t\t\t\t<\/div>\n\t\t\t\t<div class=\"elementor-element elementor-element-bba45ae elementor-widget elementor-widget-text-editor\" data-id=\"bba45ae\" data-element_type=\"widget\" data-widget_type=\"text-editor.default\">\n\t\t\t\t<div class=\"elementor-widget-container\">\n\t\t\t\t\t\t\t<div class=\"wpb_text_column wpb_content_element\"><div class=\"wpb_wrapper\"><strong style=\"color: #cc3524; font-size: 15px;\">Vorteile<\/strong><\/div><\/div>\t\t\t\t\t\t<\/div>\n\t\t\t\t<\/div>\n\t\t\t\t<div class=\"elementor-element elementor-element-d13b067 elementor-widget elementor-widget-eael-feature-list\" data-id=\"d13b067\" data-element_type=\"widget\" data-widget_type=\"eael-feature-list.default\">\n\t\t\t\t<div class=\"elementor-widget-container\">\n\t\t\t\t\t<div class=\"-icon-position-left -tablet-icon-position-left -mobile-icon-position-left\">\n\t\t\t<ul id=\"eael-feature-list-d13b067\" class=\"eael-feature-list-items circle framed  eael-feature-list-vertical\">\n\t\t\t                <li class=\"eael-feature-list-item elementor-repeater-item-d09381d\">\n                    \n\t\t\t\t\t\t<div class=\"eael-feature-list-icon-box\">\n\t\t\t\t\t\t\t<div class=\"eael-feature-list-icon-inner\">\n\n\t\t\t\t\t\t\t\t<span class=\"eael-feature-list-icon fl-icon-0\">\n\n\t\t<i aria-hidden=\"true\" class=\"fas fa-check\"><\/i>\t\t\t\t\t\t\t\t<\/span>\n\t\t\t\t\t\t\t<\/div>\n\t\t\t\t\t\t<\/div>\n\t\t\t\t\t\t<div class=\"eael-feature-list-content-box\">\n\t\t\t\t\t\t\t<h2 class=\"eael-feature-list-title\"\t\t\t\t\t\t\t><\/h2\t\t\t\t\t\t>\n\t\t\t\t\t\t<p class=\"eael-feature-list-content\">Praktische Erfahrungen in internationalem Kontext.<\/p>\n\t\t\t\t\t\t<\/div>\n\n\t\t\t\t\t<\/li>\n\t\t\t\t                <li class=\"eael-feature-list-item elementor-repeater-item-b0e432a\">\n                    \n\t\t\t\t\t\t<div class=\"eael-feature-list-icon-box\">\n\t\t\t\t\t\t\t<div class=\"eael-feature-list-icon-inner\">\n\n\t\t\t\t\t\t\t\t<span class=\"eael-feature-list-icon fl-icon-1\">\n\n\t\t<i aria-hidden=\"true\" class=\"fas fa-check\"><\/i>\t\t\t\t\t\t\t\t<\/span>\n\t\t\t\t\t\t\t<\/div>\n\t\t\t\t\t\t<\/div>\n\t\t\t\t\t\t<div class=\"eael-feature-list-content-box\">\n\t\t\t\t\t\t\t<h2 class=\"eael-feature-list-title\"\t\t\t\t\t\t\t><\/h2\t\t\t\t\t\t>\n\t\t\t\t\t\t<p class=\"eael-feature-list-content\">Entwicklung von interkulturellen Kompetenzen durch Leben und Arbeiten in Lateinamerika.<\/p>\n\t\t\t\t\t\t<\/div>\n\n\t\t\t\t\t<\/li>\n\t\t\t\t                <li class=\"eael-feature-list-item elementor-repeater-item-7901fd5\">\n                    \n\t\t\t\t\t\t<div class=\"eael-feature-list-icon-box\">\n\t\t\t\t\t\t\t<div class=\"eael-feature-list-icon-inner\">\n\n\t\t\t\t\t\t\t\t<span class=\"eael-feature-list-icon fl-icon-2\">\n\n\t\t<i aria-hidden=\"true\" class=\"fas fa-check\"><\/i>\t\t\t\t\t\t\t\t<\/span>\n\t\t\t\t\t\t\t<\/div>\n\t\t\t\t\t\t<\/div>\n\t\t\t\t\t\t<div class=\"eael-feature-list-content-box\">\n\t\t\t\t\t\t\t<h2 class=\"eael-feature-list-title\"\t\t\t\t\t\t\t><\/h2\t\t\t\t\t\t>\n\t\t\t\t\t\t<p class=\"eael-feature-list-content\">Viele M\u00f6glichkeiten zur Mitgestaltung, Durchf\u00fchrung und Nachbereitung des Unterrichts.\n<\/p>\n\t\t\t\t\t\t<\/div>\n\n\t\t\t\t\t<\/li>\n\t\t\t\t                <li class=\"eael-feature-list-item elementor-repeater-item-03abca7\">\n                    \n\t\t\t\t\t\t<div class=\"eael-feature-list-icon-box\">\n\t\t\t\t\t\t\t<div class=\"eael-feature-list-icon-inner\">\n\n\t\t\t\t\t\t\t\t<span class=\"eael-feature-list-icon fl-icon-3\">\n\n\t\t<i aria-hidden=\"true\" class=\"fas fa-check\"><\/i>\t\t\t\t\t\t\t\t<\/span>\n\t\t\t\t\t\t\t<\/div>\n\t\t\t\t\t\t<\/div>\n\t\t\t\t\t\t<div class=\"eael-feature-list-content-box\">\n\t\t\t\t\t\t\t<h2 class=\"eael-feature-list-title\"\t\t\t\t\t\t\t><\/h2\t\t\t\t\t\t>\n\t\t\t\t\t\t<p class=\"eael-feature-list-content\">Kenntnisse der Programme, Konzepte und Philosophien einer Schule der akademischen Exzellenz.<\/p>\n\t\t\t\t\t\t<\/div>\n\n\t\t\t\t\t<\/li>\n\t\t\t\t                <li class=\"eael-feature-list-item elementor-repeater-item-be54d67\">\n                    \n\t\t\t\t\t\t<div class=\"eael-feature-list-icon-box\">\n\t\t\t\t\t\t\t<div class=\"eael-feature-list-icon-inner\">\n\n\t\t\t\t\t\t\t\t<span class=\"eael-feature-list-icon fl-icon-4\">\n\n\t\t<i aria-hidden=\"true\" class=\"fas fa-check\"><\/i>\t\t\t\t\t\t\t\t<\/span>\n\t\t\t\t\t\t\t<\/div>\n\t\t\t\t\t\t<\/div>\n\t\t\t\t\t\t<div class=\"eael-feature-list-content-box\">\n\t\t\t\t\t\t\t<h2 class=\"eael-feature-list-title\"\t\t\t\t\t\t\t><\/h2\t\t\t\t\t\t>\n\t\t\t\t\t\t<p class=\"eael-feature-list-content\">Teilnahme an Workshops zu differenziertem Lernen und der Nutzung digitaler Medien.<\/p>\n\t\t\t\t\t\t<\/div>\n\n\t\t\t\t\t<\/li>\n\t\t\t\t                <li class=\"eael-feature-list-item elementor-repeater-item-95effe5\">\n                    \n\t\t\t\t\t\t<div class=\"eael-feature-list-icon-box\">\n\t\t\t\t\t\t\t<div class=\"eael-feature-list-icon-inner\">\n\n\t\t\t\t\t\t\t\t<span class=\"eael-feature-list-icon fl-icon-5\">\n\n\t\t<i aria-hidden=\"true\" class=\"fas fa-check\"><\/i>\t\t\t\t\t\t\t\t<\/span>\n\t\t\t\t\t\t\t<\/div>\n\t\t\t\t\t\t<\/div>\n\t\t\t\t\t\t<div class=\"eael-feature-list-content-box\">\n\t\t\t\t\t\t\t<h2 class=\"eael-feature-list-title\"\t\t\t\t\t\t\t><\/h2\t\t\t\t\t\t>\n\t\t\t\t\t\t<p class=\"eael-feature-list-content\">Verbesserung der Spanischkenntnisse.<\/p>\n\t\t\t\t\t\t<\/div>\n\n\t\t\t\t\t<\/li>\n\t\t\t\t                <li class=\"eael-feature-list-item elementor-repeater-item-b0eb8c2\">\n                    \n\t\t\t\t\t\t<div class=\"eael-feature-list-icon-box\">\n\t\t\t\t\t\t\t<div class=\"eael-feature-list-icon-inner\">\n\n\t\t\t\t\t\t\t\t<span class=\"eael-feature-list-icon fl-icon-6\">\n\n\t\t<i aria-hidden=\"true\" class=\"fas fa-check\"><\/i>\t\t\t\t\t\t\t\t<\/span>\n\t\t\t\t\t\t\t<\/div>\n\t\t\t\t\t\t<\/div>\n\t\t\t\t\t\t<div class=\"eael-feature-list-content-box\">\n\t\t\t\t\t\t\t<h2 class=\"eael-feature-list-title\"\t\t\t\t\t\t\t><\/h2\t\t\t\t\t\t>\n\t\t\t\t\t\t<p class=\"eael-feature-list-content\">M\u00f6glichkeit, Barranquilla, Kolumbien und deren Kultur kennenzulernen.<\/p>\n\t\t\t\t\t\t<\/div>\n\n\t\t\t\t\t<\/li>\n\t\t\t\t\t\t\t<\/ul>\n\t\t<\/div>\n\t\t\t\t<\/div>\n\t\t\t\t<\/div>\n\t\t\t\t<div class=\"elementor-element elementor-element-123b492 elementor-widget elementor-widget-text-editor\" data-id=\"123b492\" data-element_type=\"widget\" data-widget_type=\"text-editor.default\">\n\t\t\t\t<div class=\"elementor-widget-container\">\n\t\t\t\t\t\t\t<div class=\"wpb_text_column wpb_content_element\"><div class=\"wpb_wrapper\"><strong style=\"color: #cc3524; font-size: 15px;\">Erfahrungen<\/strong><\/div><\/div>\t\t\t\t\t\t<\/div>\n\t\t\t\t<\/div>\n\t\t\t\t<section class=\"elementor-section elementor-inner-section elementor-element elementor-element-574be72 elementor-section-boxed elementor-section-height-default elementor-section-height-default\" data-id=\"574be72\" data-element_type=\"section\">\n\t\t\t\t\t\t<div class=\"elementor-container elementor-column-gap-default\">\n\t\t\t\t\t<div class=\"elementor-column elementor-col-33 elementor-inner-column elementor-element elementor-element-1c767fb\" data-id=\"1c767fb\" data-element_type=\"column\">\n\t\t\t<div class=\"elementor-widget-wrap elementor-element-populated\">\n\t\t\t\t\t\t<div class=\"elementor-element elementor-element-d8c1d17 elementor-widget elementor-widget-testimonial\" data-id=\"d8c1d17\" data-element_type=\"widget\" data-widget_type=\"testimonial.default\">\n\t\t\t\t<div class=\"elementor-widget-container\">\n\t\t\t<style>\/*! elementor - v3.23.0 - 05-08-2024 *\/\n.elementor-testimonial-wrapper{overflow:hidden;text-align:center}.elementor-testimonial-wrapper .elementor-testimonial-content{font-size:1.3em;margin-bottom:20px}.elementor-testimonial-wrapper .elementor-testimonial-name{line-height:1.5;display:block}.elementor-testimonial-wrapper .elementor-testimonial-job{font-size:.85em;display:block}.elementor-testimonial-wrapper .elementor-testimonial-meta{width:100%;line-height:1}.elementor-testimonial-wrapper .elementor-testimonial-meta-inner{display:inline-block}.elementor-testimonial-wrapper .elementor-testimonial-meta .elementor-testimonial-details,.elementor-testimonial-wrapper .elementor-testimonial-meta .elementor-testimonial-image{display:table-cell;vertical-align:middle}.elementor-testimonial-wrapper .elementor-testimonial-meta .elementor-testimonial-image img{width:60px;height:60px;border-radius:50%;-o-object-fit:cover;object-fit:cover;max-width:none}.elementor-testimonial-wrapper .elementor-testimonial-meta.elementor-testimonial-image-position-aside .elementor-testimonial-image{padding-inline-end:15px}.elementor-testimonial-wrapper .elementor-testimonial-meta.elementor-testimonial-image-position-aside .elementor-testimonial-details{text-align:start}.elementor-testimonial-wrapper .elementor-testimonial-meta.elementor-testimonial-image-position-top .elementor-testimonial-details,.elementor-testimonial-wrapper .elementor-testimonial-meta.elementor-testimonial-image-position-top .elementor-testimonial-image{display:block}.elementor-testimonial-wrapper .elementor-testimonial-meta.elementor-testimonial-image-position-top .elementor-testimonial-image{margin-bottom:20px}<\/style>\t\t<div class=\"elementor-testimonial-wrapper\">\n\t\t\t\t\t\t\t<div class=\"elementor-testimonial-content\">\"Durch mein Praktikum an der Deutschen Schule Barranquilla konnte ich die theoretischen Kenntnisse aus meinem Studium in der Praxis anwenden, mein Wissen erweitern und einen umfassenden Einblick in die vielf\u00e4ltigen Aufgaben einer Lehrkraft f\u00fcr Deutsch als Fremdsprache gewinnen. Dank der freundlichen und offenen deutsch-kolumbianischen Kultur an der Schule habe ich meine Zeit hier sehr genossen.\"<\/div>\n\t\t\t\n\t\t\t\t\t\t<div class=\"elementor-testimonial-meta elementor-has-image elementor-testimonial-image-position-aside\">\n\t\t\t\t<div class=\"elementor-testimonial-meta-inner\">\n\t\t\t\t\t\t\t\t\t\t\t<div class=\"elementor-testimonial-image\">\n\t\t\t\t\t\t\t<img loading=\"lazy\" decoding=\"async\" width=\"8001\" height=\"5590\" src=\"https:\/\/ds-barranquilla.org\/wp-content\/uploads\/2022\/08\/Fotos-practicantes-02.png\" class=\"attachment-full size-full wp-image-17357\" alt=\"\" srcset=\"https:\/\/ds-barranquilla.org\/wp-content\/uploads\/2022\/08\/Fotos-practicantes-02.png 8001w, https:\/\/ds-barranquilla.org\/wp-content\/uploads\/2022\/08\/Fotos-practicantes-02-300x210.png 300w, https:\/\/ds-barranquilla.org\/wp-content\/uploads\/2022\/08\/Fotos-practicantes-02-1024x715.png 1024w, https:\/\/ds-barranquilla.org\/wp-content\/uploads\/2022\/08\/Fotos-practicantes-02-768x537.png 768w, https:\/\/ds-barranquilla.org\/wp-content\/uploads\/2022\/08\/Fotos-practicantes-02-1536x1073.png 1536w, https:\/\/ds-barranquilla.org\/wp-content\/uploads\/2022\/08\/Fotos-practicantes-02-2048x1431.png 2048w, https:\/\/ds-barranquilla.org\/wp-content\/uploads\/2022\/08\/Fotos-practicantes-02-18x12.png 18w, https:\/\/ds-barranquilla.org\/wp-content\/uploads\/2022\/08\/Fotos-practicantes-02-209x146.png 209w, https:\/\/ds-barranquilla.org\/wp-content\/uploads\/2022\/08\/Fotos-practicantes-02-50x35.png 50w, https:\/\/ds-barranquilla.org\/wp-content\/uploads\/2022\/08\/Fotos-practicantes-02-107x75.png 107w, https:\/\/ds-barranquilla.org\/wp-content\/uploads\/2022\/08\/Fotos-practicantes-02-800x559.png 800w\" sizes=\"(max-width:767px) 480px, (max-width:8001px) 100vw, 8001px\" \/>\t\t\t\t\t\t<\/div>\n\t\t\t\t\t\n\t\t\t\t\t\t\t\t\t\t<div class=\"elementor-testimonial-details\">\n\t\t\t\t\t\t\t\t\t\t\t\t\t\t<div class=\"elementor-testimonial-name\">Sophie<\/div>\n\t\t\t\t\t\t\t\t\t\t\t\t\t\t\t\t\t\t\t\t\t\t<div class=\"elementor-testimonial-job\"> Bachelorpraktikantin<\/div>\n\t\t\t\t\t\t\t\t\t\t\t\t\t<\/div>\n\t\t\t\t\t\t\t\t\t<\/div>\n\t\t\t<\/div>\n\t\t\t\t\t<\/div>\n\t\t\t\t<\/div>\n\t\t\t\t<\/div>\n\t\t\t\t\t<\/div>\n\t\t<\/div>\n\t\t\t\t<div class=\"elementor-column elementor-col-33 elementor-inner-column elementor-element elementor-element-655d359\" data-id=\"655d359\" data-element_type=\"column\">\n\t\t\t<div class=\"elementor-widget-wrap elementor-element-populated\">\n\t\t\t\t\t\t<div class=\"elementor-element elementor-element-9d105b9 elementor-widget elementor-widget-testimonial\" data-id=\"9d105b9\" data-element_type=\"widget\" data-widget_type=\"testimonial.default\">\n\t\t\t\t<div class=\"elementor-widget-container\">\n\t\t\t\t\t<div class=\"elementor-testimonial-wrapper\">\n\t\t\t\t\t\t\t<div class=\"elementor-testimonial-content\">\"Die Zeit hier hat mir in vielen Aspekten geholfen. Zum einen konnte ich meine Spanischkenntnisse verbessern. Zum anderen lernte ich den Alltag als \u00dcbersetzerin, Mitarbeiterin des Internationalen B\u00fcros, und die verschiedenen Perspektiven einer Schule kennen. Dies hat mir sehr viel in meiner beruflichen Orientierung geholfen.\"<\/div>\n\t\t\t\n\t\t\t\t\t\t<div class=\"elementor-testimonial-meta elementor-has-image elementor-testimonial-image-position-aside\">\n\t\t\t\t<div class=\"elementor-testimonial-meta-inner\">\n\t\t\t\t\t\t\t\t\t\t\t<div class=\"elementor-testimonial-image\">\n\t\t\t\t\t\t\t<img loading=\"lazy\" decoding=\"async\" width=\"2560\" height=\"1707\" src=\"https:\/\/ds-barranquilla.org\/wp-content\/uploads\/2022\/08\/Phyllis-Glissmann-scaled.jpg\" class=\"attachment-full size-full wp-image-17321\" alt=\"\" srcset=\"https:\/\/ds-barranquilla.org\/wp-content\/uploads\/2022\/08\/Phyllis-Glissmann-scaled.jpg 2560w, https:\/\/ds-barranquilla.org\/wp-content\/uploads\/2022\/08\/Phyllis-Glissmann-300x200.jpg 300w, https:\/\/ds-barranquilla.org\/wp-content\/uploads\/2022\/08\/Phyllis-Glissmann-1024x683.jpg 1024w, https:\/\/ds-barranquilla.org\/wp-content\/uploads\/2022\/08\/Phyllis-Glissmann-768x512.jpg 768w, https:\/\/ds-barranquilla.org\/wp-content\/uploads\/2022\/08\/Phyllis-Glissmann-391x260.jpg 391w, https:\/\/ds-barranquilla.org\/wp-content\/uploads\/2022\/08\/Phyllis-Glissmann-1536x1024.jpg 1536w, https:\/\/ds-barranquilla.org\/wp-content\/uploads\/2022\/08\/Phyllis-Glissmann-2048x1365.jpg 2048w, https:\/\/ds-barranquilla.org\/wp-content\/uploads\/2022\/08\/Phyllis-Glissmann-18x12.jpg 18w, https:\/\/ds-barranquilla.org\/wp-content\/uploads\/2022\/08\/Phyllis-Glissmann-219x146.jpg 219w, https:\/\/ds-barranquilla.org\/wp-content\/uploads\/2022\/08\/Phyllis-Glissmann-50x33.jpg 50w, https:\/\/ds-barranquilla.org\/wp-content\/uploads\/2022\/08\/Phyllis-Glissmann-113x75.jpg 113w, https:\/\/ds-barranquilla.org\/wp-content\/uploads\/2022\/08\/Phyllis-Glissmann-800x533.jpg 800w\" sizes=\"(max-width:767px) 480px, (max-width:2560px) 100vw, 2560px\" \/>\t\t\t\t\t\t<\/div>\n\t\t\t\t\t\n\t\t\t\t\t\t\t\t\t\t<div class=\"elementor-testimonial-details\">\n\t\t\t\t\t\t\t\t\t\t\t\t\t\t<div class=\"elementor-testimonial-name\">Phyllis<\/div>\n\t\t\t\t\t\t\t\t\t\t\t\t\t\t\t\t\t\t\t\t\t\t<div class=\"elementor-testimonial-job\"> Verwaltungspraktikantin<\/div>\n\t\t\t\t\t\t\t\t\t\t\t\t\t<\/div>\n\t\t\t\t\t\t\t\t\t<\/div>\n\t\t\t<\/div>\n\t\t\t\t\t<\/div>\n\t\t\t\t<\/div>\n\t\t\t\t<\/div>\n\t\t\t\t\t<\/div>\n\t\t<\/div>\n\t\t\t\t<div class=\"elementor-column elementor-col-33 elementor-inner-column elementor-element elementor-element-ad406c5\" data-id=\"ad406c5\" data-element_type=\"column\">\n\t\t\t<div class=\"elementor-widget-wrap elementor-element-populated\">\n\t\t\t\t\t\t<div class=\"elementor-element elementor-element-9c7cd86 elementor-widget elementor-widget-testimonial\" data-id=\"9c7cd86\" data-element_type=\"widget\" data-widget_type=\"testimonial.default\">\n\t\t\t\t<div class=\"elementor-widget-container\">\n\t\t\t\t\t<div class=\"elementor-testimonial-wrapper\">\n\t\t\t\t\t\t\t<div class=\"elementor-testimonial-content\">\"F\u00fcr mich hat die Zeit an der Deutschen Schule bedeutet, mich direkt mit den M\u00f6glichkeiten und Herausforderungen von Bildung und interkultureller Kooperation zu besch\u00e4ftigen. Die Kenntnisse und F\u00e4higkeiten, die ich mir angeeignet habe, werden f\u00fcr mich von unsch\u00e4tzbarem Wert sein, unabh\u00e4ngig von meiner beruflichen Zukunft.\"<\/div>\n\t\t\t\n\t\t\t\t\t\t<div class=\"elementor-testimonial-meta elementor-has-image elementor-testimonial-image-position-aside\">\n\t\t\t\t<div class=\"elementor-testimonial-meta-inner\">\n\t\t\t\t\t\t\t\t\t\t\t<div class=\"elementor-testimonial-image\">\n\t\t\t\t\t\t\t<img loading=\"lazy\" decoding=\"async\" width=\"1120\" height=\"830\" src=\"https:\/\/ds-barranquilla.org\/wp-content\/uploads\/2022\/08\/Captura-de-Pantalla-2022-08-16-a-las-2.27.19-p.m..png\" class=\"attachment-full size-full wp-image-17359\" alt=\"\" srcset=\"https:\/\/ds-barranquilla.org\/wp-content\/uploads\/2022\/08\/Captura-de-Pantalla-2022-08-16-a-las-2.27.19-p.m..png 1120w, https:\/\/ds-barranquilla.org\/wp-content\/uploads\/2022\/08\/Captura-de-Pantalla-2022-08-16-a-las-2.27.19-p.m.-300x222.png 300w, https:\/\/ds-barranquilla.org\/wp-content\/uploads\/2022\/08\/Captura-de-Pantalla-2022-08-16-a-las-2.27.19-p.m.-1024x759.png 1024w, https:\/\/ds-barranquilla.org\/wp-content\/uploads\/2022\/08\/Captura-de-Pantalla-2022-08-16-a-las-2.27.19-p.m.-768x569.png 768w, https:\/\/ds-barranquilla.org\/wp-content\/uploads\/2022\/08\/Captura-de-Pantalla-2022-08-16-a-las-2.27.19-p.m.-16x12.png 16w, https:\/\/ds-barranquilla.org\/wp-content\/uploads\/2022\/08\/Captura-de-Pantalla-2022-08-16-a-las-2.27.19-p.m.-197x146.png 197w, https:\/\/ds-barranquilla.org\/wp-content\/uploads\/2022\/08\/Captura-de-Pantalla-2022-08-16-a-las-2.27.19-p.m.-50x37.png 50w, https:\/\/ds-barranquilla.org\/wp-content\/uploads\/2022\/08\/Captura-de-Pantalla-2022-08-16-a-las-2.27.19-p.m.-101x75.png 101w, https:\/\/ds-barranquilla.org\/wp-content\/uploads\/2022\/08\/Captura-de-Pantalla-2022-08-16-a-las-2.27.19-p.m.-800x593.png 800w\" sizes=\"(max-width:767px) 480px, (max-width:1120px) 100vw, 1120px\" \/>\t\t\t\t\t\t<\/div>\n\t\t\t\t\t\n\t\t\t\t\t\t\t\t\t\t<div class=\"elementor-testimonial-details\">\n\t\t\t\t\t\t\t\t\t\t\t\t\t\t<div class=\"elementor-testimonial-name\">Jan<\/div>\n\t\t\t\t\t\t\t\t\t\t\t\t\t\t\t\t\t\t\t\t\t\t<div class=\"elementor-testimonial-job\"> Freiwilliger des Kulturweit Programms<\/div>\n\t\t\t\t\t\t\t\t\t\t\t\t\t<\/div>\n\t\t\t\t\t\t\t\t\t<\/div>\n\t\t\t<\/div>\n\t\t\t\t\t<\/div>\n\t\t\t\t<\/div>\n\t\t\t\t<\/div>\n\t\t\t\t\t<\/div>\n\t\t<\/div>\n\t\t\t\t\t<\/div>\n\t\t<\/section>\n\t\t\t\t<div class=\"elementor-element elementor-element-6f34c2a elementor-widget elementor-widget-text-editor\" data-id=\"6f34c2a\" data-element_type=\"widget\" data-widget_type=\"text-editor.default\">\n\t\t\t\t<div class=\"elementor-widget-container\">\n\t\t\t\t\t\t\t<div><div><h5 style=\"text-align: center;\"><strong>Haben wir dein Interesse geweckt?<\/strong><\/h5><div style=\"text-align: left;\"><a href=\"https:\/\/ds-barranquilla.org\/de\/trabaje-con-nosotros\/\" target=\"_blank\" rel=\"noopener\">Hier findest du weitere Informationen.<\/a> Wenn du zus\u00e4tzliche Informationen \u00fcber unser Praktikumsprogramm erhalten m\u00f6chtest, schreib uns gerne an:\u00a0<a href=\"mailto:praktika.schule@colegioaleman.edu.co\">praktika.schule@colegioaleman.edu.co<\/a><\/div><\/div><\/div>\t\t\t\t\t\t<\/div>\n\t\t\t\t<\/div>\n\t\t\t\t\t<\/div>\n\t\t<\/div>\n\t\t\t\t\t<\/div>\n\t\t<\/section>\n\t\t\t\t<section class=\"elementor-section elementor-top-section elementor-element elementor-element-f6c904e elementor-hidden-desktop elementor-hidden-tablet elementor-section-boxed elementor-section-height-default elementor-section-height-default\" data-id=\"f6c904e\" data-element_type=\"section\">\n\t\t\t\t\t\t<div class=\"elementor-container elementor-column-gap-default\">\n\t\t\t\t\t<div class=\"elementor-column elementor-col-100 elementor-top-column elementor-element elementor-element-6c86364\" data-id=\"6c86364\" data-element_type=\"column\">\n\t\t\t<div class=\"elementor-widget-wrap elementor-element-populated\">\n\t\t\t\t\t\t<div class=\"elementor-element elementor-element-b01ee16 elementor-widget elementor-widget-heading\" data-id=\"b01ee16\" data-element_type=\"widget\" data-widget_type=\"heading.default\">\n\t\t\t\t<div class=\"elementor-widget-container\">\n\t\t\t<h2 class=\"elementor-heading-title elementor-size-default\">Universit\u00e4re Praktika <\/h2>\t\t<\/div>\n\t\t\t\t<\/div>\n\t\t\t\t<div class=\"elementor-element elementor-element-b92476c elementor-widget elementor-widget-text-editor\" data-id=\"b92476c\" data-element_type=\"widget\" data-widget_type=\"text-editor.default\">\n\t\t\t\t<div class=\"elementor-widget-container\">\n\t\t\t\t\t\t\t<div class=\"wpb_text_column wpb_content_element\"><div class=\"wpb_wrapper\"><p>Die Deutsche Schule Barranquilla bietet deutschen und kolumbianischen Studierenden die M\u00f6glichkeit, Praktika vor Ort an unserer Schule, oder auch online durchzuf\u00fchren.<\/p><p>Die Praktika gehen mindestens drei (3) Monate, abh\u00e4ngig von den Anforderungen der Ausbildungsst\u00e4tten.\u00a0<\/p><p>Jedes Schulhalbjahr nehmen wir ca. 10 deutsche Praktikant*innen auf, die die Chance bekommen, unsere Lehrkr\u00e4fte bei der Umsetzung des Lehrplans zu unterst\u00fctzen oder in der Verwaltungsabteilung mitzuwirken.<\/p><\/div><\/div><div class=\"wpb_text_column wpb_content_element\"><div class=\"wpb_wrapper\"><h5 style=\"text-align: center;\"><strong>Du hast Interesse an einem Praktikum an unserer Schule?<\/strong><\/h5><h5><span style=\"color: #cc3524;\"><strong>Anforderungen<\/strong><\/span><\/h5><p>Wir suchen junge und engagierte Menschen, die gerne im Team arbeiten und an einem Praktikum in einem interkulturellen Umfeld interessiert sind.<\/p><\/div><\/div>\t\t\t\t\t\t<\/div>\n\t\t\t\t<\/div>\n\t\t\t\t<div class=\"elementor-element elementor-element-ff665be elementor-widget elementor-widget-eael-feature-list\" data-id=\"ff665be\" data-element_type=\"widget\" data-widget_type=\"eael-feature-list.default\">\n\t\t\t\t<div class=\"elementor-widget-container\">\n\t\t\t\t\t<div class=\"-icon-position-left -tablet-icon-position-left -mobile-icon-position-left\">\n\t\t\t<ul id=\"eael-feature-list-ff665be\" class=\"eael-feature-list-items circle framed  eael-feature-list-vertical\">\n\t\t\t                <li class=\"eael-feature-list-item elementor-repeater-item-d09381d\">\n                    \n\t\t\t\t\t\t<div class=\"eael-feature-list-icon-box\">\n\t\t\t\t\t\t\t<div class=\"eael-feature-list-icon-inner\">\n\n\t\t\t\t\t\t\t\t<span class=\"eael-feature-list-icon fl-icon-0\">\n\n\t\t<i aria-hidden=\"true\" class=\"fas fa-check\"><\/i>\t\t\t\t\t\t\t\t<\/span>\n\t\t\t\t\t\t\t<\/div>\n\t\t\t\t\t\t<\/div>\n\t\t\t\t\t\t<div class=\"eael-feature-list-content-box\">\n\t\t\t\t\t\t\t<h2 class=\"eael-feature-list-title\"\t\t\t\t\t\t\t><\/h2\t\t\t\t\t\t>\n\t\t\t\t\t\t<p class=\"eael-feature-list-content\">Spanisch auf mittlerem bis fortgeschrittenen Niveau.<\/p>\n\t\t\t\t\t\t<\/div>\n\n\t\t\t\t\t<\/li>\n\t\t\t\t                <li class=\"eael-feature-list-item elementor-repeater-item-b0e432a\">\n                    \n\t\t\t\t\t\t<div class=\"eael-feature-list-icon-box\">\n\t\t\t\t\t\t\t<div class=\"eael-feature-list-icon-inner\">\n\n\t\t\t\t\t\t\t\t<span class=\"eael-feature-list-icon fl-icon-1\">\n\n\t\t<i aria-hidden=\"true\" class=\"fas fa-check\"><\/i>\t\t\t\t\t\t\t\t<\/span>\n\t\t\t\t\t\t\t<\/div>\n\t\t\t\t\t\t<\/div>\n\t\t\t\t\t\t<div class=\"eael-feature-list-content-box\">\n\t\t\t\t\t\t\t<h2 class=\"eael-feature-list-title\"\t\t\t\t\t\t\t><\/h2\t\t\t\t\t\t>\n\t\t\t\t\t\t<p class=\"eael-feature-list-content\">Mindestdauer des Praktikums ist drei (3) Monate.<\/p>\n\t\t\t\t\t\t<\/div>\n\n\t\t\t\t\t<\/li>\n\t\t\t\t                <li class=\"eael-feature-list-item elementor-repeater-item-7901fd5\">\n                    \n\t\t\t\t\t\t<div class=\"eael-feature-list-icon-box\">\n\t\t\t\t\t\t\t<div class=\"eael-feature-list-icon-inner\">\n\n\t\t\t\t\t\t\t\t<span class=\"eael-feature-list-icon fl-icon-2\">\n\n\t\t<i aria-hidden=\"true\" class=\"fas fa-check\"><\/i>\t\t\t\t\t\t\t\t<\/span>\n\t\t\t\t\t\t\t<\/div>\n\t\t\t\t\t\t<\/div>\n\t\t\t\t\t\t<div class=\"eael-feature-list-content-box\">\n\t\t\t\t\t\t\t<h2 class=\"eael-feature-list-title\"\t\t\t\t\t\t\t><\/h2\t\t\t\t\t\t>\n\t\t\t\t\t\t<p class=\"eael-feature-list-content\">Praktikazeitraum 1: Mitte August - Mitte Dezember.<\/p>\n\t\t\t\t\t\t<\/div>\n\n\t\t\t\t\t<\/li>\n\t\t\t\t                <li class=\"eael-feature-list-item elementor-repeater-item-03abca7\">\n                    \n\t\t\t\t\t\t<div class=\"eael-feature-list-icon-box\">\n\t\t\t\t\t\t\t<div class=\"eael-feature-list-icon-inner\">\n\n\t\t\t\t\t\t\t\t<span class=\"eael-feature-list-icon fl-icon-3\">\n\n\t\t<i aria-hidden=\"true\" class=\"fas fa-check\"><\/i>\t\t\t\t\t\t\t\t<\/span>\n\t\t\t\t\t\t\t<\/div>\n\t\t\t\t\t\t<\/div>\n\t\t\t\t\t\t<div class=\"eael-feature-list-content-box\">\n\t\t\t\t\t\t\t<h2 class=\"eael-feature-list-title\"\t\t\t\t\t\t\t><\/h2\t\t\t\t\t\t>\n\t\t\t\t\t\t<p class=\"eael-feature-list-content\">Praktikumszeitraum 2: Mitte Januar - Mitte Dezember.<\/p>\n\t\t\t\t\t\t<\/div>\n\n\t\t\t\t\t<\/li>\n\t\t\t\t                <li class=\"eael-feature-list-item elementor-repeater-item-be54d67\">\n                    \n\t\t\t\t\t\t<div class=\"eael-feature-list-icon-box\">\n\t\t\t\t\t\t\t<div class=\"eael-feature-list-icon-inner\">\n\n\t\t\t\t\t\t\t\t<span class=\"eael-feature-list-icon fl-icon-4\">\n\n\t\t<i aria-hidden=\"true\" class=\"fas fa-check\"><\/i>\t\t\t\t\t\t\t\t<\/span>\n\t\t\t\t\t\t\t<\/div>\n\t\t\t\t\t\t<\/div>\n\t\t\t\t\t\t<div class=\"eael-feature-list-content-box\">\n\t\t\t\t\t\t\t<h2 class=\"eael-feature-list-title\"\t\t\t\t\t\t\t><\/h2\t\t\t\t\t\t>\n\t\t\t\t\t\t<p class=\"eael-feature-list-content\">Lernfreudig.<\/p>\n\t\t\t\t\t\t<\/div>\n\n\t\t\t\t\t<\/li>\n\t\t\t\t\t\t\t<\/ul>\n\t\t<\/div>\n\t\t\t\t<\/div>\n\t\t\t\t<\/div>\n\t\t\t\t<div class=\"elementor-element elementor-element-7c7dcc7 elementor-widget elementor-widget-text-editor\" data-id=\"7c7dcc7\" data-element_type=\"widget\" data-widget_type=\"text-editor.default\">\n\t\t\t\t<div class=\"elementor-widget-container\">\n\t\t\t\t\t\t\t<div class=\"wpb_text_column wpb_content_element\"><div class=\"wpb_wrapper\"><strong style=\"color: #cc3524; font-size: 15px;\">Vorteile<\/strong><\/div><\/div>\t\t\t\t\t\t<\/div>\n\t\t\t\t<\/div>\n\t\t\t\t<div class=\"elementor-element elementor-element-5e2667b elementor-widget elementor-widget-eael-feature-list\" data-id=\"5e2667b\" data-element_type=\"widget\" data-widget_type=\"eael-feature-list.default\">\n\t\t\t\t<div class=\"elementor-widget-container\">\n\t\t\t\t\t<div class=\"-icon-position-left -tablet-icon-position-left -mobile-icon-position-left\">\n\t\t\t<ul id=\"eael-feature-list-5e2667b\" class=\"eael-feature-list-items circle framed  eael-feature-list-vertical\">\n\t\t\t                <li class=\"eael-feature-list-item elementor-repeater-item-d09381d\">\n                    \n\t\t\t\t\t\t<div class=\"eael-feature-list-icon-box\">\n\t\t\t\t\t\t\t<div class=\"eael-feature-list-icon-inner\">\n\n\t\t\t\t\t\t\t\t<span class=\"eael-feature-list-icon fl-icon-0\">\n\n\t\t<i aria-hidden=\"true\" class=\"fas fa-check\"><\/i>\t\t\t\t\t\t\t\t<\/span>\n\t\t\t\t\t\t\t<\/div>\n\t\t\t\t\t\t<\/div>\n\t\t\t\t\t\t<div class=\"eael-feature-list-content-box\">\n\t\t\t\t\t\t\t<h2 class=\"eael-feature-list-title\"\t\t\t\t\t\t\t><\/h2\t\t\t\t\t\t>\n\t\t\t\t\t\t<p class=\"eael-feature-list-content\">Praktische Erfahrungen in internationalem Kontext.<\/p>\n\t\t\t\t\t\t<\/div>\n\n\t\t\t\t\t<\/li>\n\t\t\t\t                <li class=\"eael-feature-list-item elementor-repeater-item-b0e432a\">\n                    \n\t\t\t\t\t\t<div class=\"eael-feature-list-icon-box\">\n\t\t\t\t\t\t\t<div class=\"eael-feature-list-icon-inner\">\n\n\t\t\t\t\t\t\t\t<span class=\"eael-feature-list-icon fl-icon-1\">\n\n\t\t<i aria-hidden=\"true\" class=\"fas fa-check\"><\/i>\t\t\t\t\t\t\t\t<\/span>\n\t\t\t\t\t\t\t<\/div>\n\t\t\t\t\t\t<\/div>\n\t\t\t\t\t\t<div class=\"eael-feature-list-content-box\">\n\t\t\t\t\t\t\t<h2 class=\"eael-feature-list-title\"\t\t\t\t\t\t\t><\/h2\t\t\t\t\t\t>\n\t\t\t\t\t\t<p class=\"eael-feature-list-content\">Entwicklung von interkulturellen Kompetenzen durch Leben und Arbeiten in Lateinamerika.<\/p>\n\t\t\t\t\t\t<\/div>\n\n\t\t\t\t\t<\/li>\n\t\t\t\t                <li class=\"eael-feature-list-item elementor-repeater-item-7901fd5\">\n                    \n\t\t\t\t\t\t<div class=\"eael-feature-list-icon-box\">\n\t\t\t\t\t\t\t<div class=\"eael-feature-list-icon-inner\">\n\n\t\t\t\t\t\t\t\t<span class=\"eael-feature-list-icon fl-icon-2\">\n\n\t\t<i aria-hidden=\"true\" class=\"fas fa-check\"><\/i>\t\t\t\t\t\t\t\t<\/span>\n\t\t\t\t\t\t\t<\/div>\n\t\t\t\t\t\t<\/div>\n\t\t\t\t\t\t<div class=\"eael-feature-list-content-box\">\n\t\t\t\t\t\t\t<h2 class=\"eael-feature-list-title\"\t\t\t\t\t\t\t><\/h2\t\t\t\t\t\t>\n\t\t\t\t\t\t<p class=\"eael-feature-list-content\">Viele M\u00f6glichkeiten zur Mitgestaltung, Durchf\u00fchrung und Nachbereitung des Unterrichts.\n<\/p>\n\t\t\t\t\t\t<\/div>\n\n\t\t\t\t\t<\/li>\n\t\t\t\t                <li class=\"eael-feature-list-item elementor-repeater-item-03abca7\">\n                    \n\t\t\t\t\t\t<div class=\"eael-feature-list-icon-box\">\n\t\t\t\t\t\t\t<div class=\"eael-feature-list-icon-inner\">\n\n\t\t\t\t\t\t\t\t<span class=\"eael-feature-list-icon fl-icon-3\">\n\n\t\t<i aria-hidden=\"true\" class=\"fas fa-check\"><\/i>\t\t\t\t\t\t\t\t<\/span>\n\t\t\t\t\t\t\t<\/div>\n\t\t\t\t\t\t<\/div>\n\t\t\t\t\t\t<div class=\"eael-feature-list-content-box\">\n\t\t\t\t\t\t\t<h2 class=\"eael-feature-list-title\"\t\t\t\t\t\t\t><\/h2\t\t\t\t\t\t>\n\t\t\t\t\t\t<p class=\"eael-feature-list-content\">Kenntnisse der Programme, Konzepte und Philosophien einer Schule der akademischen Exzellenz.<\/p>\n\t\t\t\t\t\t<\/div>\n\n\t\t\t\t\t<\/li>\n\t\t\t\t                <li class=\"eael-feature-list-item elementor-repeater-item-be54d67\">\n                    \n\t\t\t\t\t\t<div class=\"eael-feature-list-icon-box\">\n\t\t\t\t\t\t\t<div class=\"eael-feature-list-icon-inner\">\n\n\t\t\t\t\t\t\t\t<span class=\"eael-feature-list-icon fl-icon-4\">\n\n\t\t<i aria-hidden=\"true\" class=\"fas fa-check\"><\/i>\t\t\t\t\t\t\t\t<\/span>\n\t\t\t\t\t\t\t<\/div>\n\t\t\t\t\t\t<\/div>\n\t\t\t\t\t\t<div class=\"eael-feature-list-content-box\">\n\t\t\t\t\t\t\t<h2 class=\"eael-feature-list-title\"\t\t\t\t\t\t\t><\/h2\t\t\t\t\t\t>\n\t\t\t\t\t\t<p class=\"eael-feature-list-content\">Teilnahme an Workshops zu differenziertem Lernen und der Nutzung digitaler Medien.<\/p>\n\t\t\t\t\t\t<\/div>\n\n\t\t\t\t\t<\/li>\n\t\t\t\t                <li class=\"eael-feature-list-item elementor-repeater-item-95effe5\">\n                    \n\t\t\t\t\t\t<div class=\"eael-feature-list-icon-box\">\n\t\t\t\t\t\t\t<div class=\"eael-feature-list-icon-inner\">\n\n\t\t\t\t\t\t\t\t<span class=\"eael-feature-list-icon fl-icon-5\">\n\n\t\t<i aria-hidden=\"true\" class=\"fas fa-check\"><\/i>\t\t\t\t\t\t\t\t<\/span>\n\t\t\t\t\t\t\t<\/div>\n\t\t\t\t\t\t<\/div>\n\t\t\t\t\t\t<div class=\"eael-feature-list-content-box\">\n\t\t\t\t\t\t\t<h2 class=\"eael-feature-list-title\"\t\t\t\t\t\t\t><\/h2\t\t\t\t\t\t>\n\t\t\t\t\t\t<p class=\"eael-feature-list-content\">Verbesserung der Spanischkenntnisse.<\/p>\n\t\t\t\t\t\t<\/div>\n\n\t\t\t\t\t<\/li>\n\t\t\t\t                <li class=\"eael-feature-list-item elementor-repeater-item-b0eb8c2\">\n                    \n\t\t\t\t\t\t<div class=\"eael-feature-list-icon-box\">\n\t\t\t\t\t\t\t<div class=\"eael-feature-list-icon-inner\">\n\n\t\t\t\t\t\t\t\t<span class=\"eael-feature-list-icon fl-icon-6\">\n\n\t\t<i aria-hidden=\"true\" class=\"fas fa-check\"><\/i>\t\t\t\t\t\t\t\t<\/span>\n\t\t\t\t\t\t\t<\/div>\n\t\t\t\t\t\t<\/div>\n\t\t\t\t\t\t<div class=\"eael-feature-list-content-box\">\n\t\t\t\t\t\t\t<h2 class=\"eael-feature-list-title\"\t\t\t\t\t\t\t><\/h2\t\t\t\t\t\t>\n\t\t\t\t\t\t<p class=\"eael-feature-list-content\">M\u00f6glichkeit, Barranquilla, Kolumbien und deren Kultur kennenzulernen.<\/p>\n\t\t\t\t\t\t<\/div>\n\n\t\t\t\t\t<\/li>\n\t\t\t\t\t\t\t<\/ul>\n\t\t<\/div>\n\t\t\t\t<\/div>\n\t\t\t\t<\/div>\n\t\t\t\t<div class=\"elementor-element elementor-element-5740b8e elementor-widget elementor-widget-text-editor\" data-id=\"5740b8e\" data-element_type=\"widget\" data-widget_type=\"text-editor.default\">\n\t\t\t\t<div class=\"elementor-widget-container\">\n\t\t\t\t\t\t\t<div class=\"wpb_text_column wpb_content_element\"><div class=\"wpb_wrapper\"><strong style=\"color: #cc3524; font-size: 15px;\">Erfahrungen<\/strong><\/div><\/div>\t\t\t\t\t\t<\/div>\n\t\t\t\t<\/div>\n\t\t\t\t<section class=\"elementor-section elementor-inner-section elementor-element elementor-element-75bc02f elementor-section-boxed elementor-section-height-default elementor-section-height-default\" data-id=\"75bc02f\" data-element_type=\"section\">\n\t\t\t\t\t\t<div class=\"elementor-container elementor-column-gap-default\">\n\t\t\t\t\t<div class=\"elementor-column elementor-col-33 elementor-inner-column elementor-element elementor-element-2a8b2c1\" data-id=\"2a8b2c1\" data-element_type=\"column\">\n\t\t\t<div class=\"elementor-widget-wrap elementor-element-populated\">\n\t\t\t\t\t\t<div class=\"elementor-element elementor-element-1a95648 elementor-widget elementor-widget-testimonial\" data-id=\"1a95648\" data-element_type=\"widget\" data-widget_type=\"testimonial.default\">\n\t\t\t\t<div class=\"elementor-widget-container\">\n\t\t\t\t\t<div class=\"elementor-testimonial-wrapper\">\n\t\t\t\t\t\t\t<div class=\"elementor-testimonial-content\">\"Durch mein Praktikum an der Deutschen Schule Barranquilla konnte ich die theoretischen Kenntnisse aus meinem Studium in der Praxis anwenden, mein Wissen erweitern und einen umfassenden Einblick in die vielf\u00e4ltigen Aufgaben einer Lehrkraft f\u00fcr Deutsch als Fremdsprache gewinnen. Dank der freundlichen und offenen deutsch-kolumbianischen Kultur an der Schule habe ich meine Zeit hier sehr genossen.\"<\/div>\n\t\t\t\n\t\t\t\t\t\t<div class=\"elementor-testimonial-meta elementor-has-image elementor-testimonial-image-position-aside\">\n\t\t\t\t<div class=\"elementor-testimonial-meta-inner\">\n\t\t\t\t\t\t\t\t\t\t\t<div class=\"elementor-testimonial-image\">\n\t\t\t\t\t\t\t<img loading=\"lazy\" decoding=\"async\" width=\"8001\" height=\"5590\" src=\"https:\/\/ds-barranquilla.org\/wp-content\/uploads\/2022\/08\/Fotos-practicantes-02.png\" class=\"attachment-full size-full wp-image-17357\" alt=\"\" srcset=\"https:\/\/ds-barranquilla.org\/wp-content\/uploads\/2022\/08\/Fotos-practicantes-02.png 8001w, https:\/\/ds-barranquilla.org\/wp-content\/uploads\/2022\/08\/Fotos-practicantes-02-300x210.png 300w, https:\/\/ds-barranquilla.org\/wp-content\/uploads\/2022\/08\/Fotos-practicantes-02-1024x715.png 1024w, https:\/\/ds-barranquilla.org\/wp-content\/uploads\/2022\/08\/Fotos-practicantes-02-768x537.png 768w, https:\/\/ds-barranquilla.org\/wp-content\/uploads\/2022\/08\/Fotos-practicantes-02-1536x1073.png 1536w, https:\/\/ds-barranquilla.org\/wp-content\/uploads\/2022\/08\/Fotos-practicantes-02-2048x1431.png 2048w, https:\/\/ds-barranquilla.org\/wp-content\/uploads\/2022\/08\/Fotos-practicantes-02-18x12.png 18w, https:\/\/ds-barranquilla.org\/wp-content\/uploads\/2022\/08\/Fotos-practicantes-02-209x146.png 209w, https:\/\/ds-barranquilla.org\/wp-content\/uploads\/2022\/08\/Fotos-practicantes-02-50x35.png 50w, https:\/\/ds-barranquilla.org\/wp-content\/uploads\/2022\/08\/Fotos-practicantes-02-107x75.png 107w, https:\/\/ds-barranquilla.org\/wp-content\/uploads\/2022\/08\/Fotos-practicantes-02-800x559.png 800w\" sizes=\"(max-width:767px) 480px, (max-width:8001px) 100vw, 8001px\" \/>\t\t\t\t\t\t<\/div>\n\t\t\t\t\t\n\t\t\t\t\t\t\t\t\t\t<div class=\"elementor-testimonial-details\">\n\t\t\t\t\t\t\t\t\t\t\t\t\t\t<div class=\"elementor-testimonial-name\">Sophie<\/div>\n\t\t\t\t\t\t\t\t\t\t\t\t\t\t\t\t\t\t\t\t\t\t<div class=\"elementor-testimonial-job\"> Bachelorpraktikantin<\/div>\n\t\t\t\t\t\t\t\t\t\t\t\t\t<\/div>\n\t\t\t\t\t\t\t\t\t<\/div>\n\t\t\t<\/div>\n\t\t\t\t\t<\/div>\n\t\t\t\t<\/div>\n\t\t\t\t<\/div>\n\t\t\t\t\t<\/div>\n\t\t<\/div>\n\t\t\t\t<div class=\"elementor-column elementor-col-33 elementor-inner-column elementor-element elementor-element-3cd6fa1\" data-id=\"3cd6fa1\" data-element_type=\"column\">\n\t\t\t<div class=\"elementor-widget-wrap elementor-element-populated\">\n\t\t\t\t\t\t<div class=\"elementor-element elementor-element-6153f28 elementor-widget elementor-widget-testimonial\" data-id=\"6153f28\" data-element_type=\"widget\" data-widget_type=\"testimonial.default\">\n\t\t\t\t<div class=\"elementor-widget-container\">\n\t\t\t\t\t<div class=\"elementor-testimonial-wrapper\">\n\t\t\t\t\t\t\t<div class=\"elementor-testimonial-content\">\"Die Zeit hier hat mir in vielen Aspekten geholfen. Zum einen konnte ich meine Spanischkenntnisse verbessern. Zum anderen lernte ich den Alltag als \u00dcbersetzerin, Mitarbeiterin des Internationalen B\u00fcros, und die verschiedenen Perspektiven einer Schule kennen. Dies hat mir sehr viel in meiner beruflichen Orientierung geholfen.\"<\/div>\n\t\t\t\n\t\t\t\t\t\t<div class=\"elementor-testimonial-meta elementor-has-image elementor-testimonial-image-position-aside\">\n\t\t\t\t<div class=\"elementor-testimonial-meta-inner\">\n\t\t\t\t\t\t\t\t\t\t\t<div class=\"elementor-testimonial-image\">\n\t\t\t\t\t\t\t<img loading=\"lazy\" decoding=\"async\" width=\"2560\" height=\"1707\" src=\"https:\/\/ds-barranquilla.org\/wp-content\/uploads\/2022\/08\/Phyllis-Glissmann-scaled.jpg\" class=\"attachment-full size-full wp-image-17321\" alt=\"\" srcset=\"https:\/\/ds-barranquilla.org\/wp-content\/uploads\/2022\/08\/Phyllis-Glissmann-scaled.jpg 2560w, https:\/\/ds-barranquilla.org\/wp-content\/uploads\/2022\/08\/Phyllis-Glissmann-300x200.jpg 300w, https:\/\/ds-barranquilla.org\/wp-content\/uploads\/2022\/08\/Phyllis-Glissmann-1024x683.jpg 1024w, https:\/\/ds-barranquilla.org\/wp-content\/uploads\/2022\/08\/Phyllis-Glissmann-768x512.jpg 768w, https:\/\/ds-barranquilla.org\/wp-content\/uploads\/2022\/08\/Phyllis-Glissmann-391x260.jpg 391w, https:\/\/ds-barranquilla.org\/wp-content\/uploads\/2022\/08\/Phyllis-Glissmann-1536x1024.jpg 1536w, https:\/\/ds-barranquilla.org\/wp-content\/uploads\/2022\/08\/Phyllis-Glissmann-2048x1365.jpg 2048w, https:\/\/ds-barranquilla.org\/wp-content\/uploads\/2022\/08\/Phyllis-Glissmann-18x12.jpg 18w, https:\/\/ds-barranquilla.org\/wp-content\/uploads\/2022\/08\/Phyllis-Glissmann-219x146.jpg 219w, https:\/\/ds-barranquilla.org\/wp-content\/uploads\/2022\/08\/Phyllis-Glissmann-50x33.jpg 50w, https:\/\/ds-barranquilla.org\/wp-content\/uploads\/2022\/08\/Phyllis-Glissmann-113x75.jpg 113w, https:\/\/ds-barranquilla.org\/wp-content\/uploads\/2022\/08\/Phyllis-Glissmann-800x533.jpg 800w\" sizes=\"(max-width:767px) 480px, (max-width:2560px) 100vw, 2560px\" \/>\t\t\t\t\t\t<\/div>\n\t\t\t\t\t\n\t\t\t\t\t\t\t\t\t\t<div class=\"elementor-testimonial-details\">\n\t\t\t\t\t\t\t\t\t\t\t\t\t\t<div class=\"elementor-testimonial-name\">Phyllis<\/div>\n\t\t\t\t\t\t\t\t\t\t\t\t\t\t\t\t\t\t\t\t\t\t<div class=\"elementor-testimonial-job\"> Verwaltungspraktikantin<\/div>\n\t\t\t\t\t\t\t\t\t\t\t\t\t<\/div>\n\t\t\t\t\t\t\t\t\t<\/div>\n\t\t\t<\/div>\n\t\t\t\t\t<\/div>\n\t\t\t\t<\/div>\n\t\t\t\t<\/div>\n\t\t\t\t\t<\/div>\n\t\t<\/div>\n\t\t\t\t<div class=\"elementor-column elementor-col-33 elementor-inner-column elementor-element elementor-element-21cadef\" data-id=\"21cadef\" data-element_type=\"column\">\n\t\t\t<div class=\"elementor-widget-wrap elementor-element-populated\">\n\t\t\t\t\t\t<div class=\"elementor-element elementor-element-3cb6dcf elementor-widget elementor-widget-testimonial\" data-id=\"3cb6dcf\" data-element_type=\"widget\" data-widget_type=\"testimonial.default\">\n\t\t\t\t<div class=\"elementor-widget-container\">\n\t\t\t\t\t<div class=\"elementor-testimonial-wrapper\">\n\t\t\t\t\t\t\t<div class=\"elementor-testimonial-content\">\"F\u00fcr mich hat die Zeit an der Deutschen Schule bedeutet, mich direkt mit den M\u00f6glichkeiten und Herausforderungen von Bildung und interkultureller Kooperation zu besch\u00e4ftigen. Die Kenntnisse und F\u00e4higkeiten, die ich mir angeeignet habe, werden f\u00fcr mich von unsch\u00e4tzbarem Wert sein, unabh\u00e4ngig von meiner beruflichen Zukunft.\"<\/div>\n\t\t\t\n\t\t\t\t\t\t<div class=\"elementor-testimonial-meta elementor-has-image elementor-testimonial-image-position-aside\">\n\t\t\t\t<div class=\"elementor-testimonial-meta-inner\">\n\t\t\t\t\t\t\t\t\t\t\t<div class=\"elementor-testimonial-image\">\n\t\t\t\t\t\t\t<img loading=\"lazy\" decoding=\"async\" width=\"1120\" height=\"830\" src=\"https:\/\/ds-barranquilla.org\/wp-content\/uploads\/2022\/08\/Captura-de-Pantalla-2022-08-16-a-las-2.27.19-p.m..png\" class=\"attachment-full size-full wp-image-17359\" alt=\"\" srcset=\"https:\/\/ds-barranquilla.org\/wp-content\/uploads\/2022\/08\/Captura-de-Pantalla-2022-08-16-a-las-2.27.19-p.m..png 1120w, https:\/\/ds-barranquilla.org\/wp-content\/uploads\/2022\/08\/Captura-de-Pantalla-2022-08-16-a-las-2.27.19-p.m.-300x222.png 300w, https:\/\/ds-barranquilla.org\/wp-content\/uploads\/2022\/08\/Captura-de-Pantalla-2022-08-16-a-las-2.27.19-p.m.-1024x759.png 1024w, https:\/\/ds-barranquilla.org\/wp-content\/uploads\/2022\/08\/Captura-de-Pantalla-2022-08-16-a-las-2.27.19-p.m.-768x569.png 768w, https:\/\/ds-barranquilla.org\/wp-content\/uploads\/2022\/08\/Captura-de-Pantalla-2022-08-16-a-las-2.27.19-p.m.-16x12.png 16w, https:\/\/ds-barranquilla.org\/wp-content\/uploads\/2022\/08\/Captura-de-Pantalla-2022-08-16-a-las-2.27.19-p.m.-197x146.png 197w, https:\/\/ds-barranquilla.org\/wp-content\/uploads\/2022\/08\/Captura-de-Pantalla-2022-08-16-a-las-2.27.19-p.m.-50x37.png 50w, https:\/\/ds-barranquilla.org\/wp-content\/uploads\/2022\/08\/Captura-de-Pantalla-2022-08-16-a-las-2.27.19-p.m.-101x75.png 101w, https:\/\/ds-barranquilla.org\/wp-content\/uploads\/2022\/08\/Captura-de-Pantalla-2022-08-16-a-las-2.27.19-p.m.-800x593.png 800w\" sizes=\"(max-width:767px) 480px, (max-width:1120px) 100vw, 1120px\" \/>\t\t\t\t\t\t<\/div>\n\t\t\t\t\t\n\t\t\t\t\t\t\t\t\t\t<div class=\"elementor-testimonial-details\">\n\t\t\t\t\t\t\t\t\t\t\t\t\t\t<div class=\"elementor-testimonial-name\">Jan<\/div>\n\t\t\t\t\t\t\t\t\t\t\t\t\t\t\t\t\t\t\t\t\t\t<div class=\"elementor-testimonial-job\"> Freiwilliger des Kulturweit Programms<\/div>\n\t\t\t\t\t\t\t\t\t\t\t\t\t<\/div>\n\t\t\t\t\t\t\t\t\t<\/div>\n\t\t\t<\/div>\n\t\t\t\t\t<\/div>\n\t\t\t\t<\/div>\n\t\t\t\t<\/div>\n\t\t\t\t\t<\/div>\n\t\t<\/div>\n\t\t\t\t\t<\/div>\n\t\t<\/section>\n\t\t\t\t<div class=\"elementor-element elementor-element-8885132 elementor-widget elementor-widget-text-editor\" data-id=\"8885132\" data-element_type=\"widget\" data-widget_type=\"text-editor.default\">\n\t\t\t\t<div class=\"elementor-widget-container\">\n\t\t\t\t\t\t\t<div><div><h5 style=\"text-align: center;\"><strong>Haben wir dein Interesse geweckt?<\/strong><\/h5><div style=\"text-align: left;\"><a href=\"https:\/\/ds-barranquilla.org\/de\/trabaje-con-nosotros\/\" target=\"_blank\" rel=\"noopener\">Hier findest du weitere Informationen.<\/a> Wenn du zus\u00e4tzliche Informationen \u00fcber unser Praktikumsprogramm erhalten m\u00f6chtest, schreib uns gerne an:\u00a0<a href=\"mailto:praktika.schule@colegioaleman.edu.co\">praktika.schule@colegioaleman.edu.co<\/a><\/div><\/div><\/div>\t\t\t\t\t\t<\/div>\n\t\t\t\t<\/div>\n\t\t\t\t\t<\/div>\n\t\t<\/div>\n\t\t\t\t\t<\/div>\n\t\t<\/section>\n\t\t\t\t<\/div>","protected":false},"excerpt":{"rendered":"<p>El Colegio Alem\u00e1n de Barranquilla le brinda a los estudiantes alemanes y tambi\u00e9n colombianos la posibilidad de realizar sus pr\u00e1cticas universitarias y\/o libres en nuestras instalaciones en la ciudad de Barranquilla<\/p>","protected":false},"author":16,"featured_media":17066,"parent":0,"menu_order":0,"comment_status":"closed","ping_status":"closed","template":"elementor_header_footer","meta":{"_exactmetrics_skip_tracking":false,"_exactmetrics_sitenote_active":false,"_exactmetrics_sitenote_note":"","_exactmetrics_sitenote_category":0,"_joinchat":[],"footnotes":""},"class_list":["post-12291","page","type-page","status-publish","has-post-thumbnail","hentry"],"yoast_head":"<!-- This site is optimized with the Yoast SEO plugin v23.3 - https:\/\/yoast.com\/wordpress\/plugins\/seo\/ -->\n<title>Colegio Alem\u00e1n &#8211; Los Mejores Colegios de Colombia &#8211; Colegio Triling\u00fce<\/title>\n<meta name=\"robots\" content=\"noindex, follow, max-snippet:-1, max-image-preview:large, max-video-preview:-1\" \/>\n<meta property=\"og:locale\" content=\"de_DE\" \/>\n<meta property=\"og:type\" content=\"article\" \/>\n<meta property=\"og:description\" content=\"El Colegio Alem\u00e1n de Barranquilla le brinda a los estudiantes alemanes y tambi\u00e9n colombianos la posibilidad de realizar sus pr\u00e1cticas universitarias y\/o libres en nuestras instalaciones en la ciudad de Barranquilla\" \/>\n<meta property=\"og:url\" content=\"https:\/\/ds-barranquilla.org\/de\/practicas-universitarias\/\" \/>\n<meta property=\"og:site_name\" content=\"Colegio Alem\u00e1n - Los Mejores Colegios de Colombia - Colegio Triling\u00fce\" \/>\n<meta property=\"article:publisher\" content=\"https:\/\/www.facebook.com\/ColegioAlemanBaq\/\" \/>\n<meta property=\"article:modified_time\" content=\"2025-05-28T06:34:35+00:00\" \/>\n<meta property=\"og:image\" content=\"https:\/\/ds-barranquilla.org\/wp-content\/uploads\/2022\/08\/Banner-pra\u0301cticas-ORI-1024x683-1.jpg\" \/>\n\t<meta property=\"og:image:width\" content=\"1024\" \/>\n\t<meta property=\"og:image:height\" content=\"683\" \/>\n\t<meta property=\"og:image:type\" content=\"image\/jpeg\" \/>\n<meta name=\"twitter:card\" content=\"summary_large_image\" \/>\n<meta name=\"twitter:site\" content=\"@ColegioAlemanBq\" \/>\n<meta name=\"twitter:label1\" content=\"Gesch\u00e4tzte Lesezeit\" \/>\n\t<meta name=\"twitter:data1\" content=\"9\u00a0Minuten\" \/>\n<script type=\"application\/ld+json\" class=\"yoast-schema-graph\">{\"@context\":\"https:\/\/schema.org\",\"@graph\":[{\"@type\":\"WebPage\",\"@id\":\"https:\/\/ds-barranquilla.org\/practicas-universitarias\/\",\"url\":\"https:\/\/ds-barranquilla.org\/practicas-universitarias\/\",\"name\":\"\",\"isPartOf\":{\"@id\":\"https:\/\/ds-barranquilla.org\/#website\"},\"primaryImageOfPage\":{\"@id\":\"https:\/\/ds-barranquilla.org\/practicas-universitarias\/#primaryimage\"},\"image\":{\"@id\":\"https:\/\/ds-barranquilla.org\/practicas-universitarias\/#primaryimage\"},\"thumbnailUrl\":\"https:\/\/ds-barranquilla.org\/wp-content\/uploads\/2022\/08\/Banner-pra\u0301cticas-ORI-1024x683-1.jpg\",\"datePublished\":\"2022-03-21T13:00:16+00:00\",\"dateModified\":\"2025-05-28T06:34:35+00:00\",\"breadcrumb\":{\"@id\":\"https:\/\/ds-barranquilla.org\/practicas-universitarias\/#breadcrumb\"},\"inLanguage\":\"de\",\"potentialAction\":[{\"@type\":\"ReadAction\",\"target\":[\"https:\/\/ds-barranquilla.org\/practicas-universitarias\/\"]}]},{\"@type\":\"ImageObject\",\"inLanguage\":\"de\",\"@id\":\"https:\/\/ds-barranquilla.org\/practicas-universitarias\/#primaryimage\",\"url\":\"https:\/\/ds-barranquilla.org\/wp-content\/uploads\/2022\/08\/Banner-pra\u0301cticas-ORI-1024x683-1.jpg\",\"contentUrl\":\"https:\/\/ds-barranquilla.org\/wp-content\/uploads\/2022\/08\/Banner-pra\u0301cticas-ORI-1024x683-1.jpg\",\"width\":1024,\"height\":683},{\"@type\":\"BreadcrumbList\",\"@id\":\"https:\/\/ds-barranquilla.org\/practicas-universitarias\/#breadcrumb\",\"itemListElement\":[{\"@type\":\"ListItem\",\"position\":1,\"name\":\"Portada\",\"item\":\"https:\/\/ds-barranquilla.org\/\"},{\"@type\":\"ListItem\",\"position\":2,\"name\":\"Practicas Universitarias\"}]},{\"@type\":\"WebSite\",\"@id\":\"https:\/\/ds-barranquilla.org\/#website\",\"url\":\"https:\/\/ds-barranquilla.org\/\",\"name\":\"Colegio Alem\u00e1n - Los Mejores Colegios de Colombia - Colegio Triling\u00fce\",\"description\":\"Colegio Alem\u00e1n  Barranquilla Colombia - Colegio Biling\u00fce - Triling\u00fce - El Mejor Colegio de Colombia\",\"publisher\":{\"@id\":\"https:\/\/ds-barranquilla.org\/#organization\"},\"potentialAction\":[{\"@type\":\"SearchAction\",\"target\":{\"@type\":\"EntryPoint\",\"urlTemplate\":\"https:\/\/ds-barranquilla.org\/?s={search_term_string}\"},\"query-input\":\"required name=search_term_string\"}],\"inLanguage\":\"de\"},{\"@type\":\"Organization\",\"@id\":\"https:\/\/ds-barranquilla.org\/#organization\",\"name\":\"Colegio Alem\u00e1n Barranquilla\",\"url\":\"https:\/\/ds-barranquilla.org\/\",\"logo\":{\"@type\":\"ImageObject\",\"inLanguage\":\"de\",\"@id\":\"https:\/\/ds-barranquilla.org\/#\/schema\/logo\/image\/\",\"url\":\"https:\/\/ds-barranquilla.org\/wp-content\/uploads\/2021\/05\/coleman_logo_2.png\",\"contentUrl\":\"https:\/\/ds-barranquilla.org\/wp-content\/uploads\/2021\/05\/coleman_logo_2.png\",\"width\":418,\"height\":307,\"caption\":\"Colegio Alem\u00e1n Barranquilla\"},\"image\":{\"@id\":\"https:\/\/ds-barranquilla.org\/#\/schema\/logo\/image\/\"},\"sameAs\":[\"https:\/\/www.facebook.com\/ColegioAlemanBaq\/\",\"https:\/\/x.com\/ColegioAlemanBq\",\"https:\/\/www.instagram.com\/colegioalemanbaq\/\",\"https:\/\/www.linkedin.com\/school\/deutsche-schule-barranquilla\/\",\"https:\/\/www.youtube.com\/channel\/UCOOGZQCVs6aYRqIWvSN5agQ\"]}]}<\/script>\n<!-- \/ Yoast SEO plugin. -->","yoast_head_json":{"title":"Colegio Alem\u00e1n &#8211; Los Mejores Colegios de Colombia &#8211; Colegio Triling\u00fce","robots":{"index":"noindex","follow":"follow","max-snippet":"max-snippet:-1","max-image-preview":"max-image-preview:large","max-video-preview":"max-video-preview:-1"},"og_locale":"de_DE","og_type":"article","og_description":"El Colegio Alem\u00e1n de Barranquilla le brinda a los estudiantes alemanes y tambi\u00e9n colombianos la posibilidad de realizar sus pr\u00e1cticas universitarias y\/o libres en nuestras instalaciones en la ciudad de Barranquilla","og_url":"https:\/\/ds-barranquilla.org\/de\/practicas-universitarias\/","og_site_name":"Colegio Alem\u00e1n - Los Mejores Colegios de Colombia - Colegio Triling\u00fce","article_publisher":"https:\/\/www.facebook.com\/ColegioAlemanBaq\/","article_modified_time":"2025-05-28T06:34:35+00:00","og_image":[{"width":1024,"height":683,"url":"https:\/\/ds-barranquilla.org\/wp-content\/uploads\/2022\/08\/Banner-pra\u0301cticas-ORI-1024x683-1.jpg","type":"image\/jpeg"}],"twitter_card":"summary_large_image","twitter_site":"@ColegioAlemanBq","twitter_misc":{"Gesch\u00e4tzte Lesezeit":"9\u00a0Minuten"},"schema":{"@context":"https:\/\/schema.org","@graph":[{"@type":"WebPage","@id":"https:\/\/ds-barranquilla.org\/practicas-universitarias\/","url":"https:\/\/ds-barranquilla.org\/practicas-universitarias\/","name":"","isPartOf":{"@id":"https:\/\/ds-barranquilla.org\/#website"},"primaryImageOfPage":{"@id":"https:\/\/ds-barranquilla.org\/practicas-universitarias\/#primaryimage"},"image":{"@id":"https:\/\/ds-barranquilla.org\/practicas-universitarias\/#primaryimage"},"thumbnailUrl":"https:\/\/ds-barranquilla.org\/wp-content\/uploads\/2022\/08\/Banner-pra\u0301cticas-ORI-1024x683-1.jpg","datePublished":"2022-03-21T13:00:16+00:00","dateModified":"2025-05-28T06:34:35+00:00","breadcrumb":{"@id":"https:\/\/ds-barranquilla.org\/practicas-universitarias\/#breadcrumb"},"inLanguage":"de","potentialAction":[{"@type":"ReadAction","target":["https:\/\/ds-barranquilla.org\/practicas-universitarias\/"]}]},{"@type":"ImageObject","inLanguage":"de","@id":"https:\/\/ds-barranquilla.org\/practicas-universitarias\/#primaryimage","url":"https:\/\/ds-barranquilla.org\/wp-content\/uploads\/2022\/08\/Banner-pra\u0301cticas-ORI-1024x683-1.jpg","contentUrl":"https:\/\/ds-barranquilla.org\/wp-content\/uploads\/2022\/08\/Banner-pra\u0301cticas-ORI-1024x683-1.jpg","width":1024,"height":683},{"@type":"BreadcrumbList","@id":"https:\/\/ds-barranquilla.org\/practicas-universitarias\/#breadcrumb","itemListElement":[{"@type":"ListItem","position":1,"name":"Portada","item":"https:\/\/ds-barranquilla.org\/"},{"@type":"ListItem","position":2,"name":"Practicas Universitarias"}]},{"@type":"WebSite","@id":"https:\/\/ds-barranquilla.org\/#website","url":"https:\/\/ds-barranquilla.org\/","name":"Colegio Alem\u00e1n - Los Mejores Colegios de Colombia - Colegio Triling\u00fce","description":"Colegio Alem\u00e1n  Barranquilla Colombia - Colegio Biling\u00fce - Triling\u00fce - El Mejor Colegio de Colombia","publisher":{"@id":"https:\/\/ds-barranquilla.org\/#organization"},"potentialAction":[{"@type":"SearchAction","target":{"@type":"EntryPoint","urlTemplate":"https:\/\/ds-barranquilla.org\/?s={search_term_string}"},"query-input":"required name=search_term_string"}],"inLanguage":"de"},{"@type":"Organization","@id":"https:\/\/ds-barranquilla.org\/#organization","name":"Colegio Alem\u00e1n Barranquilla","url":"https:\/\/ds-barranquilla.org\/","logo":{"@type":"ImageObject","inLanguage":"de","@id":"https:\/\/ds-barranquilla.org\/#\/schema\/logo\/image\/","url":"https:\/\/ds-barranquilla.org\/wp-content\/uploads\/2021\/05\/coleman_logo_2.png","contentUrl":"https:\/\/ds-barranquilla.org\/wp-content\/uploads\/2021\/05\/coleman_logo_2.png","width":418,"height":307,"caption":"Colegio Alem\u00e1n Barranquilla"},"image":{"@id":"https:\/\/ds-barranquilla.org\/#\/schema\/logo\/image\/"},"sameAs":["https:\/\/www.facebook.com\/ColegioAlemanBaq\/","https:\/\/x.com\/ColegioAlemanBq","https:\/\/www.instagram.com\/colegioalemanbaq\/","https:\/\/www.linkedin.com\/school\/deutsche-schule-barranquilla\/","https:\/\/www.youtube.com\/channel\/UCOOGZQCVs6aYRqIWvSN5agQ"]}]}},"_links":{"self":[{"href":"https:\/\/ds-barranquilla.org\/de\/wp-json\/wp\/v2\/pages\/12291"}],"collection":[{"href":"https:\/\/ds-barranquilla.org\/de\/wp-json\/wp\/v2\/pages"}],"about":[{"href":"https:\/\/ds-barranquilla.org\/de\/wp-json\/wp\/v2\/types\/page"}],"author":[{"embeddable":true,"href":"https:\/\/ds-barranquilla.org\/de\/wp-json\/wp\/v2\/users\/16"}],"replies":[{"embeddable":true,"href":"https:\/\/ds-barranquilla.org\/de\/wp-json\/wp\/v2\/comments?post=12291"}],"version-history":[{"count":10,"href":"https:\/\/ds-barranquilla.org\/de\/wp-json\/wp\/v2\/pages\/12291\/revisions"}],"predecessor-version":[{"id":28310,"href":"https:\/\/ds-barranquilla.org\/de\/wp-json\/wp\/v2\/pages\/12291\/revisions\/28310"}],"wp:featuredmedia":[{"embeddable":true,"href":"https:\/\/ds-barranquilla.org\/de\/wp-json\/wp\/v2\/media\/17066"}],"wp:attachment":[{"href":"https:\/\/ds-barranquilla.org\/de\/wp-json\/wp\/v2\/media?parent=12291"}],"curies":[{"name":"wp","href":"https:\/\/api.w.org\/{rel}","templated":true}]}}