{"id":27493,"date":"2024-08-14T17:19:15","date_gmt":"2024-08-14T22:19:15","guid":{"rendered":"https:\/\/ds-barranquilla.org\/?page_id=27493"},"modified":"2025-09-18T08:40:32","modified_gmt":"2025-09-18T13:40:32","slug":"politica-de-calidad","status":"publish","type":"page","link":"https:\/\/ds-barranquilla.org\/de\/politica-de-calidad\/","title":{"rendered":"Qualit\u00e4tspolitik"},"content":{"rendered":"<div data-elementor-type=\"wp-page\" data-elementor-id=\"27493\" class=\"elementor elementor-27493\">\n\t\t\t\t\t\t<section class=\"elementor-section elementor-top-section elementor-element elementor-element-9bc7565 elementor-section-full_width elementor-section-stretched elementor-section-height-default elementor-section-height-default\" data-id=\"9bc7565\" data-element_type=\"section\" data-settings=\"{&quot;stretch_section&quot;:&quot;section-stretched&quot;,&quot;background_background&quot;:&quot;slideshow&quot;,&quot;background_slideshow_gallery&quot;:[{&quot;id&quot;:27500,&quot;url&quot;:&quot;https:\\\/\\\/ds-barranquilla.org\\\/wp-content\\\/uploads\\\/2024\\\/08\\\/Banner-proposito-institucional-_Mesa-de-trabajo-1.jpg&quot;},{&quot;id&quot;:27501,&quot;url&quot;:&quot;https:\\\/\\\/ds-barranquilla.org\\\/wp-content\\\/uploads\\\/2024\\\/08\\\/Banner-proposito-institucional-02.jpg&quot;}],&quot;background_slideshow_slide_duration&quot;:3000,&quot;background_slideshow_loop&quot;:&quot;yes&quot;,&quot;background_slideshow_slide_transition&quot;:&quot;fade&quot;,&quot;background_slideshow_transition_duration&quot;:500}\">\n\t\t\t\t\t\t\t<div class=\"elementor-background-overlay\"><\/div>\n\t\t\t\t\t\t\t<div class=\"elementor-container elementor-column-gap-no\">\n\t\t\t\t\t<div class=\"elementor-column elementor-col-100 elementor-top-column elementor-element elementor-element-d1de436\" data-id=\"d1de436\" data-element_type=\"column\">\n\t\t\t<div class=\"elementor-widget-wrap\">\n\t\t\t\t\t\t\t<\/div>\n\t\t<\/div>\n\t\t\t\t\t<\/div>\n\t\t<\/section>\n\t\t\t\t<section class=\"elementor-section elementor-top-section elementor-element elementor-element-af9c687 elementor-hidden-mobile elementor-section-boxed elementor-section-height-default elementor-section-height-default\" data-id=\"af9c687\" data-element_type=\"section\">\n\t\t\t\t\t\t<div class=\"elementor-container elementor-column-gap-default\">\n\t\t\t\t\t<div class=\"elementor-column elementor-col-50 elementor-top-column elementor-element elementor-element-7f2a1f35\" data-id=\"7f2a1f35\" data-element_type=\"column\">\n\t\t\t<div class=\"elementor-widget-wrap elementor-element-populated\">\n\t\t\t\t\t\t<section class=\"elementor-section elementor-inner-section elementor-element elementor-element-12c23775 elementor-section-boxed elementor-section-height-default elementor-section-height-default\" data-id=\"12c23775\" data-element_type=\"section\" data-settings=\"{&quot;background_background&quot;:&quot;classic&quot;}\">\n\t\t\t\t\t\t<div class=\"elementor-container elementor-column-gap-default\">\n\t\t\t\t\t<div class=\"elementor-column elementor-col-100 elementor-inner-column elementor-element elementor-element-38afeddd\" data-id=\"38afeddd\" data-element_type=\"column\" data-settings=\"{&quot;background_background&quot;:&quot;classic&quot;}\">\n\t\t\t<div class=\"elementor-widget-wrap elementor-element-populated\">\n\t\t\t\t\t\t<div class=\"elementor-element elementor-element-1bc7c962 elementor-widget elementor-widget-heading\" data-id=\"1bc7c962\" data-element_type=\"widget\" data-widget_type=\"heading.default\">\n\t\t\t\t<div class=\"elementor-widget-container\">\n\t\t\t<style>\/*! elementor - v3.23.0 - 05-08-2024 *\/\n.elementor-heading-title{padding:0;margin:0;line-height:1}.elementor-widget-heading .elementor-heading-title[class*=elementor-size-]>a{color:inherit;font-size:inherit;line-height:inherit}.elementor-widget-heading .elementor-heading-title.elementor-size-small{font-size:15px}.elementor-widget-heading .elementor-heading-title.elementor-size-medium{font-size:19px}.elementor-widget-heading .elementor-heading-title.elementor-size-large{font-size:29px}.elementor-widget-heading .elementor-heading-title.elementor-size-xl{font-size:39px}.elementor-widget-heading .elementor-heading-title.elementor-size-xxl{font-size:59px}<\/style><h2 class=\"elementor-heading-title elementor-size-default\"> Unsere Schule<\/h2>\t\t<\/div>\n\t\t\t\t<\/div>\n\t\t\t\t\t<\/div>\n\t\t<\/div>\n\t\t\t\t\t<\/div>\n\t\t<\/section>\n\t\t\t\t<section class=\"elementor-section elementor-inner-section elementor-element elementor-element-11600010 elementor-section-boxed elementor-section-height-default elementor-section-height-default\" data-id=\"11600010\" data-element_type=\"section\" data-settings=\"{&quot;background_background&quot;:&quot;classic&quot;}\">\n\t\t\t\t\t\t<div class=\"elementor-container elementor-column-gap-default\">\n\t\t\t\t\t<div class=\"elementor-column elementor-col-100 elementor-inner-column elementor-element elementor-element-a17aa8e\" data-id=\"a17aa8e\" data-element_type=\"column\" data-settings=\"{&quot;background_background&quot;:&quot;classic&quot;}\">\n\t\t\t<div class=\"elementor-widget-wrap elementor-element-populated\">\n\t\t\t\t\t\t<div class=\"elementor-element elementor-element-32e88716 elementor-widget elementor-widget-heading\" data-id=\"32e88716\" data-element_type=\"widget\" data-widget_type=\"heading.default\">\n\t\t\t\t<div class=\"elementor-widget-container\">\n\t\t\t<h2 class=\"elementor-heading-title elementor-size-default\"><a href=\"https:\/\/ds-barranquilla.org\/de\/el-colegio\/\">Wer sind wir <\/a><\/h2>\t\t<\/div>\n\t\t\t\t<\/div>\n\t\t\t\t\t<\/div>\n\t\t<\/div>\n\t\t\t\t\t<\/div>\n\t\t<\/section>\n\t\t\t\t<section class=\"elementor-section elementor-inner-section elementor-element elementor-element-31c59f17 elementor-section-boxed elementor-section-height-default elementor-section-height-default\" data-id=\"31c59f17\" data-element_type=\"section\" data-settings=\"{&quot;background_background&quot;:&quot;classic&quot;}\">\n\t\t\t\t\t\t<div class=\"elementor-container elementor-column-gap-default\">\n\t\t\t\t\t<div class=\"elementor-column elementor-col-100 elementor-inner-column elementor-element elementor-element-49645ff0\" data-id=\"49645ff0\" data-element_type=\"column\" data-settings=\"{&quot;background_background&quot;:&quot;classic&quot;}\">\n\t\t\t<div class=\"elementor-widget-wrap elementor-element-populated\">\n\t\t\t\t\t\t<div class=\"elementor-element elementor-element-7285f96c elementor-widget elementor-widget-heading\" data-id=\"7285f96c\" data-element_type=\"widget\" data-widget_type=\"heading.default\">\n\t\t\t\t<div class=\"elementor-widget-container\">\n\t\t\t<h2 class=\"elementor-heading-title elementor-size-default\"><a href=\"https:\/\/ds-barranquilla.org\/de\/historia\/\">Geschichte<\/a><\/h2>\t\t<\/div>\n\t\t\t\t<\/div>\n\t\t\t\t\t<\/div>\n\t\t<\/div>\n\t\t\t\t\t<\/div>\n\t\t<\/section>\n\t\t\t\t<section class=\"elementor-section elementor-inner-section elementor-element elementor-element-58ad7c2d elementor-section-boxed elementor-section-height-default elementor-section-height-default\" data-id=\"58ad7c2d\" data-element_type=\"section\" data-settings=\"{&quot;background_background&quot;:&quot;classic&quot;}\">\n\t\t\t\t\t\t<div class=\"elementor-container elementor-column-gap-default\">\n\t\t\t\t\t<div class=\"elementor-column elementor-col-100 elementor-inner-column elementor-element elementor-element-6289404b\" data-id=\"6289404b\" data-element_type=\"column\" data-settings=\"{&quot;background_background&quot;:&quot;classic&quot;}\">\n\t\t\t<div class=\"elementor-widget-wrap elementor-element-populated\">\n\t\t\t\t\t\t<div class=\"elementor-element elementor-element-78ac0ce4 elementor-widget elementor-widget-heading\" data-id=\"78ac0ce4\" data-element_type=\"widget\" data-widget_type=\"heading.default\">\n\t\t\t\t<div class=\"elementor-widget-container\">\n\t\t\t<h2 class=\"elementor-heading-title elementor-size-default\"><a href=\"https:\/\/ds-barranquilla.org\/de\/mision\/\">Mission und Vision <\/a><\/h2>\t\t<\/div>\n\t\t\t\t<\/div>\n\t\t\t\t\t<\/div>\n\t\t<\/div>\n\t\t\t\t\t<\/div>\n\t\t<\/section>\n\t\t\t\t<section class=\"elementor-section elementor-inner-section elementor-element elementor-element-245b264b elementor-section-boxed elementor-section-height-default elementor-section-height-default\" data-id=\"245b264b\" data-element_type=\"section\" data-settings=\"{&quot;background_background&quot;:&quot;classic&quot;}\">\n\t\t\t\t\t\t<div class=\"elementor-container elementor-column-gap-default\">\n\t\t\t\t\t<div class=\"elementor-column elementor-col-100 elementor-inner-column elementor-element elementor-element-b2c8433\" data-id=\"b2c8433\" data-element_type=\"column\" data-settings=\"{&quot;background_background&quot;:&quot;classic&quot;}\">\n\t\t\t<div class=\"elementor-widget-wrap elementor-element-populated\">\n\t\t\t\t\t\t<div class=\"elementor-element elementor-element-14fa133 elementor-widget elementor-widget-heading\" data-id=\"14fa133\" data-element_type=\"widget\" data-widget_type=\"heading.default\">\n\t\t\t\t<div class=\"elementor-widget-container\">\n\t\t\t<h2 class=\"elementor-heading-title elementor-size-default\"><a href=\"https:\/\/ds-barranquilla.org\/de\/valores\/\">Schulische Werte<\/a><\/h2>\t\t<\/div>\n\t\t\t\t<\/div>\n\t\t\t\t\t<\/div>\n\t\t<\/div>\n\t\t\t\t\t<\/div>\n\t\t<\/section>\n\t\t\t\t<section class=\"elementor-section elementor-inner-section elementor-element elementor-element-35591384 elementor-section-boxed elementor-section-height-default elementor-section-height-default\" data-id=\"35591384\" data-element_type=\"section\" data-settings=\"{&quot;background_background&quot;:&quot;classic&quot;}\">\n\t\t\t\t\t\t<div class=\"elementor-container elementor-column-gap-default\">\n\t\t\t\t\t<div class=\"elementor-column elementor-col-100 elementor-inner-column elementor-element elementor-element-3bfc0045\" data-id=\"3bfc0045\" data-element_type=\"column\" data-settings=\"{&quot;background_background&quot;:&quot;classic&quot;}\">\n\t\t\t<div class=\"elementor-widget-wrap elementor-element-populated\">\n\t\t\t\t\t\t<div class=\"elementor-element elementor-element-3e0f5f22 elementor-widget elementor-widget-heading\" data-id=\"3e0f5f22\" data-element_type=\"widget\" data-widget_type=\"heading.default\">\n\t\t\t\t<div class=\"elementor-widget-container\">\n\t\t\t<h2 class=\"elementor-heading-title elementor-size-default\"><a href=\"https:\/\/ds-barranquilla.org\/de\/instalaciones\/\">Virtuelle Tour<\/a><\/h2>\t\t<\/div>\n\t\t\t\t<\/div>\n\t\t\t\t\t<\/div>\n\t\t<\/div>\n\t\t\t\t\t<\/div>\n\t\t<\/section>\n\t\t\t\t<section class=\"elementor-section elementor-inner-section elementor-element elementor-element-65a5747a elementor-section-boxed elementor-section-height-default elementor-section-height-default\" data-id=\"65a5747a\" data-element_type=\"section\" data-settings=\"{&quot;background_background&quot;:&quot;classic&quot;}\">\n\t\t\t\t\t\t<div class=\"elementor-container elementor-column-gap-default\">\n\t\t\t\t\t<div class=\"elementor-column elementor-col-100 elementor-inner-column elementor-element elementor-element-680276e8\" data-id=\"680276e8\" data-element_type=\"column\" data-settings=\"{&quot;background_background&quot;:&quot;classic&quot;}\">\n\t\t\t<div class=\"elementor-widget-wrap elementor-element-populated\">\n\t\t\t\t\t\t<div class=\"elementor-element elementor-element-58042144 elementor-widget elementor-widget-heading\" data-id=\"58042144\" data-element_type=\"widget\" data-widget_type=\"heading.default\">\n\t\t\t\t<div class=\"elementor-widget-container\">\n\t\t\t<h2 class=\"elementor-heading-title elementor-size-default\"><a href=\"https:\/\/ds-barranquilla.org\/de\/acreditaciones\/\"> Akkreditierungen<\/a><\/h2>\t\t<\/div>\n\t\t\t\t<\/div>\n\t\t\t\t\t<\/div>\n\t\t<\/div>\n\t\t\t\t\t<\/div>\n\t\t<\/section>\n\t\t\t\t<section class=\"elementor-section elementor-inner-section elementor-element elementor-element-2aa7b008 elementor-section-boxed elementor-section-height-default elementor-section-height-default\" data-id=\"2aa7b008\" data-element_type=\"section\" data-settings=\"{&quot;background_background&quot;:&quot;classic&quot;}\">\n\t\t\t\t\t\t<div class=\"elementor-container elementor-column-gap-default\">\n\t\t\t\t\t<div class=\"elementor-column elementor-col-100 elementor-inner-column elementor-element elementor-element-3e8d6149\" data-id=\"3e8d6149\" data-element_type=\"column\" data-settings=\"{&quot;background_background&quot;:&quot;classic&quot;}\">\n\t\t\t<div class=\"elementor-widget-wrap elementor-element-populated\">\n\t\t\t\t\t\t<div class=\"elementor-element elementor-element-632829c9 elementor-widget elementor-widget-heading\" data-id=\"632829c9\" data-element_type=\"widget\" data-widget_type=\"heading.default\">\n\t\t\t\t<div class=\"elementor-widget-container\">\n\t\t\t<h2 class=\"elementor-heading-title elementor-size-default\">P\u00e4dagogische Qualit\u00e4t <\/h2>\t\t<\/div>\n\t\t\t\t<\/div>\n\t\t\t\t\t<\/div>\n\t\t<\/div>\n\t\t\t\t\t<\/div>\n\t\t<\/section>\n\t\t\t\t<section class=\"elementor-section elementor-inner-section elementor-element elementor-element-7bcaf660 elementor-section-boxed elementor-section-height-default elementor-section-height-default\" data-id=\"7bcaf660\" data-element_type=\"section\" data-settings=\"{&quot;background_background&quot;:&quot;classic&quot;}\">\n\t\t\t\t\t\t<div class=\"elementor-container elementor-column-gap-default\">\n\t\t\t\t\t<div class=\"elementor-column elementor-col-100 elementor-inner-column elementor-element elementor-element-152b339b\" data-id=\"152b339b\" data-element_type=\"column\" data-settings=\"{&quot;background_background&quot;:&quot;classic&quot;}\">\n\t\t\t<div class=\"elementor-widget-wrap elementor-element-populated\">\n\t\t\t\t\t\t<div class=\"elementor-element elementor-element-627ecacc elementor-widget elementor-widget-heading\" data-id=\"627ecacc\" data-element_type=\"widget\" data-widget_type=\"heading.default\">\n\t\t\t\t<div class=\"elementor-widget-container\">\n\t\t\t<h2 class=\"elementor-heading-title elementor-size-default\"><a href=\"https:\/\/ds-barranquilla.org\/de\/calidad-pedagogica-3\/\">Allgemeine Informationen<\/a><\/h2>\t\t<\/div>\n\t\t\t\t<\/div>\n\t\t\t\t\t<\/div>\n\t\t<\/div>\n\t\t\t\t\t<\/div>\n\t\t<\/section>\n\t\t\t\t<section class=\"elementor-section elementor-inner-section elementor-element elementor-element-3f9ebaa2 elementor-section-boxed elementor-section-height-default elementor-section-height-default\" data-id=\"3f9ebaa2\" data-element_type=\"section\" data-settings=\"{&quot;background_background&quot;:&quot;classic&quot;}\">\n\t\t\t\t\t\t<div class=\"elementor-container elementor-column-gap-default\">\n\t\t\t\t\t<div class=\"elementor-column elementor-col-100 elementor-inner-column elementor-element elementor-element-61792f23\" data-id=\"61792f23\" data-element_type=\"column\" data-settings=\"{&quot;background_background&quot;:&quot;classic&quot;}\">\n\t\t\t<div class=\"elementor-widget-wrap elementor-element-populated\">\n\t\t\t\t\t\t<div class=\"elementor-element elementor-element-ca29758 elementor-widget elementor-widget-heading\" data-id=\"ca29758\" data-element_type=\"widget\" data-widget_type=\"heading.default\">\n\t\t\t\t<div class=\"elementor-widget-container\">\n\t\t\t<h2 class=\"elementor-heading-title elementor-size-default\"><a href=\"https:\/\/ds-barranquilla.org\/de\/pqm\/\">Steuergruppe setzt sich<\/a><\/h2>\t\t<\/div>\n\t\t\t\t<\/div>\n\t\t\t\t\t<\/div>\n\t\t<\/div>\n\t\t\t\t\t<\/div>\n\t\t<\/section>\n\t\t\t\t<section class=\"elementor-section elementor-inner-section elementor-element elementor-element-31915ca8 elementor-section-boxed elementor-section-height-default elementor-section-height-default\" data-id=\"31915ca8\" data-element_type=\"section\" data-settings=\"{&quot;background_background&quot;:&quot;classic&quot;}\">\n\t\t\t\t\t\t<div class=\"elementor-container elementor-column-gap-default\">\n\t\t\t\t\t<div class=\"elementor-column elementor-col-100 elementor-inner-column elementor-element elementor-element-4ee557c4\" data-id=\"4ee557c4\" data-element_type=\"column\" data-settings=\"{&quot;background_background&quot;:&quot;classic&quot;}\">\n\t\t\t<div class=\"elementor-widget-wrap elementor-element-populated\">\n\t\t\t\t\t\t<div class=\"elementor-element elementor-element-58f52fef elementor-widget elementor-widget-heading\" data-id=\"58f52fef\" data-element_type=\"widget\" data-widget_type=\"heading.default\">\n\t\t\t\t<div class=\"elementor-widget-container\">\n\t\t\t<h2 class=\"elementor-heading-title elementor-size-default\"><a href=\"https:\/\/ds-barranquilla.org\/de\/bli-3-0\/\"> BLI 3.0<\/a><\/h2>\t\t<\/div>\n\t\t\t\t<\/div>\n\t\t\t\t\t<\/div>\n\t\t<\/div>\n\t\t\t\t\t<\/div>\n\t\t<\/section>\n\t\t\t\t<section class=\"elementor-section elementor-inner-section elementor-element elementor-element-6384ec6e elementor-section-boxed elementor-section-height-default elementor-section-height-default\" data-id=\"6384ec6e\" data-element_type=\"section\" data-settings=\"{&quot;background_background&quot;:&quot;classic&quot;}\">\n\t\t\t\t\t\t<div class=\"elementor-container elementor-column-gap-default\">\n\t\t\t\t\t<div class=\"elementor-column elementor-col-100 elementor-inner-column elementor-element elementor-element-5e5aee92\" data-id=\"5e5aee92\" data-element_type=\"column\" data-settings=\"{&quot;background_background&quot;:&quot;classic&quot;}\">\n\t\t\t<div class=\"elementor-widget-wrap elementor-element-populated\">\n\t\t\t\t\t\t<div class=\"elementor-element elementor-element-2d485047 elementor-widget elementor-widget-heading\" data-id=\"2d485047\" data-element_type=\"widget\" data-widget_type=\"heading.default\">\n\t\t\t\t<div class=\"elementor-widget-container\">\n\t\t\t<h2 class=\"elementor-heading-title elementor-size-default\"><a href=\"https:\/\/ds-barranquilla.org\/de\/nuestro-equipo\/\">Unser Team<\/a><\/h2>\t\t<\/div>\n\t\t\t\t<\/div>\n\t\t\t\t\t<\/div>\n\t\t<\/div>\n\t\t\t\t\t<\/div>\n\t\t<\/section>\n\t\t\t\t<section class=\"elementor-section elementor-inner-section elementor-element elementor-element-1493ce39 elementor-section-boxed elementor-section-height-default elementor-section-height-default\" data-id=\"1493ce39\" data-element_type=\"section\" data-settings=\"{&quot;background_background&quot;:&quot;classic&quot;}\">\n\t\t\t\t\t\t<div class=\"elementor-container elementor-column-gap-default\">\n\t\t\t\t\t<div class=\"elementor-column elementor-col-100 elementor-inner-column elementor-element elementor-element-6cfe4c23\" data-id=\"6cfe4c23\" data-element_type=\"column\" data-settings=\"{&quot;background_background&quot;:&quot;classic&quot;}\">\n\t\t\t<div class=\"elementor-widget-wrap elementor-element-populated\">\n\t\t\t\t\t\t<div class=\"elementor-element elementor-element-d8caa0 elementor-widget elementor-widget-heading\" data-id=\"d8caa0\" data-element_type=\"widget\" data-widget_type=\"heading.default\">\n\t\t\t\t<div class=\"elementor-widget-container\">\n\t\t\t<h2 class=\"elementor-heading-title elementor-size-default\"><a href=\"https:\/\/ds-barranquilla.org\/de\/junta-directiva\/\">Vorstand<\/a><\/h2>\t\t<\/div>\n\t\t\t\t<\/div>\n\t\t\t\t\t<\/div>\n\t\t<\/div>\n\t\t\t\t\t<\/div>\n\t\t<\/section>\n\t\t\t\t<section class=\"elementor-section elementor-inner-section elementor-element elementor-element-62ad487d elementor-section-boxed elementor-section-height-default elementor-section-height-default\" data-id=\"62ad487d\" data-element_type=\"section\" data-settings=\"{&quot;background_background&quot;:&quot;classic&quot;}\">\n\t\t\t\t\t\t<div class=\"elementor-container elementor-column-gap-default\">\n\t\t\t\t\t<div class=\"elementor-column elementor-col-100 elementor-inner-column elementor-element elementor-element-2b97baa6\" data-id=\"2b97baa6\" data-element_type=\"column\" data-settings=\"{&quot;background_background&quot;:&quot;classic&quot;}\">\n\t\t\t<div class=\"elementor-widget-wrap elementor-element-populated\">\n\t\t\t\t\t\t<div class=\"elementor-element elementor-element-4f432a5f elementor-widget elementor-widget-heading\" data-id=\"4f432a5f\" data-element_type=\"widget\" data-widget_type=\"heading.default\">\n\t\t\t\t<div class=\"elementor-widget-container\">\n\t\t\t<h2 class=\"elementor-heading-title elementor-size-default\"><a href=\"https:\/\/ds-barranquilla.org\/de\/rectoria\/\">Rektorat<\/a><\/h2>\t\t<\/div>\n\t\t\t\t<\/div>\n\t\t\t\t\t<\/div>\n\t\t<\/div>\n\t\t\t\t\t<\/div>\n\t\t<\/section>\n\t\t\t\t<section class=\"elementor-section elementor-inner-section elementor-element elementor-element-97da025 elementor-section-boxed elementor-section-height-default elementor-section-height-default\" data-id=\"97da025\" data-element_type=\"section\" data-settings=\"{&quot;background_background&quot;:&quot;classic&quot;}\">\n\t\t\t\t\t\t<div class=\"elementor-container elementor-column-gap-default\">\n\t\t\t\t\t<div class=\"elementor-column elementor-col-100 elementor-inner-column elementor-element elementor-element-e04d5a3\" data-id=\"e04d5a3\" data-element_type=\"column\" data-settings=\"{&quot;background_background&quot;:&quot;classic&quot;}\">\n\t\t\t<div class=\"elementor-widget-wrap elementor-element-populated\">\n\t\t\t\t\t\t<div class=\"elementor-element elementor-element-9cd2ebd elementor-widget elementor-widget-heading\" data-id=\"9cd2ebd\" data-element_type=\"widget\" data-widget_type=\"heading.default\">\n\t\t\t\t<div class=\"elementor-widget-container\">\n\t\t\t<h2 class=\"elementor-heading-title elementor-size-default\"><a href=\"https:\/\/ds-barranquilla.org\/de\/rector\/\">Schulleiter<\/a><\/h2>\t\t<\/div>\n\t\t\t\t<\/div>\n\t\t\t\t\t<\/div>\n\t\t<\/div>\n\t\t\t\t\t<\/div>\n\t\t<\/section>\n\t\t\t\t<section class=\"elementor-section elementor-inner-section elementor-element elementor-element-79859670 elementor-section-boxed elementor-section-height-default elementor-section-height-default\" data-id=\"79859670\" data-element_type=\"section\" data-settings=\"{&quot;background_background&quot;:&quot;classic&quot;}\">\n\t\t\t\t\t\t<div class=\"elementor-container elementor-column-gap-default\">\n\t\t\t\t\t<div class=\"elementor-column elementor-col-100 elementor-inner-column elementor-element elementor-element-7792f410\" data-id=\"7792f410\" data-element_type=\"column\" data-settings=\"{&quot;background_background&quot;:&quot;classic&quot;}\">\n\t\t\t<div class=\"elementor-widget-wrap elementor-element-populated\">\n\t\t\t\t\t\t<div class=\"elementor-element elementor-element-38737bf1 elementor-widget elementor-widget-heading\" data-id=\"38737bf1\" data-element_type=\"widget\" data-widget_type=\"heading.default\">\n\t\t\t\t<div class=\"elementor-widget-container\">\n\t\t\t<h2 class=\"elementor-heading-title elementor-size-default\"><a href=\"https:\/\/ds-barranquilla.org\/de\/administracion\/\">Verwaltung<\/a><\/h2>\t\t<\/div>\n\t\t\t\t<\/div>\n\t\t\t\t\t<\/div>\n\t\t<\/div>\n\t\t\t\t\t<\/div>\n\t\t<\/section>\n\t\t\t\t<section class=\"elementor-section elementor-inner-section elementor-element elementor-element-10475ba elementor-section-boxed elementor-section-height-default elementor-section-height-default\" data-id=\"10475ba\" data-element_type=\"section\" data-settings=\"{&quot;background_background&quot;:&quot;classic&quot;}\">\n\t\t\t\t\t\t<div class=\"elementor-container elementor-column-gap-default\">\n\t\t\t\t\t<div class=\"elementor-column elementor-col-100 elementor-inner-column elementor-element elementor-element-677ab74f\" data-id=\"677ab74f\" data-element_type=\"column\" data-settings=\"{&quot;background_background&quot;:&quot;classic&quot;}\">\n\t\t\t<div class=\"elementor-widget-wrap elementor-element-populated\">\n\t\t\t\t\t\t<div class=\"elementor-element elementor-element-2fe9575a elementor-widget elementor-widget-heading\" data-id=\"2fe9575a\" data-element_type=\"widget\" data-widget_type=\"heading.default\">\n\t\t\t\t<div class=\"elementor-widget-container\">\n\t\t\t<h2 class=\"elementor-heading-title elementor-size-default\"><a href=\"https:\/\/ds-barranquilla.org\/de\/directores\/\">Sektionsleitungen<\/a><\/h2>\t\t<\/div>\n\t\t\t\t<\/div>\n\t\t\t\t\t<\/div>\n\t\t<\/div>\n\t\t\t\t\t<\/div>\n\t\t<\/section>\n\t\t\t\t<section class=\"elementor-section elementor-inner-section elementor-element elementor-element-54c570b2 elementor-section-boxed elementor-section-height-default elementor-section-height-default\" data-id=\"54c570b2\" data-element_type=\"section\" data-settings=\"{&quot;background_background&quot;:&quot;classic&quot;}\">\n\t\t\t\t\t\t<div class=\"elementor-container elementor-column-gap-default\">\n\t\t\t\t\t<div class=\"elementor-column elementor-col-100 elementor-inner-column elementor-element elementor-element-1b7e0b6b\" data-id=\"1b7e0b6b\" data-element_type=\"column\" data-settings=\"{&quot;background_background&quot;:&quot;classic&quot;}\">\n\t\t\t<div class=\"elementor-widget-wrap elementor-element-populated\">\n\t\t\t\t\t\t<div class=\"elementor-element elementor-element-7e8ced4e elementor-widget elementor-widget-heading\" data-id=\"7e8ced4e\" data-element_type=\"widget\" data-widget_type=\"heading.default\">\n\t\t\t\t<div class=\"elementor-widget-container\">\n\t\t\t<h2 class=\"elementor-heading-title elementor-size-default\"><a href=\"https:\/\/ds-barranquilla.org\/de\/profesores\/\">Lehrkr\u00e4fte<\/a><\/h2>\t\t<\/div>\n\t\t\t\t<\/div>\n\t\t\t\t\t<\/div>\n\t\t<\/div>\n\t\t\t\t\t<\/div>\n\t\t<\/section>\n\t\t\t\t<section class=\"elementor-section elementor-inner-section elementor-element elementor-element-73c1e87f elementor-section-boxed elementor-section-height-default elementor-section-height-default\" data-id=\"73c1e87f\" data-element_type=\"section\" data-settings=\"{&quot;background_background&quot;:&quot;classic&quot;}\">\n\t\t\t\t\t\t<div class=\"elementor-container elementor-column-gap-default\">\n\t\t\t\t\t<div class=\"elementor-column elementor-col-100 elementor-inner-column elementor-element elementor-element-2411a269\" data-id=\"2411a269\" data-element_type=\"column\" data-settings=\"{&quot;background_background&quot;:&quot;classic&quot;}\">\n\t\t\t<div class=\"elementor-widget-wrap elementor-element-populated\">\n\t\t\t\t\t\t<div class=\"elementor-element elementor-element-248f9687 elementor-widget elementor-widget-heading\" data-id=\"248f9687\" data-element_type=\"widget\" data-widget_type=\"heading.default\">\n\t\t\t\t<div class=\"elementor-widget-container\">\n\t\t\t<h2 class=\"elementor-heading-title elementor-size-default\">Gemeinschaft DSBAQ <\/h2>\t\t<\/div>\n\t\t\t\t<\/div>\n\t\t\t\t\t<\/div>\n\t\t<\/div>\n\t\t\t\t\t<\/div>\n\t\t<\/section>\n\t\t\t\t<section class=\"elementor-section elementor-inner-section elementor-element elementor-element-5a2e74c elementor-section-boxed elementor-section-height-default elementor-section-height-default\" data-id=\"5a2e74c\" data-element_type=\"section\" data-settings=\"{&quot;background_background&quot;:&quot;classic&quot;}\">\n\t\t\t\t\t\t<div class=\"elementor-container elementor-column-gap-default\">\n\t\t\t\t\t<div class=\"elementor-column elementor-col-100 elementor-inner-column elementor-element elementor-element-38125e2d\" data-id=\"38125e2d\" data-element_type=\"column\" data-settings=\"{&quot;background_background&quot;:&quot;classic&quot;}\">\n\t\t\t<div class=\"elementor-widget-wrap elementor-element-populated\">\n\t\t\t\t\t\t<div class=\"elementor-element elementor-element-2d6e3bcf elementor-widget elementor-widget-heading\" data-id=\"2d6e3bcf\" data-element_type=\"widget\" data-widget_type=\"heading.default\">\n\t\t\t\t<div class=\"elementor-widget-container\">\n\t\t\t<h2 class=\"elementor-heading-title elementor-size-default\"><a href=\"https:\/\/ds-barranquilla.org\/de\/consejo\/\">Elternbeirat<\/a><\/h2>\t\t<\/div>\n\t\t\t\t<\/div>\n\t\t\t\t\t<\/div>\n\t\t<\/div>\n\t\t\t\t\t<\/div>\n\t\t<\/section>\n\t\t\t\t<section class=\"elementor-section elementor-inner-section elementor-element elementor-element-34d9ca6c elementor-section-boxed elementor-section-height-default elementor-section-height-default\" data-id=\"34d9ca6c\" data-element_type=\"section\" data-settings=\"{&quot;background_background&quot;:&quot;classic&quot;}\">\n\t\t\t\t\t\t<div class=\"elementor-container elementor-column-gap-default\">\n\t\t\t\t\t<div class=\"elementor-column elementor-col-100 elementor-inner-column elementor-element elementor-element-142c212c\" data-id=\"142c212c\" data-element_type=\"column\" data-settings=\"{&quot;background_background&quot;:&quot;classic&quot;}\">\n\t\t\t<div class=\"elementor-widget-wrap elementor-element-populated\">\n\t\t\t\t\t\t<div class=\"elementor-element elementor-element-2f684b70 elementor-widget elementor-widget-heading\" data-id=\"2f684b70\" data-element_type=\"widget\" data-widget_type=\"heading.default\">\n\t\t\t\t<div class=\"elementor-widget-container\">\n\t\t\t<h2 class=\"elementor-heading-title elementor-size-default\"><a href=\"https:\/\/ds-barranquilla.org\/de\/asopadres\/\">Elternverein<\/a><\/h2>\t\t<\/div>\n\t\t\t\t<\/div>\n\t\t\t\t\t<\/div>\n\t\t<\/div>\n\t\t\t\t\t<\/div>\n\t\t<\/section>\n\t\t\t\t<section class=\"elementor-section elementor-inner-section elementor-element elementor-element-6a6d8e36 elementor-section-boxed elementor-section-height-default elementor-section-height-default\" data-id=\"6a6d8e36\" data-element_type=\"section\" data-settings=\"{&quot;background_background&quot;:&quot;classic&quot;}\">\n\t\t\t\t\t\t<div class=\"elementor-container elementor-column-gap-default\">\n\t\t\t\t\t<div class=\"elementor-column elementor-col-100 elementor-inner-column elementor-element elementor-element-66ac2a35\" data-id=\"66ac2a35\" data-element_type=\"column\" data-settings=\"{&quot;background_background&quot;:&quot;classic&quot;}\">\n\t\t\t<div class=\"elementor-widget-wrap elementor-element-populated\">\n\t\t\t\t\t\t<div class=\"elementor-element elementor-element-6b419a24 elementor-widget elementor-widget-heading\" data-id=\"6b419a24\" data-element_type=\"widget\" data-widget_type=\"heading.default\">\n\t\t\t\t<div class=\"elementor-widget-container\">\n\t\t\t<h2 class=\"elementor-heading-title elementor-size-default\"><a href=\"https:\/\/ds-barranquilla.org\/de\/consejo-estudiantil\/\">Sch\u00fclerschaftsvertretung<\/a><\/h2>\t\t<\/div>\n\t\t\t\t<\/div>\n\t\t\t\t\t<\/div>\n\t\t<\/div>\n\t\t\t\t\t<\/div>\n\t\t<\/section>\n\t\t\t\t<section class=\"elementor-section elementor-inner-section elementor-element elementor-element-22e5a074 elementor-section-boxed elementor-section-height-default elementor-section-height-default\" data-id=\"22e5a074\" data-element_type=\"section\" data-settings=\"{&quot;background_background&quot;:&quot;classic&quot;}\">\n\t\t\t\t\t\t<div class=\"elementor-container elementor-column-gap-default\">\n\t\t\t\t\t<div class=\"elementor-column elementor-col-100 elementor-inner-column elementor-element elementor-element-5bd8e4fa\" data-id=\"5bd8e4fa\" data-element_type=\"column\" data-settings=\"{&quot;background_background&quot;:&quot;classic&quot;}\">\n\t\t\t<div class=\"elementor-widget-wrap elementor-element-populated\">\n\t\t\t\t\t\t<div class=\"elementor-element elementor-element-2e60ea25 elementor-widget elementor-widget-heading\" data-id=\"2e60ea25\" data-element_type=\"widget\" data-widget_type=\"heading.default\">\n\t\t\t\t<div class=\"elementor-widget-container\">\n\t\t\t<h2 class=\"elementor-heading-title elementor-size-default\"><a href=\"https:\/\/ds-barranquilla.org\/de\/grupo-verde\/\">Gr\u00fcne Gruppe<\/a><\/h2>\t\t<\/div>\n\t\t\t\t<\/div>\n\t\t\t\t\t<\/div>\n\t\t<\/div>\n\t\t\t\t\t<\/div>\n\t\t<\/section>\n\t\t\t\t<div class=\"elementor-element elementor-element-43163956 elementor-widget elementor-widget-text-editor\" data-id=\"43163956\" data-element_type=\"widget\" data-widget_type=\"text-editor.default\">\n\t\t\t\t<div class=\"elementor-widget-container\">\n\t\t\t<style>\/*! elementor - v3.23.0 - 05-08-2024 *\/\n.elementor-widget-text-editor.elementor-drop-cap-view-stacked .elementor-drop-cap{background-color:#69727d;color:#fff}.elementor-widget-text-editor.elementor-drop-cap-view-framed .elementor-drop-cap{color:#69727d;border:3px solid;background-color:transparent}.elementor-widget-text-editor:not(.elementor-drop-cap-view-default) .elementor-drop-cap{margin-top:8px}.elementor-widget-text-editor:not(.elementor-drop-cap-view-default) .elementor-drop-cap-letter{width:1em;height:1em}.elementor-widget-text-editor .elementor-drop-cap{float:left;text-align:center;line-height:1;font-size:50px}.elementor-widget-text-editor .elementor-drop-cap-letter{display:inline-block}<\/style>\t\t\t\t<p>Neuigkeiten<\/p>\t\t\t\t\t\t<\/div>\n\t\t\t\t<\/div>\n\t\t\t\t<div class=\"elementor-element elementor-element-8c35469 elementor-widget elementor-widget-qi_addons_for_elementor_blog_slider\" data-id=\"8c35469\" data-element_type=\"widget\" data-widget_type=\"qi_addons_for_elementor_blog_slider.default\">\n\t\t\t\t<div class=\"elementor-widget-container\">\n\t\t\t<div class=\"qodef-shortcode qodef-m  qodef-addons-blog-slider qodef-item-layout--date-boxed qodef-info-no-icons  qodef-image--hover-zoom  qodef-qi-grid qodef-qi-swiper-container qodef-item-layout--date-boxed\" data-options=\"{&quot;direction&quot;:&quot;horizontal&quot;,&quot;slidesPerView&quot;:&quot;1&quot;,&quot;spaceBetween&quot;:30,&quot;spaceBetweenTablet&quot;:30,&quot;spaceBetweenMobile&quot;:30,&quot;effect&quot;:&quot;&quot;,&quot;loop&quot;:false,&quot;autoplay&quot;:true,&quot;centeredSlides&quot;:false,&quot;speed&quot;:&quot;&quot;,&quot;speedAnimation&quot;:&quot;&quot;,&quot;outsideNavigation&quot;:&quot;no&quot;,&quot;outsidePagination&quot;:&quot;no&quot;,&quot;unique&quot;:&quot;1&quot;,&quot;partialValue&quot;:0,&quot;disablePartialValue&quot;:&quot;&quot;,&quot;parallax&quot;:&quot;no&quot;}\">\n\t<div class=\"swiper-wrapper\">\n\t\t<article class=\"qodef-e qodef-blog-item swiper-slide qodef-item--full post-28701 post type-post status-publish format-standard has-post-thumbnail hentry category-735 category-area-de-aleman category-otras-noticias category-sin-categorizar tag-bilinguismo tag-deutschlandwoche tag-dia-de-la-reunificacion-alemana tag-formacion-en-valores tag-historia-de-alemania tag-reunificacion-alemana tag-semana-de-alemania tag-unidad-y-libertad tag-valores-alemanes tag-colegio-aleman-de-barranquilla tag-cultura-alemana tag-educacion-bicultural tag-educacion-internacional\">\n\t<div class=\"qodef-e-inner\">\n\t\t<div class=\"qodef-e-media-holder\">\n\t\t\t<div class=\"qodef-e-media\">\n\t\t<div class=\"qodef-e-media-image\">\n\t\t<a itemprop=\"url\" href=\"https:\/\/ds-barranquilla.org\/de\/octubre-un-mes-para-celebrar-la-unidad-y-la-biculturalidad-en-el-colegio-aleman-de-barranquilla\/\">\n\t\t\t<img fetchpriority=\"high\" decoding=\"async\" width=\"2555\" height=\"1937\" src=\"https:\/\/ds-barranquilla.org\/wp-content\/uploads\/2025\/10\/DSC03676-scaled-e1759762119186.jpg\" class=\"attachment-full size-full\" alt=\"\" srcset=\"https:\/\/ds-barranquilla.org\/wp-content\/uploads\/2025\/10\/DSC03676-scaled-e1759762119186.jpg 2555w, https:\/\/ds-barranquilla.org\/wp-content\/uploads\/2025\/10\/DSC03676-scaled-e1759762119186-300x227.jpg 300w, https:\/\/ds-barranquilla.org\/wp-content\/uploads\/2025\/10\/DSC03676-scaled-e1759762119186-1024x776.jpg 1024w, https:\/\/ds-barranquilla.org\/wp-content\/uploads\/2025\/10\/DSC03676-scaled-e1759762119186-768x582.jpg 768w, https:\/\/ds-barranquilla.org\/wp-content\/uploads\/2025\/10\/DSC03676-scaled-e1759762119186-1536x1164.jpg 1536w, https:\/\/ds-barranquilla.org\/wp-content\/uploads\/2025\/10\/DSC03676-scaled-e1759762119186-2048x1553.jpg 2048w, https:\/\/ds-barranquilla.org\/wp-content\/uploads\/2025\/10\/DSC03676-scaled-e1759762119186-16x12.jpg 16w, https:\/\/ds-barranquilla.org\/wp-content\/uploads\/2025\/10\/DSC03676-scaled-e1759762119186-99x75.jpg 99w, https:\/\/ds-barranquilla.org\/wp-content\/uploads\/2025\/10\/DSC03676-scaled-e1759762119186-480x364.jpg 480w\" sizes=\"(max-width:767px) 480px, (max-width:2555px) 100vw, 2555px\" \/>\t\t<\/a>\n\t\t\t<\/div>\n<\/div>\n\t\t<\/div>\n\t\t<div class=\"qodef-e-content\">\n\t\t\t\t\t\t<div class=\"qodef-e-text\">\n\t\t\t\t<p itemprop=\"name\" class=\"qodef-e-title entry-title\">\n\t<a itemprop=\"url\" class=\"qodef-e-title-link\" href=\"https:\/\/ds-barranquilla.org\/de\/octubre-un-mes-para-celebrar-la-unidad-y-la-biculturalidad-en-el-colegio-aleman-de-barranquilla\/\">\n\t\tOctubre, un mes para celebrar la unidad y la biculturalidad en el Colegio Alem\u00e1n de Barranquilla\t<\/a>\n<\/p>\n\t\t\t<\/div>\n\t\t\t\t\t<\/div>\n\t<\/div>\n<\/article>\n<article class=\"qodef-e qodef-blog-item swiper-slide qodef-item--full post-28667 post type-post status-publish format-standard has-post-thumbnail hentry category-735 category-area-de-individuos-y-sociedades category-consejo-estudiantil category-sin-categorizar tag-consejo-estudiantil tag-democracia-escolar tag-educacion tag-elecciones-estudiantiles tag-estudiantes tag-formacion-ciudadana tag-participacion-democratica tag-demokratieprojekt tag-liderazgo-estudiantil tag-colegio-aleman-de-barranquilla\">\n\t<div class=\"qodef-e-inner\">\n\t\t<div class=\"qodef-e-media-holder\">\n\t\t\t<div class=\"qodef-e-media\">\n\t\t<div class=\"qodef-e-media-image\">\n\t\t<a itemprop=\"url\" href=\"https:\/\/ds-barranquilla.org\/de\/liderazgo-estudiantil-en-accion-elegidos-los-representantes-del-demokratieprojekt-20252026-en-el-colegio-aleman-de-barranquilla\/\">\n\t\t\t<img decoding=\"async\" width=\"2560\" height=\"1064\" src=\"https:\/\/ds-barranquilla.org\/wp-content\/uploads\/2025\/09\/DSC02543-scaled.jpg\" class=\"attachment-full size-full\" alt=\"\" srcset=\"https:\/\/ds-barranquilla.org\/wp-content\/uploads\/2025\/09\/DSC02543-scaled.jpg 2560w, https:\/\/ds-barranquilla.org\/wp-content\/uploads\/2025\/09\/DSC02543-300x125.jpg 300w, https:\/\/ds-barranquilla.org\/wp-content\/uploads\/2025\/09\/DSC02543-1024x426.jpg 1024w, https:\/\/ds-barranquilla.org\/wp-content\/uploads\/2025\/09\/DSC02543-768x319.jpg 768w, https:\/\/ds-barranquilla.org\/wp-content\/uploads\/2025\/09\/DSC02543-1536x638.jpg 1536w, https:\/\/ds-barranquilla.org\/wp-content\/uploads\/2025\/09\/DSC02543-2048x851.jpg 2048w, https:\/\/ds-barranquilla.org\/wp-content\/uploads\/2025\/09\/DSC02543-18x7.jpg 18w, https:\/\/ds-barranquilla.org\/wp-content\/uploads\/2025\/09\/DSC02543-150x62.jpg 150w, https:\/\/ds-barranquilla.org\/wp-content\/uploads\/2025\/09\/DSC02543-480x199.jpg 480w\" sizes=\"(max-width:767px) 480px, (max-width:2560px) 100vw, 2560px\" \/>\t\t<\/a>\n\t\t\t<\/div>\n<\/div>\n\t\t<\/div>\n\t\t<div class=\"qodef-e-content\">\n\t\t\t\t\t\t<div class=\"qodef-e-text\">\n\t\t\t\t<p itemprop=\"name\" class=\"qodef-e-title entry-title\">\n\t<a itemprop=\"url\" class=\"qodef-e-title-link\" href=\"https:\/\/ds-barranquilla.org\/de\/liderazgo-estudiantil-en-accion-elegidos-los-representantes-del-demokratieprojekt-20252026-en-el-colegio-aleman-de-barranquilla\/\">\n\t\tLiderazgo estudiantil en acci\u00f3n: elegidos los representantes del Demokratieprojekt 2025\u20132026 en el Colegio Alem\u00e1n de Barranquilla\t<\/a>\n<\/p>\n\t\t\t<\/div>\n\t\t\t\t\t<\/div>\n\t<\/div>\n<\/article>\n<article class=\"qodef-e qodef-blog-item swiper-slide qodef-item--full post-28572 post type-post status-publish format-standard has-post-thumbnail hentry category-735 category-area-de-individuos-y-sociedades tag-colegio-aleman-barranquilla tag-cultura-democratica tag-demokratieprojekt tag-elecciones-escolares tag-gobierno-escolar tag-k4-a-k12 tag-liderazgo-estudiantil tag-participacion-estudiantil tag-personeria-estudiantil tag-proyecto-de-democracia\">\n\t<div class=\"qodef-e-inner\">\n\t\t<div class=\"qodef-e-media-holder\">\n\t\t\t<div class=\"qodef-e-media\">\n\t\t<div class=\"qodef-e-media-image\">\n\t\t<a itemprop=\"url\" href=\"https:\/\/ds-barranquilla.org\/de\/colegio-aleman-de-barranquilla-fortalece-la-participacion-estudiantil-en-el-marco-del-demokratieprojekt\/\">\n\t\t\t<img decoding=\"async\" width=\"2265\" height=\"1263\" src=\"https:\/\/ds-barranquilla.org\/wp-content\/uploads\/2025\/09\/IMG_5590-scaled-e1758030754302.jpg\" class=\"attachment-full size-full\" alt=\"\" srcset=\"https:\/\/ds-barranquilla.org\/wp-content\/uploads\/2025\/09\/IMG_5590-scaled-e1758030754302.jpg 2265w, https:\/\/ds-barranquilla.org\/wp-content\/uploads\/2025\/09\/IMG_5590-scaled-e1758030754302-300x167.jpg 300w, https:\/\/ds-barranquilla.org\/wp-content\/uploads\/2025\/09\/IMG_5590-scaled-e1758030754302-1024x571.jpg 1024w, https:\/\/ds-barranquilla.org\/wp-content\/uploads\/2025\/09\/IMG_5590-scaled-e1758030754302-768x428.jpg 768w, https:\/\/ds-barranquilla.org\/wp-content\/uploads\/2025\/09\/IMG_5590-scaled-e1758030754302-1536x856.jpg 1536w, https:\/\/ds-barranquilla.org\/wp-content\/uploads\/2025\/09\/IMG_5590-scaled-e1758030754302-2048x1142.jpg 2048w, https:\/\/ds-barranquilla.org\/wp-content\/uploads\/2025\/09\/IMG_5590-scaled-e1758030754302-18x10.jpg 18w, https:\/\/ds-barranquilla.org\/wp-content\/uploads\/2025\/09\/IMG_5590-scaled-e1758030754302-135x75.jpg 135w, https:\/\/ds-barranquilla.org\/wp-content\/uploads\/2025\/09\/IMG_5590-scaled-e1758030754302-480x268.jpg 480w\" sizes=\"(max-width:767px) 480px, (max-width:2265px) 100vw, 2265px\" \/>\t\t<\/a>\n\t\t\t<\/div>\n<\/div>\n\t\t<\/div>\n\t\t<div class=\"qodef-e-content\">\n\t\t\t\t\t\t<div class=\"qodef-e-text\">\n\t\t\t\t<p itemprop=\"name\" class=\"qodef-e-title entry-title\">\n\t<a itemprop=\"url\" class=\"qodef-e-title-link\" href=\"https:\/\/ds-barranquilla.org\/de\/colegio-aleman-de-barranquilla-fortalece-la-participacion-estudiantil-en-el-marco-del-demokratieprojekt\/\">\n\t\tEn el marco del Demokratieprojekt, Colegio Alem\u00e1n de Barranquilla fortalece la participaci\u00f3n estudiantil\t<\/a>\n<\/p>\n\t\t\t<\/div>\n\t\t\t\t\t<\/div>\n\t<\/div>\n<\/article>\n<article class=\"qodef-e qodef-blog-item swiper-slide qodef-item--full post-28529 post type-post status-publish format-standard has-post-thumbnail hentry category-735 category-area-de-aleman category-sin-categorizar tag-bachillerato-internacional-ib tag-colegio-aleman-barranquilla tag-competencias-internacionales tag-debate-en-aleman tag-jugend-debattiert-2025 tag-mariana-gonzalez tag-pensamiento-critico tag-sofia-alvarado tag-educacion-de-calidad tag-estudiantes-destacados\">\n\t<div class=\"qodef-e-inner\">\n\t\t<div class=\"qodef-e-media-holder\">\n\t\t\t<div class=\"qodef-e-media\">\n\t\t<div class=\"qodef-e-media-image\">\n\t\t<a itemprop=\"url\" href=\"https:\/\/ds-barranquilla.org\/de\/estudiantes-del-colegio-aleman-de-barranquilla-en-los-primeros-lugares-del-jugend-debattiert-colombia-2025\/\">\n\t\t\t<img loading=\"lazy\" decoding=\"async\" width=\"799\" height=\"492\" src=\"https:\/\/ds-barranquilla.org\/wp-content\/uploads\/2025\/09\/image-1.png\" class=\"attachment-full size-full\" alt=\"\" srcset=\"https:\/\/ds-barranquilla.org\/wp-content\/uploads\/2025\/09\/image-1.png 799w, https:\/\/ds-barranquilla.org\/wp-content\/uploads\/2025\/09\/image-1-300x185.png 300w, https:\/\/ds-barranquilla.org\/wp-content\/uploads\/2025\/09\/image-1-768x473.png 768w, https:\/\/ds-barranquilla.org\/wp-content\/uploads\/2025\/09\/image-1-18x12.png 18w, https:\/\/ds-barranquilla.org\/wp-content\/uploads\/2025\/09\/image-1-122x75.png 122w, https:\/\/ds-barranquilla.org\/wp-content\/uploads\/2025\/09\/image-1-480x296.png 480w\" sizes=\"(max-width:767px) 480px, (max-width:799px) 100vw, 799px\" \/>\t\t<\/a>\n\t\t\t<\/div>\n<\/div>\n\t\t<\/div>\n\t\t<div class=\"qodef-e-content\">\n\t\t\t\t\t\t<div class=\"qodef-e-text\">\n\t\t\t\t<p itemprop=\"name\" class=\"qodef-e-title entry-title\">\n\t<a itemprop=\"url\" class=\"qodef-e-title-link\" href=\"https:\/\/ds-barranquilla.org\/de\/estudiantes-del-colegio-aleman-de-barranquilla-en-los-primeros-lugares-del-jugend-debattiert-colombia-2025\/\">\n\t\tEstudiantes del Colegio Alem\u00e1n de Barranquilla, en los primeros lugares del Jugend debattiert Colombia 2025\t<\/a>\n<\/p>\n\t\t\t<\/div>\n\t\t\t\t\t<\/div>\n\t<\/div>\n<\/article>\n<article class=\"qodef-e qodef-blog-item swiper-slide qodef-item--full post-28492 post type-post status-publish format-standard has-post-thumbnail hentry category-735 category-otras-noticias category-sin-categorizar tag-abikosmos tag-ano-escolar-2025-2026 tag-bachillerato-internacional tag-biculturalidad tag-ciudadania-global tag-colegio-aleman-de-barranquilla tag-comunidad-educativa tag-cultura-alemana tag-educacion-internacional tag-elternabende tag-familias-y-colegio tag-formacion-integral tag-ib tag-identidad-bicultural tag-induccion-de-estudiantes tag-inicio-de-ano-escolar tag-kindergarten tag-klasse-1 tag-klasse-11 tag-klasse-12 tag-nuevos-retos tag-primaria tag-reencuentros-escolares tag-schultute tag-tradicion-alemana tag-valores-educativos\">\n\t<div class=\"qodef-e-inner\">\n\t\t<div class=\"qodef-e-media-holder\">\n\t\t\t<div class=\"qodef-e-media\">\n\t\t<div class=\"qodef-e-media-image\">\n\t\t<a itemprop=\"url\" href=\"https:\/\/ds-barranquilla.org\/de\/un-inicio-de-ano-escolar-lleno-de-tradicion-alegria-y-nuevos-retos\/\">\n\t\t\t<img loading=\"lazy\" decoding=\"async\" width=\"2560\" height=\"2076\" src=\"https:\/\/ds-barranquilla.org\/wp-content\/uploads\/2025\/09\/DSC06887-1-scaled.jpg\" class=\"attachment-full size-full\" alt=\"\" srcset=\"https:\/\/ds-barranquilla.org\/wp-content\/uploads\/2025\/09\/DSC06887-1-scaled.jpg 2560w, https:\/\/ds-barranquilla.org\/wp-content\/uploads\/2025\/09\/DSC06887-1-300x243.jpg 300w, https:\/\/ds-barranquilla.org\/wp-content\/uploads\/2025\/09\/DSC06887-1-1024x831.jpg 1024w, https:\/\/ds-barranquilla.org\/wp-content\/uploads\/2025\/09\/DSC06887-1-768x623.jpg 768w, https:\/\/ds-barranquilla.org\/wp-content\/uploads\/2025\/09\/DSC06887-1-1536x1246.jpg 1536w, https:\/\/ds-barranquilla.org\/wp-content\/uploads\/2025\/09\/DSC06887-1-2048x1661.jpg 2048w, https:\/\/ds-barranquilla.org\/wp-content\/uploads\/2025\/09\/DSC06887-1-15x12.jpg 15w, https:\/\/ds-barranquilla.org\/wp-content\/uploads\/2025\/09\/DSC06887-1-92x75.jpg 92w, https:\/\/ds-barranquilla.org\/wp-content\/uploads\/2025\/09\/DSC06887-1-480x389.jpg 480w\" sizes=\"(max-width:767px) 480px, (max-width:2560px) 100vw, 2560px\" \/>\t\t<\/a>\n\t\t\t<\/div>\n<\/div>\n\t\t<\/div>\n\t\t<div class=\"qodef-e-content\">\n\t\t\t\t\t\t<div class=\"qodef-e-text\">\n\t\t\t\t<p itemprop=\"name\" class=\"qodef-e-title entry-title\">\n\t<a itemprop=\"url\" class=\"qodef-e-title-link\" href=\"https:\/\/ds-barranquilla.org\/de\/un-inicio-de-ano-escolar-lleno-de-tradicion-alegria-y-nuevos-retos\/\">\n\t\tUn inicio de a\u00f1o escolar lleno de tradici\u00f3n, alegr\u00eda y nuevos retos\t<\/a>\n<\/p>\n\t\t\t<\/div>\n\t\t\t\t\t<\/div>\n\t<\/div>\n<\/article>\n<article class=\"qodef-e qodef-blog-item swiper-slide qodef-item--full post-28450 post type-post status-publish format-standard has-post-thumbnail hentry category-sin-categorizar\">\n\t<div class=\"qodef-e-inner\">\n\t\t<div class=\"qodef-e-media-holder\">\n\t\t\t<div class=\"qodef-e-media\">\n\t\t<div class=\"qodef-e-media-image\">\n\t\t<a itemprop=\"url\" href=\"https:\/\/ds-barranquilla.org\/de\/en-el-colegio-aleman-de-barranquilla-listos-para-el-ano-escolar-2025-2026\/\">\n\t\t\t<img loading=\"lazy\" decoding=\"async\" width=\"2560\" height=\"2274\" src=\"https:\/\/ds-barranquilla.org\/wp-content\/uploads\/2025\/08\/DSC06546-scaled.jpg\" class=\"attachment-full size-full\" alt=\"\" srcset=\"https:\/\/ds-barranquilla.org\/wp-content\/uploads\/2025\/08\/DSC06546-scaled.jpg 2560w, https:\/\/ds-barranquilla.org\/wp-content\/uploads\/2025\/08\/DSC06546-300x267.jpg 300w, https:\/\/ds-barranquilla.org\/wp-content\/uploads\/2025\/08\/DSC06546-1024x910.jpg 1024w, https:\/\/ds-barranquilla.org\/wp-content\/uploads\/2025\/08\/DSC06546-768x682.jpg 768w, https:\/\/ds-barranquilla.org\/wp-content\/uploads\/2025\/08\/DSC06546-1536x1365.jpg 1536w, https:\/\/ds-barranquilla.org\/wp-content\/uploads\/2025\/08\/DSC06546-2048x1820.jpg 2048w, https:\/\/ds-barranquilla.org\/wp-content\/uploads\/2025\/08\/DSC06546-14x12.jpg 14w, https:\/\/ds-barranquilla.org\/wp-content\/uploads\/2025\/08\/DSC06546-84x75.jpg 84w, https:\/\/ds-barranquilla.org\/wp-content\/uploads\/2025\/08\/DSC06546-480x426.jpg 480w\" sizes=\"(max-width:767px) 480px, (max-width:2560px) 100vw, 2560px\" \/>\t\t<\/a>\n\t\t\t<\/div>\n<\/div>\n\t\t<\/div>\n\t\t<div class=\"qodef-e-content\">\n\t\t\t\t\t\t<div class=\"qodef-e-text\">\n\t\t\t\t<p itemprop=\"name\" class=\"qodef-e-title entry-title\">\n\t<a itemprop=\"url\" class=\"qodef-e-title-link\" href=\"https:\/\/ds-barranquilla.org\/de\/en-el-colegio-aleman-de-barranquilla-listos-para-el-ano-escolar-2025-2026\/\">\n\t\tEn el Colegio Alem\u00e1n de Barranquilla, \u00a1listos para el a\u00f1o escolar 2025-2026!\t<\/a>\n<\/p>\n\t\t\t<\/div>\n\t\t\t\t\t<\/div>\n\t<\/div>\n<\/article>\n<article class=\"qodef-e qodef-blog-item swiper-slide qodef-item--full post-28423 post type-post status-publish format-standard has-post-thumbnail hentry category-735 category-area-de-matematicas-y-fisica category-sin-categorizar tag-colegio-aleman-barranquilla-olimpiada-internacional-de-matematicas-2025 tag-estudiantes-colombianos-destacados-en-la-imo-2025 tag-ganadores-olimpiadas-matematicas-colegio-aleman tag-resultados-olimpiada-internacional-de-matematicas-australia-2025 tag-colegio-aleman-de-barranquilla tag-educacion-de-calidad tag-estudiantes-destacados tag-logros-academicos tag-olimpiada-internacional-de-matematicas-2025 tag-olimpiada-matematica-centroamericana-y-del-caribe tag-olimpiadas-colombianas-de-matematicas tag-olimpiadas-matematicas-universidad-del-norte tag-orgullo-escolar tag-talento-matematico\">\n\t<div class=\"qodef-e-inner\">\n\t\t<div class=\"qodef-e-media-holder\">\n\t\t\t<div class=\"qodef-e-media\">\n\t\t<div class=\"qodef-e-media-image\">\n\t\t<a itemprop=\"url\" href=\"https:\/\/ds-barranquilla.org\/de\/estudiantes-del-colegio-aleman-brillan-en-la-olimpiada-internacional-de-matematicas-2025\/\">\n\t\t\t<img loading=\"lazy\" decoding=\"async\" width=\"880\" height=\"853\" src=\"https:\/\/ds-barranquilla.org\/wp-content\/uploads\/2025\/07\/Imagen-de-WhatsApp-2025-07-23-a-las-09.53.14_103dc190-1.jpg\" class=\"attachment-full size-full\" alt=\"\" srcset=\"https:\/\/ds-barranquilla.org\/wp-content\/uploads\/2025\/07\/Imagen-de-WhatsApp-2025-07-23-a-las-09.53.14_103dc190-1.jpg 880w, https:\/\/ds-barranquilla.org\/wp-content\/uploads\/2025\/07\/Imagen-de-WhatsApp-2025-07-23-a-las-09.53.14_103dc190-1-300x291.jpg 300w, https:\/\/ds-barranquilla.org\/wp-content\/uploads\/2025\/07\/Imagen-de-WhatsApp-2025-07-23-a-las-09.53.14_103dc190-1-768x744.jpg 768w, https:\/\/ds-barranquilla.org\/wp-content\/uploads\/2025\/07\/Imagen-de-WhatsApp-2025-07-23-a-las-09.53.14_103dc190-1-12x12.jpg 12w, https:\/\/ds-barranquilla.org\/wp-content\/uploads\/2025\/07\/Imagen-de-WhatsApp-2025-07-23-a-las-09.53.14_103dc190-1-77x75.jpg 77w, https:\/\/ds-barranquilla.org\/wp-content\/uploads\/2025\/07\/Imagen-de-WhatsApp-2025-07-23-a-las-09.53.14_103dc190-1-480x465.jpg 480w\" sizes=\"(max-width:767px) 480px, (max-width:880px) 100vw, 880px\" \/>\t\t<\/a>\n\t\t\t<\/div>\n<\/div>\n\t\t<\/div>\n\t\t<div class=\"qodef-e-content\">\n\t\t\t\t\t\t<div class=\"qodef-e-text\">\n\t\t\t\t<p itemprop=\"name\" class=\"qodef-e-title entry-title\">\n\t<a itemprop=\"url\" class=\"qodef-e-title-link\" href=\"https:\/\/ds-barranquilla.org\/de\/estudiantes-del-colegio-aleman-brillan-en-la-olimpiada-internacional-de-matematicas-2025\/\">\n\t\tEstudiantes del Colegio Alem\u00e1n de Barranquilla brillan en la Olimpiada Internacional de Matem\u00e1ticas 2025\t<\/a>\n<\/p>\n\t\t\t<\/div>\n\t\t\t\t\t<\/div>\n\t<\/div>\n<\/article>\n<article class=\"qodef-e qodef-blog-item swiper-slide qodef-item--full post-28343 post type-post status-publish format-standard has-post-thumbnail hentry category-735 category-area-de-aleman tag-beca-daad tag-beca-internacional-para-estudiantes-colombianos tag-cabmun tag-colegio-aleman-de-barranquilla tag-educacion-bicultural tag-egresados-destacados tag-estudios-universitarios-en-alemania tag-formacion-academica-de-excelencia tag-modelo-onu-escolar tag-wirlatam\">\n\t<div class=\"qodef-e-inner\">\n\t\t<div class=\"qodef-e-media-holder\">\n\t\t\t<div class=\"qodef-e-media\">\n\t\t<div class=\"qodef-e-media-image\">\n\t\t<a itemprop=\"url\" href=\"https:\/\/ds-barranquilla.org\/de\/egresada-del-colegio-aleman-de-barranquilla-gana-renombrada-beca-daad-para-estudios-universitarios-en-alemania\/\">\n\t\t\t<img loading=\"lazy\" decoding=\"async\" width=\"2560\" height=\"1639\" src=\"https:\/\/ds-barranquilla.org\/wp-content\/uploads\/2025\/06\/DSC01421-scaled.jpg\" class=\"attachment-full size-full\" alt=\"\" srcset=\"https:\/\/ds-barranquilla.org\/wp-content\/uploads\/2025\/06\/DSC01421-scaled.jpg 2560w, https:\/\/ds-barranquilla.org\/wp-content\/uploads\/2025\/06\/DSC01421-300x192.jpg 300w, https:\/\/ds-barranquilla.org\/wp-content\/uploads\/2025\/06\/DSC01421-1024x655.jpg 1024w, https:\/\/ds-barranquilla.org\/wp-content\/uploads\/2025\/06\/DSC01421-768x492.jpg 768w, https:\/\/ds-barranquilla.org\/wp-content\/uploads\/2025\/06\/DSC01421-1536x983.jpg 1536w, https:\/\/ds-barranquilla.org\/wp-content\/uploads\/2025\/06\/DSC01421-2048x1311.jpg 2048w, https:\/\/ds-barranquilla.org\/wp-content\/uploads\/2025\/06\/DSC01421-18x12.jpg 18w, https:\/\/ds-barranquilla.org\/wp-content\/uploads\/2025\/06\/DSC01421-117x75.jpg 117w, https:\/\/ds-barranquilla.org\/wp-content\/uploads\/2025\/06\/DSC01421-480x307.jpg 480w\" sizes=\"(max-width:767px) 480px, (max-width:2560px) 100vw, 2560px\" \/>\t\t<\/a>\n\t\t\t<\/div>\n<\/div>\n\t\t<\/div>\n\t\t<div class=\"qodef-e-content\">\n\t\t\t\t\t\t<div class=\"qodef-e-text\">\n\t\t\t\t<p itemprop=\"name\" class=\"qodef-e-title entry-title\">\n\t<a itemprop=\"url\" class=\"qodef-e-title-link\" href=\"https:\/\/ds-barranquilla.org\/de\/egresada-del-colegio-aleman-de-barranquilla-gana-renombrada-beca-daad-para-estudios-universitarios-en-alemania\/\">\n\t\tEgresada del Colegio Alem\u00e1n de Barranquilla gana Beca DAAD para estudios universitarios en Alemania\t<\/a>\n<\/p>\n\t\t\t<\/div>\n\t\t\t\t\t<\/div>\n\t<\/div>\n<\/article>\n<article class=\"qodef-e qodef-blog-item swiper-slide qodef-item--full post-28236 post type-post status-publish format-standard has-post-thumbnail hentry category-735 category-primaria category-sin-categorizar\">\n\t<div class=\"qodef-e-inner\">\n\t\t<div class=\"qodef-e-media-holder\">\n\t\t\t<div class=\"qodef-e-media\">\n\t\t<div class=\"qodef-e-media-image\">\n\t\t<a itemprop=\"url\" href=\"https:\/\/ds-barranquilla.org\/de\/ivan-donofrio-43-anos-de-ensenanza-y-legado-en-el-colegio-aleman-de-barranquilla\/\">\n\t\t\t<img loading=\"lazy\" decoding=\"async\" width=\"2560\" height=\"1709\" src=\"https:\/\/ds-barranquilla.org\/wp-content\/uploads\/2025\/05\/1-scaled.jpg\" class=\"attachment-full size-full\" alt=\"\" srcset=\"https:\/\/ds-barranquilla.org\/wp-content\/uploads\/2025\/05\/1-scaled.jpg 2560w, https:\/\/ds-barranquilla.org\/wp-content\/uploads\/2025\/05\/1-300x200.jpg 300w, https:\/\/ds-barranquilla.org\/wp-content\/uploads\/2025\/05\/1-1024x684.jpg 1024w, https:\/\/ds-barranquilla.org\/wp-content\/uploads\/2025\/05\/1-768x513.jpg 768w, https:\/\/ds-barranquilla.org\/wp-content\/uploads\/2025\/05\/1-391x260.jpg 391w, https:\/\/ds-barranquilla.org\/wp-content\/uploads\/2025\/05\/1-1536x1025.jpg 1536w, https:\/\/ds-barranquilla.org\/wp-content\/uploads\/2025\/05\/1-2048x1367.jpg 2048w, https:\/\/ds-barranquilla.org\/wp-content\/uploads\/2025\/05\/1-18x12.jpg 18w, https:\/\/ds-barranquilla.org\/wp-content\/uploads\/2025\/05\/1-112x75.jpg 112w, https:\/\/ds-barranquilla.org\/wp-content\/uploads\/2025\/05\/1-480x320.jpg 480w\" sizes=\"(max-width:767px) 480px, (max-width:2560px) 100vw, 2560px\" \/>\t\t<\/a>\n\t\t\t<\/div>\n<\/div>\n\t\t<\/div>\n\t\t<div class=\"qodef-e-content\">\n\t\t\t\t\t\t<div class=\"qodef-e-text\">\n\t\t\t\t<p itemprop=\"name\" class=\"qodef-e-title entry-title\">\n\t<a itemprop=\"url\" class=\"qodef-e-title-link\" href=\"https:\/\/ds-barranquilla.org\/de\/ivan-donofrio-43-anos-de-ensenanza-y-legado-en-el-colegio-aleman-de-barranquilla\/\">\n\t\tIv\u00e1n D&#8217;Onofrio: 43 a\u00f1os de ense\u00f1anza y legado en el Colegio Alem\u00e1n de Barranquilla\t<\/a>\n<\/p>\n\t\t\t<\/div>\n\t\t\t\t\t<\/div>\n\t<\/div>\n<\/article>\n\t<\/div>\n\t<\/div>\n\t\t<\/div>\n\t\t\t\t<\/div>\n\t\t\t\t\t<\/div>\n\t\t<\/div>\n\t\t\t\t<div class=\"elementor-column elementor-col-50 elementor-top-column elementor-element elementor-element-dbc2a47\" data-id=\"dbc2a47\" data-element_type=\"column\">\n\t\t\t<div class=\"elementor-widget-wrap elementor-element-populated\">\n\t\t\t\t\t\t<div class=\"elementor-element elementor-element-d6a9b6e elementor-invisible elementor-widget elementor-widget-text-editor\" data-id=\"d6a9b6e\" data-element_type=\"widget\" data-settings=\"{&quot;_animation&quot;:&quot;fadeInLeft&quot;}\" data-widget_type=\"text-editor.default\">\n\t\t\t\t<div class=\"elementor-widget-container\">\n\t\t\t\t\t\t\t<p><strong><span style=\"color: #cc3524;\">Prop\u00f3sito Institucional\u00a0<\/span><\/strong><\/p>\t\t\t\t\t\t<\/div>\n\t\t\t\t<\/div>\n\t\t\t\t<div class=\"elementor-element elementor-element-272f924 elementor-invisible elementor-widget elementor-widget-text-editor\" data-id=\"272f924\" data-element_type=\"widget\" data-settings=\"{&quot;_animation&quot;:&quot;zoomInDown&quot;}\" data-widget_type=\"text-editor.default\">\n\t\t\t\t<div class=\"elementor-widget-container\">\n\t\t\t\t\t\t\t<p><strong><span style=\"color: #cc3524;\">Deutsch<\/span><\/strong><\/p><p>Wir sind eine Bildungsgemeinschaft, die die Gesellschaft \u00a0durch selbstst\u00e4ndigen Menschen bereichert, die \u00fcber kritisches Denken und Empathie verf\u00fcgen und in einem bikulturellen sowie mehrsprachigen Umfeld aufgewachsen sind.<\/p><p><span style=\"color: #cc3524;\"><strong>English<\/strong><\/span><\/p><p>We are an educational community that enriches society with independent, reflective individuals and with the empathy inherent in those who have grown up in a bicultural and multilingual environment.<\/p><p><span style=\"color: #cc3524;\"><strong>Espa\u00f1ol<\/strong><\/span><\/p><p>Wir sind eine Bildungsgemeinschaft, die die Gesellschaft mit durch selbstst\u00e4ndigen Menschen bereichert, die \u00fcber kritisches Denken und Empathie verf\u00fcgen und in einem bikulturellen sowie mehrsprachigen Umfeld aufgewachsen sind.<\/p>\t\t\t\t\t\t<\/div>\n\t\t\t\t<\/div>\n\t\t\t\t<div class=\"elementor-element elementor-element-1668532 elementor-widget elementor-widget-image\" data-id=\"1668532\" data-element_type=\"widget\" data-widget_type=\"image.default\">\n\t\t\t\t<div class=\"elementor-widget-container\">\n\t\t\t<style>\/*! elementor - v3.23.0 - 05-08-2024 *\/\n.elementor-widget-image{text-align:center}.elementor-widget-image a{display:inline-block}.elementor-widget-image a img[src$=\".svg\"]{width:48px}.elementor-widget-image img{vertical-align:middle;display:inline-block}<\/style>\t\t\t\t\t\t\t\t\t\t<img loading=\"lazy\" decoding=\"async\" width=\"1024\" height=\"132\" src=\"https:\/\/ds-barranquilla.org\/wp-content\/uploads\/2024\/08\/Banner-formamos-seres-humanos-1-1-1024x132.png\" class=\"attachment-large size-large wp-image-27556\" alt=\"\" srcset=\"https:\/\/ds-barranquilla.org\/wp-content\/uploads\/2024\/08\/Banner-formamos-seres-humanos-1-1-1024x132.png 1024w, https:\/\/ds-barranquilla.org\/wp-content\/uploads\/2024\/08\/Banner-formamos-seres-humanos-1-1-300x39.png 300w, https:\/\/ds-barranquilla.org\/wp-content\/uploads\/2024\/08\/Banner-formamos-seres-humanos-1-1-768x99.png 768w, https:\/\/ds-barranquilla.org\/wp-content\/uploads\/2024\/08\/Banner-formamos-seres-humanos-1-1-1536x198.png 1536w, https:\/\/ds-barranquilla.org\/wp-content\/uploads\/2024\/08\/Banner-formamos-seres-humanos-1-1-18x2.png 18w, https:\/\/ds-barranquilla.org\/wp-content\/uploads\/2024\/08\/Banner-formamos-seres-humanos-1-1-150x19.png 150w, https:\/\/ds-barranquilla.org\/wp-content\/uploads\/2024\/08\/Banner-formamos-seres-humanos-1-1-480x62.png 480w, https:\/\/ds-barranquilla.org\/wp-content\/uploads\/2024\/08\/Banner-formamos-seres-humanos-1-1.png 2037w\" sizes=\"(max-width:767px) 480px, (max-width:1024px) 100vw, 1024px\" \/>\t\t\t\t\t\t\t\t\t\t\t\t\t<\/div>\n\t\t\t\t<\/div>\n\t\t\t\t<div class=\"elementor-element elementor-element-3a6e428 elementor-invisible elementor-widget elementor-widget-text-editor\" data-id=\"3a6e428\" data-element_type=\"widget\" data-settings=\"{&quot;_animation&quot;:&quot;fadeInLeft&quot;}\" data-widget_type=\"text-editor.default\">\n\t\t\t\t<div class=\"elementor-widget-container\">\n\t\t\t\t\t\t\t<p><strong>Qualit\u00e4tspolitik<\/strong><\/p>\t\t\t\t\t\t<\/div>\n\t\t\t\t<\/div>\n\t\t\t\t<div class=\"elementor-element elementor-element-1a4fb29 elementor-invisible elementor-widget elementor-widget-text-editor\" data-id=\"1a4fb29\" data-element_type=\"widget\" data-settings=\"{&quot;_animation&quot;:&quot;zoomInDown&quot;}\" data-widget_type=\"text-editor.default\">\n\t\t\t\t<div class=\"elementor-widget-container\">\n\t\t\t\t\t\t\t<p>Die Arbeit und das Engagement unseres hochausgebildeten und kompetenten Kollegiums tragen ma\u00dfgeblich zur ganzheitlichen Bildung der Sch\u00fcler*innen der Deutschen Schule Barranquilla bei. Um einen hohen Qualit\u00e4tsstandard zu halten, richtet sich unsere Arbeit immer nach den Grunds\u00e4tzen unseres Qualit\u00e4tsmanagementsystems und Strategischen Plans, den deutschen Qualit\u00e4tsanforderungen, dem bildungsrechtlichen Rahmen sowie den internen und von unserer Schulgemeinschaft geforderten Anforderungen. Dadurch k\u00f6nnen wir die nationalen und internationalen Erwartungen an uns erf\u00fcllen und unser Qualit\u00e4tsversprechen halten. Als Schule streben wir daher st\u00e4ndig nach Verbesserung und achten dabei auf eine angemessene und vern\u00fcnftige Nutzung der verf\u00fcgbaren Ressourcen. Dabei stehen f\u00fcr uns auch ein hohes Umweltbewusstsein und die aktive F\u00f6rderung von Nachhaltigkeit mit im Vordergrund.<\/p>\t\t\t\t\t\t<\/div>\n\t\t\t\t<\/div>\n\t\t\t\t<div class=\"elementor-element elementor-element-5e1b242 elementor-invisible elementor-widget elementor-widget-text-editor\" data-id=\"5e1b242\" data-element_type=\"widget\" data-settings=\"{&quot;_animation&quot;:&quot;fadeInLeft&quot;}\" data-widget_type=\"text-editor.default\">\n\t\t\t\t<div class=\"elementor-widget-container\">\n\t\t\t\t\t\t\t<p><strong>Schulische Werte<\/strong><\/p>\t\t\t\t\t\t<\/div>\n\t\t\t\t<\/div>\n\t\t\t\t<div class=\"elementor-element elementor-element-94f2805 elementor-widget elementor-widget-text-editor\" data-id=\"94f2805\" data-element_type=\"widget\" data-widget_type=\"text-editor.default\">\n\t\t\t\t<div class=\"elementor-widget-container\">\n\t\t\t\t\t\t\t<p>Unsere Schule ist Teil des weltweiten Netzwerks an internationalen IB-Schulen. Deshalb zeichen wir uns an der Deutschen Schule Barranquilla folgenderma\u00dfen aus:<\/p>\t\t\t\t\t\t<\/div>\n\t\t\t\t<\/div>\n\t\t\t\t<div class=\"elementor-element elementor-element-cb5d9e2 elementor-widget elementor-widget-shortcode\" data-id=\"cb5d9e2\" data-element_type=\"widget\" data-widget_type=\"shortcode.default\">\n\t\t\t\t<div class=\"elementor-widget-container\">\n\t\t\t\t\t<div class=\"elementor-shortcode\">\n\t\t\t<!-- START corporativos REVOLUTION SLIDER 6.5.14 --><p class=\"rs-p-wp-fix\"><\/p>\n\t\t\t<rs-module-wrap id=\"rev_slider_58_1_wrapper\" data-source=\"gallery\" style=\"visibility:hidden;background:transparent;padding:0;margin:0px auto;margin-top:0;margin-bottom:0;\">\n\t\t\t\t<rs-module id=\"rev_slider_58_1\" style=\"\" data-version=\"6.5.14\">\n\t\t\t\t\t<rs-slides>\n\t\t\t\t\t\t<rs-slide style=\"position: absolute;\" data-key=\"rs-90\" data-title=\"Slide\" data-anim=\"ms:600;\" data-in=\"o:0;\" data-out=\"a:false;\">\n\t\t\t\t\t\t\t<img decoding=\"async\" src=\"\/\/ds-barranquilla.org\/wp-content\/plugins\/revslider\/public\/assets\/assets\/dummy.png\" alt=\"Slide\" title=\"Iv\u00e1n D&#8217;Onofrio: 43 a\u00f1os de ense\u00f1anza y legado en el Colegio Alem\u00e1n de Barranquilla\" class=\"rev-slidebg tp-rs-img rs-lazyload\" data-lazyload=\"\/\/ds-barranquilla.org\/wp-content\/plugins\/revslider\/public\/assets\/assets\/transparent.png\" data-bg=\"c:#ffffff;\" data-no-retina>\n<!--\n\t\t\t\t\t\t\t--><rs-layer\n\t\t\t\t\t\t\t\tid=\"slider-58-slide-90-layer-1\" \n\t\t\t\t\t\t\t\tdata-type=\"image\"\n\t\t\t\t\t\t\t\tdata-rsp_ch=\"on\"\n\t\t\t\t\t\t\t\tdata-xy=\"x:226px;y:26px;\"\n\t\t\t\t\t\t\t\tdata-text=\"l:22;a:inherit;\"\n\t\t\t\t\t\t\t\tdata-dim=\"w:348px;h:348px;\"\n\t\t\t\t\t\t\t\tdata-frame_0=\"tp:600;\"\n\t\t\t\t\t\t\t\tdata-frame_1=\"tp:600;st:0;\"\n\t\t\t\t\t\t\t\tdata-frame_999=\"o:0;tp:600;st:w;sR:8700;\"\n\t\t\t\t\t\t\t\tstyle=\"z-index:5;\"\n\t\t\t\t\t\t\t><img loading=\"lazy\" decoding=\"async\" src=\"\/\/ds-barranquilla.org\/wp-content\/plugins\/revslider\/public\/assets\/assets\/dummy.png\" alt=\"\" class=\"tp-rs-img rs-lazyload\" width=\"1379\" height=\"1379\" data-lazyload=\"\/\/ds-barranquilla.org\/wp-content\/uploads\/2020\/07\/Mesa-de-trabajo-13.png\" data-no-retina> \n\t\t\t\t\t\t\t<\/rs-layer><!--\n\n\t\t\t\t\t\t\t--><rs-layer\n\t\t\t\t\t\t\t\tid=\"slider-58-slide-90-layer-2\" \n\t\t\t\t\t\t\t\tdata-type=\"text\"\n\t\t\t\t\t\t\t\tdata-color=\"#000000\"\n\t\t\t\t\t\t\t\tdata-rsp_ch=\"on\"\n\t\t\t\t\t\t\t\tdata-xy=\"x:21px;y:408px;\"\n\t\t\t\t\t\t\t\tdata-text=\"s:14;l:20;a:inherit;\"\n\t\t\t\t\t\t\t\tdata-dim=\"w:757px;h:55px;\"\n\t\t\t\t\t\t\t\tdata-frame_0=\"tp:600;\"\n\t\t\t\t\t\t\t\tdata-frame_1=\"tp:600;st:0;\"\n\t\t\t\t\t\t\t\tdata-frame_999=\"o:0;tp:600;st:w;sR:8700;\"\n\t\t\t\t\t\t\t\tstyle=\"z-index:6;font-family:'Open Sans';\"\n\t\t\t\t\t\t\t>Wir bewahren unsere Neugier und entwickeln F\u00e4higkeiten zur Recherche und Forschung. Wir wissen, wie man<br> eigenst\u00e4ndig und gemeinsam mit anderen lernt. Wir begeistern uns f\u00fcr das Lernen und behalten diese<br> Wissbegierigkeit unser ganzes Leben lang bei. \n\t\t\t\t\t\t\t<\/rs-layer><!--\n-->\t\t\t\t\t\t<\/rs-slide>\n\t\t\t\t\t\t<rs-slide style=\"position: absolute;\" data-key=\"rs-91\" data-title=\"Slide\" data-anim=\"ms:600;\" data-in=\"o:0;\" data-out=\"a:false;\">\n\t\t\t\t\t\t\t<img decoding=\"async\" src=\"\/\/ds-barranquilla.org\/wp-content\/plugins\/revslider\/public\/assets\/assets\/dummy.png\" alt=\"Slide\" title=\"Iv\u00e1n D&#8217;Onofrio: 43 a\u00f1os de ense\u00f1anza y legado en el Colegio Alem\u00e1n de Barranquilla\" class=\"rev-slidebg tp-rs-img rs-lazyload\" data-lazyload=\"\/\/ds-barranquilla.org\/wp-content\/plugins\/revslider\/public\/assets\/assets\/transparent.png\" data-bg=\"c:#ffffff;\" data-no-retina>\n<!--\n\t\t\t\t\t\t\t--><rs-layer\n\t\t\t\t\t\t\t\tid=\"slider-58-slide-91-layer-1\" \n\t\t\t\t\t\t\t\tdata-type=\"image\"\n\t\t\t\t\t\t\t\tdata-rsp_ch=\"on\"\n\t\t\t\t\t\t\t\tdata-xy=\"x:226px;y:26px;\"\n\t\t\t\t\t\t\t\tdata-text=\"l:22;a:inherit;\"\n\t\t\t\t\t\t\t\tdata-dim=\"w:348px;h:348px;\"\n\t\t\t\t\t\t\t\tdata-frame_0=\"tp:600;\"\n\t\t\t\t\t\t\t\tdata-frame_1=\"tp:600;st:0;\"\n\t\t\t\t\t\t\t\tdata-frame_999=\"o:0;tp:600;st:w;sR:8700;\"\n\t\t\t\t\t\t\t\tstyle=\"z-index:5;\"\n\t\t\t\t\t\t\t><img loading=\"lazy\" decoding=\"async\" src=\"\/\/ds-barranquilla.org\/wp-content\/plugins\/revslider\/public\/assets\/assets\/dummy.png\" alt=\"\" class=\"tp-rs-img rs-lazyload\" width=\"1379\" height=\"1378\" data-lazyload=\"\/\/ds-barranquilla.org\/wp-content\/uploads\/2020\/07\/Mesa-de-trabajo-2.png\" data-no-retina> \n\t\t\t\t\t\t\t<\/rs-layer><!--\n\n\t\t\t\t\t\t\t--><rs-layer\n\t\t\t\t\t\t\t\tid=\"slider-58-slide-91-layer-2\" \n\t\t\t\t\t\t\t\tdata-type=\"text\"\n\t\t\t\t\t\t\t\tdata-color=\"#000000\"\n\t\t\t\t\t\t\t\tdata-rsp_ch=\"on\"\n\t\t\t\t\t\t\t\tdata-xy=\"x:28px;y:410px;\"\n\t\t\t\t\t\t\t\tdata-text=\"s:14;l:20;a:inherit;\"\n\t\t\t\t\t\t\t\tdata-dim=\"w:757px;h:55px;\"\n\t\t\t\t\t\t\t\tdata-frame_0=\"tp:600;\"\n\t\t\t\t\t\t\t\tdata-frame_1=\"tp:600;st:0;\"\n\t\t\t\t\t\t\t\tdata-frame_999=\"o:0;tp:600;st:w;sR:8700;\"\n\t\t\t\t\t\t\t\tstyle=\"z-index:6;font-family:'Open Sans';\"\n\t\t\t\t\t\t\t>Wir entwickeln und nutzen unser konzeptionelles Verst\u00e4ndnis um eine Vielzahl von Disziplinen thematisch zu<br> durchdringen und Wissen zu erschlie\u00dfen. Wir setzen uns dabei mit Themen, Ideen und Fragen von lokaler und  globaler Bedeutung auseinander. \n\t\t\t\t\t\t\t<\/rs-layer><!--\n-->\t\t\t\t\t\t<\/rs-slide>\n\t\t\t\t\t\t<rs-slide style=\"position: absolute;\" data-key=\"rs-92\" data-title=\"Slide\" data-anim=\"ms:600;\" data-in=\"o:0;\" data-out=\"a:false;\">\n\t\t\t\t\t\t\t<img decoding=\"async\" src=\"\/\/ds-barranquilla.org\/wp-content\/plugins\/revslider\/public\/assets\/assets\/dummy.png\" alt=\"Slide\" title=\"Iv\u00e1n D&#8217;Onofrio: 43 a\u00f1os de ense\u00f1anza y legado en el Colegio Alem\u00e1n de Barranquilla\" class=\"rev-slidebg tp-rs-img rs-lazyload\" data-lazyload=\"\/\/ds-barranquilla.org\/wp-content\/plugins\/revslider\/public\/assets\/assets\/transparent.png\" data-bg=\"c:#ffffff;\" data-no-retina>\n<!--\n\t\t\t\t\t\t\t--><rs-layer\n\t\t\t\t\t\t\t\tid=\"slider-58-slide-92-layer-1\" \n\t\t\t\t\t\t\t\tdata-type=\"image\"\n\t\t\t\t\t\t\t\tdata-rsp_ch=\"on\"\n\t\t\t\t\t\t\t\tdata-xy=\"x:226px;y:26px;\"\n\t\t\t\t\t\t\t\tdata-text=\"l:22;a:inherit;\"\n\t\t\t\t\t\t\t\tdata-dim=\"w:348px;h:348px;\"\n\t\t\t\t\t\t\t\tdata-frame_0=\"tp:600;\"\n\t\t\t\t\t\t\t\tdata-frame_1=\"tp:600;st:0;\"\n\t\t\t\t\t\t\t\tdata-frame_999=\"o:0;tp:600;st:w;sR:8700;\"\n\t\t\t\t\t\t\t\tstyle=\"z-index:5;\"\n\t\t\t\t\t\t\t><img loading=\"lazy\" decoding=\"async\" src=\"\/\/ds-barranquilla.org\/wp-content\/plugins\/revslider\/public\/assets\/assets\/dummy.png\" alt=\"\" class=\"tp-rs-img rs-lazyload\" width=\"1378\" height=\"1378\" data-lazyload=\"\/\/ds-barranquilla.org\/wp-content\/uploads\/2020\/07\/Mesa-de-trabajo-1.png\" data-no-retina> \n\t\t\t\t\t\t\t<\/rs-layer><!--\n\n\t\t\t\t\t\t\t--><rs-layer\n\t\t\t\t\t\t\t\tid=\"slider-58-slide-92-layer-2\" \n\t\t\t\t\t\t\t\tdata-type=\"text\"\n\t\t\t\t\t\t\t\tdata-color=\"#000000\"\n\t\t\t\t\t\t\t\tdata-rsp_ch=\"on\"\n\t\t\t\t\t\t\t\tdata-xy=\"x:28px;y:410px;\"\n\t\t\t\t\t\t\t\tdata-text=\"s:14;l:20;a:inherit;\"\n\t\t\t\t\t\t\t\tdata-dim=\"w:757px;h:55px;\"\n\t\t\t\t\t\t\t\tdata-frame_0=\"tp:600;\"\n\t\t\t\t\t\t\t\tdata-frame_1=\"tp:600;st:0;\"\n\t\t\t\t\t\t\t\tdata-frame_999=\"o:0;tp:600;st:w;sR:8700;\"\n\t\t\t\t\t\t\t\tstyle=\"z-index:6;font-family:'Open Sans';\"\n\t\t\t\t\t\t\t>Wir nutzen kritisches und kreatives Denkverm\u00f6gen, um vorher zu analysieren und verantwortungsbewusst zu handeln<br> und verantwortungsvolle Handlungsoptionen daraus abzuleiten. Wir handeln aus eigener Initiative und treffen dabei  begr\u00fcndete und ethisch vertretbare Entscheidungen. \n\t\t\t\t\t\t\t<\/rs-layer><!--\n-->\t\t\t\t\t\t<\/rs-slide>\n\t\t\t\t\t\t<rs-slide style=\"position: absolute;\" data-key=\"rs-93\" data-title=\"Slide\" data-anim=\"ms:600;\" data-in=\"o:0;\" data-out=\"a:false;\">\n\t\t\t\t\t\t\t<img decoding=\"async\" src=\"\/\/ds-barranquilla.org\/wp-content\/plugins\/revslider\/public\/assets\/assets\/dummy.png\" alt=\"Slide\" title=\"Iv\u00e1n D&#8217;Onofrio: 43 a\u00f1os de ense\u00f1anza y legado en el Colegio Alem\u00e1n de Barranquilla\" class=\"rev-slidebg tp-rs-img rs-lazyload\" data-lazyload=\"\/\/ds-barranquilla.org\/wp-content\/plugins\/revslider\/public\/assets\/assets\/transparent.png\" data-bg=\"c:#ffffff;\" data-no-retina>\n<!--\n\t\t\t\t\t\t\t--><rs-layer\n\t\t\t\t\t\t\t\tid=\"slider-58-slide-93-layer-1\" \n\t\t\t\t\t\t\t\tdata-type=\"image\"\n\t\t\t\t\t\t\t\tdata-rsp_ch=\"on\"\n\t\t\t\t\t\t\t\tdata-xy=\"x:226px;y:26px;\"\n\t\t\t\t\t\t\t\tdata-text=\"l:22;a:inherit;\"\n\t\t\t\t\t\t\t\tdata-dim=\"w:348px;h:348px;\"\n\t\t\t\t\t\t\t\tdata-frame_0=\"tp:600;\"\n\t\t\t\t\t\t\t\tdata-frame_1=\"tp:600;st:0;\"\n\t\t\t\t\t\t\t\tdata-frame_999=\"o:0;tp:600;st:w;sR:8700;\"\n\t\t\t\t\t\t\t\tstyle=\"z-index:5;\"\n\t\t\t\t\t\t\t><img loading=\"lazy\" decoding=\"async\" src=\"\/\/ds-barranquilla.org\/wp-content\/plugins\/revslider\/public\/assets\/assets\/dummy.png\" alt=\"\" class=\"tp-rs-img rs-lazyload\" width=\"1379\" height=\"1379\" data-lazyload=\"\/\/ds-barranquilla.org\/wp-content\/uploads\/2020\/07\/Mesa-de-trabajo-10.png\" data-no-retina> \n\t\t\t\t\t\t\t<\/rs-layer><!--\n\n\t\t\t\t\t\t\t--><rs-layer\n\t\t\t\t\t\t\t\tid=\"slider-58-slide-93-layer-2\" \n\t\t\t\t\t\t\t\tdata-type=\"text\"\n\t\t\t\t\t\t\t\tdata-color=\"#000000\"\n\t\t\t\t\t\t\t\tdata-rsp_ch=\"on\"\n\t\t\t\t\t\t\t\tdata-xy=\"x:28px;y:410px;\"\n\t\t\t\t\t\t\t\tdata-text=\"s:14;l:20;a:inherit;\"\n\t\t\t\t\t\t\t\tdata-dim=\"w:757px;h:55px;\"\n\t\t\t\t\t\t\t\tdata-frame_0=\"tp:600;\"\n\t\t\t\t\t\t\t\tdata-frame_1=\"tp:600;st:0;\"\n\t\t\t\t\t\t\t\tdata-frame_999=\"o:0;tp:600;st:w;sR:8700;\"\n\t\t\t\t\t\t\t\tstyle=\"z-index:6;font-family:'Open Sans';\"\n\t\t\t\t\t\t\t>Wir dr\u00fccken uns selbstbewusst und kreativ in mehreren Sprachen aus. Wir arbeiten effektiv zusammen und<br> schenken den Perspektiven unserer Mitmenschen sowie anderer Gruppen unsere Aufmerksamkeit. \n\t\t\t\t\t\t\t<\/rs-layer><!--\n-->\t\t\t\t\t\t<\/rs-slide>\n\t\t\t\t\t\t<rs-slide style=\"position: absolute;\" data-key=\"rs-94\" data-title=\"Slide\" data-anim=\"ms:600;\" data-in=\"o:0;\" data-out=\"a:false;\">\n\t\t\t\t\t\t\t<img decoding=\"async\" src=\"\/\/ds-barranquilla.org\/wp-content\/plugins\/revslider\/public\/assets\/assets\/dummy.png\" alt=\"Slide\" title=\"Iv\u00e1n D&#8217;Onofrio: 43 a\u00f1os de ense\u00f1anza y legado en el Colegio Alem\u00e1n de Barranquilla\" class=\"rev-slidebg tp-rs-img rs-lazyload\" data-lazyload=\"\/\/ds-barranquilla.org\/wp-content\/plugins\/revslider\/public\/assets\/assets\/transparent.png\" data-bg=\"c:#ffffff;\" data-no-retina>\n<!--\n\t\t\t\t\t\t\t--><rs-layer\n\t\t\t\t\t\t\t\tid=\"slider-58-slide-94-layer-1\" \n\t\t\t\t\t\t\t\tdata-type=\"image\"\n\t\t\t\t\t\t\t\tdata-rsp_ch=\"on\"\n\t\t\t\t\t\t\t\tdata-xy=\"x:226px;y:26px;\"\n\t\t\t\t\t\t\t\tdata-text=\"l:22;a:inherit;\"\n\t\t\t\t\t\t\t\tdata-dim=\"w:348px;h:348px;\"\n\t\t\t\t\t\t\t\tdata-frame_0=\"tp:600;\"\n\t\t\t\t\t\t\t\tdata-frame_1=\"tp:600;st:0;\"\n\t\t\t\t\t\t\t\tdata-frame_999=\"o:0;tp:600;st:w;sR:8700;\"\n\t\t\t\t\t\t\t\tstyle=\"z-index:5;\"\n\t\t\t\t\t\t\t><img loading=\"lazy\" decoding=\"async\" src=\"\/\/ds-barranquilla.org\/wp-content\/plugins\/revslider\/public\/assets\/assets\/dummy.png\" alt=\"\" class=\"tp-rs-img rs-lazyload\" width=\"1379\" height=\"1379\" data-lazyload=\"\/\/ds-barranquilla.org\/wp-content\/uploads\/2020\/07\/Mesa-de-trabajo-11.png\" data-no-retina> \n\t\t\t\t\t\t\t<\/rs-layer><!--\n\n\t\t\t\t\t\t\t--><rs-layer\n\t\t\t\t\t\t\t\tid=\"slider-58-slide-94-layer-2\" \n\t\t\t\t\t\t\t\tdata-type=\"text\"\n\t\t\t\t\t\t\t\tdata-color=\"#000000\"\n\t\t\t\t\t\t\t\tdata-rsp_ch=\"on\"\n\t\t\t\t\t\t\t\tdata-xy=\"x:28px;y:410px;\"\n\t\t\t\t\t\t\t\tdata-text=\"s:14;l:20;a:inherit;\"\n\t\t\t\t\t\t\t\tdata-dim=\"w:757px;h:55px;\"\n\t\t\t\t\t\t\t\tdata-frame_0=\"tp:600;\"\n\t\t\t\t\t\t\t\tdata-frame_1=\"tp:600;st:0;\"\n\t\t\t\t\t\t\t\tdata-frame_999=\"o:0;tp:600;st:w;sR:8700;\"\n\t\t\t\t\t\t\t\tstyle=\"z-index:6;font-family:'Open Sans';\"\n\t\t\t\t\t\t\t>Integrit\u00e4t und Ehrlichkeit sowie ein tiefer Sinn f\u00fcr Fairness, Gerechtigkeit und Respekt gegen\u00fcber der W\u00fcrde und<br> Rechte aller Menschen bestimmen unser Handeln. Wir \u00fcbernehmen Verantwortung f\u00fcr unsere eigenen<br> Entscheidungen sowie f\u00fcr deren Folgen. \n\t\t\t\t\t\t\t<\/rs-layer><!--\n-->\t\t\t\t\t\t<\/rs-slide>\n\t\t\t\t\t\t<rs-slide style=\"position: absolute;\" data-key=\"rs-95\" data-title=\"Slide\" data-anim=\"ms:600;\" data-in=\"o:0;\" data-out=\"a:false;\">\n\t\t\t\t\t\t\t<img decoding=\"async\" src=\"\/\/ds-barranquilla.org\/wp-content\/plugins\/revslider\/public\/assets\/assets\/dummy.png\" alt=\"Slide\" title=\"Iv\u00e1n D&#8217;Onofrio: 43 a\u00f1os de ense\u00f1anza y legado en el Colegio Alem\u00e1n de Barranquilla\" class=\"rev-slidebg tp-rs-img rs-lazyload\" data-lazyload=\"\/\/ds-barranquilla.org\/wp-content\/plugins\/revslider\/public\/assets\/assets\/transparent.png\" data-bg=\"c:#ffffff;\" data-no-retina>\n<!--\n\t\t\t\t\t\t\t--><rs-layer\n\t\t\t\t\t\t\t\tid=\"slider-58-slide-95-layer-1\" \n\t\t\t\t\t\t\t\tdata-type=\"image\"\n\t\t\t\t\t\t\t\tdata-rsp_ch=\"on\"\n\t\t\t\t\t\t\t\tdata-xy=\"x:226px;y:26px;\"\n\t\t\t\t\t\t\t\tdata-text=\"l:22;a:inherit;\"\n\t\t\t\t\t\t\t\tdata-dim=\"w:348px;h:348px;\"\n\t\t\t\t\t\t\t\tdata-frame_0=\"tp:600;\"\n\t\t\t\t\t\t\t\tdata-frame_1=\"tp:600;st:0;\"\n\t\t\t\t\t\t\t\tdata-frame_999=\"o:0;tp:600;st:w;sR:8700;\"\n\t\t\t\t\t\t\t\tstyle=\"z-index:5;\"\n\t\t\t\t\t\t\t><img loading=\"lazy\" decoding=\"async\" src=\"\/\/ds-barranquilla.org\/wp-content\/plugins\/revslider\/public\/assets\/assets\/dummy.png\" alt=\"\" class=\"tp-rs-img rs-lazyload\" width=\"1379\" height=\"1378\" data-lazyload=\"\/\/ds-barranquilla.org\/wp-content\/uploads\/2020\/07\/Mesa-de-trabajo-4.png\" data-no-retina> \n\t\t\t\t\t\t\t<\/rs-layer><!--\n\n\t\t\t\t\t\t\t--><rs-layer\n\t\t\t\t\t\t\t\tid=\"slider-58-slide-95-layer-2\" \n\t\t\t\t\t\t\t\tdata-type=\"text\"\n\t\t\t\t\t\t\t\tdata-color=\"#000000\"\n\t\t\t\t\t\t\t\tdata-rsp_ch=\"on\"\n\t\t\t\t\t\t\t\tdata-xy=\"x:28px;y:410px;\"\n\t\t\t\t\t\t\t\tdata-text=\"s:14;l:20;a:inherit;\"\n\t\t\t\t\t\t\t\tdata-dim=\"w:757px;h:55px;\"\n\t\t\t\t\t\t\t\tdata-frame_0=\"tp:600;\"\n\t\t\t\t\t\t\t\tdata-frame_1=\"tp:600;st:0;\"\n\t\t\t\t\t\t\t\tdata-frame_999=\"o:0;tp:600;st:w;sR:8700;\"\n\t\t\t\t\t\t\t\tstyle=\"z-index:6;font-family:'Open Sans';\"\n\t\t\t\t\t\t\t>Wir pflegen eine kritische Wertsch\u00e4tzung f\u00fcr unsere eigenen Kulturen und pers\u00f6nlichen Geschichten sowie der uns<br> fremden Werte und Traditionen. Wir suchen aktiv nach unterschiedlichen Standpunkten und ber\u00fccksichtigen diese<br> in unserem eigenen Weltbild. Erfahrungen sind f\u00fcr uns M\u00f6glichkeiten des Lernens. \n\t\t\t\t\t\t\t<\/rs-layer><!--\n-->\t\t\t\t\t\t<\/rs-slide>\n\t\t\t\t\t\t<rs-slide style=\"position: absolute;\" data-key=\"rs-96\" data-title=\"Slide\" data-anim=\"ms:600;\" data-in=\"o:0;\" data-out=\"a:false;\">\n\t\t\t\t\t\t\t<img decoding=\"async\" src=\"\/\/ds-barranquilla.org\/wp-content\/plugins\/revslider\/public\/assets\/assets\/dummy.png\" alt=\"Slide\" title=\"Iv\u00e1n D&#8217;Onofrio: 43 a\u00f1os de ense\u00f1anza y legado en el Colegio Alem\u00e1n de Barranquilla\" class=\"rev-slidebg tp-rs-img rs-lazyload\" data-lazyload=\"\/\/ds-barranquilla.org\/wp-content\/plugins\/revslider\/public\/assets\/assets\/transparent.png\" data-bg=\"c:#ffffff;\" data-no-retina>\n<!--\n\t\t\t\t\t\t\t--><rs-layer\n\t\t\t\t\t\t\t\tid=\"slider-58-slide-96-layer-1\" \n\t\t\t\t\t\t\t\tdata-type=\"image\"\n\t\t\t\t\t\t\t\tdata-rsp_ch=\"on\"\n\t\t\t\t\t\t\t\tdata-xy=\"x:226px;y:26px;\"\n\t\t\t\t\t\t\t\tdata-text=\"l:22;a:inherit;\"\n\t\t\t\t\t\t\t\tdata-dim=\"w:348px;h:348px;\"\n\t\t\t\t\t\t\t\tdata-frame_0=\"tp:600;\"\n\t\t\t\t\t\t\t\tdata-frame_1=\"tp:600;st:0;\"\n\t\t\t\t\t\t\t\tdata-frame_999=\"o:0;tp:600;st:w;sR:8700;\"\n\t\t\t\t\t\t\t\tstyle=\"z-index:5;\"\n\t\t\t\t\t\t\t><img loading=\"lazy\" decoding=\"async\" src=\"\/\/ds-barranquilla.org\/wp-content\/plugins\/revslider\/public\/assets\/assets\/dummy.png\" alt=\"\" class=\"tp-rs-img rs-lazyload\" width=\"1379\" height=\"1379\" data-lazyload=\"\/\/ds-barranquilla.org\/wp-content\/uploads\/2020\/07\/Mesa-de-trabajo-12.png\" data-no-retina> \n\t\t\t\t\t\t\t<\/rs-layer><!--\n\n\t\t\t\t\t\t\t--><rs-layer\n\t\t\t\t\t\t\t\tid=\"slider-58-slide-96-layer-2\" \n\t\t\t\t\t\t\t\tdata-type=\"text\"\n\t\t\t\t\t\t\t\tdata-color=\"#000000\"\n\t\t\t\t\t\t\t\tdata-rsp_ch=\"on\"\n\t\t\t\t\t\t\t\tdata-xy=\"x:25px;y:410px;\"\n\t\t\t\t\t\t\t\tdata-text=\"s:14;l:20;a:inherit;\"\n\t\t\t\t\t\t\t\tdata-dim=\"w:757px;h:55px;\"\n\t\t\t\t\t\t\t\tdata-frame_0=\"tp:600;\"\n\t\t\t\t\t\t\t\tdata-frame_1=\"tp:600;st:0;\"\n\t\t\t\t\t\t\t\tdata-frame_999=\"o:0;tp:600;st:w;sR:8700;\"\n\t\t\t\t\t\t\t\tstyle=\"z-index:6;font-family:'Open Sans';\"\n\t\t\t\t\t\t\t>Wir zeigen Einf\u00fchlungsverm\u00f6gen, Sensibilit\u00e4t und Respekt. Wir verpflichten uns zur Hilfe anderer mit dem Ziel, das<br> Leben der Menschen und der Welt um uns herum positiv zu beeinflussen. \n\t\t\t\t\t\t\t<\/rs-layer><!--\n-->\t\t\t\t\t\t<\/rs-slide>\n\t\t\t\t\t\t<rs-slide style=\"position: absolute;\" data-key=\"rs-97\" data-title=\"Slide\" data-anim=\"ms:600;\" data-in=\"o:0;\" data-out=\"a:false;\">\n\t\t\t\t\t\t\t<img decoding=\"async\" src=\"\/\/ds-barranquilla.org\/wp-content\/plugins\/revslider\/public\/assets\/assets\/dummy.png\" alt=\"Slide\" title=\"Iv\u00e1n D&#8217;Onofrio: 43 a\u00f1os de ense\u00f1anza y legado en el Colegio Alem\u00e1n de Barranquilla\" class=\"rev-slidebg tp-rs-img rs-lazyload\" data-lazyload=\"\/\/ds-barranquilla.org\/wp-content\/plugins\/revslider\/public\/assets\/assets\/transparent.png\" data-bg=\"c:#ffffff;\" data-no-retina>\n<!--\n\t\t\t\t\t\t\t--><rs-layer\n\t\t\t\t\t\t\t\tid=\"slider-58-slide-97-layer-1\" \n\t\t\t\t\t\t\t\tdata-type=\"image\"\n\t\t\t\t\t\t\t\tdata-rsp_ch=\"on\"\n\t\t\t\t\t\t\t\tdata-xy=\"x:226px;y:26px;\"\n\t\t\t\t\t\t\t\tdata-text=\"l:22;a:inherit;\"\n\t\t\t\t\t\t\t\tdata-dim=\"w:348px;h:348px;\"\n\t\t\t\t\t\t\t\tdata-frame_0=\"tp:600;\"\n\t\t\t\t\t\t\t\tdata-frame_1=\"tp:600;st:0;\"\n\t\t\t\t\t\t\t\tdata-frame_999=\"o:0;tp:600;st:w;sR:8700;\"\n\t\t\t\t\t\t\t\tstyle=\"z-index:5;\"\n\t\t\t\t\t\t\t><img loading=\"lazy\" decoding=\"async\" src=\"\/\/ds-barranquilla.org\/wp-content\/plugins\/revslider\/public\/assets\/assets\/dummy.png\" alt=\"\" class=\"tp-rs-img rs-lazyload\" width=\"1379\" height=\"1378\" data-lazyload=\"\/\/ds-barranquilla.org\/wp-content\/uploads\/2020\/07\/Mesa-de-trabajo-5.png\" data-no-retina> \n\t\t\t\t\t\t\t<\/rs-layer><!--\n\n\t\t\t\t\t\t\t--><rs-layer\n\t\t\t\t\t\t\t\tid=\"slider-58-slide-97-layer-2\" \n\t\t\t\t\t\t\t\tdata-type=\"text\"\n\t\t\t\t\t\t\t\tdata-color=\"#000000\"\n\t\t\t\t\t\t\t\tdata-rsp_ch=\"on\"\n\t\t\t\t\t\t\t\tdata-xy=\"x:25px;y:410px;\"\n\t\t\t\t\t\t\t\tdata-text=\"s:14;l:20;a:inherit;\"\n\t\t\t\t\t\t\t\tdata-dim=\"w:757px;h:55px;\"\n\t\t\t\t\t\t\t\tdata-frame_0=\"tp:600;\"\n\t\t\t\t\t\t\t\tdata-frame_1=\"tp:600;st:0;\"\n\t\t\t\t\t\t\t\tdata-frame_999=\"o:0;tp:600;st:w;sR:8700;\"\n\t\t\t\t\t\t\t\tstyle=\"z-index:6;font-family:'Open Sans';\"\n\t\t\t\t\t\t\t>Wir begegnen Unsicherheiten mit Weitsicht und Entschlossenheit. Wir arbeiten selbstst\u00e4ndig und gemeinsam an<br> der Entwicklung neuer Ideen und innovativer Strategien. Wir zeigen Einfallsreichtum und Widerstandsf\u00e4higkeit,<br> wenn es um Ver\u00e4nderungen und Herausforderungen geht. \n\t\t\t\t\t\t\t<\/rs-layer><!--\n-->\t\t\t\t\t\t<\/rs-slide>\n\t\t\t\t\t\t<rs-slide style=\"position: absolute;\" data-key=\"rs-98\" data-title=\"Slide\" data-anim=\"ms:600;\" data-in=\"o:0;\" data-out=\"a:false;\">\n\t\t\t\t\t\t\t<img decoding=\"async\" src=\"\/\/ds-barranquilla.org\/wp-content\/plugins\/revslider\/public\/assets\/assets\/dummy.png\" alt=\"Slide\" title=\"Iv\u00e1n D&#8217;Onofrio: 43 a\u00f1os de ense\u00f1anza y legado en el Colegio Alem\u00e1n de Barranquilla\" class=\"rev-slidebg tp-rs-img rs-lazyload\" data-lazyload=\"\/\/ds-barranquilla.org\/wp-content\/plugins\/revslider\/public\/assets\/assets\/transparent.png\" data-bg=\"c:#ffffff;\" data-no-retina>\n<!--\n\t\t\t\t\t\t\t--><rs-layer\n\t\t\t\t\t\t\t\tid=\"slider-58-slide-98-layer-1\" \n\t\t\t\t\t\t\t\tdata-type=\"image\"\n\t\t\t\t\t\t\t\tdata-rsp_ch=\"on\"\n\t\t\t\t\t\t\t\tdata-xy=\"x:226px;y:26px;\"\n\t\t\t\t\t\t\t\tdata-text=\"l:22;a:inherit;\"\n\t\t\t\t\t\t\t\tdata-dim=\"w:348px;h:348px;\"\n\t\t\t\t\t\t\t\tdata-frame_0=\"tp:600;\"\n\t\t\t\t\t\t\t\tdata-frame_1=\"tp:600;st:0;\"\n\t\t\t\t\t\t\t\tdata-frame_999=\"o:0;tp:600;st:w;sR:8700;\"\n\t\t\t\t\t\t\t\tstyle=\"z-index:5;\"\n\t\t\t\t\t\t\t><img loading=\"lazy\" decoding=\"async\" src=\"\/\/ds-barranquilla.org\/wp-content\/plugins\/revslider\/public\/assets\/assets\/dummy.png\" alt=\"\" class=\"tp-rs-img rs-lazyload\" width=\"1379\" height=\"1378\" data-lazyload=\"\/\/ds-barranquilla.org\/wp-content\/uploads\/2020\/07\/Mesa-de-trabajo-3.png\" data-no-retina> \n\t\t\t\t\t\t\t<\/rs-layer><!--\n\n\t\t\t\t\t\t\t--><rs-layer\n\t\t\t\t\t\t\t\tid=\"slider-58-slide-98-layer-2\" \n\t\t\t\t\t\t\t\tdata-type=\"text\"\n\t\t\t\t\t\t\t\tdata-color=\"#000000\"\n\t\t\t\t\t\t\t\tdata-rsp_ch=\"on\"\n\t\t\t\t\t\t\t\tdata-xy=\"x:16px;y:410px;\"\n\t\t\t\t\t\t\t\tdata-text=\"s:14;l:20;a:inherit;\"\n\t\t\t\t\t\t\t\tdata-dim=\"w:757px;h:55px;\"\n\t\t\t\t\t\t\t\tdata-frame_0=\"tp:600;\"\n\t\t\t\t\t\t\t\tdata-frame_1=\"tp:600;st:0;\"\n\t\t\t\t\t\t\t\tdata-frame_999=\"o:0;tp:600;st:w;sR:8700;\"\n\t\t\t\t\t\t\t\tstyle=\"z-index:6;font-family:'Open Sans';\"\n\t\t\t\t\t\t\t>Wir verstehen die Bedeutung der k\u00f6rperlichen, mentalen und emotionalen Ausgewogenheit f\u00fcr unser eigenes<br> Wohlbefinden sowie das unserer Mitmenschen. Wir erkennen die Wechselwirkung, die wir als Menschen  unterneinander und auf unsere gemeinsame Welt haben. \n\t\t\t\t\t\t\t<\/rs-layer><!--\n-->\t\t\t\t\t\t<\/rs-slide>\n\t\t\t\t\t\t<rs-slide style=\"position: absolute;\" data-key=\"rs-99\" data-title=\"Slide\" data-anim=\"ms:600;\" data-in=\"o:0;\" data-out=\"a:false;\">\n\t\t\t\t\t\t\t<img decoding=\"async\" src=\"\/\/ds-barranquilla.org\/wp-content\/plugins\/revslider\/public\/assets\/assets\/dummy.png\" alt=\"Slide\" title=\"Iv\u00e1n D&#8217;Onofrio: 43 a\u00f1os de ense\u00f1anza y legado en el Colegio Alem\u00e1n de Barranquilla\" class=\"rev-slidebg tp-rs-img rs-lazyload\" data-lazyload=\"\/\/ds-barranquilla.org\/wp-content\/plugins\/revslider\/public\/assets\/assets\/transparent.png\" data-bg=\"c:#ffffff;\" data-no-retina>\n<!--\n\t\t\t\t\t\t\t--><rs-layer\n\t\t\t\t\t\t\t\tid=\"slider-58-slide-99-layer-1\" \n\t\t\t\t\t\t\t\tdata-type=\"image\"\n\t\t\t\t\t\t\t\tdata-rsp_ch=\"on\"\n\t\t\t\t\t\t\t\tdata-xy=\"x:226px;y:26px;\"\n\t\t\t\t\t\t\t\tdata-text=\"l:22;a:inherit;\"\n\t\t\t\t\t\t\t\tdata-dim=\"w:348px;h:348px;\"\n\t\t\t\t\t\t\t\tdata-frame_0=\"tp:600;\"\n\t\t\t\t\t\t\t\tdata-frame_1=\"tp:600;st:0;\"\n\t\t\t\t\t\t\t\tdata-frame_999=\"o:0;tp:600;st:w;sR:8700;\"\n\t\t\t\t\t\t\t\tstyle=\"z-index:5;\"\n\t\t\t\t\t\t\t><img loading=\"lazy\" decoding=\"async\" src=\"\/\/ds-barranquilla.org\/wp-content\/plugins\/revslider\/public\/assets\/assets\/dummy.png\" alt=\"\" class=\"tp-rs-img rs-lazyload\" width=\"1378\" height=\"1379\" data-lazyload=\"\/\/ds-barranquilla.org\/wp-content\/uploads\/2020\/07\/Mesa-de-trabajo-9.png\" data-no-retina> \n\t\t\t\t\t\t\t<\/rs-layer><!--\n\n\t\t\t\t\t\t\t--><rs-layer\n\t\t\t\t\t\t\t\tid=\"slider-58-slide-99-layer-2\" \n\t\t\t\t\t\t\t\tdata-type=\"text\"\n\t\t\t\t\t\t\t\tdata-color=\"#000000\"\n\t\t\t\t\t\t\t\tdata-rsp_ch=\"on\"\n\t\t\t\t\t\t\t\tdata-xy=\"x:20px;y:410px;\"\n\t\t\t\t\t\t\t\tdata-text=\"s:14;l:20;a:inherit;\"\n\t\t\t\t\t\t\t\tdata-dim=\"w:757px;h:55px;\"\n\t\t\t\t\t\t\t\tdata-frame_0=\"tp:600;\"\n\t\t\t\t\t\t\t\tdata-frame_1=\"tp:600;st:0;\"\n\t\t\t\t\t\t\t\tdata-frame_999=\"o:0;tp:600;st:w;sR:8700;\"\n\t\t\t\t\t\t\t\tstyle=\"z-index:6;font-family:'Open Sans';\"\n\t\t\t\t\t\t\t>Wir bewerten sorgf\u00e4ltig die Entwicklung der Welt und unsere eigenen Ideen und Erfahrungen. Wir bem\u00fchen uns<br> unsere individuellen St\u00e4rken und Schw\u00e4chen zu verstehen und so zu unserem Bildungsprozess und unserer  pers\u00f6nlichen Entwicklung beizutragen. \n\t\t\t\t\t\t\t<\/rs-layer><!--\n-->\t\t\t\t\t\t<\/rs-slide>\n\t\t\t\t\t<\/rs-slides>\n\t\t\t\t<\/rs-module>\n\t\t\t\t<script>\n\t\t\t\t\tsetREVStartSize({c: 'rev_slider_58_1',rl:[1240,1024,778,480],el:[],gw:[800],gh:[500],type:'standard',justify:'',layout:'fullwidth',mh:\"0\"});if (window.RS_MODULES!==undefined && window.RS_MODULES.modules!==undefined && window.RS_MODULES.modules[\"revslider581\"]!==undefined) {window.RS_MODULES.modules[\"revslider581\"].once = false;window.revapi58 = undefined;if (window.RS_MODULES.checkMinimal!==undefined) window.RS_MODULES.checkMinimal()}\n\t\t\t\t<\/script>\n\t\t\t<\/rs-module-wrap>\n\t\t\t<!-- END REVOLUTION SLIDER -->\n<\/div>\n\t\t\t\t<\/div>\n\t\t\t\t<\/div>\n\t\t\t\t\t<\/div>\n\t\t<\/div>\n\t\t\t\t\t<\/div>\n\t\t<\/section>\n\t\t\t\t<section class=\"elementor-section elementor-top-section elementor-element elementor-element-e1e0bf2 elementor-hidden-desktop elementor-hidden-tablet elementor-section-boxed elementor-section-height-default elementor-section-height-default\" data-id=\"e1e0bf2\" data-element_type=\"section\">\n\t\t\t\t\t\t<div class=\"elementor-container elementor-column-gap-default\">\n\t\t\t\t\t<div class=\"elementor-column elementor-col-100 elementor-top-column elementor-element elementor-element-822482b\" data-id=\"822482b\" data-element_type=\"column\">\n\t\t\t<div class=\"elementor-widget-wrap elementor-element-populated\">\n\t\t\t\t\t\t<div class=\"elementor-element elementor-element-4dd9f51 elementor-invisible elementor-widget elementor-widget-text-editor\" data-id=\"4dd9f51\" data-element_type=\"widget\" data-settings=\"{&quot;_animation&quot;:&quot;fadeInLeft&quot;}\" data-widget_type=\"text-editor.default\">\n\t\t\t\t<div class=\"elementor-widget-container\">\n\t\t\t\t\t\t\t<p><strong><span style=\"color: #cc3524;\">Prop\u00f3sito Institucional\u00a0<\/span><\/strong><\/p>\t\t\t\t\t\t<\/div>\n\t\t\t\t<\/div>\n\t\t\t\t<div class=\"elementor-element elementor-element-81f36a9 elementor-invisible elementor-widget elementor-widget-text-editor\" data-id=\"81f36a9\" data-element_type=\"widget\" data-settings=\"{&quot;_animation&quot;:&quot;zoomInDown&quot;}\" data-widget_type=\"text-editor.default\">\n\t\t\t\t<div class=\"elementor-widget-container\">\n\t\t\t\t\t\t\t<p><strong><span style=\"color: #cc3524;\">Deutsch<\/span><\/strong><\/p><p>Wir sind eine Bildungsgemeinschaft, die die Gesellschaft \u00a0durch selbstst\u00e4ndigen Menschen bereichert, die \u00fcber kritisches Denken und Empathie verf\u00fcgen und in einem bikulturellen sowie mehrsprachigen Umfeld aufgewachsen sind.<\/p><p><span style=\"color: #cc3524;\"><strong>English<\/strong><\/span><\/p><p>We are an educational community that enriches society with independent, reflective individuals and with the empathy inherent in those who have grown up in a bicultural and multilingual environment.<\/p><p><span style=\"color: #cc3524;\"><strong>Espa\u00f1ol<\/strong><\/span><\/p><p>Wir sind eine Bildungsgemeinschaft, die die Gesellschaft mit durch selbstst\u00e4ndigen Menschen bereichert, die \u00fcber kritisches Denken und Empathie verf\u00fcgen und in einem bikulturellen sowie mehrsprachigen Umfeld aufgewachsen sind.<\/p>\t\t\t\t\t\t<\/div>\n\t\t\t\t<\/div>\n\t\t\t\t<div class=\"elementor-element elementor-element-2534d7d elementor-widget elementor-widget-image\" data-id=\"2534d7d\" data-element_type=\"widget\" data-widget_type=\"image.default\">\n\t\t\t\t<div class=\"elementor-widget-container\">\n\t\t\t\t\t\t\t\t\t\t\t\t\t<img loading=\"lazy\" decoding=\"async\" width=\"1024\" height=\"132\" src=\"https:\/\/ds-barranquilla.org\/wp-content\/uploads\/2024\/08\/Banner-formamos-seres-humanos-1-1-1024x132.png\" class=\"attachment-large size-large wp-image-27556\" alt=\"\" srcset=\"https:\/\/ds-barranquilla.org\/wp-content\/uploads\/2024\/08\/Banner-formamos-seres-humanos-1-1-1024x132.png 1024w, https:\/\/ds-barranquilla.org\/wp-content\/uploads\/2024\/08\/Banner-formamos-seres-humanos-1-1-300x39.png 300w, https:\/\/ds-barranquilla.org\/wp-content\/uploads\/2024\/08\/Banner-formamos-seres-humanos-1-1-768x99.png 768w, https:\/\/ds-barranquilla.org\/wp-content\/uploads\/2024\/08\/Banner-formamos-seres-humanos-1-1-1536x198.png 1536w, https:\/\/ds-barranquilla.org\/wp-content\/uploads\/2024\/08\/Banner-formamos-seres-humanos-1-1-18x2.png 18w, https:\/\/ds-barranquilla.org\/wp-content\/uploads\/2024\/08\/Banner-formamos-seres-humanos-1-1-150x19.png 150w, https:\/\/ds-barranquilla.org\/wp-content\/uploads\/2024\/08\/Banner-formamos-seres-humanos-1-1-480x62.png 480w, https:\/\/ds-barranquilla.org\/wp-content\/uploads\/2024\/08\/Banner-formamos-seres-humanos-1-1.png 2037w\" sizes=\"(max-width:767px) 480px, (max-width:1024px) 100vw, 1024px\" \/>\t\t\t\t\t\t\t\t\t\t\t\t\t<\/div>\n\t\t\t\t<\/div>\n\t\t\t\t<div class=\"elementor-element elementor-element-87a3684 elementor-invisible elementor-widget elementor-widget-text-editor\" data-id=\"87a3684\" data-element_type=\"widget\" data-settings=\"{&quot;_animation&quot;:&quot;fadeInLeft&quot;}\" data-widget_type=\"text-editor.default\">\n\t\t\t\t<div class=\"elementor-widget-container\">\n\t\t\t\t\t\t\t<p><strong>Qualit\u00e4tspolitik<\/strong><\/p>\t\t\t\t\t\t<\/div>\n\t\t\t\t<\/div>\n\t\t\t\t<div class=\"elementor-element elementor-element-075d554 elementor-invisible elementor-widget elementor-widget-text-editor\" data-id=\"075d554\" data-element_type=\"widget\" data-settings=\"{&quot;_animation&quot;:&quot;zoomInDown&quot;}\" data-widget_type=\"text-editor.default\">\n\t\t\t\t<div class=\"elementor-widget-container\">\n\t\t\t\t\t\t\t<p>Die Arbeit und das Engagement unseres hochausgebildeten und kompetenten Kollegiums tragen ma\u00dfgeblich zur ganzheitlichen Bildung der Sch\u00fcler*innen der Deutschen Schule Barranquilla bei. Um einen hohen Qualit\u00e4tsstandard zu halten, richtet sich unsere Arbeit immer nach den Grunds\u00e4tzen unseres Qualit\u00e4tsmanagementsystems und Strategischen Plans, den deutschen Qualit\u00e4tsanforderungen, dem bildungsrechtlichen Rahmen sowie den internen und von unserer Schulgemeinschaft geforderten Anforderungen. Dadurch k\u00f6nnen wir die nationalen und internationalen Erwartungen an uns erf\u00fcllen und unser Qualit\u00e4tsversprechen halten. Als Schule streben wir daher st\u00e4ndig nach Verbesserung und achten dabei auf eine angemessene und vern\u00fcnftige Nutzung der verf\u00fcgbaren Ressourcen. Dabei stehen f\u00fcr uns auch ein hohes Umweltbewusstsein und die aktive F\u00f6rderung von Nachhaltigkeit mit im Vordergrund.<\/p>\t\t\t\t\t\t<\/div>\n\t\t\t\t<\/div>\n\t\t\t\t<div class=\"elementor-element elementor-element-70b937e elementor-invisible elementor-widget elementor-widget-text-editor\" data-id=\"70b937e\" data-element_type=\"widget\" data-settings=\"{&quot;_animation&quot;:&quot;fadeInLeft&quot;}\" data-widget_type=\"text-editor.default\">\n\t\t\t\t<div class=\"elementor-widget-container\">\n\t\t\t\t\t\t\t<p><strong>Schulische Werte<\/strong><\/p>\t\t\t\t\t\t<\/div>\n\t\t\t\t<\/div>\n\t\t\t\t<div class=\"elementor-element elementor-element-9b63dfd elementor-widget elementor-widget-text-editor\" data-id=\"9b63dfd\" data-element_type=\"widget\" data-widget_type=\"text-editor.default\">\n\t\t\t\t<div class=\"elementor-widget-container\">\n\t\t\t\t\t\t\t<p>Unsere Schule ist Teil des weltweiten Netzwerks an internationalen IB-Schulen. Deshalb zeichen wir uns an der Deutschen Schule Barranquilla folgenderma\u00dfen aus:<\/p>\t\t\t\t\t\t<\/div>\n\t\t\t\t<\/div>\n\t\t\t\t<div class=\"elementor-element elementor-element-aa25d68 elementor-widget elementor-widget-shortcode\" data-id=\"aa25d68\" data-element_type=\"widget\" data-widget_type=\"shortcode.default\">\n\t\t\t\t<div class=\"elementor-widget-container\">\n\t\t\t\t\t<div class=\"elementor-shortcode\">\n\t\t\t<!-- START corporativos REVOLUTION SLIDER 6.5.14 --><p class=\"rs-p-wp-fix\"><\/p>\n\t\t\t<rs-module-wrap id=\"rev_slider_58_2_wrapper\" data-source=\"gallery\" style=\"visibility:hidden;background:transparent;padding:0;margin:0px auto;margin-top:0;margin-bottom:0;\">\n\t\t\t\t<rs-module id=\"rev_slider_58_2\" style=\"\" data-version=\"6.5.14\">\n\t\t\t\t\t<rs-slides>\n\t\t\t\t\t\t<rs-slide style=\"position: absolute;\" data-key=\"rs-90\" data-title=\"Slide\" data-anim=\"ms:600;\" data-in=\"o:0;\" data-out=\"a:false;\">\n\t\t\t\t\t\t\t<img decoding=\"async\" src=\"\/\/ds-barranquilla.org\/wp-content\/plugins\/revslider\/public\/assets\/assets\/dummy.png\" alt=\"Slide\" title=\"Iv\u00e1n D&#8217;Onofrio: 43 a\u00f1os de ense\u00f1anza y legado en el Colegio Alem\u00e1n de Barranquilla\" class=\"rev-slidebg tp-rs-img rs-lazyload\" data-lazyload=\"\/\/ds-barranquilla.org\/wp-content\/plugins\/revslider\/public\/assets\/assets\/transparent.png\" data-bg=\"c:#ffffff;\" data-no-retina>\n<!--\n\t\t\t\t\t\t\t--><rs-layer\n\t\t\t\t\t\t\t\tid=\"slider-58-slide-90-layer-1\" \n\t\t\t\t\t\t\t\tdata-type=\"image\"\n\t\t\t\t\t\t\t\tdata-rsp_ch=\"on\"\n\t\t\t\t\t\t\t\tdata-xy=\"x:226px;y:26px;\"\n\t\t\t\t\t\t\t\tdata-text=\"l:22;a:inherit;\"\n\t\t\t\t\t\t\t\tdata-dim=\"w:348px;h:348px;\"\n\t\t\t\t\t\t\t\tdata-frame_0=\"tp:600;\"\n\t\t\t\t\t\t\t\tdata-frame_1=\"tp:600;st:0;\"\n\t\t\t\t\t\t\t\tdata-frame_999=\"o:0;tp:600;st:w;sR:8700;\"\n\t\t\t\t\t\t\t\tstyle=\"z-index:5;\"\n\t\t\t\t\t\t\t><img loading=\"lazy\" decoding=\"async\" src=\"\/\/ds-barranquilla.org\/wp-content\/plugins\/revslider\/public\/assets\/assets\/dummy.png\" alt=\"\" class=\"tp-rs-img rs-lazyload\" width=\"1379\" height=\"1379\" data-lazyload=\"\/\/ds-barranquilla.org\/wp-content\/uploads\/2020\/07\/Mesa-de-trabajo-13.png\" data-no-retina> \n\t\t\t\t\t\t\t<\/rs-layer><!--\n\n\t\t\t\t\t\t\t--><rs-layer\n\t\t\t\t\t\t\t\tid=\"slider-58-slide-90-layer-2\" \n\t\t\t\t\t\t\t\tdata-type=\"text\"\n\t\t\t\t\t\t\t\tdata-color=\"#000000\"\n\t\t\t\t\t\t\t\tdata-rsp_ch=\"on\"\n\t\t\t\t\t\t\t\tdata-xy=\"x:21px;y:408px;\"\n\t\t\t\t\t\t\t\tdata-text=\"s:14;l:20;a:inherit;\"\n\t\t\t\t\t\t\t\tdata-dim=\"w:757px;h:55px;\"\n\t\t\t\t\t\t\t\tdata-frame_0=\"tp:600;\"\n\t\t\t\t\t\t\t\tdata-frame_1=\"tp:600;st:0;\"\n\t\t\t\t\t\t\t\tdata-frame_999=\"o:0;tp:600;st:w;sR:8700;\"\n\t\t\t\t\t\t\t\tstyle=\"z-index:6;font-family:'Open Sans';\"\n\t\t\t\t\t\t\t>Wir bewahren unsere Neugier und entwickeln F\u00e4higkeiten zur Recherche und Forschung. Wir wissen, wie man<br> eigenst\u00e4ndig und gemeinsam mit anderen lernt. Wir begeistern uns f\u00fcr das Lernen und behalten diese<br> Wissbegierigkeit unser ganzes Leben lang bei. \n\t\t\t\t\t\t\t<\/rs-layer><!--\n-->\t\t\t\t\t\t<\/rs-slide>\n\t\t\t\t\t\t<rs-slide style=\"position: absolute;\" data-key=\"rs-91\" data-title=\"Slide\" data-anim=\"ms:600;\" data-in=\"o:0;\" data-out=\"a:false;\">\n\t\t\t\t\t\t\t<img decoding=\"async\" src=\"\/\/ds-barranquilla.org\/wp-content\/plugins\/revslider\/public\/assets\/assets\/dummy.png\" alt=\"Slide\" title=\"Iv\u00e1n D&#8217;Onofrio: 43 a\u00f1os de ense\u00f1anza y legado en el Colegio Alem\u00e1n de Barranquilla\" class=\"rev-slidebg tp-rs-img rs-lazyload\" data-lazyload=\"\/\/ds-barranquilla.org\/wp-content\/plugins\/revslider\/public\/assets\/assets\/transparent.png\" data-bg=\"c:#ffffff;\" data-no-retina>\n<!--\n\t\t\t\t\t\t\t--><rs-layer\n\t\t\t\t\t\t\t\tid=\"slider-58-slide-91-layer-1\" \n\t\t\t\t\t\t\t\tdata-type=\"image\"\n\t\t\t\t\t\t\t\tdata-rsp_ch=\"on\"\n\t\t\t\t\t\t\t\tdata-xy=\"x:226px;y:26px;\"\n\t\t\t\t\t\t\t\tdata-text=\"l:22;a:inherit;\"\n\t\t\t\t\t\t\t\tdata-dim=\"w:348px;h:348px;\"\n\t\t\t\t\t\t\t\tdata-frame_0=\"tp:600;\"\n\t\t\t\t\t\t\t\tdata-frame_1=\"tp:600;st:0;\"\n\t\t\t\t\t\t\t\tdata-frame_999=\"o:0;tp:600;st:w;sR:8700;\"\n\t\t\t\t\t\t\t\tstyle=\"z-index:5;\"\n\t\t\t\t\t\t\t><img loading=\"lazy\" decoding=\"async\" src=\"\/\/ds-barranquilla.org\/wp-content\/plugins\/revslider\/public\/assets\/assets\/dummy.png\" alt=\"\" class=\"tp-rs-img rs-lazyload\" width=\"1379\" height=\"1378\" data-lazyload=\"\/\/ds-barranquilla.org\/wp-content\/uploads\/2020\/07\/Mesa-de-trabajo-2.png\" data-no-retina> \n\t\t\t\t\t\t\t<\/rs-layer><!--\n\n\t\t\t\t\t\t\t--><rs-layer\n\t\t\t\t\t\t\t\tid=\"slider-58-slide-91-layer-2\" \n\t\t\t\t\t\t\t\tdata-type=\"text\"\n\t\t\t\t\t\t\t\tdata-color=\"#000000\"\n\t\t\t\t\t\t\t\tdata-rsp_ch=\"on\"\n\t\t\t\t\t\t\t\tdata-xy=\"x:28px;y:410px;\"\n\t\t\t\t\t\t\t\tdata-text=\"s:14;l:20;a:inherit;\"\n\t\t\t\t\t\t\t\tdata-dim=\"w:757px;h:55px;\"\n\t\t\t\t\t\t\t\tdata-frame_0=\"tp:600;\"\n\t\t\t\t\t\t\t\tdata-frame_1=\"tp:600;st:0;\"\n\t\t\t\t\t\t\t\tdata-frame_999=\"o:0;tp:600;st:w;sR:8700;\"\n\t\t\t\t\t\t\t\tstyle=\"z-index:6;font-family:'Open Sans';\"\n\t\t\t\t\t\t\t>Wir entwickeln und nutzen unser konzeptionelles Verst\u00e4ndnis um eine Vielzahl von Disziplinen thematisch zu<br> durchdringen und Wissen zu erschlie\u00dfen. Wir setzen uns dabei mit Themen, Ideen und Fragen von lokaler und  globaler Bedeutung auseinander. \n\t\t\t\t\t\t\t<\/rs-layer><!--\n-->\t\t\t\t\t\t<\/rs-slide>\n\t\t\t\t\t\t<rs-slide style=\"position: absolute;\" data-key=\"rs-92\" data-title=\"Slide\" data-anim=\"ms:600;\" data-in=\"o:0;\" data-out=\"a:false;\">\n\t\t\t\t\t\t\t<img decoding=\"async\" src=\"\/\/ds-barranquilla.org\/wp-content\/plugins\/revslider\/public\/assets\/assets\/dummy.png\" alt=\"Slide\" title=\"Iv\u00e1n D&#8217;Onofrio: 43 a\u00f1os de ense\u00f1anza y legado en el Colegio Alem\u00e1n de Barranquilla\" class=\"rev-slidebg tp-rs-img rs-lazyload\" data-lazyload=\"\/\/ds-barranquilla.org\/wp-content\/plugins\/revslider\/public\/assets\/assets\/transparent.png\" data-bg=\"c:#ffffff;\" data-no-retina>\n<!--\n\t\t\t\t\t\t\t--><rs-layer\n\t\t\t\t\t\t\t\tid=\"slider-58-slide-92-layer-1\" \n\t\t\t\t\t\t\t\tdata-type=\"image\"\n\t\t\t\t\t\t\t\tdata-rsp_ch=\"on\"\n\t\t\t\t\t\t\t\tdata-xy=\"x:226px;y:26px;\"\n\t\t\t\t\t\t\t\tdata-text=\"l:22;a:inherit;\"\n\t\t\t\t\t\t\t\tdata-dim=\"w:348px;h:348px;\"\n\t\t\t\t\t\t\t\tdata-frame_0=\"tp:600;\"\n\t\t\t\t\t\t\t\tdata-frame_1=\"tp:600;st:0;\"\n\t\t\t\t\t\t\t\tdata-frame_999=\"o:0;tp:600;st:w;sR:8700;\"\n\t\t\t\t\t\t\t\tstyle=\"z-index:5;\"\n\t\t\t\t\t\t\t><img loading=\"lazy\" decoding=\"async\" src=\"\/\/ds-barranquilla.org\/wp-content\/plugins\/revslider\/public\/assets\/assets\/dummy.png\" alt=\"\" class=\"tp-rs-img rs-lazyload\" width=\"1378\" height=\"1378\" data-lazyload=\"\/\/ds-barranquilla.org\/wp-content\/uploads\/2020\/07\/Mesa-de-trabajo-1.png\" data-no-retina> \n\t\t\t\t\t\t\t<\/rs-layer><!--\n\n\t\t\t\t\t\t\t--><rs-layer\n\t\t\t\t\t\t\t\tid=\"slider-58-slide-92-layer-2\" \n\t\t\t\t\t\t\t\tdata-type=\"text\"\n\t\t\t\t\t\t\t\tdata-color=\"#000000\"\n\t\t\t\t\t\t\t\tdata-rsp_ch=\"on\"\n\t\t\t\t\t\t\t\tdata-xy=\"x:28px;y:410px;\"\n\t\t\t\t\t\t\t\tdata-text=\"s:14;l:20;a:inherit;\"\n\t\t\t\t\t\t\t\tdata-dim=\"w:757px;h:55px;\"\n\t\t\t\t\t\t\t\tdata-frame_0=\"tp:600;\"\n\t\t\t\t\t\t\t\tdata-frame_1=\"tp:600;st:0;\"\n\t\t\t\t\t\t\t\tdata-frame_999=\"o:0;tp:600;st:w;sR:8700;\"\n\t\t\t\t\t\t\t\tstyle=\"z-index:6;font-family:'Open Sans';\"\n\t\t\t\t\t\t\t>Wir nutzen kritisches und kreatives Denkverm\u00f6gen, um vorher zu analysieren und verantwortungsbewusst zu handeln<br> und verantwortungsvolle Handlungsoptionen daraus abzuleiten. Wir handeln aus eigener Initiative und treffen dabei  begr\u00fcndete und ethisch vertretbare Entscheidungen. \n\t\t\t\t\t\t\t<\/rs-layer><!--\n-->\t\t\t\t\t\t<\/rs-slide>\n\t\t\t\t\t\t<rs-slide style=\"position: absolute;\" data-key=\"rs-93\" data-title=\"Slide\" data-anim=\"ms:600;\" data-in=\"o:0;\" data-out=\"a:false;\">\n\t\t\t\t\t\t\t<img decoding=\"async\" src=\"\/\/ds-barranquilla.org\/wp-content\/plugins\/revslider\/public\/assets\/assets\/dummy.png\" alt=\"Slide\" title=\"Iv\u00e1n D&#8217;Onofrio: 43 a\u00f1os de ense\u00f1anza y legado en el Colegio Alem\u00e1n de Barranquilla\" class=\"rev-slidebg tp-rs-img rs-lazyload\" data-lazyload=\"\/\/ds-barranquilla.org\/wp-content\/plugins\/revslider\/public\/assets\/assets\/transparent.png\" data-bg=\"c:#ffffff;\" data-no-retina>\n<!--\n\t\t\t\t\t\t\t--><rs-layer\n\t\t\t\t\t\t\t\tid=\"slider-58-slide-93-layer-1\" \n\t\t\t\t\t\t\t\tdata-type=\"image\"\n\t\t\t\t\t\t\t\tdata-rsp_ch=\"on\"\n\t\t\t\t\t\t\t\tdata-xy=\"x:226px;y:26px;\"\n\t\t\t\t\t\t\t\tdata-text=\"l:22;a:inherit;\"\n\t\t\t\t\t\t\t\tdata-dim=\"w:348px;h:348px;\"\n\t\t\t\t\t\t\t\tdata-frame_0=\"tp:600;\"\n\t\t\t\t\t\t\t\tdata-frame_1=\"tp:600;st:0;\"\n\t\t\t\t\t\t\t\tdata-frame_999=\"o:0;tp:600;st:w;sR:8700;\"\n\t\t\t\t\t\t\t\tstyle=\"z-index:5;\"\n\t\t\t\t\t\t\t><img loading=\"lazy\" decoding=\"async\" src=\"\/\/ds-barranquilla.org\/wp-content\/plugins\/revslider\/public\/assets\/assets\/dummy.png\" alt=\"\" class=\"tp-rs-img rs-lazyload\" width=\"1379\" height=\"1379\" data-lazyload=\"\/\/ds-barranquilla.org\/wp-content\/uploads\/2020\/07\/Mesa-de-trabajo-10.png\" data-no-retina> \n\t\t\t\t\t\t\t<\/rs-layer><!--\n\n\t\t\t\t\t\t\t--><rs-layer\n\t\t\t\t\t\t\t\tid=\"slider-58-slide-93-layer-2\" \n\t\t\t\t\t\t\t\tdata-type=\"text\"\n\t\t\t\t\t\t\t\tdata-color=\"#000000\"\n\t\t\t\t\t\t\t\tdata-rsp_ch=\"on\"\n\t\t\t\t\t\t\t\tdata-xy=\"x:28px;y:410px;\"\n\t\t\t\t\t\t\t\tdata-text=\"s:14;l:20;a:inherit;\"\n\t\t\t\t\t\t\t\tdata-dim=\"w:757px;h:55px;\"\n\t\t\t\t\t\t\t\tdata-frame_0=\"tp:600;\"\n\t\t\t\t\t\t\t\tdata-frame_1=\"tp:600;st:0;\"\n\t\t\t\t\t\t\t\tdata-frame_999=\"o:0;tp:600;st:w;sR:8700;\"\n\t\t\t\t\t\t\t\tstyle=\"z-index:6;font-family:'Open Sans';\"\n\t\t\t\t\t\t\t>Wir dr\u00fccken uns selbstbewusst und kreativ in mehreren Sprachen aus. Wir arbeiten effektiv zusammen und<br> schenken den Perspektiven unserer Mitmenschen sowie anderer Gruppen unsere Aufmerksamkeit. \n\t\t\t\t\t\t\t<\/rs-layer><!--\n-->\t\t\t\t\t\t<\/rs-slide>\n\t\t\t\t\t\t<rs-slide style=\"position: absolute;\" data-key=\"rs-94\" data-title=\"Slide\" data-anim=\"ms:600;\" data-in=\"o:0;\" data-out=\"a:false;\">\n\t\t\t\t\t\t\t<img decoding=\"async\" src=\"\/\/ds-barranquilla.org\/wp-content\/plugins\/revslider\/public\/assets\/assets\/dummy.png\" alt=\"Slide\" title=\"Iv\u00e1n D&#8217;Onofrio: 43 a\u00f1os de ense\u00f1anza y legado en el Colegio Alem\u00e1n de Barranquilla\" class=\"rev-slidebg tp-rs-img rs-lazyload\" data-lazyload=\"\/\/ds-barranquilla.org\/wp-content\/plugins\/revslider\/public\/assets\/assets\/transparent.png\" data-bg=\"c:#ffffff;\" data-no-retina>\n<!--\n\t\t\t\t\t\t\t--><rs-layer\n\t\t\t\t\t\t\t\tid=\"slider-58-slide-94-layer-1\" \n\t\t\t\t\t\t\t\tdata-type=\"image\"\n\t\t\t\t\t\t\t\tdata-rsp_ch=\"on\"\n\t\t\t\t\t\t\t\tdata-xy=\"x:226px;y:26px;\"\n\t\t\t\t\t\t\t\tdata-text=\"l:22;a:inherit;\"\n\t\t\t\t\t\t\t\tdata-dim=\"w:348px;h:348px;\"\n\t\t\t\t\t\t\t\tdata-frame_0=\"tp:600;\"\n\t\t\t\t\t\t\t\tdata-frame_1=\"tp:600;st:0;\"\n\t\t\t\t\t\t\t\tdata-frame_999=\"o:0;tp:600;st:w;sR:8700;\"\n\t\t\t\t\t\t\t\tstyle=\"z-index:5;\"\n\t\t\t\t\t\t\t><img loading=\"lazy\" decoding=\"async\" src=\"\/\/ds-barranquilla.org\/wp-content\/plugins\/revslider\/public\/assets\/assets\/dummy.png\" alt=\"\" class=\"tp-rs-img rs-lazyload\" width=\"1379\" height=\"1379\" data-lazyload=\"\/\/ds-barranquilla.org\/wp-content\/uploads\/2020\/07\/Mesa-de-trabajo-11.png\" data-no-retina> \n\t\t\t\t\t\t\t<\/rs-layer><!--\n\n\t\t\t\t\t\t\t--><rs-layer\n\t\t\t\t\t\t\t\tid=\"slider-58-slide-94-layer-2\" \n\t\t\t\t\t\t\t\tdata-type=\"text\"\n\t\t\t\t\t\t\t\tdata-color=\"#000000\"\n\t\t\t\t\t\t\t\tdata-rsp_ch=\"on\"\n\t\t\t\t\t\t\t\tdata-xy=\"x:28px;y:410px;\"\n\t\t\t\t\t\t\t\tdata-text=\"s:14;l:20;a:inherit;\"\n\t\t\t\t\t\t\t\tdata-dim=\"w:757px;h:55px;\"\n\t\t\t\t\t\t\t\tdata-frame_0=\"tp:600;\"\n\t\t\t\t\t\t\t\tdata-frame_1=\"tp:600;st:0;\"\n\t\t\t\t\t\t\t\tdata-frame_999=\"o:0;tp:600;st:w;sR:8700;\"\n\t\t\t\t\t\t\t\tstyle=\"z-index:6;font-family:'Open Sans';\"\n\t\t\t\t\t\t\t>Integrit\u00e4t und Ehrlichkeit sowie ein tiefer Sinn f\u00fcr Fairness, Gerechtigkeit und Respekt gegen\u00fcber der W\u00fcrde und<br> Rechte aller Menschen bestimmen unser Handeln. Wir \u00fcbernehmen Verantwortung f\u00fcr unsere eigenen<br> Entscheidungen sowie f\u00fcr deren Folgen. \n\t\t\t\t\t\t\t<\/rs-layer><!--\n-->\t\t\t\t\t\t<\/rs-slide>\n\t\t\t\t\t\t<rs-slide style=\"position: absolute;\" data-key=\"rs-95\" data-title=\"Slide\" data-anim=\"ms:600;\" data-in=\"o:0;\" data-out=\"a:false;\">\n\t\t\t\t\t\t\t<img decoding=\"async\" src=\"\/\/ds-barranquilla.org\/wp-content\/plugins\/revslider\/public\/assets\/assets\/dummy.png\" alt=\"Slide\" title=\"Iv\u00e1n D&#8217;Onofrio: 43 a\u00f1os de ense\u00f1anza y legado en el Colegio Alem\u00e1n de Barranquilla\" class=\"rev-slidebg tp-rs-img rs-lazyload\" data-lazyload=\"\/\/ds-barranquilla.org\/wp-content\/plugins\/revslider\/public\/assets\/assets\/transparent.png\" data-bg=\"c:#ffffff;\" data-no-retina>\n<!--\n\t\t\t\t\t\t\t--><rs-layer\n\t\t\t\t\t\t\t\tid=\"slider-58-slide-95-layer-1\" \n\t\t\t\t\t\t\t\tdata-type=\"image\"\n\t\t\t\t\t\t\t\tdata-rsp_ch=\"on\"\n\t\t\t\t\t\t\t\tdata-xy=\"x:226px;y:26px;\"\n\t\t\t\t\t\t\t\tdata-text=\"l:22;a:inherit;\"\n\t\t\t\t\t\t\t\tdata-dim=\"w:348px;h:348px;\"\n\t\t\t\t\t\t\t\tdata-frame_0=\"tp:600;\"\n\t\t\t\t\t\t\t\tdata-frame_1=\"tp:600;st:0;\"\n\t\t\t\t\t\t\t\tdata-frame_999=\"o:0;tp:600;st:w;sR:8700;\"\n\t\t\t\t\t\t\t\tstyle=\"z-index:5;\"\n\t\t\t\t\t\t\t><img loading=\"lazy\" decoding=\"async\" src=\"\/\/ds-barranquilla.org\/wp-content\/plugins\/revslider\/public\/assets\/assets\/dummy.png\" alt=\"\" class=\"tp-rs-img rs-lazyload\" width=\"1379\" height=\"1378\" data-lazyload=\"\/\/ds-barranquilla.org\/wp-content\/uploads\/2020\/07\/Mesa-de-trabajo-4.png\" data-no-retina> \n\t\t\t\t\t\t\t<\/rs-layer><!--\n\n\t\t\t\t\t\t\t--><rs-layer\n\t\t\t\t\t\t\t\tid=\"slider-58-slide-95-layer-2\" \n\t\t\t\t\t\t\t\tdata-type=\"text\"\n\t\t\t\t\t\t\t\tdata-color=\"#000000\"\n\t\t\t\t\t\t\t\tdata-rsp_ch=\"on\"\n\t\t\t\t\t\t\t\tdata-xy=\"x:28px;y:410px;\"\n\t\t\t\t\t\t\t\tdata-text=\"s:14;l:20;a:inherit;\"\n\t\t\t\t\t\t\t\tdata-dim=\"w:757px;h:55px;\"\n\t\t\t\t\t\t\t\tdata-frame_0=\"tp:600;\"\n\t\t\t\t\t\t\t\tdata-frame_1=\"tp:600;st:0;\"\n\t\t\t\t\t\t\t\tdata-frame_999=\"o:0;tp:600;st:w;sR:8700;\"\n\t\t\t\t\t\t\t\tstyle=\"z-index:6;font-family:'Open Sans';\"\n\t\t\t\t\t\t\t>Wir pflegen eine kritische Wertsch\u00e4tzung f\u00fcr unsere eigenen Kulturen und pers\u00f6nlichen Geschichten sowie der uns<br> fremden Werte und Traditionen. Wir suchen aktiv nach unterschiedlichen Standpunkten und ber\u00fccksichtigen diese<br> in unserem eigenen Weltbild. Erfahrungen sind f\u00fcr uns M\u00f6glichkeiten des Lernens. \n\t\t\t\t\t\t\t<\/rs-layer><!--\n-->\t\t\t\t\t\t<\/rs-slide>\n\t\t\t\t\t\t<rs-slide style=\"position: absolute;\" data-key=\"rs-96\" data-title=\"Slide\" data-anim=\"ms:600;\" data-in=\"o:0;\" data-out=\"a:false;\">\n\t\t\t\t\t\t\t<img decoding=\"async\" src=\"\/\/ds-barranquilla.org\/wp-content\/plugins\/revslider\/public\/assets\/assets\/dummy.png\" alt=\"Slide\" title=\"Iv\u00e1n D&#8217;Onofrio: 43 a\u00f1os de ense\u00f1anza y legado en el Colegio Alem\u00e1n de Barranquilla\" class=\"rev-slidebg tp-rs-img rs-lazyload\" data-lazyload=\"\/\/ds-barranquilla.org\/wp-content\/plugins\/revslider\/public\/assets\/assets\/transparent.png\" data-bg=\"c:#ffffff;\" data-no-retina>\n<!--\n\t\t\t\t\t\t\t--><rs-layer\n\t\t\t\t\t\t\t\tid=\"slider-58-slide-96-layer-1\" \n\t\t\t\t\t\t\t\tdata-type=\"image\"\n\t\t\t\t\t\t\t\tdata-rsp_ch=\"on\"\n\t\t\t\t\t\t\t\tdata-xy=\"x:226px;y:26px;\"\n\t\t\t\t\t\t\t\tdata-text=\"l:22;a:inherit;\"\n\t\t\t\t\t\t\t\tdata-dim=\"w:348px;h:348px;\"\n\t\t\t\t\t\t\t\tdata-frame_0=\"tp:600;\"\n\t\t\t\t\t\t\t\tdata-frame_1=\"tp:600;st:0;\"\n\t\t\t\t\t\t\t\tdata-frame_999=\"o:0;tp:600;st:w;sR:8700;\"\n\t\t\t\t\t\t\t\tstyle=\"z-index:5;\"\n\t\t\t\t\t\t\t><img loading=\"lazy\" decoding=\"async\" src=\"\/\/ds-barranquilla.org\/wp-content\/plugins\/revslider\/public\/assets\/assets\/dummy.png\" alt=\"\" class=\"tp-rs-img rs-lazyload\" width=\"1379\" height=\"1379\" data-lazyload=\"\/\/ds-barranquilla.org\/wp-content\/uploads\/2020\/07\/Mesa-de-trabajo-12.png\" data-no-retina> \n\t\t\t\t\t\t\t<\/rs-layer><!--\n\n\t\t\t\t\t\t\t--><rs-layer\n\t\t\t\t\t\t\t\tid=\"slider-58-slide-96-layer-2\" \n\t\t\t\t\t\t\t\tdata-type=\"text\"\n\t\t\t\t\t\t\t\tdata-color=\"#000000\"\n\t\t\t\t\t\t\t\tdata-rsp_ch=\"on\"\n\t\t\t\t\t\t\t\tdata-xy=\"x:25px;y:410px;\"\n\t\t\t\t\t\t\t\tdata-text=\"s:14;l:20;a:inherit;\"\n\t\t\t\t\t\t\t\tdata-dim=\"w:757px;h:55px;\"\n\t\t\t\t\t\t\t\tdata-frame_0=\"tp:600;\"\n\t\t\t\t\t\t\t\tdata-frame_1=\"tp:600;st:0;\"\n\t\t\t\t\t\t\t\tdata-frame_999=\"o:0;tp:600;st:w;sR:8700;\"\n\t\t\t\t\t\t\t\tstyle=\"z-index:6;font-family:'Open Sans';\"\n\t\t\t\t\t\t\t>Wir zeigen Einf\u00fchlungsverm\u00f6gen, Sensibilit\u00e4t und Respekt. Wir verpflichten uns zur Hilfe anderer mit dem Ziel, das<br> Leben der Menschen und der Welt um uns herum positiv zu beeinflussen. \n\t\t\t\t\t\t\t<\/rs-layer><!--\n-->\t\t\t\t\t\t<\/rs-slide>\n\t\t\t\t\t\t<rs-slide style=\"position: absolute;\" data-key=\"rs-97\" data-title=\"Slide\" data-anim=\"ms:600;\" data-in=\"o:0;\" data-out=\"a:false;\">\n\t\t\t\t\t\t\t<img decoding=\"async\" src=\"\/\/ds-barranquilla.org\/wp-content\/plugins\/revslider\/public\/assets\/assets\/dummy.png\" alt=\"Slide\" title=\"Iv\u00e1n D&#8217;Onofrio: 43 a\u00f1os de ense\u00f1anza y legado en el Colegio Alem\u00e1n de Barranquilla\" class=\"rev-slidebg tp-rs-img rs-lazyload\" data-lazyload=\"\/\/ds-barranquilla.org\/wp-content\/plugins\/revslider\/public\/assets\/assets\/transparent.png\" data-bg=\"c:#ffffff;\" data-no-retina>\n<!--\n\t\t\t\t\t\t\t--><rs-layer\n\t\t\t\t\t\t\t\tid=\"slider-58-slide-97-layer-1\" \n\t\t\t\t\t\t\t\tdata-type=\"image\"\n\t\t\t\t\t\t\t\tdata-rsp_ch=\"on\"\n\t\t\t\t\t\t\t\tdata-xy=\"x:226px;y:26px;\"\n\t\t\t\t\t\t\t\tdata-text=\"l:22;a:inherit;\"\n\t\t\t\t\t\t\t\tdata-dim=\"w:348px;h:348px;\"\n\t\t\t\t\t\t\t\tdata-frame_0=\"tp:600;\"\n\t\t\t\t\t\t\t\tdata-frame_1=\"tp:600;st:0;\"\n\t\t\t\t\t\t\t\tdata-frame_999=\"o:0;tp:600;st:w;sR:8700;\"\n\t\t\t\t\t\t\t\tstyle=\"z-index:5;\"\n\t\t\t\t\t\t\t><img loading=\"lazy\" decoding=\"async\" src=\"\/\/ds-barranquilla.org\/wp-content\/plugins\/revslider\/public\/assets\/assets\/dummy.png\" alt=\"\" class=\"tp-rs-img rs-lazyload\" width=\"1379\" height=\"1378\" data-lazyload=\"\/\/ds-barranquilla.org\/wp-content\/uploads\/2020\/07\/Mesa-de-trabajo-5.png\" data-no-retina> \n\t\t\t\t\t\t\t<\/rs-layer><!--\n\n\t\t\t\t\t\t\t--><rs-layer\n\t\t\t\t\t\t\t\tid=\"slider-58-slide-97-layer-2\" \n\t\t\t\t\t\t\t\tdata-type=\"text\"\n\t\t\t\t\t\t\t\tdata-color=\"#000000\"\n\t\t\t\t\t\t\t\tdata-rsp_ch=\"on\"\n\t\t\t\t\t\t\t\tdata-xy=\"x:25px;y:410px;\"\n\t\t\t\t\t\t\t\tdata-text=\"s:14;l:20;a:inherit;\"\n\t\t\t\t\t\t\t\tdata-dim=\"w:757px;h:55px;\"\n\t\t\t\t\t\t\t\tdata-frame_0=\"tp:600;\"\n\t\t\t\t\t\t\t\tdata-frame_1=\"tp:600;st:0;\"\n\t\t\t\t\t\t\t\tdata-frame_999=\"o:0;tp:600;st:w;sR:8700;\"\n\t\t\t\t\t\t\t\tstyle=\"z-index:6;font-family:'Open Sans';\"\n\t\t\t\t\t\t\t>Wir begegnen Unsicherheiten mit Weitsicht und Entschlossenheit. Wir arbeiten selbstst\u00e4ndig und gemeinsam an<br> der Entwicklung neuer Ideen und innovativer Strategien. Wir zeigen Einfallsreichtum und Widerstandsf\u00e4higkeit,<br> wenn es um Ver\u00e4nderungen und Herausforderungen geht. \n\t\t\t\t\t\t\t<\/rs-layer><!--\n-->\t\t\t\t\t\t<\/rs-slide>\n\t\t\t\t\t\t<rs-slide style=\"position: absolute;\" data-key=\"rs-98\" data-title=\"Slide\" data-anim=\"ms:600;\" data-in=\"o:0;\" data-out=\"a:false;\">\n\t\t\t\t\t\t\t<img decoding=\"async\" src=\"\/\/ds-barranquilla.org\/wp-content\/plugins\/revslider\/public\/assets\/assets\/dummy.png\" alt=\"Slide\" title=\"Iv\u00e1n D&#8217;Onofrio: 43 a\u00f1os de ense\u00f1anza y legado en el Colegio Alem\u00e1n de Barranquilla\" class=\"rev-slidebg tp-rs-img rs-lazyload\" data-lazyload=\"\/\/ds-barranquilla.org\/wp-content\/plugins\/revslider\/public\/assets\/assets\/transparent.png\" data-bg=\"c:#ffffff;\" data-no-retina>\n<!--\n\t\t\t\t\t\t\t--><rs-layer\n\t\t\t\t\t\t\t\tid=\"slider-58-slide-98-layer-1\" \n\t\t\t\t\t\t\t\tdata-type=\"image\"\n\t\t\t\t\t\t\t\tdata-rsp_ch=\"on\"\n\t\t\t\t\t\t\t\tdata-xy=\"x:226px;y:26px;\"\n\t\t\t\t\t\t\t\tdata-text=\"l:22;a:inherit;\"\n\t\t\t\t\t\t\t\tdata-dim=\"w:348px;h:348px;\"\n\t\t\t\t\t\t\t\tdata-frame_0=\"tp:600;\"\n\t\t\t\t\t\t\t\tdata-frame_1=\"tp:600;st:0;\"\n\t\t\t\t\t\t\t\tdata-frame_999=\"o:0;tp:600;st:w;sR:8700;\"\n\t\t\t\t\t\t\t\tstyle=\"z-index:5;\"\n\t\t\t\t\t\t\t><img loading=\"lazy\" decoding=\"async\" src=\"\/\/ds-barranquilla.org\/wp-content\/plugins\/revslider\/public\/assets\/assets\/dummy.png\" alt=\"\" class=\"tp-rs-img rs-lazyload\" width=\"1379\" height=\"1378\" data-lazyload=\"\/\/ds-barranquilla.org\/wp-content\/uploads\/2020\/07\/Mesa-de-trabajo-3.png\" data-no-retina> \n\t\t\t\t\t\t\t<\/rs-layer><!--\n\n\t\t\t\t\t\t\t--><rs-layer\n\t\t\t\t\t\t\t\tid=\"slider-58-slide-98-layer-2\" \n\t\t\t\t\t\t\t\tdata-type=\"text\"\n\t\t\t\t\t\t\t\tdata-color=\"#000000\"\n\t\t\t\t\t\t\t\tdata-rsp_ch=\"on\"\n\t\t\t\t\t\t\t\tdata-xy=\"x:16px;y:410px;\"\n\t\t\t\t\t\t\t\tdata-text=\"s:14;l:20;a:inherit;\"\n\t\t\t\t\t\t\t\tdata-dim=\"w:757px;h:55px;\"\n\t\t\t\t\t\t\t\tdata-frame_0=\"tp:600;\"\n\t\t\t\t\t\t\t\tdata-frame_1=\"tp:600;st:0;\"\n\t\t\t\t\t\t\t\tdata-frame_999=\"o:0;tp:600;st:w;sR:8700;\"\n\t\t\t\t\t\t\t\tstyle=\"z-index:6;font-family:'Open Sans';\"\n\t\t\t\t\t\t\t>Wir verstehen die Bedeutung der k\u00f6rperlichen, mentalen und emotionalen Ausgewogenheit f\u00fcr unser eigenes<br> Wohlbefinden sowie das unserer Mitmenschen. Wir erkennen die Wechselwirkung, die wir als Menschen  unterneinander und auf unsere gemeinsame Welt haben. \n\t\t\t\t\t\t\t<\/rs-layer><!--\n-->\t\t\t\t\t\t<\/rs-slide>\n\t\t\t\t\t\t<rs-slide style=\"position: absolute;\" data-key=\"rs-99\" data-title=\"Slide\" data-anim=\"ms:600;\" data-in=\"o:0;\" data-out=\"a:false;\">\n\t\t\t\t\t\t\t<img decoding=\"async\" src=\"\/\/ds-barranquilla.org\/wp-content\/plugins\/revslider\/public\/assets\/assets\/dummy.png\" alt=\"Slide\" title=\"Iv\u00e1n D&#8217;Onofrio: 43 a\u00f1os de ense\u00f1anza y legado en el Colegio Alem\u00e1n de Barranquilla\" class=\"rev-slidebg tp-rs-img rs-lazyload\" data-lazyload=\"\/\/ds-barranquilla.org\/wp-content\/plugins\/revslider\/public\/assets\/assets\/transparent.png\" data-bg=\"c:#ffffff;\" data-no-retina>\n<!--\n\t\t\t\t\t\t\t--><rs-layer\n\t\t\t\t\t\t\t\tid=\"slider-58-slide-99-layer-1\" \n\t\t\t\t\t\t\t\tdata-type=\"image\"\n\t\t\t\t\t\t\t\tdata-rsp_ch=\"on\"\n\t\t\t\t\t\t\t\tdata-xy=\"x:226px;y:26px;\"\n\t\t\t\t\t\t\t\tdata-text=\"l:22;a:inherit;\"\n\t\t\t\t\t\t\t\tdata-dim=\"w:348px;h:348px;\"\n\t\t\t\t\t\t\t\tdata-frame_0=\"tp:600;\"\n\t\t\t\t\t\t\t\tdata-frame_1=\"tp:600;st:0;\"\n\t\t\t\t\t\t\t\tdata-frame_999=\"o:0;tp:600;st:w;sR:8700;\"\n\t\t\t\t\t\t\t\tstyle=\"z-index:5;\"\n\t\t\t\t\t\t\t><img loading=\"lazy\" decoding=\"async\" src=\"\/\/ds-barranquilla.org\/wp-content\/plugins\/revslider\/public\/assets\/assets\/dummy.png\" alt=\"\" class=\"tp-rs-img rs-lazyload\" width=\"1378\" height=\"1379\" data-lazyload=\"\/\/ds-barranquilla.org\/wp-content\/uploads\/2020\/07\/Mesa-de-trabajo-9.png\" data-no-retina> \n\t\t\t\t\t\t\t<\/rs-layer><!--\n\n\t\t\t\t\t\t\t--><rs-layer\n\t\t\t\t\t\t\t\tid=\"slider-58-slide-99-layer-2\" \n\t\t\t\t\t\t\t\tdata-type=\"text\"\n\t\t\t\t\t\t\t\tdata-color=\"#000000\"\n\t\t\t\t\t\t\t\tdata-rsp_ch=\"on\"\n\t\t\t\t\t\t\t\tdata-xy=\"x:20px;y:410px;\"\n\t\t\t\t\t\t\t\tdata-text=\"s:14;l:20;a:inherit;\"\n\t\t\t\t\t\t\t\tdata-dim=\"w:757px;h:55px;\"\n\t\t\t\t\t\t\t\tdata-frame_0=\"tp:600;\"\n\t\t\t\t\t\t\t\tdata-frame_1=\"tp:600;st:0;\"\n\t\t\t\t\t\t\t\tdata-frame_999=\"o:0;tp:600;st:w;sR:8700;\"\n\t\t\t\t\t\t\t\tstyle=\"z-index:6;font-family:'Open Sans';\"\n\t\t\t\t\t\t\t>Wir bewerten sorgf\u00e4ltig die Entwicklung der Welt und unsere eigenen Ideen und Erfahrungen. Wir bem\u00fchen uns<br> unsere individuellen St\u00e4rken und Schw\u00e4chen zu verstehen und so zu unserem Bildungsprozess und unserer  pers\u00f6nlichen Entwicklung beizutragen. \n\t\t\t\t\t\t\t<\/rs-layer><!--\n-->\t\t\t\t\t\t<\/rs-slide>\n\t\t\t\t\t<\/rs-slides>\n\t\t\t\t<\/rs-module>\n\t\t\t\t<script>\n\t\t\t\t\tsetREVStartSize({c: 'rev_slider_58_2',rl:[1240,1024,778,480],el:[],gw:[800],gh:[500],type:'standard',justify:'',layout:'fullwidth',mh:\"0\"});if (window.RS_MODULES!==undefined && window.RS_MODULES.modules!==undefined && window.RS_MODULES.modules[\"revslider582\"]!==undefined) {window.RS_MODULES.modules[\"revslider582\"].once = false;window.revapi58_2 = undefined;if (window.RS_MODULES.checkMinimal!==undefined) window.RS_MODULES.checkMinimal()}\n\t\t\t\t<\/script>\n\t\t\t<\/rs-module-wrap>\n\t\t\t<!-- END REVOLUTION SLIDER -->\n<\/div>\n\t\t\t\t<\/div>\n\t\t\t\t<\/div>\n\t\t\t\t\t<\/div>\n\t\t<\/div>\n\t\t\t\t\t<\/div>\n\t\t<\/section>\n\t\t\t\t<\/div>","protected":false},"excerpt":{"rendered":"<p>El Colegio Alem\u00e1n de Barranquilla es una instituci\u00f3n educativa apoyada por el Gobierno Alem\u00e1n que, en un medio bicultural, multiling\u00fce y democr\u00e1tico<\/p>","protected":false},"author":16,"featured_media":16796,"parent":0,"menu_order":0,"comment_status":"closed","ping_status":"closed","template":"elementor_header_footer","meta":{"_exactmetrics_skip_tracking":false,"_exactmetrics_sitenote_active":false,"_exactmetrics_sitenote_note":"","_exactmetrics_sitenote_category":0,"_joinchat":[],"footnotes":""},"class_list":["post-27493","page","type-page","status-publish","has-post-thumbnail","hentry"],"yoast_head":"<!-- This site is optimized with the Yoast SEO plugin v23.3 - https:\/\/yoast.com\/wordpress\/plugins\/seo\/ -->\n<title>Colegio Alem\u00e1n &#8211; Los Mejores Colegios de Colombia &#8211; Colegio Triling\u00fce<\/title>\n<meta name=\"robots\" content=\"noindex, follow, max-snippet:-1, max-image-preview:large, max-video-preview:-1\" \/>\n<meta property=\"og:locale\" content=\"de_DE\" \/>\n<meta property=\"og:type\" content=\"article\" \/>\n<meta property=\"og:description\" content=\"El Colegio Alem\u00e1n de Barranquilla es una instituci\u00f3n educativa apoyada por el Gobierno Alem\u00e1n que, en un medio bicultural, multiling\u00fce y democr\u00e1tico\" \/>\n<meta property=\"og:url\" content=\"https:\/\/ds-barranquilla.org\/de\/politica-de-calidad\/\" \/>\n<meta property=\"og:site_name\" content=\"Colegio Alem\u00e1n - Los Mejores Colegios de Colombia - Colegio Triling\u00fce\" \/>\n<meta property=\"article:publisher\" content=\"https:\/\/www.facebook.com\/ColegioAlemanBaq\/\" \/>\n<meta property=\"article:modified_time\" content=\"2025-09-18T13:40:32+00:00\" \/>\n<meta property=\"og:image\" content=\"https:\/\/ds-barranquilla.org\/wp-content\/uploads\/2022\/08\/banner-mision-aleman-1024x435-1.jpg\" \/>\n\t<meta property=\"og:image:width\" content=\"1024\" \/>\n\t<meta property=\"og:image:height\" content=\"435\" \/>\n\t<meta property=\"og:image:type\" content=\"image\/jpeg\" \/>\n<meta name=\"twitter:card\" content=\"summary_large_image\" \/>\n<meta name=\"twitter:site\" content=\"@ColegioAlemanBq\" \/>\n<meta name=\"twitter:label1\" content=\"Gesch\u00e4tzte Lesezeit\" \/>\n\t<meta name=\"twitter:data1\" content=\"10\u00a0Minuten\" \/>\n<script type=\"application\/ld+json\" class=\"yoast-schema-graph\">{\"@context\":\"https:\/\/schema.org\",\"@graph\":[{\"@type\":\"WebPage\",\"@id\":\"https:\/\/ds-barranquilla.org\/politica-de-calidad\/\",\"url\":\"https:\/\/ds-barranquilla.org\/politica-de-calidad\/\",\"name\":\"\",\"isPartOf\":{\"@id\":\"https:\/\/ds-barranquilla.org\/#website\"},\"primaryImageOfPage\":{\"@id\":\"https:\/\/ds-barranquilla.org\/politica-de-calidad\/#primaryimage\"},\"image\":{\"@id\":\"https:\/\/ds-barranquilla.org\/politica-de-calidad\/#primaryimage\"},\"thumbnailUrl\":\"https:\/\/ds-barranquilla.org\/wp-content\/uploads\/2022\/08\/banner-mision-aleman-1024x435-1.jpg\",\"datePublished\":\"2024-08-14T22:19:15+00:00\",\"dateModified\":\"2025-09-18T13:40:32+00:00\",\"breadcrumb\":{\"@id\":\"https:\/\/ds-barranquilla.org\/politica-de-calidad\/#breadcrumb\"},\"inLanguage\":\"de\",\"potentialAction\":[{\"@type\":\"ReadAction\",\"target\":[\"https:\/\/ds-barranquilla.org\/politica-de-calidad\/\"]}]},{\"@type\":\"ImageObject\",\"inLanguage\":\"de\",\"@id\":\"https:\/\/ds-barranquilla.org\/politica-de-calidad\/#primaryimage\",\"url\":\"https:\/\/ds-barranquilla.org\/wp-content\/uploads\/2022\/08\/banner-mision-aleman-1024x435-1.jpg\",\"contentUrl\":\"https:\/\/ds-barranquilla.org\/wp-content\/uploads\/2022\/08\/banner-mision-aleman-1024x435-1.jpg\",\"width\":1024,\"height\":435},{\"@type\":\"BreadcrumbList\",\"@id\":\"https:\/\/ds-barranquilla.org\/politica-de-calidad\/#breadcrumb\",\"itemListElement\":[{\"@type\":\"ListItem\",\"position\":1,\"name\":\"Portada\",\"item\":\"https:\/\/ds-barranquilla.org\/\"},{\"@type\":\"ListItem\",\"position\":2,\"name\":\"Pol\u00edtica de Calidad\"}]},{\"@type\":\"WebSite\",\"@id\":\"https:\/\/ds-barranquilla.org\/#website\",\"url\":\"https:\/\/ds-barranquilla.org\/\",\"name\":\"Colegio Alem\u00e1n - Los Mejores Colegios de Colombia - Colegio Triling\u00fce\",\"description\":\"Colegio Alem\u00e1n  Barranquilla Colombia - Colegio Biling\u00fce - Triling\u00fce - El Mejor Colegio de Colombia\",\"publisher\":{\"@id\":\"https:\/\/ds-barranquilla.org\/#organization\"},\"potentialAction\":[{\"@type\":\"SearchAction\",\"target\":{\"@type\":\"EntryPoint\",\"urlTemplate\":\"https:\/\/ds-barranquilla.org\/?s={search_term_string}\"},\"query-input\":\"required name=search_term_string\"}],\"inLanguage\":\"de\"},{\"@type\":\"Organization\",\"@id\":\"https:\/\/ds-barranquilla.org\/#organization\",\"name\":\"Colegio Alem\u00e1n Barranquilla\",\"url\":\"https:\/\/ds-barranquilla.org\/\",\"logo\":{\"@type\":\"ImageObject\",\"inLanguage\":\"de\",\"@id\":\"https:\/\/ds-barranquilla.org\/#\/schema\/logo\/image\/\",\"url\":\"https:\/\/ds-barranquilla.org\/wp-content\/uploads\/2021\/05\/coleman_logo_2.png\",\"contentUrl\":\"https:\/\/ds-barranquilla.org\/wp-content\/uploads\/2021\/05\/coleman_logo_2.png\",\"width\":418,\"height\":307,\"caption\":\"Colegio Alem\u00e1n Barranquilla\"},\"image\":{\"@id\":\"https:\/\/ds-barranquilla.org\/#\/schema\/logo\/image\/\"},\"sameAs\":[\"https:\/\/www.facebook.com\/ColegioAlemanBaq\/\",\"https:\/\/x.com\/ColegioAlemanBq\",\"https:\/\/www.instagram.com\/colegioalemanbaq\/\",\"https:\/\/www.linkedin.com\/school\/deutsche-schule-barranquilla\/\",\"https:\/\/www.youtube.com\/channel\/UCOOGZQCVs6aYRqIWvSN5agQ\"]}]}<\/script>\n<!-- \/ Yoast SEO plugin. -->","yoast_head_json":{"title":"Colegio Alem\u00e1n &#8211; Los Mejores Colegios de Colombia &#8211; Colegio Triling\u00fce","robots":{"index":"noindex","follow":"follow","max-snippet":"max-snippet:-1","max-image-preview":"max-image-preview:large","max-video-preview":"max-video-preview:-1"},"og_locale":"de_DE","og_type":"article","og_description":"El Colegio Alem\u00e1n de Barranquilla es una instituci\u00f3n educativa apoyada por el Gobierno Alem\u00e1n que, en un medio bicultural, multiling\u00fce y democr\u00e1tico","og_url":"https:\/\/ds-barranquilla.org\/de\/politica-de-calidad\/","og_site_name":"Colegio Alem\u00e1n - Los Mejores Colegios de Colombia - Colegio Triling\u00fce","article_publisher":"https:\/\/www.facebook.com\/ColegioAlemanBaq\/","article_modified_time":"2025-09-18T13:40:32+00:00","og_image":[{"width":1024,"height":435,"url":"https:\/\/ds-barranquilla.org\/wp-content\/uploads\/2022\/08\/banner-mision-aleman-1024x435-1.jpg","type":"image\/jpeg"}],"twitter_card":"summary_large_image","twitter_site":"@ColegioAlemanBq","twitter_misc":{"Gesch\u00e4tzte Lesezeit":"10\u00a0Minuten"},"schema":{"@context":"https:\/\/schema.org","@graph":[{"@type":"WebPage","@id":"https:\/\/ds-barranquilla.org\/politica-de-calidad\/","url":"https:\/\/ds-barranquilla.org\/politica-de-calidad\/","name":"","isPartOf":{"@id":"https:\/\/ds-barranquilla.org\/#website"},"primaryImageOfPage":{"@id":"https:\/\/ds-barranquilla.org\/politica-de-calidad\/#primaryimage"},"image":{"@id":"https:\/\/ds-barranquilla.org\/politica-de-calidad\/#primaryimage"},"thumbnailUrl":"https:\/\/ds-barranquilla.org\/wp-content\/uploads\/2022\/08\/banner-mision-aleman-1024x435-1.jpg","datePublished":"2024-08-14T22:19:15+00:00","dateModified":"2025-09-18T13:40:32+00:00","breadcrumb":{"@id":"https:\/\/ds-barranquilla.org\/politica-de-calidad\/#breadcrumb"},"inLanguage":"de","potentialAction":[{"@type":"ReadAction","target":["https:\/\/ds-barranquilla.org\/politica-de-calidad\/"]}]},{"@type":"ImageObject","inLanguage":"de","@id":"https:\/\/ds-barranquilla.org\/politica-de-calidad\/#primaryimage","url":"https:\/\/ds-barranquilla.org\/wp-content\/uploads\/2022\/08\/banner-mision-aleman-1024x435-1.jpg","contentUrl":"https:\/\/ds-barranquilla.org\/wp-content\/uploads\/2022\/08\/banner-mision-aleman-1024x435-1.jpg","width":1024,"height":435},{"@type":"BreadcrumbList","@id":"https:\/\/ds-barranquilla.org\/politica-de-calidad\/#breadcrumb","itemListElement":[{"@type":"ListItem","position":1,"name":"Portada","item":"https:\/\/ds-barranquilla.org\/"},{"@type":"ListItem","position":2,"name":"Pol\u00edtica de Calidad"}]},{"@type":"WebSite","@id":"https:\/\/ds-barranquilla.org\/#website","url":"https:\/\/ds-barranquilla.org\/","name":"Colegio Alem\u00e1n - Los Mejores Colegios de Colombia - Colegio Triling\u00fce","description":"Colegio Alem\u00e1n  Barranquilla Colombia - Colegio Biling\u00fce - Triling\u00fce - El Mejor Colegio de Colombia","publisher":{"@id":"https:\/\/ds-barranquilla.org\/#organization"},"potentialAction":[{"@type":"SearchAction","target":{"@type":"EntryPoint","urlTemplate":"https:\/\/ds-barranquilla.org\/?s={search_term_string}"},"query-input":"required name=search_term_string"}],"inLanguage":"de"},{"@type":"Organization","@id":"https:\/\/ds-barranquilla.org\/#organization","name":"Colegio Alem\u00e1n Barranquilla","url":"https:\/\/ds-barranquilla.org\/","logo":{"@type":"ImageObject","inLanguage":"de","@id":"https:\/\/ds-barranquilla.org\/#\/schema\/logo\/image\/","url":"https:\/\/ds-barranquilla.org\/wp-content\/uploads\/2021\/05\/coleman_logo_2.png","contentUrl":"https:\/\/ds-barranquilla.org\/wp-content\/uploads\/2021\/05\/coleman_logo_2.png","width":418,"height":307,"caption":"Colegio Alem\u00e1n Barranquilla"},"image":{"@id":"https:\/\/ds-barranquilla.org\/#\/schema\/logo\/image\/"},"sameAs":["https:\/\/www.facebook.com\/ColegioAlemanBaq\/","https:\/\/x.com\/ColegioAlemanBq","https:\/\/www.instagram.com\/colegioalemanbaq\/","https:\/\/www.linkedin.com\/school\/deutsche-schule-barranquilla\/","https:\/\/www.youtube.com\/channel\/UCOOGZQCVs6aYRqIWvSN5agQ"]}]}},"_links":{"self":[{"href":"https:\/\/ds-barranquilla.org\/de\/wp-json\/wp\/v2\/pages\/27493"}],"collection":[{"href":"https:\/\/ds-barranquilla.org\/de\/wp-json\/wp\/v2\/pages"}],"about":[{"href":"https:\/\/ds-barranquilla.org\/de\/wp-json\/wp\/v2\/types\/page"}],"author":[{"embeddable":true,"href":"https:\/\/ds-barranquilla.org\/de\/wp-json\/wp\/v2\/users\/16"}],"replies":[{"embeddable":true,"href":"https:\/\/ds-barranquilla.org\/de\/wp-json\/wp\/v2\/comments?post=27493"}],"version-history":[{"count":10,"href":"https:\/\/ds-barranquilla.org\/de\/wp-json\/wp\/v2\/pages\/27493\/revisions"}],"predecessor-version":[{"id":28639,"href":"https:\/\/ds-barranquilla.org\/de\/wp-json\/wp\/v2\/pages\/27493\/revisions\/28639"}],"wp:featuredmedia":[{"embeddable":true,"href":"https:\/\/ds-barranquilla.org\/de\/wp-json\/wp\/v2\/media\/16796"}],"wp:attachment":[{"href":"https:\/\/ds-barranquilla.org\/de\/wp-json\/wp\/v2\/media?parent=27493"}],"curies":[{"name":"wp","href":"https:\/\/api.w.org\/{rel}","templated":true}]}}